{"id":578783,"date":"2025-10-16T10:05:38","date_gmt":"2025-10-16T08:05:38","guid":{"rendered":"https:\/\/perle-in.com\/produit\/tablier-recycle-originalhome\/"},"modified":"2025-10-16T10:05:40","modified_gmt":"2025-10-16T08:05:40","slug":"tablier-recycle-originalhome","status":"publish","type":"product","link":"https:\/\/perle-in.com\/en\/product\/tablier-recycle-originalhome\/","title":{"rendered":"Tablier recycl\u00e9 Originalhome"},"content":{"rendered":"","protected":false},"excerpt":{"rendered":"<p>Tablier fabriqu\u00e9 \u00e0 partir de mat\u00e9riaux 100\u00a0% recycl\u00e9s provenant de l\u2019industrie de l\u2019habillement au Bangladesh. Tiss\u00e9 sur un m\u00e9tier \u00e0 tisser traditionnel, il soutient l\u2019entreprenariat f\u00e9minin, pour un cadeau \u00e9thique qui contribue \u00e0 une cause \u00e0 la fois durable et socialement responsable. Livr\u00e9 dans un coffret cadeau. Composition\u00a0: 70\u00a0% coton recycl\u00e9, 25\u00a0% polyester recycl\u00e9, 5\u00a0% autres fibres recycl\u00e9es.<\/p>","protected":false},"featured_media":578777,"template":"","meta":{"_eb_attr":""},"product_brand":[],"product_cat":[150],"product_tag":[861,4193,880,3784,3785,1716],"class_list":{"0":"post-578783","1":"product","2":"type-product","3":"status-publish","4":"has-post-thumbnail","6":"product_cat-maison-et-cuisine","7":"product_tag-cuisine","8":"product_tag-maison-originale","9":"product_tag-nourriture","10":"product_tag-original-home","11":"product_tag-originalhome","12":"product_tag-tablier","13":"pa_couleurs-noir","14":"pa_couleurs-vert","15":"pa_green-points-2710","16":"pa_marque-originalhome","17":"pa_matiere-coton-recycle","18":"pa_pays-d-origine-pays-bas","20":"first","21":"instock","22":"shipping-taxable","23":"purchasable","24":"product-type-variable"},"yoast_head":"<!-- This site is optimized with the Yoast SEO plugin v27.4 - https:\/\/yoast.com\/product\/yoast-seo-wordpress\/ -->\n<title>Tablier recycl\u00e9 Originalhome - PERLE IN<\/title>\n<meta name=\"robots\" content=\"noindex, follow, max-snippet:-1, max-image-preview:large, max-video-preview:-1\" \/>\n<meta property=\"og:locale\" content=\"en_US\" \/>\n<meta property=\"og:type\" content=\"article\" \/>\n<meta property=\"og:title\" content=\"Tablier recycl\u00e9 Originalhome - PERLE IN\" \/>\n<meta property=\"og:description\" content=\"Tablier fabriqu\u00e9 \u00e0 partir de mat\u00e9riaux 100\u00a0% recycl\u00e9s provenant de l\u2019industrie de l\u2019habillement au Bangladesh. Tiss\u00e9 sur un m\u00e9tier \u00e0 tisser traditionnel, il soutient l\u2019entreprenariat f\u00e9minin, pour un cadeau \u00e9thique qui contribue \u00e0 une cause \u00e0 la fois durable et socialement responsable. Livr\u00e9 dans un coffret cadeau. Composition\u00a0: 70\u00a0% coton recycl\u00e9, 25\u00a0% polyester recycl\u00e9, 5\u00a0% autres fibres recycl\u00e9es.\" \/>\n<meta property=\"og:url\" content=\"https:\/\/perle-in.com\/en\/product\/tablier-recycle-originalhome\/\" \/>\n<meta property=\"og:site_name\" content=\"PERLE IN\" \/>\n<meta property=\"article:modified_time\" content=\"2025-10-16T08:05:40+00:00\" \/>\n<meta property=\"og:image\" content=\"https:\/\/perle-in.com\/wp-content\/uploads\/2025\/10\/11342461-1.jpg\" \/>\n\t<meta property=\"og:image:width\" content=\"1600\" \/>\n\t<meta property=\"og:image:height\" content=\"1600\" \/>\n\t<meta property=\"og:image:type\" content=\"image\/jpeg\" \/>\n<meta name=\"twitter:card\" content=\"summary_large_image\" \/>\n<script type=\"application\/ld+json\" class=\"yoast-schema-graph\">{\"@context\":\"https:\\\/\\\/schema.org\",\"@graph\":[{\"@type\":\"WebPage\",\"@id\":\"https:\\\/\\\/perle-in.com\\\/produit\\\/tablier-recycle-originalhome\\\/\",\"url\":\"https:\\\/\\\/perle-in.com\\\/produit\\\/tablier-recycle-originalhome\\\/\",\"name\":\"Tablier recycl\u00e9 Originalhome - PERLE IN\",\"isPartOf\":{\"@id\":\"https:\\\/\\\/perle-in.com\\\/#website\"},\"primaryImageOfPage\":{\"@id\":\"https:\\\/\\\/perle-in.com\\\/produit\\\/tablier-recycle-originalhome\\\/#primaryimage\"},\"image\":{\"@id\":\"https:\\\/\\\/perle-in.com\\\/produit\\\/tablier-recycle-originalhome\\\/#primaryimage\"},\"thumbnailUrl\":\"https:\\\/\\\/perle-in.com\\\/wp-content\\\/uploads\\\/2025\\\/10\\\/11342461-1.jpg\",\"datePublished\":\"2025-10-16T08:05:38+00:00\",\"dateModified\":\"2025-10-16T08:05:40+00:00\",\"breadcrumb\":{\"@id\":\"https:\\\/\\\/perle-in.com\\\/produit\\\/tablier-recycle-originalhome\\\/#breadcrumb\"},\"inLanguage\":\"en-CA\",\"potentialAction\":[{\"@type\":\"ReadAction\",\"target\":[\"https:\\\/\\\/perle-in.com\\\/produit\\\/tablier-recycle-originalhome\\\/\"]}]},{\"@type\":\"ImageObject\",\"inLanguage\":\"en-CA\",\"@id\":\"https:\\\/\\\/perle-in.com\\\/produit\\\/tablier-recycle-originalhome\\\/#primaryimage\",\"url\":\"https:\\\/\\\/perle-in.com\\\/wp-content\\\/uploads\\\/2025\\\/10\\\/11342461-1.jpg\",\"contentUrl\":\"https:\\\/\\\/perle-in.com\\\/wp-content\\\/uploads\\\/2025\\\/10\\\/11342461-1.jpg\",\"width\":1600,\"height\":1600},{\"@type\":\"BreadcrumbList\",\"@id\":\"https:\\\/\\\/perle-in.com\\\/produit\\\/tablier-recycle-originalhome\\\/#breadcrumb\",\"itemListElement\":[{\"@type\":\"ListItem\",\"position\":1,\"name\":\"Accueil\",\"item\":\"https:\\\/\\\/perle-in.com\\\/\"},{\"@type\":\"ListItem\",\"position\":2,\"name\":\"Boutique\",\"item\":\"https:\\\/\\\/perle-in.com\\\/boutique\\\/\"},{\"@type\":\"ListItem\",\"position\":3,\"name\":\"Tablier recycl\u00e9 Originalhome\"}]},{\"@type\":\"WebSite\",\"@id\":\"https:\\\/\\\/perle-in.com\\\/#website\",\"url\":\"https:\\\/\\\/perle-in.com\\\/\",\"name\":\"PERLE IN\",\"description\":\"\",\"publisher\":{\"@id\":\"https:\\\/\\\/perle-in.com\\\/#organization\"},\"potentialAction\":[{\"@type\":\"SearchAction\",\"target\":{\"@type\":\"EntryPoint\",\"urlTemplate\":\"https:\\\/\\\/perle-in.com\\\/?s={search_term_string}\"},\"query-input\":{\"@type\":\"PropertyValueSpecification\",\"valueRequired\":true,\"valueName\":\"search_term_string\"}}],\"inLanguage\":\"en-CA\"},{\"@type\":\"Organization\",\"@id\":\"https:\\\/\\\/perle-in.com\\\/#organization\",\"name\":\"PERLE IN\",\"url\":\"https:\\\/\\\/perle-in.com\\\/\",\"logo\":{\"@type\":\"ImageObject\",\"inLanguage\":\"en-CA\",\"@id\":\"https:\\\/\\\/perle-in.com\\\/#\\\/schema\\\/logo\\\/image\\\/\",\"url\":\"https:\\\/\\\/perle-in.com\\\/wp-content\\\/uploads\\\/2022\\\/12\\\/LOGO-PERLE-IN-COULEUR@3x.webp\",\"contentUrl\":\"https:\\\/\\\/perle-in.com\\\/wp-content\\\/uploads\\\/2022\\\/12\\\/LOGO-PERLE-IN-COULEUR@3x.webp\",\"width\":1600,\"height\":490,\"caption\":\"PERLE IN\"},\"image\":{\"@id\":\"https:\\\/\\\/perle-in.com\\\/#\\\/schema\\\/logo\\\/image\\\/\"}}]}<\/script>\n<!-- \/ Yoast SEO plugin. -->","yoast_head_json":{"title":"Tablier recycl\u00e9 Originalhome - PERLE IN","robots":{"index":"noindex","follow":"follow","max-snippet":"max-snippet:-1","max-image-preview":"max-image-preview:large","max-video-preview":"max-video-preview:-1"},"og_locale":"en_US","og_type":"article","og_title":"Tablier recycl\u00e9 Originalhome - PERLE IN","og_description":"Tablier fabriqu\u00e9 \u00e0 partir de mat\u00e9riaux 100\u00a0% recycl\u00e9s provenant de l\u2019industrie de l\u2019habillement au Bangladesh. Tiss\u00e9 sur un m\u00e9tier \u00e0 tisser traditionnel, il soutient l\u2019entreprenariat f\u00e9minin, pour un cadeau \u00e9thique qui contribue \u00e0 une cause \u00e0 la fois durable et socialement responsable. Livr\u00e9 dans un coffret cadeau. Composition\u00a0: 70\u00a0% coton recycl\u00e9, 25\u00a0% polyester recycl\u00e9, 5\u00a0% autres fibres recycl\u00e9es.","og_url":"https:\/\/perle-in.com\/en\/product\/tablier-recycle-originalhome\/","og_site_name":"PERLE IN","article_modified_time":"2025-10-16T08:05:40+00:00","og_image":[{"width":1600,"height":1600,"url":"https:\/\/perle-in.com\/wp-content\/uploads\/2025\/10\/11342461-1.jpg","type":"image\/jpeg"}],"twitter_card":"summary_large_image","schema":{"@context":"https:\/\/schema.org","@graph":[{"@type":"WebPage","@id":"https:\/\/perle-in.com\/produit\/tablier-recycle-originalhome\/","url":"https:\/\/perle-in.com\/produit\/tablier-recycle-originalhome\/","name":"Tablier recycl\u00e9 Originalhome - PERLE IN","isPartOf":{"@id":"https:\/\/perle-in.com\/#website"},"primaryImageOfPage":{"@id":"https:\/\/perle-in.com\/produit\/tablier-recycle-originalhome\/#primaryimage"},"image":{"@id":"https:\/\/perle-in.com\/produit\/tablier-recycle-originalhome\/#primaryimage"},"thumbnailUrl":"https:\/\/perle-in.com\/wp-content\/uploads\/2025\/10\/11342461-1.jpg","datePublished":"2025-10-16T08:05:38+00:00","dateModified":"2025-10-16T08:05:40+00:00","breadcrumb":{"@id":"https:\/\/perle-in.com\/produit\/tablier-recycle-originalhome\/#breadcrumb"},"inLanguage":"en-CA","potentialAction":[{"@type":"ReadAction","target":["https:\/\/perle-in.com\/produit\/tablier-recycle-originalhome\/"]}]},{"@type":"ImageObject","inLanguage":"en-CA","@id":"https:\/\/perle-in.com\/produit\/tablier-recycle-originalhome\/#primaryimage","url":"https:\/\/perle-in.com\/wp-content\/uploads\/2025\/10\/11342461-1.jpg","contentUrl":"https:\/\/perle-in.com\/wp-content\/uploads\/2025\/10\/11342461-1.jpg","width":1600,"height":1600},{"@type":"BreadcrumbList","@id":"https:\/\/perle-in.com\/produit\/tablier-recycle-originalhome\/#breadcrumb","itemListElement":[{"@type":"ListItem","position":1,"name":"Accueil","item":"https:\/\/perle-in.com\/"},{"@type":"ListItem","position":2,"name":"Boutique","item":"https:\/\/perle-in.com\/boutique\/"},{"@type":"ListItem","position":3,"name":"Tablier recycl\u00e9 Originalhome"}]},{"@type":"WebSite","@id":"https:\/\/perle-in.com\/#website","url":"https:\/\/perle-in.com\/","name":"PERLE IN","description":"","publisher":{"@id":"https:\/\/perle-in.com\/#organization"},"potentialAction":[{"@type":"SearchAction","target":{"@type":"EntryPoint","urlTemplate":"https:\/\/perle-in.com\/?s={search_term_string}"},"query-input":{"@type":"PropertyValueSpecification","valueRequired":true,"valueName":"search_term_string"}}],"inLanguage":"en-CA"},{"@type":"Organization","@id":"https:\/\/perle-in.com\/#organization","name":"PERLE IN","url":"https:\/\/perle-in.com\/","logo":{"@type":"ImageObject","inLanguage":"en-CA","@id":"https:\/\/perle-in.com\/#\/schema\/logo\/image\/","url":"https:\/\/perle-in.com\/wp-content\/uploads\/2022\/12\/LOGO-PERLE-IN-COULEUR@3x.webp","contentUrl":"https:\/\/perle-in.com\/wp-content\/uploads\/2022\/12\/LOGO-PERLE-IN-COULEUR@3x.webp","width":1600,"height":490,"caption":"PERLE IN"},"image":{"@id":"https:\/\/perle-in.com\/#\/schema\/logo\/image\/"}}]}},"jetpack_sharing_enabled":true,"_links":{"self":[{"href":"https:\/\/perle-in.com\/en\/wp-json\/wp\/v2\/product\/578783","targetHints":{"allow":["GET"]}}],"collection":[{"href":"https:\/\/perle-in.com\/en\/wp-json\/wp\/v2\/product"}],"about":[{"href":"https:\/\/perle-in.com\/en\/wp-json\/wp\/v2\/types\/product"}],"version-history":[{"count":0,"href":"https:\/\/perle-in.com\/en\/wp-json\/wp\/v2\/product\/578783\/revisions"}],"wp:featuredmedia":[{"embeddable":true,"href":"https:\/\/perle-in.com\/en\/wp-json\/wp\/v2\/media\/578777"}],"wp:attachment":[{"href":"https:\/\/perle-in.com\/en\/wp-json\/wp\/v2\/media?parent=578783"}],"wp:term":[{"taxonomy":"product_brand","embeddable":true,"href":"https:\/\/perle-in.com\/en\/wp-json\/wp\/v2\/product_brand?post=578783"},{"taxonomy":"product_cat","embeddable":true,"href":"https:\/\/perle-in.com\/en\/wp-json\/wp\/v2\/product_cat?post=578783"},{"taxonomy":"product_tag","embeddable":true,"href":"https:\/\/perle-in.com\/en\/wp-json\/wp\/v2\/product_tag?post=578783"}],"curies":[{"name":"wp","href":"https:\/\/api.w.org\/{rel}","templated":true}]}}