{"id":578774,"date":"2025-10-16T10:04:33","date_gmt":"2025-10-16T08:04:33","guid":{"rendered":"https:\/\/perle-in.com\/produit\/tissu-recycle-originalhome-85-x-175-cm\/"},"modified":"2025-10-16T10:04:35","modified_gmt":"2025-10-16T08:04:35","slug":"tissu-recycle-originalhome-85-x-175-cm","status":"publish","type":"product","link":"https:\/\/perle-in.com\/en\/product\/tissu-recycle-originalhome-85-x-175-cm\/","title":{"rendered":"Tissu recycl\u00e9 Originalhome 85 x 175\u00a0cm"},"content":{"rendered":"","protected":false},"excerpt":{"rendered":"<p>Ce tissu polyvalent est suffisamment \u00e9pais pour \u00eatre utilis\u00e9 comme un plaid ou une serviette, suffisamment fin pour \u00eatre port\u00e9 comme une \u00e9charpe et suffisamment compact pour \u00eatre emport\u00e9 partout. Fabriqu\u00e9 \u00e0 partir de mat\u00e9riaux 100\u00a0% recycl\u00e9s provenant de l\u2019industrie de l\u2019habillement au Bangladesh, il est tiss\u00e9 sur un m\u00e9tier \u00e0 main traditionnel et soutient l\u2019esprit d\u2019entreprise des femmes. Un cadeau social id\u00e9al qui contribue \u00e0 une cause durable et socialement responsable. Dimensions\u00a0: 85\u00a0\u00d7\u00a0175\u00a0cm. Composition\u00a0: 70\u00a0% coton recycl\u00e9, 25\u00a0% polyester recycl\u00e9, 5\u00a0% autres fibres recycl\u00e9es.<\/p>","protected":false},"featured_media":578768,"template":"","meta":{"_eb_attr":""},"product_brand":[],"product_cat":[460,150],"product_tag":[837,924,3784,3785,152,836,1800,4192],"class_list":{"0":"post-578774","1":"product","2":"type-product","3":"status-publish","4":"has-post-thumbnail","6":"product_cat-accessoires-pour-la-maison","7":"product_cat-maison-et-cuisine","8":"product_tag-durable","9":"product_tag-echarpe","10":"product_tag-original-home","11":"product_tag-originalhome","12":"product_tag-plaid","13":"product_tag-recycle","14":"product_tag-serviette","15":"product_tag-tissu","16":"pa_couleurs-blanc-casse","17":"pa_couleurs-noir","18":"pa_green-points-2710","19":"pa_marque-originalhome","20":"pa_matiere-100-coton-recycle","21":"pa_pays-d-origine-pays-bas","23":"first","24":"outofstock","25":"shipping-taxable","26":"purchasable","27":"product-type-variable"},"yoast_head":"<!-- This site is optimized with the Yoast SEO plugin v27.4 - https:\/\/yoast.com\/product\/yoast-seo-wordpress\/ -->\n<title>Tissu recycl\u00e9 Originalhome 85 x 175\u00a0cm - PERLE IN<\/title>\n<meta name=\"robots\" content=\"noindex, follow, max-snippet:-1, max-image-preview:large, max-video-preview:-1\" \/>\n<meta property=\"og:locale\" content=\"en_US\" \/>\n<meta property=\"og:type\" content=\"article\" \/>\n<meta property=\"og:title\" content=\"Tissu recycl\u00e9 Originalhome 85 x 175\u00a0cm - PERLE IN\" \/>\n<meta property=\"og:description\" content=\"Ce tissu polyvalent est suffisamment \u00e9pais pour \u00eatre utilis\u00e9 comme un plaid ou une serviette, suffisamment fin pour \u00eatre port\u00e9 comme une \u00e9charpe et suffisamment compact pour \u00eatre emport\u00e9 partout. Fabriqu\u00e9 \u00e0 partir de mat\u00e9riaux 100\u00a0% recycl\u00e9s provenant de l\u2019industrie de l\u2019habillement au Bangladesh, il est tiss\u00e9 sur un m\u00e9tier \u00e0 main traditionnel et soutient l\u2019esprit d\u2019entreprise des femmes. Un cadeau social id\u00e9al qui contribue \u00e0 une cause durable et socialement responsable. Dimensions\u00a0: 85\u00a0\u00d7\u00a0175\u00a0cm. Composition\u00a0: 70\u00a0% coton recycl\u00e9, 25\u00a0% polyester recycl\u00e9, 5\u00a0% autres fibres recycl\u00e9es.\" \/>\n<meta property=\"og:url\" content=\"https:\/\/perle-in.com\/en\/product\/tissu-recycle-originalhome-85-x-175-cm\/\" \/>\n<meta property=\"og:site_name\" content=\"PERLE IN\" \/>\n<meta property=\"article:modified_time\" content=\"2025-10-16T08:04:35+00:00\" \/>\n<meta property=\"og:image\" content=\"https:\/\/perle-in.com\/wp-content\/uploads\/2025\/10\/11342502-1.jpg\" \/>\n\t<meta property=\"og:image:width\" content=\"1600\" \/>\n\t<meta property=\"og:image:height\" content=\"1600\" \/>\n\t<meta property=\"og:image:type\" content=\"image\/jpeg\" \/>\n<meta name=\"twitter:card\" content=\"summary_large_image\" \/>\n<script type=\"application\/ld+json\" class=\"yoast-schema-graph\">{\"@context\":\"https:\\\/\\\/schema.org\",\"@graph\":[{\"@type\":\"WebPage\",\"@id\":\"https:\\\/\\\/perle-in.com\\\/produit\\\/tissu-recycle-originalhome-85-x-175-cm\\\/\",\"url\":\"https:\\\/\\\/perle-in.com\\\/produit\\\/tissu-recycle-originalhome-85-x-175-cm\\\/\",\"name\":\"Tissu recycl\u00e9 Originalhome 85 x 175\u00a0cm - PERLE IN\",\"isPartOf\":{\"@id\":\"https:\\\/\\\/perle-in.com\\\/#website\"},\"primaryImageOfPage\":{\"@id\":\"https:\\\/\\\/perle-in.com\\\/produit\\\/tissu-recycle-originalhome-85-x-175-cm\\\/#primaryimage\"},\"image\":{\"@id\":\"https:\\\/\\\/perle-in.com\\\/produit\\\/tissu-recycle-originalhome-85-x-175-cm\\\/#primaryimage\"},\"thumbnailUrl\":\"https:\\\/\\\/perle-in.com\\\/wp-content\\\/uploads\\\/2025\\\/10\\\/11342502-1.jpg\",\"datePublished\":\"2025-10-16T08:04:33+00:00\",\"dateModified\":\"2025-10-16T08:04:35+00:00\",\"breadcrumb\":{\"@id\":\"https:\\\/\\\/perle-in.com\\\/produit\\\/tissu-recycle-originalhome-85-x-175-cm\\\/#breadcrumb\"},\"inLanguage\":\"en-CA\",\"potentialAction\":[{\"@type\":\"ReadAction\",\"target\":[\"https:\\\/\\\/perle-in.com\\\/produit\\\/tissu-recycle-originalhome-85-x-175-cm\\\/\"]}]},{\"@type\":\"ImageObject\",\"inLanguage\":\"en-CA\",\"@id\":\"https:\\\/\\\/perle-in.com\\\/produit\\\/tissu-recycle-originalhome-85-x-175-cm\\\/#primaryimage\",\"url\":\"https:\\\/\\\/perle-in.com\\\/wp-content\\\/uploads\\\/2025\\\/10\\\/11342502-1.jpg\",\"contentUrl\":\"https:\\\/\\\/perle-in.com\\\/wp-content\\\/uploads\\\/2025\\\/10\\\/11342502-1.jpg\",\"width\":1600,\"height\":1600},{\"@type\":\"BreadcrumbList\",\"@id\":\"https:\\\/\\\/perle-in.com\\\/produit\\\/tissu-recycle-originalhome-85-x-175-cm\\\/#breadcrumb\",\"itemListElement\":[{\"@type\":\"ListItem\",\"position\":1,\"name\":\"Accueil\",\"item\":\"https:\\\/\\\/perle-in.com\\\/\"},{\"@type\":\"ListItem\",\"position\":2,\"name\":\"Boutique\",\"item\":\"https:\\\/\\\/perle-in.com\\\/boutique\\\/\"},{\"@type\":\"ListItem\",\"position\":3,\"name\":\"Tissu recycl\u00e9 Originalhome 85 x 175\u00a0cm\"}]},{\"@type\":\"WebSite\",\"@id\":\"https:\\\/\\\/perle-in.com\\\/#website\",\"url\":\"https:\\\/\\\/perle-in.com\\\/\",\"name\":\"PERLE IN\",\"description\":\"\",\"publisher\":{\"@id\":\"https:\\\/\\\/perle-in.com\\\/#organization\"},\"potentialAction\":[{\"@type\":\"SearchAction\",\"target\":{\"@type\":\"EntryPoint\",\"urlTemplate\":\"https:\\\/\\\/perle-in.com\\\/?s={search_term_string}\"},\"query-input\":{\"@type\":\"PropertyValueSpecification\",\"valueRequired\":true,\"valueName\":\"search_term_string\"}}],\"inLanguage\":\"en-CA\"},{\"@type\":\"Organization\",\"@id\":\"https:\\\/\\\/perle-in.com\\\/#organization\",\"name\":\"PERLE IN\",\"url\":\"https:\\\/\\\/perle-in.com\\\/\",\"logo\":{\"@type\":\"ImageObject\",\"inLanguage\":\"en-CA\",\"@id\":\"https:\\\/\\\/perle-in.com\\\/#\\\/schema\\\/logo\\\/image\\\/\",\"url\":\"https:\\\/\\\/perle-in.com\\\/wp-content\\\/uploads\\\/2022\\\/12\\\/LOGO-PERLE-IN-COULEUR@3x.webp\",\"contentUrl\":\"https:\\\/\\\/perle-in.com\\\/wp-content\\\/uploads\\\/2022\\\/12\\\/LOGO-PERLE-IN-COULEUR@3x.webp\",\"width\":1600,\"height\":490,\"caption\":\"PERLE IN\"},\"image\":{\"@id\":\"https:\\\/\\\/perle-in.com\\\/#\\\/schema\\\/logo\\\/image\\\/\"}}]}<\/script>\n<!-- \/ Yoast SEO plugin. -->","yoast_head_json":{"title":"Tissu recycl\u00e9 Originalhome 85 x 175\u00a0cm - PERLE IN","robots":{"index":"noindex","follow":"follow","max-snippet":"max-snippet:-1","max-image-preview":"max-image-preview:large","max-video-preview":"max-video-preview:-1"},"og_locale":"en_US","og_type":"article","og_title":"Tissu recycl\u00e9 Originalhome 85 x 175\u00a0cm - PERLE IN","og_description":"Ce tissu polyvalent est suffisamment \u00e9pais pour \u00eatre utilis\u00e9 comme un plaid ou une serviette, suffisamment fin pour \u00eatre port\u00e9 comme une \u00e9charpe et suffisamment compact pour \u00eatre emport\u00e9 partout. Fabriqu\u00e9 \u00e0 partir de mat\u00e9riaux 100\u00a0% recycl\u00e9s provenant de l\u2019industrie de l\u2019habillement au Bangladesh, il est tiss\u00e9 sur un m\u00e9tier \u00e0 main traditionnel et soutient l\u2019esprit d\u2019entreprise des femmes. Un cadeau social id\u00e9al qui contribue \u00e0 une cause durable et socialement responsable. Dimensions\u00a0: 85\u00a0\u00d7\u00a0175\u00a0cm. Composition\u00a0: 70\u00a0% coton recycl\u00e9, 25\u00a0% polyester recycl\u00e9, 5\u00a0% autres fibres recycl\u00e9es.","og_url":"https:\/\/perle-in.com\/en\/product\/tissu-recycle-originalhome-85-x-175-cm\/","og_site_name":"PERLE IN","article_modified_time":"2025-10-16T08:04:35+00:00","og_image":[{"width":1600,"height":1600,"url":"https:\/\/perle-in.com\/wp-content\/uploads\/2025\/10\/11342502-1.jpg","type":"image\/jpeg"}],"twitter_card":"summary_large_image","schema":{"@context":"https:\/\/schema.org","@graph":[{"@type":"WebPage","@id":"https:\/\/perle-in.com\/produit\/tissu-recycle-originalhome-85-x-175-cm\/","url":"https:\/\/perle-in.com\/produit\/tissu-recycle-originalhome-85-x-175-cm\/","name":"Tissu recycl\u00e9 Originalhome 85 x 175\u00a0cm - PERLE IN","isPartOf":{"@id":"https:\/\/perle-in.com\/#website"},"primaryImageOfPage":{"@id":"https:\/\/perle-in.com\/produit\/tissu-recycle-originalhome-85-x-175-cm\/#primaryimage"},"image":{"@id":"https:\/\/perle-in.com\/produit\/tissu-recycle-originalhome-85-x-175-cm\/#primaryimage"},"thumbnailUrl":"https:\/\/perle-in.com\/wp-content\/uploads\/2025\/10\/11342502-1.jpg","datePublished":"2025-10-16T08:04:33+00:00","dateModified":"2025-10-16T08:04:35+00:00","breadcrumb":{"@id":"https:\/\/perle-in.com\/produit\/tissu-recycle-originalhome-85-x-175-cm\/#breadcrumb"},"inLanguage":"en-CA","potentialAction":[{"@type":"ReadAction","target":["https:\/\/perle-in.com\/produit\/tissu-recycle-originalhome-85-x-175-cm\/"]}]},{"@type":"ImageObject","inLanguage":"en-CA","@id":"https:\/\/perle-in.com\/produit\/tissu-recycle-originalhome-85-x-175-cm\/#primaryimage","url":"https:\/\/perle-in.com\/wp-content\/uploads\/2025\/10\/11342502-1.jpg","contentUrl":"https:\/\/perle-in.com\/wp-content\/uploads\/2025\/10\/11342502-1.jpg","width":1600,"height":1600},{"@type":"BreadcrumbList","@id":"https:\/\/perle-in.com\/produit\/tissu-recycle-originalhome-85-x-175-cm\/#breadcrumb","itemListElement":[{"@type":"ListItem","position":1,"name":"Accueil","item":"https:\/\/perle-in.com\/"},{"@type":"ListItem","position":2,"name":"Boutique","item":"https:\/\/perle-in.com\/boutique\/"},{"@type":"ListItem","position":3,"name":"Tissu recycl\u00e9 Originalhome 85 x 175\u00a0cm"}]},{"@type":"WebSite","@id":"https:\/\/perle-in.com\/#website","url":"https:\/\/perle-in.com\/","name":"PERLE IN","description":"","publisher":{"@id":"https:\/\/perle-in.com\/#organization"},"potentialAction":[{"@type":"SearchAction","target":{"@type":"EntryPoint","urlTemplate":"https:\/\/perle-in.com\/?s={search_term_string}"},"query-input":{"@type":"PropertyValueSpecification","valueRequired":true,"valueName":"search_term_string"}}],"inLanguage":"en-CA"},{"@type":"Organization","@id":"https:\/\/perle-in.com\/#organization","name":"PERLE IN","url":"https:\/\/perle-in.com\/","logo":{"@type":"ImageObject","inLanguage":"en-CA","@id":"https:\/\/perle-in.com\/#\/schema\/logo\/image\/","url":"https:\/\/perle-in.com\/wp-content\/uploads\/2022\/12\/LOGO-PERLE-IN-COULEUR@3x.webp","contentUrl":"https:\/\/perle-in.com\/wp-content\/uploads\/2022\/12\/LOGO-PERLE-IN-COULEUR@3x.webp","width":1600,"height":490,"caption":"PERLE IN"},"image":{"@id":"https:\/\/perle-in.com\/#\/schema\/logo\/image\/"}}]}},"jetpack_sharing_enabled":true,"_links":{"self":[{"href":"https:\/\/perle-in.com\/en\/wp-json\/wp\/v2\/product\/578774","targetHints":{"allow":["GET"]}}],"collection":[{"href":"https:\/\/perle-in.com\/en\/wp-json\/wp\/v2\/product"}],"about":[{"href":"https:\/\/perle-in.com\/en\/wp-json\/wp\/v2\/types\/product"}],"version-history":[{"count":0,"href":"https:\/\/perle-in.com\/en\/wp-json\/wp\/v2\/product\/578774\/revisions"}],"wp:featuredmedia":[{"embeddable":true,"href":"https:\/\/perle-in.com\/en\/wp-json\/wp\/v2\/media\/578768"}],"wp:attachment":[{"href":"https:\/\/perle-in.com\/en\/wp-json\/wp\/v2\/media?parent=578774"}],"wp:term":[{"taxonomy":"product_brand","embeddable":true,"href":"https:\/\/perle-in.com\/en\/wp-json\/wp\/v2\/product_brand?post=578774"},{"taxonomy":"product_cat","embeddable":true,"href":"https:\/\/perle-in.com\/en\/wp-json\/wp\/v2\/product_cat?post=578774"},{"taxonomy":"product_tag","embeddable":true,"href":"https:\/\/perle-in.com\/en\/wp-json\/wp\/v2\/product_tag?post=578774"}],"curies":[{"name":"wp","href":"https:\/\/api.w.org\/{rel}","templated":true}]}}