{"id":578212,"date":"2025-10-16T09:38:21","date_gmt":"2025-10-16T07:38:21","guid":{"rendered":"https:\/\/perle-in.com\/produit\/carte-de-voeux-a6-herald\/"},"modified":"2025-10-16T09:38:23","modified_gmt":"2025-10-16T07:38:23","slug":"carte-de-voeux-a6-herald","status":"publish","type":"product","link":"https:\/\/perle-in.com\/en\/product\/carte-de-voeux-a6-herald\/","title":{"rendered":"Carte de v\u0153ux A6 Herald"},"content":{"rendered":"","protected":false},"excerpt":{"rendered":"<p>La carte de v\u0153ux A6 Herald, fabriqu\u00e9e \u00e0 partir d\u2019un carton de haute qualit\u00e9 de 320\u00a0g\/m\u00b2, peut \u00eatre imprim\u00e9e avec vos propres motifs \u00e0 l\u2019ext\u00e9rieur comme \u00e0 l\u2019int\u00e9rieur. Rehaussez vos cr\u00e9ations gr\u00e2ce au marquage \u00e0 chaud et au gaufrage, en donnant une nouvelle dimension \u00e0 vos cartes de v\u0153ux. Fournie avec une enveloppe blanche standard. Taille de la carte\u00a0: 105\u00a0x\u00a0148\u00a0mm.<\/p>","protected":false},"featured_media":578204,"template":"","meta":{"_eb_attr":""},"product_brand":[],"product_cat":[4196],"product_tag":[4178,3427,4180,4179,4177,4176],"class_list":{"0":"post-578212","1":"product","2":"type-product","3":"status-publish","4":"has-post-thumbnail","6":"product_cat-blocs-notes-et-papeterie-personnalisee","7":"product_tag-anniversaire","8":"product_tag-carte","9":"product_tag-invitation","10":"product_tag-merci","11":"product_tag-message","12":"product_tag-voeux","13":"pa_couleurs-blanc","14":"pa_couleurs-ivoire","15":"pa_green-points-2893","16":"pa_matiere-carton-certifie-fsc","17":"pa_pays-d-origine-angleterre","19":"first","20":"instock","21":"shipping-taxable","22":"purchasable","23":"product-type-variable"},"yoast_head":"<!-- This site is optimized with the Yoast SEO plugin v27.4 - https:\/\/yoast.com\/product\/yoast-seo-wordpress\/ -->\n<title>Carte de v\u0153ux A6 Herald - PERLE IN<\/title>\n<meta name=\"robots\" content=\"noindex, follow, max-snippet:-1, max-image-preview:large, max-video-preview:-1\" \/>\n<meta property=\"og:locale\" content=\"en_US\" \/>\n<meta property=\"og:type\" content=\"article\" \/>\n<meta property=\"og:title\" content=\"Carte de v\u0153ux A6 Herald - PERLE IN\" \/>\n<meta property=\"og:description\" content=\"La carte de v\u0153ux A6 Herald, fabriqu\u00e9e \u00e0 partir d\u2019un carton de haute qualit\u00e9 de 320\u00a0g\/m\u00b2, peut \u00eatre imprim\u00e9e avec vos propres motifs \u00e0 l\u2019ext\u00e9rieur comme \u00e0 l\u2019int\u00e9rieur. Rehaussez vos cr\u00e9ations gr\u00e2ce au marquage \u00e0 chaud et au gaufrage, en donnant une nouvelle dimension \u00e0 vos cartes de v\u0153ux. Fournie avec une enveloppe blanche standard. Taille de la carte\u00a0: 105\u00a0x\u00a0148\u00a0mm.\" \/>\n<meta property=\"og:url\" content=\"https:\/\/perle-in.com\/en\/product\/carte-de-voeux-a6-herald\/\" \/>\n<meta property=\"og:site_name\" content=\"PERLE IN\" \/>\n<meta property=\"article:modified_time\" content=\"2025-10-16T07:38:23+00:00\" \/>\n<meta property=\"og:image\" content=\"https:\/\/perle-in.com\/wp-content\/uploads\/2025\/10\/21075201-1.jpg\" \/>\n\t<meta property=\"og:image:width\" content=\"1600\" \/>\n\t<meta property=\"og:image:height\" content=\"1600\" \/>\n\t<meta property=\"og:image:type\" content=\"image\/jpeg\" \/>\n<meta name=\"twitter:card\" content=\"summary_large_image\" \/>\n<script type=\"application\/ld+json\" class=\"yoast-schema-graph\">{\"@context\":\"https:\\\/\\\/schema.org\",\"@graph\":[{\"@type\":\"WebPage\",\"@id\":\"https:\\\/\\\/perle-in.com\\\/produit\\\/carte-de-voeux-a6-herald\\\/\",\"url\":\"https:\\\/\\\/perle-in.com\\\/produit\\\/carte-de-voeux-a6-herald\\\/\",\"name\":\"Carte de v\u0153ux A6 Herald - PERLE IN\",\"isPartOf\":{\"@id\":\"https:\\\/\\\/perle-in.com\\\/#website\"},\"primaryImageOfPage\":{\"@id\":\"https:\\\/\\\/perle-in.com\\\/produit\\\/carte-de-voeux-a6-herald\\\/#primaryimage\"},\"image\":{\"@id\":\"https:\\\/\\\/perle-in.com\\\/produit\\\/carte-de-voeux-a6-herald\\\/#primaryimage\"},\"thumbnailUrl\":\"https:\\\/\\\/perle-in.com\\\/wp-content\\\/uploads\\\/2025\\\/10\\\/21075201-1.jpg\",\"datePublished\":\"2025-10-16T07:38:21+00:00\",\"dateModified\":\"2025-10-16T07:38:23+00:00\",\"breadcrumb\":{\"@id\":\"https:\\\/\\\/perle-in.com\\\/produit\\\/carte-de-voeux-a6-herald\\\/#breadcrumb\"},\"inLanguage\":\"en-CA\",\"potentialAction\":[{\"@type\":\"ReadAction\",\"target\":[\"https:\\\/\\\/perle-in.com\\\/produit\\\/carte-de-voeux-a6-herald\\\/\"]}]},{\"@type\":\"ImageObject\",\"inLanguage\":\"en-CA\",\"@id\":\"https:\\\/\\\/perle-in.com\\\/produit\\\/carte-de-voeux-a6-herald\\\/#primaryimage\",\"url\":\"https:\\\/\\\/perle-in.com\\\/wp-content\\\/uploads\\\/2025\\\/10\\\/21075201-1.jpg\",\"contentUrl\":\"https:\\\/\\\/perle-in.com\\\/wp-content\\\/uploads\\\/2025\\\/10\\\/21075201-1.jpg\",\"width\":1600,\"height\":1600},{\"@type\":\"BreadcrumbList\",\"@id\":\"https:\\\/\\\/perle-in.com\\\/produit\\\/carte-de-voeux-a6-herald\\\/#breadcrumb\",\"itemListElement\":[{\"@type\":\"ListItem\",\"position\":1,\"name\":\"Accueil\",\"item\":\"https:\\\/\\\/perle-in.com\\\/\"},{\"@type\":\"ListItem\",\"position\":2,\"name\":\"Boutique\",\"item\":\"https:\\\/\\\/perle-in.com\\\/boutique\\\/\"},{\"@type\":\"ListItem\",\"position\":3,\"name\":\"Carte de v\u0153ux A6 Herald\"}]},{\"@type\":\"WebSite\",\"@id\":\"https:\\\/\\\/perle-in.com\\\/#website\",\"url\":\"https:\\\/\\\/perle-in.com\\\/\",\"name\":\"PERLE IN\",\"description\":\"\",\"publisher\":{\"@id\":\"https:\\\/\\\/perle-in.com\\\/#organization\"},\"potentialAction\":[{\"@type\":\"SearchAction\",\"target\":{\"@type\":\"EntryPoint\",\"urlTemplate\":\"https:\\\/\\\/perle-in.com\\\/?s={search_term_string}\"},\"query-input\":{\"@type\":\"PropertyValueSpecification\",\"valueRequired\":true,\"valueName\":\"search_term_string\"}}],\"inLanguage\":\"en-CA\"},{\"@type\":\"Organization\",\"@id\":\"https:\\\/\\\/perle-in.com\\\/#organization\",\"name\":\"PERLE IN\",\"url\":\"https:\\\/\\\/perle-in.com\\\/\",\"logo\":{\"@type\":\"ImageObject\",\"inLanguage\":\"en-CA\",\"@id\":\"https:\\\/\\\/perle-in.com\\\/#\\\/schema\\\/logo\\\/image\\\/\",\"url\":\"https:\\\/\\\/perle-in.com\\\/wp-content\\\/uploads\\\/2022\\\/12\\\/LOGO-PERLE-IN-COULEUR@3x.webp\",\"contentUrl\":\"https:\\\/\\\/perle-in.com\\\/wp-content\\\/uploads\\\/2022\\\/12\\\/LOGO-PERLE-IN-COULEUR@3x.webp\",\"width\":1600,\"height\":490,\"caption\":\"PERLE IN\"},\"image\":{\"@id\":\"https:\\\/\\\/perle-in.com\\\/#\\\/schema\\\/logo\\\/image\\\/\"}}]}<\/script>\n<!-- \/ Yoast SEO plugin. -->","yoast_head_json":{"title":"Carte de v\u0153ux A6 Herald - PERLE IN","robots":{"index":"noindex","follow":"follow","max-snippet":"max-snippet:-1","max-image-preview":"max-image-preview:large","max-video-preview":"max-video-preview:-1"},"og_locale":"en_US","og_type":"article","og_title":"Carte de v\u0153ux A6 Herald - PERLE IN","og_description":"La carte de v\u0153ux A6 Herald, fabriqu\u00e9e \u00e0 partir d\u2019un carton de haute qualit\u00e9 de 320\u00a0g\/m\u00b2, peut \u00eatre imprim\u00e9e avec vos propres motifs \u00e0 l\u2019ext\u00e9rieur comme \u00e0 l\u2019int\u00e9rieur. Rehaussez vos cr\u00e9ations gr\u00e2ce au marquage \u00e0 chaud et au gaufrage, en donnant une nouvelle dimension \u00e0 vos cartes de v\u0153ux. Fournie avec une enveloppe blanche standard. Taille de la carte\u00a0: 105\u00a0x\u00a0148\u00a0mm.","og_url":"https:\/\/perle-in.com\/en\/product\/carte-de-voeux-a6-herald\/","og_site_name":"PERLE IN","article_modified_time":"2025-10-16T07:38:23+00:00","og_image":[{"width":1600,"height":1600,"url":"https:\/\/perle-in.com\/wp-content\/uploads\/2025\/10\/21075201-1.jpg","type":"image\/jpeg"}],"twitter_card":"summary_large_image","schema":{"@context":"https:\/\/schema.org","@graph":[{"@type":"WebPage","@id":"https:\/\/perle-in.com\/produit\/carte-de-voeux-a6-herald\/","url":"https:\/\/perle-in.com\/produit\/carte-de-voeux-a6-herald\/","name":"Carte de v\u0153ux A6 Herald - PERLE IN","isPartOf":{"@id":"https:\/\/perle-in.com\/#website"},"primaryImageOfPage":{"@id":"https:\/\/perle-in.com\/produit\/carte-de-voeux-a6-herald\/#primaryimage"},"image":{"@id":"https:\/\/perle-in.com\/produit\/carte-de-voeux-a6-herald\/#primaryimage"},"thumbnailUrl":"https:\/\/perle-in.com\/wp-content\/uploads\/2025\/10\/21075201-1.jpg","datePublished":"2025-10-16T07:38:21+00:00","dateModified":"2025-10-16T07:38:23+00:00","breadcrumb":{"@id":"https:\/\/perle-in.com\/produit\/carte-de-voeux-a6-herald\/#breadcrumb"},"inLanguage":"en-CA","potentialAction":[{"@type":"ReadAction","target":["https:\/\/perle-in.com\/produit\/carte-de-voeux-a6-herald\/"]}]},{"@type":"ImageObject","inLanguage":"en-CA","@id":"https:\/\/perle-in.com\/produit\/carte-de-voeux-a6-herald\/#primaryimage","url":"https:\/\/perle-in.com\/wp-content\/uploads\/2025\/10\/21075201-1.jpg","contentUrl":"https:\/\/perle-in.com\/wp-content\/uploads\/2025\/10\/21075201-1.jpg","width":1600,"height":1600},{"@type":"BreadcrumbList","@id":"https:\/\/perle-in.com\/produit\/carte-de-voeux-a6-herald\/#breadcrumb","itemListElement":[{"@type":"ListItem","position":1,"name":"Accueil","item":"https:\/\/perle-in.com\/"},{"@type":"ListItem","position":2,"name":"Boutique","item":"https:\/\/perle-in.com\/boutique\/"},{"@type":"ListItem","position":3,"name":"Carte de v\u0153ux A6 Herald"}]},{"@type":"WebSite","@id":"https:\/\/perle-in.com\/#website","url":"https:\/\/perle-in.com\/","name":"PERLE IN","description":"","publisher":{"@id":"https:\/\/perle-in.com\/#organization"},"potentialAction":[{"@type":"SearchAction","target":{"@type":"EntryPoint","urlTemplate":"https:\/\/perle-in.com\/?s={search_term_string}"},"query-input":{"@type":"PropertyValueSpecification","valueRequired":true,"valueName":"search_term_string"}}],"inLanguage":"en-CA"},{"@type":"Organization","@id":"https:\/\/perle-in.com\/#organization","name":"PERLE IN","url":"https:\/\/perle-in.com\/","logo":{"@type":"ImageObject","inLanguage":"en-CA","@id":"https:\/\/perle-in.com\/#\/schema\/logo\/image\/","url":"https:\/\/perle-in.com\/wp-content\/uploads\/2022\/12\/LOGO-PERLE-IN-COULEUR@3x.webp","contentUrl":"https:\/\/perle-in.com\/wp-content\/uploads\/2022\/12\/LOGO-PERLE-IN-COULEUR@3x.webp","width":1600,"height":490,"caption":"PERLE IN"},"image":{"@id":"https:\/\/perle-in.com\/#\/schema\/logo\/image\/"}}]}},"jetpack_sharing_enabled":true,"_links":{"self":[{"href":"https:\/\/perle-in.com\/en\/wp-json\/wp\/v2\/product\/578212","targetHints":{"allow":["GET"]}}],"collection":[{"href":"https:\/\/perle-in.com\/en\/wp-json\/wp\/v2\/product"}],"about":[{"href":"https:\/\/perle-in.com\/en\/wp-json\/wp\/v2\/types\/product"}],"version-history":[{"count":0,"href":"https:\/\/perle-in.com\/en\/wp-json\/wp\/v2\/product\/578212\/revisions"}],"wp:featuredmedia":[{"embeddable":true,"href":"https:\/\/perle-in.com\/en\/wp-json\/wp\/v2\/media\/578204"}],"wp:attachment":[{"href":"https:\/\/perle-in.com\/en\/wp-json\/wp\/v2\/media?parent=578212"}],"wp:term":[{"taxonomy":"product_brand","embeddable":true,"href":"https:\/\/perle-in.com\/en\/wp-json\/wp\/v2\/product_brand?post=578212"},{"taxonomy":"product_cat","embeddable":true,"href":"https:\/\/perle-in.com\/en\/wp-json\/wp\/v2\/product_cat?post=578212"},{"taxonomy":"product_tag","embeddable":true,"href":"https:\/\/perle-in.com\/en\/wp-json\/wp\/v2\/product_tag?post=578212"}],"curies":[{"name":"wp","href":"https:\/\/api.w.org\/{rel}","templated":true}]}}