{"id":577986,"date":"2025-10-16T09:06:52","date_gmt":"2025-10-16T07:06:52","guid":{"rendered":"https:\/\/perle-in.com\/produit\/lampe-portable-kooduu-fokus\/"},"modified":"2025-10-16T09:06:55","modified_gmt":"2025-10-16T07:06:55","slug":"lampe-portable-kooduu-fokus","status":"publish","type":"product","link":"https:\/\/perle-in.com\/en\/product\/lampe-portable-kooduu-fokus\/","title":{"rendered":"Lampe portable Kooduu Fokus"},"content":{"rendered":"","protected":false},"excerpt":{"rendered":"<p>La lampe de table Kooduu Fokus est \u00e9l\u00e9gante et rechargeable. Elle est con\u00e7ue pour fournir une lumi\u00e8re directe et focalis\u00e9e, r\u00e9glable en fonction de vos besoins.<br \/>\nId\u00e9ale pour \u00e9tudier ou travailler, elle cr\u00e9e \u00e9galement une atmosph\u00e8re propice \u00e0 des activit\u00e9s plus d\u00e9tendues telles que la r\u00e9daction d\u2019un journal, le gribouillage ou la lecture. Le variateur continu de 0 \u00e0 100\u00a0% vous permet de r\u00e9gler la luminosit\u00e9 selon vos pr\u00e9f\u00e9rences, tandis que la temp\u00e9rature de couleur chaude de 2\u00a0700\u00a0K garantit une exp\u00e9rience d\u2019\u00e9clairage confortable. Avec une puissance de 83\u00a0lumens, elle offre un \u00e9clairage de travail efficace qui n\u2019est pas agressif. La batterie rechargeable int\u00e9gr\u00e9e de 4\u00a0000\u00a0mAh offre jusqu\u2019\u00e0 40\u00a0heures d\u2019utilisation. La station de charge USB incluse ajoute encore \u00e0 la commodit\u00e9.<\/p>","protected":false},"featured_media":577977,"template":"","meta":{"_eb_attr":""},"product_brand":[],"product_cat":[460,150],"product_tag":[4154,2890,4155,706,883,2881],"class_list":{"0":"post-577986","1":"product","2":"type-product","3":"status-publish","4":"has-post-thumbnail","6":"product_cat-accessoires-pour-la-maison","7":"product_cat-maison-et-cuisine","8":"product_tag-kooduu","9":"product_tag-lampe","10":"product_tag-lanterne","11":"product_tag-lumiere","12":"product_tag-portable","13":"product_tag-table","14":"pa_couleurs-anthracite","15":"pa_couleurs-blanc","16":"pa_couleurs-turquoise","17":"pa_marque-kooduu","18":"pa_matiere-acier","20":"first","21":"outofstock","22":"shipping-taxable","23":"purchasable","24":"product-type-variable"},"yoast_head":"<!-- This site is optimized with the Yoast SEO plugin v27.4 - https:\/\/yoast.com\/product\/yoast-seo-wordpress\/ -->\n<title>Lampe portable Kooduu Fokus - PERLE IN<\/title>\n<meta name=\"robots\" content=\"noindex, follow, max-snippet:-1, max-image-preview:large, max-video-preview:-1\" \/>\n<meta property=\"og:locale\" content=\"en_US\" \/>\n<meta property=\"og:type\" content=\"article\" \/>\n<meta property=\"og:title\" content=\"Lampe portable Kooduu Fokus - PERLE IN\" \/>\n<meta property=\"og:description\" content=\"La lampe de table Kooduu Fokus est \u00e9l\u00e9gante et rechargeable. Elle est con\u00e7ue pour fournir une lumi\u00e8re directe et focalis\u00e9e, r\u00e9glable en fonction de vos besoins. Id\u00e9ale pour \u00e9tudier ou travailler, elle cr\u00e9e \u00e9galement une atmosph\u00e8re propice \u00e0 des activit\u00e9s plus d\u00e9tendues telles que la r\u00e9daction d\u2019un journal, le gribouillage ou la lecture. Le variateur continu de 0 \u00e0 100\u00a0% vous permet de r\u00e9gler la luminosit\u00e9 selon vos pr\u00e9f\u00e9rences, tandis que la temp\u00e9rature de couleur chaude de 2\u00a0700\u00a0K garantit une exp\u00e9rience d\u2019\u00e9clairage confortable. Avec une puissance de 83\u00a0lumens, elle offre un \u00e9clairage de travail efficace qui n\u2019est pas agressif. La batterie rechargeable int\u00e9gr\u00e9e de 4\u00a0000\u00a0mAh offre jusqu\u2019\u00e0 40\u00a0heures d\u2019utilisation. La station de charge USB incluse ajoute encore \u00e0 la commodit\u00e9.\" \/>\n<meta property=\"og:url\" content=\"https:\/\/perle-in.com\/en\/product\/lampe-portable-kooduu-fokus\/\" \/>\n<meta property=\"og:site_name\" content=\"PERLE IN\" \/>\n<meta property=\"article:modified_time\" content=\"2025-10-16T07:06:55+00:00\" \/>\n<meta property=\"og:image\" content=\"https:\/\/perle-in.com\/wp-content\/uploads\/2025\/10\/12445501-1.jpg\" \/>\n\t<meta property=\"og:image:width\" content=\"1600\" \/>\n\t<meta property=\"og:image:height\" content=\"1600\" \/>\n\t<meta property=\"og:image:type\" content=\"image\/jpeg\" \/>\n<meta name=\"twitter:card\" content=\"summary_large_image\" \/>\n<script type=\"application\/ld+json\" class=\"yoast-schema-graph\">{\"@context\":\"https:\\\/\\\/schema.org\",\"@graph\":[{\"@type\":\"WebPage\",\"@id\":\"https:\\\/\\\/perle-in.com\\\/produit\\\/lampe-portable-kooduu-fokus\\\/\",\"url\":\"https:\\\/\\\/perle-in.com\\\/produit\\\/lampe-portable-kooduu-fokus\\\/\",\"name\":\"Lampe portable Kooduu Fokus - PERLE IN\",\"isPartOf\":{\"@id\":\"https:\\\/\\\/perle-in.com\\\/#website\"},\"primaryImageOfPage\":{\"@id\":\"https:\\\/\\\/perle-in.com\\\/produit\\\/lampe-portable-kooduu-fokus\\\/#primaryimage\"},\"image\":{\"@id\":\"https:\\\/\\\/perle-in.com\\\/produit\\\/lampe-portable-kooduu-fokus\\\/#primaryimage\"},\"thumbnailUrl\":\"https:\\\/\\\/perle-in.com\\\/wp-content\\\/uploads\\\/2025\\\/10\\\/12445501-1.jpg\",\"datePublished\":\"2025-10-16T07:06:52+00:00\",\"dateModified\":\"2025-10-16T07:06:55+00:00\",\"breadcrumb\":{\"@id\":\"https:\\\/\\\/perle-in.com\\\/produit\\\/lampe-portable-kooduu-fokus\\\/#breadcrumb\"},\"inLanguage\":\"en-CA\",\"potentialAction\":[{\"@type\":\"ReadAction\",\"target\":[\"https:\\\/\\\/perle-in.com\\\/produit\\\/lampe-portable-kooduu-fokus\\\/\"]}]},{\"@type\":\"ImageObject\",\"inLanguage\":\"en-CA\",\"@id\":\"https:\\\/\\\/perle-in.com\\\/produit\\\/lampe-portable-kooduu-fokus\\\/#primaryimage\",\"url\":\"https:\\\/\\\/perle-in.com\\\/wp-content\\\/uploads\\\/2025\\\/10\\\/12445501-1.jpg\",\"contentUrl\":\"https:\\\/\\\/perle-in.com\\\/wp-content\\\/uploads\\\/2025\\\/10\\\/12445501-1.jpg\",\"width\":1600,\"height\":1600},{\"@type\":\"BreadcrumbList\",\"@id\":\"https:\\\/\\\/perle-in.com\\\/produit\\\/lampe-portable-kooduu-fokus\\\/#breadcrumb\",\"itemListElement\":[{\"@type\":\"ListItem\",\"position\":1,\"name\":\"Accueil\",\"item\":\"https:\\\/\\\/perle-in.com\\\/\"},{\"@type\":\"ListItem\",\"position\":2,\"name\":\"Boutique\",\"item\":\"https:\\\/\\\/perle-in.com\\\/boutique\\\/\"},{\"@type\":\"ListItem\",\"position\":3,\"name\":\"Lampe portable Kooduu Fokus\"}]},{\"@type\":\"WebSite\",\"@id\":\"https:\\\/\\\/perle-in.com\\\/#website\",\"url\":\"https:\\\/\\\/perle-in.com\\\/\",\"name\":\"PERLE IN\",\"description\":\"\",\"publisher\":{\"@id\":\"https:\\\/\\\/perle-in.com\\\/#organization\"},\"potentialAction\":[{\"@type\":\"SearchAction\",\"target\":{\"@type\":\"EntryPoint\",\"urlTemplate\":\"https:\\\/\\\/perle-in.com\\\/?s={search_term_string}\"},\"query-input\":{\"@type\":\"PropertyValueSpecification\",\"valueRequired\":true,\"valueName\":\"search_term_string\"}}],\"inLanguage\":\"en-CA\"},{\"@type\":\"Organization\",\"@id\":\"https:\\\/\\\/perle-in.com\\\/#organization\",\"name\":\"PERLE IN\",\"url\":\"https:\\\/\\\/perle-in.com\\\/\",\"logo\":{\"@type\":\"ImageObject\",\"inLanguage\":\"en-CA\",\"@id\":\"https:\\\/\\\/perle-in.com\\\/#\\\/schema\\\/logo\\\/image\\\/\",\"url\":\"https:\\\/\\\/perle-in.com\\\/wp-content\\\/uploads\\\/2022\\\/12\\\/LOGO-PERLE-IN-COULEUR@3x.webp\",\"contentUrl\":\"https:\\\/\\\/perle-in.com\\\/wp-content\\\/uploads\\\/2022\\\/12\\\/LOGO-PERLE-IN-COULEUR@3x.webp\",\"width\":1600,\"height\":490,\"caption\":\"PERLE IN\"},\"image\":{\"@id\":\"https:\\\/\\\/perle-in.com\\\/#\\\/schema\\\/logo\\\/image\\\/\"}}]}<\/script>\n<!-- \/ Yoast SEO plugin. -->","yoast_head_json":{"title":"Lampe portable Kooduu Fokus - PERLE IN","robots":{"index":"noindex","follow":"follow","max-snippet":"max-snippet:-1","max-image-preview":"max-image-preview:large","max-video-preview":"max-video-preview:-1"},"og_locale":"en_US","og_type":"article","og_title":"Lampe portable Kooduu Fokus - PERLE IN","og_description":"La lampe de table Kooduu Fokus est \u00e9l\u00e9gante et rechargeable. Elle est con\u00e7ue pour fournir une lumi\u00e8re directe et focalis\u00e9e, r\u00e9glable en fonction de vos besoins. Id\u00e9ale pour \u00e9tudier ou travailler, elle cr\u00e9e \u00e9galement une atmosph\u00e8re propice \u00e0 des activit\u00e9s plus d\u00e9tendues telles que la r\u00e9daction d\u2019un journal, le gribouillage ou la lecture. Le variateur continu de 0 \u00e0 100\u00a0% vous permet de r\u00e9gler la luminosit\u00e9 selon vos pr\u00e9f\u00e9rences, tandis que la temp\u00e9rature de couleur chaude de 2\u00a0700\u00a0K garantit une exp\u00e9rience d\u2019\u00e9clairage confortable. Avec une puissance de 83\u00a0lumens, elle offre un \u00e9clairage de travail efficace qui n\u2019est pas agressif. La batterie rechargeable int\u00e9gr\u00e9e de 4\u00a0000\u00a0mAh offre jusqu\u2019\u00e0 40\u00a0heures d\u2019utilisation. La station de charge USB incluse ajoute encore \u00e0 la commodit\u00e9.","og_url":"https:\/\/perle-in.com\/en\/product\/lampe-portable-kooduu-fokus\/","og_site_name":"PERLE IN","article_modified_time":"2025-10-16T07:06:55+00:00","og_image":[{"width":1600,"height":1600,"url":"https:\/\/perle-in.com\/wp-content\/uploads\/2025\/10\/12445501-1.jpg","type":"image\/jpeg"}],"twitter_card":"summary_large_image","schema":{"@context":"https:\/\/schema.org","@graph":[{"@type":"WebPage","@id":"https:\/\/perle-in.com\/produit\/lampe-portable-kooduu-fokus\/","url":"https:\/\/perle-in.com\/produit\/lampe-portable-kooduu-fokus\/","name":"Lampe portable Kooduu Fokus - PERLE IN","isPartOf":{"@id":"https:\/\/perle-in.com\/#website"},"primaryImageOfPage":{"@id":"https:\/\/perle-in.com\/produit\/lampe-portable-kooduu-fokus\/#primaryimage"},"image":{"@id":"https:\/\/perle-in.com\/produit\/lampe-portable-kooduu-fokus\/#primaryimage"},"thumbnailUrl":"https:\/\/perle-in.com\/wp-content\/uploads\/2025\/10\/12445501-1.jpg","datePublished":"2025-10-16T07:06:52+00:00","dateModified":"2025-10-16T07:06:55+00:00","breadcrumb":{"@id":"https:\/\/perle-in.com\/produit\/lampe-portable-kooduu-fokus\/#breadcrumb"},"inLanguage":"en-CA","potentialAction":[{"@type":"ReadAction","target":["https:\/\/perle-in.com\/produit\/lampe-portable-kooduu-fokus\/"]}]},{"@type":"ImageObject","inLanguage":"en-CA","@id":"https:\/\/perle-in.com\/produit\/lampe-portable-kooduu-fokus\/#primaryimage","url":"https:\/\/perle-in.com\/wp-content\/uploads\/2025\/10\/12445501-1.jpg","contentUrl":"https:\/\/perle-in.com\/wp-content\/uploads\/2025\/10\/12445501-1.jpg","width":1600,"height":1600},{"@type":"BreadcrumbList","@id":"https:\/\/perle-in.com\/produit\/lampe-portable-kooduu-fokus\/#breadcrumb","itemListElement":[{"@type":"ListItem","position":1,"name":"Accueil","item":"https:\/\/perle-in.com\/"},{"@type":"ListItem","position":2,"name":"Boutique","item":"https:\/\/perle-in.com\/boutique\/"},{"@type":"ListItem","position":3,"name":"Lampe portable Kooduu Fokus"}]},{"@type":"WebSite","@id":"https:\/\/perle-in.com\/#website","url":"https:\/\/perle-in.com\/","name":"PERLE IN","description":"","publisher":{"@id":"https:\/\/perle-in.com\/#organization"},"potentialAction":[{"@type":"SearchAction","target":{"@type":"EntryPoint","urlTemplate":"https:\/\/perle-in.com\/?s={search_term_string}"},"query-input":{"@type":"PropertyValueSpecification","valueRequired":true,"valueName":"search_term_string"}}],"inLanguage":"en-CA"},{"@type":"Organization","@id":"https:\/\/perle-in.com\/#organization","name":"PERLE IN","url":"https:\/\/perle-in.com\/","logo":{"@type":"ImageObject","inLanguage":"en-CA","@id":"https:\/\/perle-in.com\/#\/schema\/logo\/image\/","url":"https:\/\/perle-in.com\/wp-content\/uploads\/2022\/12\/LOGO-PERLE-IN-COULEUR@3x.webp","contentUrl":"https:\/\/perle-in.com\/wp-content\/uploads\/2022\/12\/LOGO-PERLE-IN-COULEUR@3x.webp","width":1600,"height":490,"caption":"PERLE IN"},"image":{"@id":"https:\/\/perle-in.com\/#\/schema\/logo\/image\/"}}]}},"jetpack_sharing_enabled":true,"_links":{"self":[{"href":"https:\/\/perle-in.com\/en\/wp-json\/wp\/v2\/product\/577986","targetHints":{"allow":["GET"]}}],"collection":[{"href":"https:\/\/perle-in.com\/en\/wp-json\/wp\/v2\/product"}],"about":[{"href":"https:\/\/perle-in.com\/en\/wp-json\/wp\/v2\/types\/product"}],"version-history":[{"count":0,"href":"https:\/\/perle-in.com\/en\/wp-json\/wp\/v2\/product\/577986\/revisions"}],"wp:featuredmedia":[{"embeddable":true,"href":"https:\/\/perle-in.com\/en\/wp-json\/wp\/v2\/media\/577977"}],"wp:attachment":[{"href":"https:\/\/perle-in.com\/en\/wp-json\/wp\/v2\/media?parent=577986"}],"wp:term":[{"taxonomy":"product_brand","embeddable":true,"href":"https:\/\/perle-in.com\/en\/wp-json\/wp\/v2\/product_brand?post=577986"},{"taxonomy":"product_cat","embeddable":true,"href":"https:\/\/perle-in.com\/en\/wp-json\/wp\/v2\/product_cat?post=577986"},{"taxonomy":"product_tag","embeddable":true,"href":"https:\/\/perle-in.com\/en\/wp-json\/wp\/v2\/product_tag?post=577986"}],"curies":[{"name":"wp","href":"https:\/\/api.w.org\/{rel}","templated":true}]}}