{"id":577938,"date":"2025-10-16T09:01:57","date_gmt":"2025-10-16T07:01:57","guid":{"rendered":"https:\/\/perle-in.com\/produit\/sac-a-dos-pour-ordinateur-portable-case-logic-variate-17-recycle-et-extensible\/"},"modified":"2025-10-16T09:01:58","modified_gmt":"2025-10-16T07:01:58","slug":"sac-a-dos-pour-ordinateur-portable-case-logic-variate-17-recycle-et-extensible","status":"publish","type":"product","link":"https:\/\/perle-in.com\/en\/product\/sac-a-dos-pour-ordinateur-portable-case-logic-variate-17-recycle-et-extensible\/","title":{"rendered":"Sac \u00e0 dos pour ordinateur portable Case Logic Variate 17&#8243; recycl\u00e9 et extensible"},"content":{"rendered":"","protected":false},"excerpt":{"rendered":"<p>Le sac \u00e0 dos pour ordinateur portable Case Logic Variate de 17\u2019\u2019 est un compagnon \u00e9l\u00e9gant et polyvalent pour le travail, les voyages et tout le reste. Son design extensible va de 28 \u00e0 33\u00a0L, offrant un rangement flexible et un look moderne. Fabriqu\u00e9 \u00e0 partir de 85\u00a0% de mat\u00e9riaux recycl\u00e9s en poids, dont une coque, une doublure et une maille en polyester 100\u00a0% recycl\u00e9, il est recouvert d\u2019un enduit d\u00e9perlant durable sans PFAS. \u00c0 l\u2019int\u00e9rieur, un compartiment d\u00e9di\u00e9 accueille un ordinateur portable de jusqu\u2019\u00e0 17\u2019\u2019, avec de la place pour une tablette, un clavier, une souris et d\u2019autres \u00e9l\u00e9ments essentiels. La pochette d\u2019organisation amovible permet de ranger les petits accessoires et de les transf\u00e9rer facilement entre la maison et le bureau. A l\u2019ext\u00e9rieur, deux poches lat\u00e9rales extensibles permettent d\u2019acc\u00e9der rapidement aux bouteilles d\u2019eau ou aux parapluies. Con\u00e7u pour un confort quotidien, le sac \u00e0 dos est dot\u00e9 d\u2019un panneau arri\u00e8re et de bretelles rembourr\u00e9s et respirants, ainsi que d\u2019une sangle passante permettant de l\u2019attacher facilement \u00e0 un bagage \u00e0 roulettes.<\/p>","protected":false},"featured_media":577929,"template":"","meta":{"_eb_attr":""},"product_brand":[],"product_cat":[1214,159],"product_tag":[1861,1862,837,786,784,836,282,1347,1348],"class_list":{"0":"post-577938","1":"product","2":"type-product","3":"status-publish","4":"has-post-thumbnail","6":"product_cat-sac-a-dos-pour-ordinateur","7":"product_cat-sacs","8":"product_tag-case-logic","9":"product_tag-caselogic","10":"product_tag-durable","11":"product_tag-ordinateur","12":"product_tag-ordinateur-portable","13":"product_tag-recycle","14":"product_tag-sac","15":"product_tag-sac-a-dos","16":"product_tag-sacs-a-dos","17":"pa_couleurs-noir","18":"pa_marque-case-logic","19":"pa_pays-d-origine-cambodge","21":"first","22":"instock","23":"shipping-taxable","24":"purchasable","25":"product-type-variable"},"yoast_head":"<!-- This site is optimized with the Yoast SEO plugin v27.4 - https:\/\/yoast.com\/product\/yoast-seo-wordpress\/ -->\n<title>Sac \u00e0 dos pour ordinateur portable Case Logic Variate 17&quot; recycl\u00e9 et extensible - PERLE IN<\/title>\n<meta name=\"robots\" content=\"noindex, follow, max-snippet:-1, max-image-preview:large, max-video-preview:-1\" \/>\n<meta property=\"og:locale\" content=\"en_US\" \/>\n<meta property=\"og:type\" content=\"article\" \/>\n<meta property=\"og:title\" content=\"Sac \u00e0 dos pour ordinateur portable Case Logic Variate 17&quot; recycl\u00e9 et extensible - PERLE IN\" \/>\n<meta property=\"og:description\" content=\"Le sac \u00e0 dos pour ordinateur portable Case Logic Variate de 17\u2019\u2019 est un compagnon \u00e9l\u00e9gant et polyvalent pour le travail, les voyages et tout le reste. Son design extensible va de 28 \u00e0 33\u00a0L, offrant un rangement flexible et un look moderne. Fabriqu\u00e9 \u00e0 partir de 85\u00a0% de mat\u00e9riaux recycl\u00e9s en poids, dont une coque, une doublure et une maille en polyester 100\u00a0% recycl\u00e9, il est recouvert d\u2019un enduit d\u00e9perlant durable sans PFAS. \u00c0 l\u2019int\u00e9rieur, un compartiment d\u00e9di\u00e9 accueille un ordinateur portable de jusqu\u2019\u00e0 17\u2019\u2019, avec de la place pour une tablette, un clavier, une souris et d\u2019autres \u00e9l\u00e9ments essentiels. La pochette d\u2019organisation amovible permet de ranger les petits accessoires et de les transf\u00e9rer facilement entre la maison et le bureau. A l\u2019ext\u00e9rieur, deux poches lat\u00e9rales extensibles permettent d\u2019acc\u00e9der rapidement aux bouteilles d\u2019eau ou aux parapluies. Con\u00e7u pour un confort quotidien, le sac \u00e0 dos est dot\u00e9 d\u2019un panneau arri\u00e8re et de bretelles rembourr\u00e9s et respirants, ainsi que d\u2019une sangle passante permettant de l\u2019attacher facilement \u00e0 un bagage \u00e0 roulettes.\" \/>\n<meta property=\"og:url\" content=\"https:\/\/perle-in.com\/en\/product\/sac-a-dos-pour-ordinateur-portable-case-logic-variate-17-recycle-et-extensible\/\" \/>\n<meta property=\"og:site_name\" content=\"PERLE IN\" \/>\n<meta property=\"article:modified_time\" content=\"2025-10-16T07:01:58+00:00\" \/>\n<meta property=\"og:image\" content=\"https:\/\/perle-in.com\/wp-content\/uploads\/2025\/10\/12077690-1.jpg\" \/>\n\t<meta property=\"og:image:width\" content=\"1600\" \/>\n\t<meta property=\"og:image:height\" content=\"1600\" \/>\n\t<meta property=\"og:image:type\" content=\"image\/jpeg\" \/>\n<meta name=\"twitter:card\" content=\"summary_large_image\" \/>\n<script type=\"application\/ld+json\" class=\"yoast-schema-graph\">{\"@context\":\"https:\\\/\\\/schema.org\",\"@graph\":[{\"@type\":\"WebPage\",\"@id\":\"https:\\\/\\\/perle-in.com\\\/produit\\\/sac-a-dos-pour-ordinateur-portable-case-logic-variate-17-recycle-et-extensible\\\/\",\"url\":\"https:\\\/\\\/perle-in.com\\\/produit\\\/sac-a-dos-pour-ordinateur-portable-case-logic-variate-17-recycle-et-extensible\\\/\",\"name\":\"Sac \u00e0 dos pour ordinateur portable Case Logic Variate 17\\\" recycl\u00e9 et extensible - PERLE IN\",\"isPartOf\":{\"@id\":\"https:\\\/\\\/perle-in.com\\\/#website\"},\"primaryImageOfPage\":{\"@id\":\"https:\\\/\\\/perle-in.com\\\/produit\\\/sac-a-dos-pour-ordinateur-portable-case-logic-variate-17-recycle-et-extensible\\\/#primaryimage\"},\"image\":{\"@id\":\"https:\\\/\\\/perle-in.com\\\/produit\\\/sac-a-dos-pour-ordinateur-portable-case-logic-variate-17-recycle-et-extensible\\\/#primaryimage\"},\"thumbnailUrl\":\"https:\\\/\\\/perle-in.com\\\/wp-content\\\/uploads\\\/2025\\\/10\\\/12077690-1.jpg\",\"datePublished\":\"2025-10-16T07:01:57+00:00\",\"dateModified\":\"2025-10-16T07:01:58+00:00\",\"breadcrumb\":{\"@id\":\"https:\\\/\\\/perle-in.com\\\/produit\\\/sac-a-dos-pour-ordinateur-portable-case-logic-variate-17-recycle-et-extensible\\\/#breadcrumb\"},\"inLanguage\":\"en-CA\",\"potentialAction\":[{\"@type\":\"ReadAction\",\"target\":[\"https:\\\/\\\/perle-in.com\\\/produit\\\/sac-a-dos-pour-ordinateur-portable-case-logic-variate-17-recycle-et-extensible\\\/\"]}]},{\"@type\":\"ImageObject\",\"inLanguage\":\"en-CA\",\"@id\":\"https:\\\/\\\/perle-in.com\\\/produit\\\/sac-a-dos-pour-ordinateur-portable-case-logic-variate-17-recycle-et-extensible\\\/#primaryimage\",\"url\":\"https:\\\/\\\/perle-in.com\\\/wp-content\\\/uploads\\\/2025\\\/10\\\/12077690-1.jpg\",\"contentUrl\":\"https:\\\/\\\/perle-in.com\\\/wp-content\\\/uploads\\\/2025\\\/10\\\/12077690-1.jpg\",\"width\":1600,\"height\":1600},{\"@type\":\"BreadcrumbList\",\"@id\":\"https:\\\/\\\/perle-in.com\\\/produit\\\/sac-a-dos-pour-ordinateur-portable-case-logic-variate-17-recycle-et-extensible\\\/#breadcrumb\",\"itemListElement\":[{\"@type\":\"ListItem\",\"position\":1,\"name\":\"Accueil\",\"item\":\"https:\\\/\\\/perle-in.com\\\/\"},{\"@type\":\"ListItem\",\"position\":2,\"name\":\"Boutique\",\"item\":\"https:\\\/\\\/perle-in.com\\\/boutique\\\/\"},{\"@type\":\"ListItem\",\"position\":3,\"name\":\"Sac \u00e0 dos pour ordinateur portable Case Logic Variate 17&#8243; recycl\u00e9 et extensible\"}]},{\"@type\":\"WebSite\",\"@id\":\"https:\\\/\\\/perle-in.com\\\/#website\",\"url\":\"https:\\\/\\\/perle-in.com\\\/\",\"name\":\"PERLE IN\",\"description\":\"\",\"publisher\":{\"@id\":\"https:\\\/\\\/perle-in.com\\\/#organization\"},\"potentialAction\":[{\"@type\":\"SearchAction\",\"target\":{\"@type\":\"EntryPoint\",\"urlTemplate\":\"https:\\\/\\\/perle-in.com\\\/?s={search_term_string}\"},\"query-input\":{\"@type\":\"PropertyValueSpecification\",\"valueRequired\":true,\"valueName\":\"search_term_string\"}}],\"inLanguage\":\"en-CA\"},{\"@type\":\"Organization\",\"@id\":\"https:\\\/\\\/perle-in.com\\\/#organization\",\"name\":\"PERLE IN\",\"url\":\"https:\\\/\\\/perle-in.com\\\/\",\"logo\":{\"@type\":\"ImageObject\",\"inLanguage\":\"en-CA\",\"@id\":\"https:\\\/\\\/perle-in.com\\\/#\\\/schema\\\/logo\\\/image\\\/\",\"url\":\"https:\\\/\\\/perle-in.com\\\/wp-content\\\/uploads\\\/2022\\\/12\\\/LOGO-PERLE-IN-COULEUR@3x.webp\",\"contentUrl\":\"https:\\\/\\\/perle-in.com\\\/wp-content\\\/uploads\\\/2022\\\/12\\\/LOGO-PERLE-IN-COULEUR@3x.webp\",\"width\":1600,\"height\":490,\"caption\":\"PERLE IN\"},\"image\":{\"@id\":\"https:\\\/\\\/perle-in.com\\\/#\\\/schema\\\/logo\\\/image\\\/\"}}]}<\/script>\n<!-- \/ Yoast SEO plugin. -->","yoast_head_json":{"title":"Sac \u00e0 dos pour ordinateur portable Case Logic Variate 17\" recycl\u00e9 et extensible - PERLE IN","robots":{"index":"noindex","follow":"follow","max-snippet":"max-snippet:-1","max-image-preview":"max-image-preview:large","max-video-preview":"max-video-preview:-1"},"og_locale":"en_US","og_type":"article","og_title":"Sac \u00e0 dos pour ordinateur portable Case Logic Variate 17\" recycl\u00e9 et extensible - PERLE IN","og_description":"Le sac \u00e0 dos pour ordinateur portable Case Logic Variate de 17\u2019\u2019 est un compagnon \u00e9l\u00e9gant et polyvalent pour le travail, les voyages et tout le reste. Son design extensible va de 28 \u00e0 33\u00a0L, offrant un rangement flexible et un look moderne. Fabriqu\u00e9 \u00e0 partir de 85\u00a0% de mat\u00e9riaux recycl\u00e9s en poids, dont une coque, une doublure et une maille en polyester 100\u00a0% recycl\u00e9, il est recouvert d\u2019un enduit d\u00e9perlant durable sans PFAS. \u00c0 l\u2019int\u00e9rieur, un compartiment d\u00e9di\u00e9 accueille un ordinateur portable de jusqu\u2019\u00e0 17\u2019\u2019, avec de la place pour une tablette, un clavier, une souris et d\u2019autres \u00e9l\u00e9ments essentiels. La pochette d\u2019organisation amovible permet de ranger les petits accessoires et de les transf\u00e9rer facilement entre la maison et le bureau. A l\u2019ext\u00e9rieur, deux poches lat\u00e9rales extensibles permettent d\u2019acc\u00e9der rapidement aux bouteilles d\u2019eau ou aux parapluies. Con\u00e7u pour un confort quotidien, le sac \u00e0 dos est dot\u00e9 d\u2019un panneau arri\u00e8re et de bretelles rembourr\u00e9s et respirants, ainsi que d\u2019une sangle passante permettant de l\u2019attacher facilement \u00e0 un bagage \u00e0 roulettes.","og_url":"https:\/\/perle-in.com\/en\/product\/sac-a-dos-pour-ordinateur-portable-case-logic-variate-17-recycle-et-extensible\/","og_site_name":"PERLE IN","article_modified_time":"2025-10-16T07:01:58+00:00","og_image":[{"width":1600,"height":1600,"url":"https:\/\/perle-in.com\/wp-content\/uploads\/2025\/10\/12077690-1.jpg","type":"image\/jpeg"}],"twitter_card":"summary_large_image","schema":{"@context":"https:\/\/schema.org","@graph":[{"@type":"WebPage","@id":"https:\/\/perle-in.com\/produit\/sac-a-dos-pour-ordinateur-portable-case-logic-variate-17-recycle-et-extensible\/","url":"https:\/\/perle-in.com\/produit\/sac-a-dos-pour-ordinateur-portable-case-logic-variate-17-recycle-et-extensible\/","name":"Sac \u00e0 dos pour ordinateur portable Case Logic Variate 17\" recycl\u00e9 et extensible - PERLE IN","isPartOf":{"@id":"https:\/\/perle-in.com\/#website"},"primaryImageOfPage":{"@id":"https:\/\/perle-in.com\/produit\/sac-a-dos-pour-ordinateur-portable-case-logic-variate-17-recycle-et-extensible\/#primaryimage"},"image":{"@id":"https:\/\/perle-in.com\/produit\/sac-a-dos-pour-ordinateur-portable-case-logic-variate-17-recycle-et-extensible\/#primaryimage"},"thumbnailUrl":"https:\/\/perle-in.com\/wp-content\/uploads\/2025\/10\/12077690-1.jpg","datePublished":"2025-10-16T07:01:57+00:00","dateModified":"2025-10-16T07:01:58+00:00","breadcrumb":{"@id":"https:\/\/perle-in.com\/produit\/sac-a-dos-pour-ordinateur-portable-case-logic-variate-17-recycle-et-extensible\/#breadcrumb"},"inLanguage":"en-CA","potentialAction":[{"@type":"ReadAction","target":["https:\/\/perle-in.com\/produit\/sac-a-dos-pour-ordinateur-portable-case-logic-variate-17-recycle-et-extensible\/"]}]},{"@type":"ImageObject","inLanguage":"en-CA","@id":"https:\/\/perle-in.com\/produit\/sac-a-dos-pour-ordinateur-portable-case-logic-variate-17-recycle-et-extensible\/#primaryimage","url":"https:\/\/perle-in.com\/wp-content\/uploads\/2025\/10\/12077690-1.jpg","contentUrl":"https:\/\/perle-in.com\/wp-content\/uploads\/2025\/10\/12077690-1.jpg","width":1600,"height":1600},{"@type":"BreadcrumbList","@id":"https:\/\/perle-in.com\/produit\/sac-a-dos-pour-ordinateur-portable-case-logic-variate-17-recycle-et-extensible\/#breadcrumb","itemListElement":[{"@type":"ListItem","position":1,"name":"Accueil","item":"https:\/\/perle-in.com\/"},{"@type":"ListItem","position":2,"name":"Boutique","item":"https:\/\/perle-in.com\/boutique\/"},{"@type":"ListItem","position":3,"name":"Sac \u00e0 dos pour ordinateur portable Case Logic Variate 17&#8243; recycl\u00e9 et extensible"}]},{"@type":"WebSite","@id":"https:\/\/perle-in.com\/#website","url":"https:\/\/perle-in.com\/","name":"PERLE IN","description":"","publisher":{"@id":"https:\/\/perle-in.com\/#organization"},"potentialAction":[{"@type":"SearchAction","target":{"@type":"EntryPoint","urlTemplate":"https:\/\/perle-in.com\/?s={search_term_string}"},"query-input":{"@type":"PropertyValueSpecification","valueRequired":true,"valueName":"search_term_string"}}],"inLanguage":"en-CA"},{"@type":"Organization","@id":"https:\/\/perle-in.com\/#organization","name":"PERLE IN","url":"https:\/\/perle-in.com\/","logo":{"@type":"ImageObject","inLanguage":"en-CA","@id":"https:\/\/perle-in.com\/#\/schema\/logo\/image\/","url":"https:\/\/perle-in.com\/wp-content\/uploads\/2022\/12\/LOGO-PERLE-IN-COULEUR@3x.webp","contentUrl":"https:\/\/perle-in.com\/wp-content\/uploads\/2022\/12\/LOGO-PERLE-IN-COULEUR@3x.webp","width":1600,"height":490,"caption":"PERLE IN"},"image":{"@id":"https:\/\/perle-in.com\/#\/schema\/logo\/image\/"}}]}},"jetpack_sharing_enabled":true,"_links":{"self":[{"href":"https:\/\/perle-in.com\/en\/wp-json\/wp\/v2\/product\/577938","targetHints":{"allow":["GET"]}}],"collection":[{"href":"https:\/\/perle-in.com\/en\/wp-json\/wp\/v2\/product"}],"about":[{"href":"https:\/\/perle-in.com\/en\/wp-json\/wp\/v2\/types\/product"}],"version-history":[{"count":0,"href":"https:\/\/perle-in.com\/en\/wp-json\/wp\/v2\/product\/577938\/revisions"}],"wp:featuredmedia":[{"embeddable":true,"href":"https:\/\/perle-in.com\/en\/wp-json\/wp\/v2\/media\/577929"}],"wp:attachment":[{"href":"https:\/\/perle-in.com\/en\/wp-json\/wp\/v2\/media?parent=577938"}],"wp:term":[{"taxonomy":"product_brand","embeddable":true,"href":"https:\/\/perle-in.com\/en\/wp-json\/wp\/v2\/product_brand?post=577938"},{"taxonomy":"product_cat","embeddable":true,"href":"https:\/\/perle-in.com\/en\/wp-json\/wp\/v2\/product_cat?post=577938"},{"taxonomy":"product_tag","embeddable":true,"href":"https:\/\/perle-in.com\/en\/wp-json\/wp\/v2\/product_tag?post=577938"}],"curies":[{"name":"wp","href":"https:\/\/api.w.org\/{rel}","templated":true}]}}