{"id":576901,"date":"2025-10-16T07:42:48","date_gmt":"2025-10-16T05:42:48","guid":{"rendered":"https:\/\/perle-in.com\/produit\/kit-de-lumieres-pour-velo-beamix\/"},"modified":"2025-10-16T07:42:49","modified_gmt":"2025-10-16T05:42:49","slug":"kit-de-lumieres-pour-velo-beamix","status":"publish","type":"product","link":"https:\/\/perle-in.com\/en\/product\/kit-de-lumieres-pour-velo-beamix\/","title":{"rendered":"Kit de lumi\u00e8res pour v\u00e9lo Beamix"},"content":{"rendered":"","protected":false},"excerpt":{"rendered":"<p>Cet ensemble de lampes pour v\u00e9lo comprend des lampes rouges et blanches pour am\u00e9liorer la visibilit\u00e9 et la s\u00e9curit\u00e9 lors de la conduite. Chaque lampe est dot\u00e9e de trois modes (fixe, clignotant et clignotant lent) qui permettent de s\u2019adapter aux conditions changeantes. Pr\u00e9sent\u00e9es dans un \u00e9tui en plastique transparent pour faciliter le stockage et le transport, ces lampes compactes et fiables sont parfaites pour les cyclistes de tous les jours.<\/p>","protected":false},"featured_media":576871,"template":"","meta":{"_eb_attr":""},"product_brand":[],"product_cat":[756,129],"product_tag":[759,4114,758,2582],"class_list":{"0":"post-576901","1":"product","2":"type-product","3":"status-publish","4":"has-post-thumbnail","6":"product_cat-equipements-velo","7":"product_cat-sport-et-loisirs","8":"product_tag-bicyclette","9":"product_tag-lampes","10":"product_tag-velo","11":"product_tag-velos","12":"pa_couleurs-translucide","13":"pa_green-points-3218","14":"pa_matiere-50-plastique-recycle-abs-50-plastique-pp","16":"first","17":"instock","18":"shipping-taxable","19":"purchasable","20":"product-type-variable"},"yoast_head":"<!-- This site is optimized with the Yoast SEO plugin v27.4 - https:\/\/yoast.com\/product\/yoast-seo-wordpress\/ -->\n<title>Kit de lumi\u00e8res pour v\u00e9lo Beamix - PERLE IN<\/title>\n<meta name=\"robots\" content=\"noindex, follow, max-snippet:-1, max-image-preview:large, max-video-preview:-1\" \/>\n<meta property=\"og:locale\" content=\"en_US\" \/>\n<meta property=\"og:type\" content=\"article\" \/>\n<meta property=\"og:title\" content=\"Kit de lumi\u00e8res pour v\u00e9lo Beamix - PERLE IN\" \/>\n<meta property=\"og:description\" content=\"Cet ensemble de lampes pour v\u00e9lo comprend des lampes rouges et blanches pour am\u00e9liorer la visibilit\u00e9 et la s\u00e9curit\u00e9 lors de la conduite. Chaque lampe est dot\u00e9e de trois modes (fixe, clignotant et clignotant lent) qui permettent de s\u2019adapter aux conditions changeantes. Pr\u00e9sent\u00e9es dans un \u00e9tui en plastique transparent pour faciliter le stockage et le transport, ces lampes compactes et fiables sont parfaites pour les cyclistes de tous les jours.\" \/>\n<meta property=\"og:url\" content=\"https:\/\/perle-in.com\/en\/product\/kit-de-lumieres-pour-velo-beamix\/\" \/>\n<meta property=\"og:site_name\" content=\"PERLE IN\" \/>\n<meta property=\"article:modified_time\" content=\"2025-10-16T05:42:49+00:00\" \/>\n<meta property=\"og:image\" content=\"https:\/\/perle-in.com\/wp-content\/uploads\/2025\/10\/12639001-1.jpg\" \/>\n\t<meta property=\"og:image:width\" content=\"1600\" \/>\n\t<meta property=\"og:image:height\" content=\"1600\" \/>\n\t<meta property=\"og:image:type\" content=\"image\/jpeg\" \/>\n<meta name=\"twitter:card\" content=\"summary_large_image\" \/>\n<script type=\"application\/ld+json\" class=\"yoast-schema-graph\">{\"@context\":\"https:\\\/\\\/schema.org\",\"@graph\":[{\"@type\":\"WebPage\",\"@id\":\"https:\\\/\\\/perle-in.com\\\/produit\\\/kit-de-lumieres-pour-velo-beamix\\\/\",\"url\":\"https:\\\/\\\/perle-in.com\\\/produit\\\/kit-de-lumieres-pour-velo-beamix\\\/\",\"name\":\"Kit de lumi\u00e8res pour v\u00e9lo Beamix - PERLE IN\",\"isPartOf\":{\"@id\":\"https:\\\/\\\/perle-in.com\\\/#website\"},\"primaryImageOfPage\":{\"@id\":\"https:\\\/\\\/perle-in.com\\\/produit\\\/kit-de-lumieres-pour-velo-beamix\\\/#primaryimage\"},\"image\":{\"@id\":\"https:\\\/\\\/perle-in.com\\\/produit\\\/kit-de-lumieres-pour-velo-beamix\\\/#primaryimage\"},\"thumbnailUrl\":\"https:\\\/\\\/perle-in.com\\\/wp-content\\\/uploads\\\/2025\\\/10\\\/12639001-1.jpg\",\"datePublished\":\"2025-10-16T05:42:48+00:00\",\"dateModified\":\"2025-10-16T05:42:49+00:00\",\"breadcrumb\":{\"@id\":\"https:\\\/\\\/perle-in.com\\\/produit\\\/kit-de-lumieres-pour-velo-beamix\\\/#breadcrumb\"},\"inLanguage\":\"en-CA\",\"potentialAction\":[{\"@type\":\"ReadAction\",\"target\":[\"https:\\\/\\\/perle-in.com\\\/produit\\\/kit-de-lumieres-pour-velo-beamix\\\/\"]}]},{\"@type\":\"ImageObject\",\"inLanguage\":\"en-CA\",\"@id\":\"https:\\\/\\\/perle-in.com\\\/produit\\\/kit-de-lumieres-pour-velo-beamix\\\/#primaryimage\",\"url\":\"https:\\\/\\\/perle-in.com\\\/wp-content\\\/uploads\\\/2025\\\/10\\\/12639001-1.jpg\",\"contentUrl\":\"https:\\\/\\\/perle-in.com\\\/wp-content\\\/uploads\\\/2025\\\/10\\\/12639001-1.jpg\",\"width\":1600,\"height\":1600},{\"@type\":\"BreadcrumbList\",\"@id\":\"https:\\\/\\\/perle-in.com\\\/produit\\\/kit-de-lumieres-pour-velo-beamix\\\/#breadcrumb\",\"itemListElement\":[{\"@type\":\"ListItem\",\"position\":1,\"name\":\"Accueil\",\"item\":\"https:\\\/\\\/perle-in.com\\\/\"},{\"@type\":\"ListItem\",\"position\":2,\"name\":\"Boutique\",\"item\":\"https:\\\/\\\/perle-in.com\\\/boutique\\\/\"},{\"@type\":\"ListItem\",\"position\":3,\"name\":\"Kit de lumi\u00e8res pour v\u00e9lo Beamix\"}]},{\"@type\":\"WebSite\",\"@id\":\"https:\\\/\\\/perle-in.com\\\/#website\",\"url\":\"https:\\\/\\\/perle-in.com\\\/\",\"name\":\"PERLE IN\",\"description\":\"\",\"publisher\":{\"@id\":\"https:\\\/\\\/perle-in.com\\\/#organization\"},\"potentialAction\":[{\"@type\":\"SearchAction\",\"target\":{\"@type\":\"EntryPoint\",\"urlTemplate\":\"https:\\\/\\\/perle-in.com\\\/?s={search_term_string}\"},\"query-input\":{\"@type\":\"PropertyValueSpecification\",\"valueRequired\":true,\"valueName\":\"search_term_string\"}}],\"inLanguage\":\"en-CA\"},{\"@type\":\"Organization\",\"@id\":\"https:\\\/\\\/perle-in.com\\\/#organization\",\"name\":\"PERLE IN\",\"url\":\"https:\\\/\\\/perle-in.com\\\/\",\"logo\":{\"@type\":\"ImageObject\",\"inLanguage\":\"en-CA\",\"@id\":\"https:\\\/\\\/perle-in.com\\\/#\\\/schema\\\/logo\\\/image\\\/\",\"url\":\"https:\\\/\\\/perle-in.com\\\/wp-content\\\/uploads\\\/2022\\\/12\\\/LOGO-PERLE-IN-COULEUR@3x.webp\",\"contentUrl\":\"https:\\\/\\\/perle-in.com\\\/wp-content\\\/uploads\\\/2022\\\/12\\\/LOGO-PERLE-IN-COULEUR@3x.webp\",\"width\":1600,\"height\":490,\"caption\":\"PERLE IN\"},\"image\":{\"@id\":\"https:\\\/\\\/perle-in.com\\\/#\\\/schema\\\/logo\\\/image\\\/\"}}]}<\/script>\n<!-- \/ Yoast SEO plugin. -->","yoast_head_json":{"title":"Kit de lumi\u00e8res pour v\u00e9lo Beamix - PERLE IN","robots":{"index":"noindex","follow":"follow","max-snippet":"max-snippet:-1","max-image-preview":"max-image-preview:large","max-video-preview":"max-video-preview:-1"},"og_locale":"en_US","og_type":"article","og_title":"Kit de lumi\u00e8res pour v\u00e9lo Beamix - PERLE IN","og_description":"Cet ensemble de lampes pour v\u00e9lo comprend des lampes rouges et blanches pour am\u00e9liorer la visibilit\u00e9 et la s\u00e9curit\u00e9 lors de la conduite. Chaque lampe est dot\u00e9e de trois modes (fixe, clignotant et clignotant lent) qui permettent de s\u2019adapter aux conditions changeantes. Pr\u00e9sent\u00e9es dans un \u00e9tui en plastique transparent pour faciliter le stockage et le transport, ces lampes compactes et fiables sont parfaites pour les cyclistes de tous les jours.","og_url":"https:\/\/perle-in.com\/en\/product\/kit-de-lumieres-pour-velo-beamix\/","og_site_name":"PERLE IN","article_modified_time":"2025-10-16T05:42:49+00:00","og_image":[{"width":1600,"height":1600,"url":"https:\/\/perle-in.com\/wp-content\/uploads\/2025\/10\/12639001-1.jpg","type":"image\/jpeg"}],"twitter_card":"summary_large_image","schema":{"@context":"https:\/\/schema.org","@graph":[{"@type":"WebPage","@id":"https:\/\/perle-in.com\/produit\/kit-de-lumieres-pour-velo-beamix\/","url":"https:\/\/perle-in.com\/produit\/kit-de-lumieres-pour-velo-beamix\/","name":"Kit de lumi\u00e8res pour v\u00e9lo Beamix - PERLE IN","isPartOf":{"@id":"https:\/\/perle-in.com\/#website"},"primaryImageOfPage":{"@id":"https:\/\/perle-in.com\/produit\/kit-de-lumieres-pour-velo-beamix\/#primaryimage"},"image":{"@id":"https:\/\/perle-in.com\/produit\/kit-de-lumieres-pour-velo-beamix\/#primaryimage"},"thumbnailUrl":"https:\/\/perle-in.com\/wp-content\/uploads\/2025\/10\/12639001-1.jpg","datePublished":"2025-10-16T05:42:48+00:00","dateModified":"2025-10-16T05:42:49+00:00","breadcrumb":{"@id":"https:\/\/perle-in.com\/produit\/kit-de-lumieres-pour-velo-beamix\/#breadcrumb"},"inLanguage":"en-CA","potentialAction":[{"@type":"ReadAction","target":["https:\/\/perle-in.com\/produit\/kit-de-lumieres-pour-velo-beamix\/"]}]},{"@type":"ImageObject","inLanguage":"en-CA","@id":"https:\/\/perle-in.com\/produit\/kit-de-lumieres-pour-velo-beamix\/#primaryimage","url":"https:\/\/perle-in.com\/wp-content\/uploads\/2025\/10\/12639001-1.jpg","contentUrl":"https:\/\/perle-in.com\/wp-content\/uploads\/2025\/10\/12639001-1.jpg","width":1600,"height":1600},{"@type":"BreadcrumbList","@id":"https:\/\/perle-in.com\/produit\/kit-de-lumieres-pour-velo-beamix\/#breadcrumb","itemListElement":[{"@type":"ListItem","position":1,"name":"Accueil","item":"https:\/\/perle-in.com\/"},{"@type":"ListItem","position":2,"name":"Boutique","item":"https:\/\/perle-in.com\/boutique\/"},{"@type":"ListItem","position":3,"name":"Kit de lumi\u00e8res pour v\u00e9lo Beamix"}]},{"@type":"WebSite","@id":"https:\/\/perle-in.com\/#website","url":"https:\/\/perle-in.com\/","name":"PERLE IN","description":"","publisher":{"@id":"https:\/\/perle-in.com\/#organization"},"potentialAction":[{"@type":"SearchAction","target":{"@type":"EntryPoint","urlTemplate":"https:\/\/perle-in.com\/?s={search_term_string}"},"query-input":{"@type":"PropertyValueSpecification","valueRequired":true,"valueName":"search_term_string"}}],"inLanguage":"en-CA"},{"@type":"Organization","@id":"https:\/\/perle-in.com\/#organization","name":"PERLE IN","url":"https:\/\/perle-in.com\/","logo":{"@type":"ImageObject","inLanguage":"en-CA","@id":"https:\/\/perle-in.com\/#\/schema\/logo\/image\/","url":"https:\/\/perle-in.com\/wp-content\/uploads\/2022\/12\/LOGO-PERLE-IN-COULEUR@3x.webp","contentUrl":"https:\/\/perle-in.com\/wp-content\/uploads\/2022\/12\/LOGO-PERLE-IN-COULEUR@3x.webp","width":1600,"height":490,"caption":"PERLE IN"},"image":{"@id":"https:\/\/perle-in.com\/#\/schema\/logo\/image\/"}}]}},"jetpack_sharing_enabled":true,"_links":{"self":[{"href":"https:\/\/perle-in.com\/en\/wp-json\/wp\/v2\/product\/576901","targetHints":{"allow":["GET"]}}],"collection":[{"href":"https:\/\/perle-in.com\/en\/wp-json\/wp\/v2\/product"}],"about":[{"href":"https:\/\/perle-in.com\/en\/wp-json\/wp\/v2\/types\/product"}],"version-history":[{"count":0,"href":"https:\/\/perle-in.com\/en\/wp-json\/wp\/v2\/product\/576901\/revisions"}],"wp:featuredmedia":[{"embeddable":true,"href":"https:\/\/perle-in.com\/en\/wp-json\/wp\/v2\/media\/576871"}],"wp:attachment":[{"href":"https:\/\/perle-in.com\/en\/wp-json\/wp\/v2\/media?parent=576901"}],"wp:term":[{"taxonomy":"product_brand","embeddable":true,"href":"https:\/\/perle-in.com\/en\/wp-json\/wp\/v2\/product_brand?post=576901"},{"taxonomy":"product_cat","embeddable":true,"href":"https:\/\/perle-in.com\/en\/wp-json\/wp\/v2\/product_cat?post=576901"},{"taxonomy":"product_tag","embeddable":true,"href":"https:\/\/perle-in.com\/en\/wp-json\/wp\/v2\/product_tag?post=576901"}],"curies":[{"name":"wp","href":"https:\/\/api.w.org\/{rel}","templated":true}]}}