{"id":576894,"date":"2025-10-16T07:42:33","date_gmt":"2025-10-16T05:42:33","guid":{"rendered":"https:\/\/perle-in.com\/produit\/sonnette-de-velo-bellix\/"},"modified":"2025-10-16T07:42:36","modified_gmt":"2025-10-16T05:42:36","slug":"sonnette-de-velo-bellix","status":"publish","type":"product","link":"https:\/\/perle-in.com\/en\/product\/sonnette-de-velo-bellix\/","title":{"rendered":"Sonnette de v\u00e9lo Bellix"},"content":{"rendered":"","protected":false},"excerpt":{"rendered":"<p>Cette sonnette de v\u00e9lo durable est fabriqu\u00e9e \u00e0 partir d\u2019un m\u00e9lange robuste d\u2019aluminium et de plastique. Elle \u00e9met un son fort et clair pour vous aider \u00e0 rester en s\u00e9curit\u00e9 sur la route. Facile \u00e0 installer et con\u00e7ue pour une utilisation durable, elle est id\u00e9ale, pratique et fiable pour tout v\u00e9lo.<\/p>","protected":false},"featured_media":576857,"template":"","meta":{"_eb_attr":""},"product_brand":[],"product_cat":[756,129],"product_tag":[759,4109,4110,758,2582],"class_list":{"0":"post-576894","1":"product","2":"type-product","3":"status-publish","4":"has-post-thumbnail","6":"product_cat-equipements-velo","7":"product_cat-sport-et-loisirs","8":"product_tag-bicyclette","9":"product_tag-cloche","10":"product_tag-sonnerie","11":"product_tag-velo","12":"product_tag-velos","13":"pa_couleurs-argent","14":"pa_couleurs-bleu","15":"pa_couleurs-noir","16":"pa_couleurs-rouge","17":"pa_matiere-40-plastique-abs-60-aluminium","19":"first","20":"instock","21":"shipping-taxable","22":"purchasable","23":"product-type-variable"},"yoast_head":"<!-- This site is optimized with the Yoast SEO plugin v27.4 - https:\/\/yoast.com\/product\/yoast-seo-wordpress\/ -->\n<title>Sonnette de v\u00e9lo Bellix - PERLE IN<\/title>\n<meta name=\"robots\" content=\"noindex, follow, max-snippet:-1, max-image-preview:large, max-video-preview:-1\" \/>\n<meta property=\"og:locale\" content=\"en_US\" \/>\n<meta property=\"og:type\" content=\"article\" \/>\n<meta property=\"og:title\" content=\"Sonnette de v\u00e9lo Bellix - PERLE IN\" \/>\n<meta property=\"og:description\" content=\"Cette sonnette de v\u00e9lo durable est fabriqu\u00e9e \u00e0 partir d\u2019un m\u00e9lange robuste d\u2019aluminium et de plastique. Elle \u00e9met un son fort et clair pour vous aider \u00e0 rester en s\u00e9curit\u00e9 sur la route. Facile \u00e0 installer et con\u00e7ue pour une utilisation durable, elle est id\u00e9ale, pratique et fiable pour tout v\u00e9lo.\" \/>\n<meta property=\"og:url\" content=\"https:\/\/perle-in.com\/en\/product\/sonnette-de-velo-bellix\/\" \/>\n<meta property=\"og:site_name\" content=\"PERLE IN\" \/>\n<meta property=\"article:modified_time\" content=\"2025-10-16T05:42:36+00:00\" \/>\n<meta property=\"og:image\" content=\"https:\/\/perle-in.com\/wp-content\/uploads\/2025\/10\/12638621-1.jpg\" \/>\n\t<meta property=\"og:image:width\" content=\"1600\" \/>\n\t<meta property=\"og:image:height\" content=\"1600\" \/>\n\t<meta property=\"og:image:type\" content=\"image\/jpeg\" \/>\n<meta name=\"twitter:card\" content=\"summary_large_image\" \/>\n<script type=\"application\/ld+json\" class=\"yoast-schema-graph\">{\"@context\":\"https:\\\/\\\/schema.org\",\"@graph\":[{\"@type\":\"WebPage\",\"@id\":\"https:\\\/\\\/perle-in.com\\\/produit\\\/sonnette-de-velo-bellix\\\/\",\"url\":\"https:\\\/\\\/perle-in.com\\\/produit\\\/sonnette-de-velo-bellix\\\/\",\"name\":\"Sonnette de v\u00e9lo Bellix - PERLE IN\",\"isPartOf\":{\"@id\":\"https:\\\/\\\/perle-in.com\\\/#website\"},\"primaryImageOfPage\":{\"@id\":\"https:\\\/\\\/perle-in.com\\\/produit\\\/sonnette-de-velo-bellix\\\/#primaryimage\"},\"image\":{\"@id\":\"https:\\\/\\\/perle-in.com\\\/produit\\\/sonnette-de-velo-bellix\\\/#primaryimage\"},\"thumbnailUrl\":\"https:\\\/\\\/perle-in.com\\\/wp-content\\\/uploads\\\/2025\\\/10\\\/12638621-1.jpg\",\"datePublished\":\"2025-10-16T05:42:33+00:00\",\"dateModified\":\"2025-10-16T05:42:36+00:00\",\"breadcrumb\":{\"@id\":\"https:\\\/\\\/perle-in.com\\\/produit\\\/sonnette-de-velo-bellix\\\/#breadcrumb\"},\"inLanguage\":\"en-CA\",\"potentialAction\":[{\"@type\":\"ReadAction\",\"target\":[\"https:\\\/\\\/perle-in.com\\\/produit\\\/sonnette-de-velo-bellix\\\/\"]}]},{\"@type\":\"ImageObject\",\"inLanguage\":\"en-CA\",\"@id\":\"https:\\\/\\\/perle-in.com\\\/produit\\\/sonnette-de-velo-bellix\\\/#primaryimage\",\"url\":\"https:\\\/\\\/perle-in.com\\\/wp-content\\\/uploads\\\/2025\\\/10\\\/12638621-1.jpg\",\"contentUrl\":\"https:\\\/\\\/perle-in.com\\\/wp-content\\\/uploads\\\/2025\\\/10\\\/12638621-1.jpg\",\"width\":1600,\"height\":1600},{\"@type\":\"BreadcrumbList\",\"@id\":\"https:\\\/\\\/perle-in.com\\\/produit\\\/sonnette-de-velo-bellix\\\/#breadcrumb\",\"itemListElement\":[{\"@type\":\"ListItem\",\"position\":1,\"name\":\"Accueil\",\"item\":\"https:\\\/\\\/perle-in.com\\\/\"},{\"@type\":\"ListItem\",\"position\":2,\"name\":\"Boutique\",\"item\":\"https:\\\/\\\/perle-in.com\\\/boutique\\\/\"},{\"@type\":\"ListItem\",\"position\":3,\"name\":\"Sonnette de v\u00e9lo Bellix\"}]},{\"@type\":\"WebSite\",\"@id\":\"https:\\\/\\\/perle-in.com\\\/#website\",\"url\":\"https:\\\/\\\/perle-in.com\\\/\",\"name\":\"PERLE IN\",\"description\":\"\",\"publisher\":{\"@id\":\"https:\\\/\\\/perle-in.com\\\/#organization\"},\"potentialAction\":[{\"@type\":\"SearchAction\",\"target\":{\"@type\":\"EntryPoint\",\"urlTemplate\":\"https:\\\/\\\/perle-in.com\\\/?s={search_term_string}\"},\"query-input\":{\"@type\":\"PropertyValueSpecification\",\"valueRequired\":true,\"valueName\":\"search_term_string\"}}],\"inLanguage\":\"en-CA\"},{\"@type\":\"Organization\",\"@id\":\"https:\\\/\\\/perle-in.com\\\/#organization\",\"name\":\"PERLE IN\",\"url\":\"https:\\\/\\\/perle-in.com\\\/\",\"logo\":{\"@type\":\"ImageObject\",\"inLanguage\":\"en-CA\",\"@id\":\"https:\\\/\\\/perle-in.com\\\/#\\\/schema\\\/logo\\\/image\\\/\",\"url\":\"https:\\\/\\\/perle-in.com\\\/wp-content\\\/uploads\\\/2022\\\/12\\\/LOGO-PERLE-IN-COULEUR@3x.webp\",\"contentUrl\":\"https:\\\/\\\/perle-in.com\\\/wp-content\\\/uploads\\\/2022\\\/12\\\/LOGO-PERLE-IN-COULEUR@3x.webp\",\"width\":1600,\"height\":490,\"caption\":\"PERLE IN\"},\"image\":{\"@id\":\"https:\\\/\\\/perle-in.com\\\/#\\\/schema\\\/logo\\\/image\\\/\"}}]}<\/script>\n<!-- \/ Yoast SEO plugin. -->","yoast_head_json":{"title":"Sonnette de v\u00e9lo Bellix - PERLE IN","robots":{"index":"noindex","follow":"follow","max-snippet":"max-snippet:-1","max-image-preview":"max-image-preview:large","max-video-preview":"max-video-preview:-1"},"og_locale":"en_US","og_type":"article","og_title":"Sonnette de v\u00e9lo Bellix - PERLE IN","og_description":"Cette sonnette de v\u00e9lo durable est fabriqu\u00e9e \u00e0 partir d\u2019un m\u00e9lange robuste d\u2019aluminium et de plastique. Elle \u00e9met un son fort et clair pour vous aider \u00e0 rester en s\u00e9curit\u00e9 sur la route. Facile \u00e0 installer et con\u00e7ue pour une utilisation durable, elle est id\u00e9ale, pratique et fiable pour tout v\u00e9lo.","og_url":"https:\/\/perle-in.com\/en\/product\/sonnette-de-velo-bellix\/","og_site_name":"PERLE IN","article_modified_time":"2025-10-16T05:42:36+00:00","og_image":[{"width":1600,"height":1600,"url":"https:\/\/perle-in.com\/wp-content\/uploads\/2025\/10\/12638621-1.jpg","type":"image\/jpeg"}],"twitter_card":"summary_large_image","schema":{"@context":"https:\/\/schema.org","@graph":[{"@type":"WebPage","@id":"https:\/\/perle-in.com\/produit\/sonnette-de-velo-bellix\/","url":"https:\/\/perle-in.com\/produit\/sonnette-de-velo-bellix\/","name":"Sonnette de v\u00e9lo Bellix - PERLE IN","isPartOf":{"@id":"https:\/\/perle-in.com\/#website"},"primaryImageOfPage":{"@id":"https:\/\/perle-in.com\/produit\/sonnette-de-velo-bellix\/#primaryimage"},"image":{"@id":"https:\/\/perle-in.com\/produit\/sonnette-de-velo-bellix\/#primaryimage"},"thumbnailUrl":"https:\/\/perle-in.com\/wp-content\/uploads\/2025\/10\/12638621-1.jpg","datePublished":"2025-10-16T05:42:33+00:00","dateModified":"2025-10-16T05:42:36+00:00","breadcrumb":{"@id":"https:\/\/perle-in.com\/produit\/sonnette-de-velo-bellix\/#breadcrumb"},"inLanguage":"en-CA","potentialAction":[{"@type":"ReadAction","target":["https:\/\/perle-in.com\/produit\/sonnette-de-velo-bellix\/"]}]},{"@type":"ImageObject","inLanguage":"en-CA","@id":"https:\/\/perle-in.com\/produit\/sonnette-de-velo-bellix\/#primaryimage","url":"https:\/\/perle-in.com\/wp-content\/uploads\/2025\/10\/12638621-1.jpg","contentUrl":"https:\/\/perle-in.com\/wp-content\/uploads\/2025\/10\/12638621-1.jpg","width":1600,"height":1600},{"@type":"BreadcrumbList","@id":"https:\/\/perle-in.com\/produit\/sonnette-de-velo-bellix\/#breadcrumb","itemListElement":[{"@type":"ListItem","position":1,"name":"Accueil","item":"https:\/\/perle-in.com\/"},{"@type":"ListItem","position":2,"name":"Boutique","item":"https:\/\/perle-in.com\/boutique\/"},{"@type":"ListItem","position":3,"name":"Sonnette de v\u00e9lo Bellix"}]},{"@type":"WebSite","@id":"https:\/\/perle-in.com\/#website","url":"https:\/\/perle-in.com\/","name":"PERLE IN","description":"","publisher":{"@id":"https:\/\/perle-in.com\/#organization"},"potentialAction":[{"@type":"SearchAction","target":{"@type":"EntryPoint","urlTemplate":"https:\/\/perle-in.com\/?s={search_term_string}"},"query-input":{"@type":"PropertyValueSpecification","valueRequired":true,"valueName":"search_term_string"}}],"inLanguage":"en-CA"},{"@type":"Organization","@id":"https:\/\/perle-in.com\/#organization","name":"PERLE IN","url":"https:\/\/perle-in.com\/","logo":{"@type":"ImageObject","inLanguage":"en-CA","@id":"https:\/\/perle-in.com\/#\/schema\/logo\/image\/","url":"https:\/\/perle-in.com\/wp-content\/uploads\/2022\/12\/LOGO-PERLE-IN-COULEUR@3x.webp","contentUrl":"https:\/\/perle-in.com\/wp-content\/uploads\/2022\/12\/LOGO-PERLE-IN-COULEUR@3x.webp","width":1600,"height":490,"caption":"PERLE IN"},"image":{"@id":"https:\/\/perle-in.com\/#\/schema\/logo\/image\/"}}]}},"jetpack_sharing_enabled":true,"_links":{"self":[{"href":"https:\/\/perle-in.com\/en\/wp-json\/wp\/v2\/product\/576894","targetHints":{"allow":["GET"]}}],"collection":[{"href":"https:\/\/perle-in.com\/en\/wp-json\/wp\/v2\/product"}],"about":[{"href":"https:\/\/perle-in.com\/en\/wp-json\/wp\/v2\/types\/product"}],"version-history":[{"count":0,"href":"https:\/\/perle-in.com\/en\/wp-json\/wp\/v2\/product\/576894\/revisions"}],"wp:featuredmedia":[{"embeddable":true,"href":"https:\/\/perle-in.com\/en\/wp-json\/wp\/v2\/media\/576857"}],"wp:attachment":[{"href":"https:\/\/perle-in.com\/en\/wp-json\/wp\/v2\/media?parent=576894"}],"wp:term":[{"taxonomy":"product_brand","embeddable":true,"href":"https:\/\/perle-in.com\/en\/wp-json\/wp\/v2\/product_brand?post=576894"},{"taxonomy":"product_cat","embeddable":true,"href":"https:\/\/perle-in.com\/en\/wp-json\/wp\/v2\/product_cat?post=576894"},{"taxonomy":"product_tag","embeddable":true,"href":"https:\/\/perle-in.com\/en\/wp-json\/wp\/v2\/product_tag?post=576894"}],"curies":[{"name":"wp","href":"https:\/\/api.w.org\/{rel}","templated":true}]}}