{"id":576709,"date":"2025-10-16T07:06:47","date_gmt":"2025-10-16T05:06:47","guid":{"rendered":"https:\/\/perle-in.com\/produit\/sac-a-dos-avec-cordon-sherpa-recycle-grs-de-9-l-bear\/"},"modified":"2025-10-16T07:06:49","modified_gmt":"2025-10-16T05:06:49","slug":"sac-a-dos-avec-cordon-sherpa-recycle-grs-de-9-l-bear","status":"publish","type":"product","link":"https:\/\/perle-in.com\/en\/product\/sac-a-dos-avec-cordon-sherpa-recycle-grs-de-9-l-bear\/","title":{"rendered":"Sac \u00e0 dos avec cordon sherpa recycl\u00e9 GRS de 9\u00a0L Bear"},"content":{"rendered":"","protected":false},"excerpt":{"rendered":"<p>Le sac \u00e0 dos avec cordon sherpa Bear est fabriqu\u00e9 en polyester recycl\u00e9 certifi\u00e9 GRS. Il est dot\u00e9 d\u2019un compartiment principal spacieux, d\u2019une poche frontale pratique pour les articles \u00e0 acc\u00e8s rapide et d\u2019une poign\u00e9e sup\u00e9rieure pour un transport ais\u00e9. Capacit\u00e9\u00a0: 9\u00a0litres.<\/p>","protected":false},"featured_media":576701,"template":"","meta":{"_eb_attr":""},"product_brand":[],"product_cat":[159,956],"product_tag":[423,837,2654,836,282,1347,3580],"class_list":{"0":"post-576709","1":"product","2":"type-product","3":"status-publish","4":"has-post-thumbnail","6":"product_cat-sacs","7":"product_cat-sacs-a-dos-ficelle","8":"product_tag-cordon","9":"product_tag-durable","10":"product_tag-grs","11":"product_tag-recycle","12":"product_tag-sac","13":"product_tag-sac-a-dos","14":"product_tag-sherpa","15":"pa_couleurs-naturel","16":"pa_couleurs-noir","17":"pa_green-points-2652","18":"pa_matiere-polyester-recycle-certifie-grs","20":"first","21":"instock","22":"shipping-taxable","23":"purchasable","24":"product-type-variable"},"yoast_head":"<!-- This site is optimized with the Yoast SEO plugin v27.4 - https:\/\/yoast.com\/product\/yoast-seo-wordpress\/ -->\n<title>Sac \u00e0 dos avec cordon sherpa recycl\u00e9 GRS de 9\u00a0L Bear - PERLE IN<\/title>\n<meta name=\"robots\" content=\"noindex, follow, max-snippet:-1, max-image-preview:large, max-video-preview:-1\" \/>\n<meta property=\"og:locale\" content=\"en_US\" \/>\n<meta property=\"og:type\" content=\"article\" \/>\n<meta property=\"og:title\" content=\"Sac \u00e0 dos avec cordon sherpa recycl\u00e9 GRS de 9\u00a0L Bear - PERLE IN\" \/>\n<meta property=\"og:description\" content=\"Le sac \u00e0 dos avec cordon sherpa Bear est fabriqu\u00e9 en polyester recycl\u00e9 certifi\u00e9 GRS. Il est dot\u00e9 d\u2019un compartiment principal spacieux, d\u2019une poche frontale pratique pour les articles \u00e0 acc\u00e8s rapide et d\u2019une poign\u00e9e sup\u00e9rieure pour un transport ais\u00e9. Capacit\u00e9\u00a0: 9\u00a0litres.\" \/>\n<meta property=\"og:url\" content=\"https:\/\/perle-in.com\/en\/product\/sac-a-dos-avec-cordon-sherpa-recycle-grs-de-9-l-bear\/\" \/>\n<meta property=\"og:site_name\" content=\"PERLE IN\" \/>\n<meta property=\"article:modified_time\" content=\"2025-10-16T05:06:49+00:00\" \/>\n<meta property=\"og:image\" content=\"https:\/\/perle-in.com\/wp-content\/uploads\/2025\/10\/12077306-1.jpg\" \/>\n\t<meta property=\"og:image:width\" content=\"1600\" \/>\n\t<meta property=\"og:image:height\" content=\"1600\" \/>\n\t<meta property=\"og:image:type\" content=\"image\/jpeg\" \/>\n<meta name=\"twitter:card\" content=\"summary_large_image\" \/>\n<script type=\"application\/ld+json\" class=\"yoast-schema-graph\">{\"@context\":\"https:\\\/\\\/schema.org\",\"@graph\":[{\"@type\":\"WebPage\",\"@id\":\"https:\\\/\\\/perle-in.com\\\/produit\\\/sac-a-dos-avec-cordon-sherpa-recycle-grs-de-9-l-bear\\\/\",\"url\":\"https:\\\/\\\/perle-in.com\\\/produit\\\/sac-a-dos-avec-cordon-sherpa-recycle-grs-de-9-l-bear\\\/\",\"name\":\"Sac \u00e0 dos avec cordon sherpa recycl\u00e9 GRS de 9\u00a0L Bear - PERLE IN\",\"isPartOf\":{\"@id\":\"https:\\\/\\\/perle-in.com\\\/#website\"},\"primaryImageOfPage\":{\"@id\":\"https:\\\/\\\/perle-in.com\\\/produit\\\/sac-a-dos-avec-cordon-sherpa-recycle-grs-de-9-l-bear\\\/#primaryimage\"},\"image\":{\"@id\":\"https:\\\/\\\/perle-in.com\\\/produit\\\/sac-a-dos-avec-cordon-sherpa-recycle-grs-de-9-l-bear\\\/#primaryimage\"},\"thumbnailUrl\":\"https:\\\/\\\/perle-in.com\\\/wp-content\\\/uploads\\\/2025\\\/10\\\/12077306-1.jpg\",\"datePublished\":\"2025-10-16T05:06:47+00:00\",\"dateModified\":\"2025-10-16T05:06:49+00:00\",\"breadcrumb\":{\"@id\":\"https:\\\/\\\/perle-in.com\\\/produit\\\/sac-a-dos-avec-cordon-sherpa-recycle-grs-de-9-l-bear\\\/#breadcrumb\"},\"inLanguage\":\"en-CA\",\"potentialAction\":[{\"@type\":\"ReadAction\",\"target\":[\"https:\\\/\\\/perle-in.com\\\/produit\\\/sac-a-dos-avec-cordon-sherpa-recycle-grs-de-9-l-bear\\\/\"]}]},{\"@type\":\"ImageObject\",\"inLanguage\":\"en-CA\",\"@id\":\"https:\\\/\\\/perle-in.com\\\/produit\\\/sac-a-dos-avec-cordon-sherpa-recycle-grs-de-9-l-bear\\\/#primaryimage\",\"url\":\"https:\\\/\\\/perle-in.com\\\/wp-content\\\/uploads\\\/2025\\\/10\\\/12077306-1.jpg\",\"contentUrl\":\"https:\\\/\\\/perle-in.com\\\/wp-content\\\/uploads\\\/2025\\\/10\\\/12077306-1.jpg\",\"width\":1600,\"height\":1600},{\"@type\":\"BreadcrumbList\",\"@id\":\"https:\\\/\\\/perle-in.com\\\/produit\\\/sac-a-dos-avec-cordon-sherpa-recycle-grs-de-9-l-bear\\\/#breadcrumb\",\"itemListElement\":[{\"@type\":\"ListItem\",\"position\":1,\"name\":\"Accueil\",\"item\":\"https:\\\/\\\/perle-in.com\\\/\"},{\"@type\":\"ListItem\",\"position\":2,\"name\":\"Boutique\",\"item\":\"https:\\\/\\\/perle-in.com\\\/boutique\\\/\"},{\"@type\":\"ListItem\",\"position\":3,\"name\":\"Sac \u00e0 dos avec cordon sherpa recycl\u00e9 GRS de 9\u00a0L Bear\"}]},{\"@type\":\"WebSite\",\"@id\":\"https:\\\/\\\/perle-in.com\\\/#website\",\"url\":\"https:\\\/\\\/perle-in.com\\\/\",\"name\":\"PERLE IN\",\"description\":\"\",\"publisher\":{\"@id\":\"https:\\\/\\\/perle-in.com\\\/#organization\"},\"potentialAction\":[{\"@type\":\"SearchAction\",\"target\":{\"@type\":\"EntryPoint\",\"urlTemplate\":\"https:\\\/\\\/perle-in.com\\\/?s={search_term_string}\"},\"query-input\":{\"@type\":\"PropertyValueSpecification\",\"valueRequired\":true,\"valueName\":\"search_term_string\"}}],\"inLanguage\":\"en-CA\"},{\"@type\":\"Organization\",\"@id\":\"https:\\\/\\\/perle-in.com\\\/#organization\",\"name\":\"PERLE IN\",\"url\":\"https:\\\/\\\/perle-in.com\\\/\",\"logo\":{\"@type\":\"ImageObject\",\"inLanguage\":\"en-CA\",\"@id\":\"https:\\\/\\\/perle-in.com\\\/#\\\/schema\\\/logo\\\/image\\\/\",\"url\":\"https:\\\/\\\/perle-in.com\\\/wp-content\\\/uploads\\\/2022\\\/12\\\/LOGO-PERLE-IN-COULEUR@3x.webp\",\"contentUrl\":\"https:\\\/\\\/perle-in.com\\\/wp-content\\\/uploads\\\/2022\\\/12\\\/LOGO-PERLE-IN-COULEUR@3x.webp\",\"width\":1600,\"height\":490,\"caption\":\"PERLE IN\"},\"image\":{\"@id\":\"https:\\\/\\\/perle-in.com\\\/#\\\/schema\\\/logo\\\/image\\\/\"}}]}<\/script>\n<!-- \/ Yoast SEO plugin. -->","yoast_head_json":{"title":"Sac \u00e0 dos avec cordon sherpa recycl\u00e9 GRS de 9\u00a0L Bear - PERLE IN","robots":{"index":"noindex","follow":"follow","max-snippet":"max-snippet:-1","max-image-preview":"max-image-preview:large","max-video-preview":"max-video-preview:-1"},"og_locale":"en_US","og_type":"article","og_title":"Sac \u00e0 dos avec cordon sherpa recycl\u00e9 GRS de 9\u00a0L Bear - PERLE IN","og_description":"Le sac \u00e0 dos avec cordon sherpa Bear est fabriqu\u00e9 en polyester recycl\u00e9 certifi\u00e9 GRS. Il est dot\u00e9 d\u2019un compartiment principal spacieux, d\u2019une poche frontale pratique pour les articles \u00e0 acc\u00e8s rapide et d\u2019une poign\u00e9e sup\u00e9rieure pour un transport ais\u00e9. Capacit\u00e9\u00a0: 9\u00a0litres.","og_url":"https:\/\/perle-in.com\/en\/product\/sac-a-dos-avec-cordon-sherpa-recycle-grs-de-9-l-bear\/","og_site_name":"PERLE IN","article_modified_time":"2025-10-16T05:06:49+00:00","og_image":[{"width":1600,"height":1600,"url":"https:\/\/perle-in.com\/wp-content\/uploads\/2025\/10\/12077306-1.jpg","type":"image\/jpeg"}],"twitter_card":"summary_large_image","schema":{"@context":"https:\/\/schema.org","@graph":[{"@type":"WebPage","@id":"https:\/\/perle-in.com\/produit\/sac-a-dos-avec-cordon-sherpa-recycle-grs-de-9-l-bear\/","url":"https:\/\/perle-in.com\/produit\/sac-a-dos-avec-cordon-sherpa-recycle-grs-de-9-l-bear\/","name":"Sac \u00e0 dos avec cordon sherpa recycl\u00e9 GRS de 9\u00a0L Bear - PERLE IN","isPartOf":{"@id":"https:\/\/perle-in.com\/#website"},"primaryImageOfPage":{"@id":"https:\/\/perle-in.com\/produit\/sac-a-dos-avec-cordon-sherpa-recycle-grs-de-9-l-bear\/#primaryimage"},"image":{"@id":"https:\/\/perle-in.com\/produit\/sac-a-dos-avec-cordon-sherpa-recycle-grs-de-9-l-bear\/#primaryimage"},"thumbnailUrl":"https:\/\/perle-in.com\/wp-content\/uploads\/2025\/10\/12077306-1.jpg","datePublished":"2025-10-16T05:06:47+00:00","dateModified":"2025-10-16T05:06:49+00:00","breadcrumb":{"@id":"https:\/\/perle-in.com\/produit\/sac-a-dos-avec-cordon-sherpa-recycle-grs-de-9-l-bear\/#breadcrumb"},"inLanguage":"en-CA","potentialAction":[{"@type":"ReadAction","target":["https:\/\/perle-in.com\/produit\/sac-a-dos-avec-cordon-sherpa-recycle-grs-de-9-l-bear\/"]}]},{"@type":"ImageObject","inLanguage":"en-CA","@id":"https:\/\/perle-in.com\/produit\/sac-a-dos-avec-cordon-sherpa-recycle-grs-de-9-l-bear\/#primaryimage","url":"https:\/\/perle-in.com\/wp-content\/uploads\/2025\/10\/12077306-1.jpg","contentUrl":"https:\/\/perle-in.com\/wp-content\/uploads\/2025\/10\/12077306-1.jpg","width":1600,"height":1600},{"@type":"BreadcrumbList","@id":"https:\/\/perle-in.com\/produit\/sac-a-dos-avec-cordon-sherpa-recycle-grs-de-9-l-bear\/#breadcrumb","itemListElement":[{"@type":"ListItem","position":1,"name":"Accueil","item":"https:\/\/perle-in.com\/"},{"@type":"ListItem","position":2,"name":"Boutique","item":"https:\/\/perle-in.com\/boutique\/"},{"@type":"ListItem","position":3,"name":"Sac \u00e0 dos avec cordon sherpa recycl\u00e9 GRS de 9\u00a0L Bear"}]},{"@type":"WebSite","@id":"https:\/\/perle-in.com\/#website","url":"https:\/\/perle-in.com\/","name":"PERLE IN","description":"","publisher":{"@id":"https:\/\/perle-in.com\/#organization"},"potentialAction":[{"@type":"SearchAction","target":{"@type":"EntryPoint","urlTemplate":"https:\/\/perle-in.com\/?s={search_term_string}"},"query-input":{"@type":"PropertyValueSpecification","valueRequired":true,"valueName":"search_term_string"}}],"inLanguage":"en-CA"},{"@type":"Organization","@id":"https:\/\/perle-in.com\/#organization","name":"PERLE IN","url":"https:\/\/perle-in.com\/","logo":{"@type":"ImageObject","inLanguage":"en-CA","@id":"https:\/\/perle-in.com\/#\/schema\/logo\/image\/","url":"https:\/\/perle-in.com\/wp-content\/uploads\/2022\/12\/LOGO-PERLE-IN-COULEUR@3x.webp","contentUrl":"https:\/\/perle-in.com\/wp-content\/uploads\/2022\/12\/LOGO-PERLE-IN-COULEUR@3x.webp","width":1600,"height":490,"caption":"PERLE IN"},"image":{"@id":"https:\/\/perle-in.com\/#\/schema\/logo\/image\/"}}]}},"jetpack_sharing_enabled":true,"_links":{"self":[{"href":"https:\/\/perle-in.com\/en\/wp-json\/wp\/v2\/product\/576709","targetHints":{"allow":["GET"]}}],"collection":[{"href":"https:\/\/perle-in.com\/en\/wp-json\/wp\/v2\/product"}],"about":[{"href":"https:\/\/perle-in.com\/en\/wp-json\/wp\/v2\/types\/product"}],"version-history":[{"count":0,"href":"https:\/\/perle-in.com\/en\/wp-json\/wp\/v2\/product\/576709\/revisions"}],"wp:featuredmedia":[{"embeddable":true,"href":"https:\/\/perle-in.com\/en\/wp-json\/wp\/v2\/media\/576701"}],"wp:attachment":[{"href":"https:\/\/perle-in.com\/en\/wp-json\/wp\/v2\/media?parent=576709"}],"wp:term":[{"taxonomy":"product_brand","embeddable":true,"href":"https:\/\/perle-in.com\/en\/wp-json\/wp\/v2\/product_brand?post=576709"},{"taxonomy":"product_cat","embeddable":true,"href":"https:\/\/perle-in.com\/en\/wp-json\/wp\/v2\/product_cat?post=576709"},{"taxonomy":"product_tag","embeddable":true,"href":"https:\/\/perle-in.com\/en\/wp-json\/wp\/v2\/product_tag?post=576709"}],"curies":[{"name":"wp","href":"https:\/\/api.w.org\/{rel}","templated":true}]}}