{"id":576052,"date":"2025-10-16T05:46:33","date_gmt":"2025-10-16T03:46:33","guid":{"rendered":"https:\/\/perle-in.com\/produit\/chapeau-de-soleil-en-velours-cotele-recycle-howson\/"},"modified":"2025-10-16T05:46:37","modified_gmt":"2025-10-16T03:46:37","slug":"chapeau-de-soleil-en-velours-cotele-recycle-howson","status":"publish","type":"product","link":"https:\/\/perle-in.com\/en\/product\/chapeau-de-soleil-en-velours-cotele-recycle-howson\/","title":{"rendered":"Chapeau de soleil en velours c\u00f4tel\u00e9 recycl\u00e9 Howson"},"content":{"rendered":"","protected":false},"excerpt":{"rendered":"<p>Restez \u00e9l\u00e9gant et confortable toute l\u2019ann\u00e9e gr\u00e2ce \u00e0 ce chapeau de soleil polyvalent en velours c\u00f4tel\u00e9. Con\u00e7u pour toutes les saisons, il est fabriqu\u00e9 \u00e0 partir d\u2019un m\u00e9lange doux mais durable de 80\u00a0% de coton recycl\u00e9 et de 20\u00a0% de coton. Le riche tissu velours c\u00f4tel\u00e9 de 280\u00a0g\/m\u00b2 ajoute de la texture et de la chaleur sans \u00eatre trop lourd, ce qui le rend id\u00e9al pour les demi-saisons. Avec un tour de t\u00eate de 60\u00a0cm, le chapeau offre une coupe d\u00e9contract\u00e9e et confortable. Son design intemporel en fait un choix parfait pour une tenue de tous les jours, quelle que soit la saison.<\/p>","protected":false},"featured_media":576044,"template":"","meta":{"_eb_attr":""},"product_brand":[],"product_cat":[1259,1024],"product_tag":[1697,1698,1031,837,836,2516],"class_list":{"0":"post-576052","1":"product","2":"type-product","3":"status-publish","4":"has-post-thumbnail","6":"product_cat-casquettes-et-chapeaux","7":"product_cat-vetements","8":"product_tag-chapeau","9":"product_tag-chapeaux","10":"product_tag-couvre-chef","11":"product_tag-durable","12":"product_tag-recycle","13":"product_tag-soleil","14":"pa_couleurs-gres","15":"pa_couleurs-marine","16":"pa_couleurs-noir","17":"pa_couleurs-vert-foret","18":"pa_green-points-2847","19":"pa_marque-elevate-nxt","20":"pa_matiere-20-coton-et-80-coton-recycle","22":"first","23":"instock","24":"shipping-taxable","25":"purchasable","26":"product-type-variable"},"yoast_head":"<!-- This site is optimized with the Yoast SEO plugin v27.4 - https:\/\/yoast.com\/product\/yoast-seo-wordpress\/ -->\n<title>Chapeau de soleil en velours c\u00f4tel\u00e9 recycl\u00e9 Howson - PERLE IN<\/title>\n<meta name=\"robots\" content=\"noindex, follow, max-snippet:-1, max-image-preview:large, max-video-preview:-1\" \/>\n<meta property=\"og:locale\" content=\"en_US\" \/>\n<meta property=\"og:type\" content=\"article\" \/>\n<meta property=\"og:title\" content=\"Chapeau de soleil en velours c\u00f4tel\u00e9 recycl\u00e9 Howson - PERLE IN\" \/>\n<meta property=\"og:description\" content=\"Restez \u00e9l\u00e9gant et confortable toute l\u2019ann\u00e9e gr\u00e2ce \u00e0 ce chapeau de soleil polyvalent en velours c\u00f4tel\u00e9. Con\u00e7u pour toutes les saisons, il est fabriqu\u00e9 \u00e0 partir d\u2019un m\u00e9lange doux mais durable de 80\u00a0% de coton recycl\u00e9 et de 20\u00a0% de coton. Le riche tissu velours c\u00f4tel\u00e9 de 280\u00a0g\/m\u00b2 ajoute de la texture et de la chaleur sans \u00eatre trop lourd, ce qui le rend id\u00e9al pour les demi-saisons. Avec un tour de t\u00eate de 60\u00a0cm, le chapeau offre une coupe d\u00e9contract\u00e9e et confortable. Son design intemporel en fait un choix parfait pour une tenue de tous les jours, quelle que soit la saison.\" \/>\n<meta property=\"og:url\" content=\"https:\/\/perle-in.com\/en\/product\/chapeau-de-soleil-en-velours-cotele-recycle-howson\/\" \/>\n<meta property=\"og:site_name\" content=\"PERLE IN\" \/>\n<meta property=\"article:modified_time\" content=\"2025-10-16T03:46:37+00:00\" \/>\n<meta property=\"og:image\" content=\"https:\/\/perle-in.com\/wp-content\/uploads\/2025\/10\/11107206-1.jpg\" \/>\n\t<meta property=\"og:image:width\" content=\"1600\" \/>\n\t<meta property=\"og:image:height\" content=\"1600\" \/>\n\t<meta property=\"og:image:type\" content=\"image\/jpeg\" \/>\n<meta name=\"twitter:card\" content=\"summary_large_image\" \/>\n<script type=\"application\/ld+json\" class=\"yoast-schema-graph\">{\"@context\":\"https:\\\/\\\/schema.org\",\"@graph\":[{\"@type\":\"WebPage\",\"@id\":\"https:\\\/\\\/perle-in.com\\\/produit\\\/chapeau-de-soleil-en-velours-cotele-recycle-howson\\\/\",\"url\":\"https:\\\/\\\/perle-in.com\\\/produit\\\/chapeau-de-soleil-en-velours-cotele-recycle-howson\\\/\",\"name\":\"Chapeau de soleil en velours c\u00f4tel\u00e9 recycl\u00e9 Howson - PERLE IN\",\"isPartOf\":{\"@id\":\"https:\\\/\\\/perle-in.com\\\/#website\"},\"primaryImageOfPage\":{\"@id\":\"https:\\\/\\\/perle-in.com\\\/produit\\\/chapeau-de-soleil-en-velours-cotele-recycle-howson\\\/#primaryimage\"},\"image\":{\"@id\":\"https:\\\/\\\/perle-in.com\\\/produit\\\/chapeau-de-soleil-en-velours-cotele-recycle-howson\\\/#primaryimage\"},\"thumbnailUrl\":\"https:\\\/\\\/perle-in.com\\\/wp-content\\\/uploads\\\/2025\\\/10\\\/11107206-1.jpg\",\"datePublished\":\"2025-10-16T03:46:33+00:00\",\"dateModified\":\"2025-10-16T03:46:37+00:00\",\"breadcrumb\":{\"@id\":\"https:\\\/\\\/perle-in.com\\\/produit\\\/chapeau-de-soleil-en-velours-cotele-recycle-howson\\\/#breadcrumb\"},\"inLanguage\":\"en-CA\",\"potentialAction\":[{\"@type\":\"ReadAction\",\"target\":[\"https:\\\/\\\/perle-in.com\\\/produit\\\/chapeau-de-soleil-en-velours-cotele-recycle-howson\\\/\"]}]},{\"@type\":\"ImageObject\",\"inLanguage\":\"en-CA\",\"@id\":\"https:\\\/\\\/perle-in.com\\\/produit\\\/chapeau-de-soleil-en-velours-cotele-recycle-howson\\\/#primaryimage\",\"url\":\"https:\\\/\\\/perle-in.com\\\/wp-content\\\/uploads\\\/2025\\\/10\\\/11107206-1.jpg\",\"contentUrl\":\"https:\\\/\\\/perle-in.com\\\/wp-content\\\/uploads\\\/2025\\\/10\\\/11107206-1.jpg\",\"width\":1600,\"height\":1600},{\"@type\":\"BreadcrumbList\",\"@id\":\"https:\\\/\\\/perle-in.com\\\/produit\\\/chapeau-de-soleil-en-velours-cotele-recycle-howson\\\/#breadcrumb\",\"itemListElement\":[{\"@type\":\"ListItem\",\"position\":1,\"name\":\"Accueil\",\"item\":\"https:\\\/\\\/perle-in.com\\\/\"},{\"@type\":\"ListItem\",\"position\":2,\"name\":\"Boutique\",\"item\":\"https:\\\/\\\/perle-in.com\\\/boutique\\\/\"},{\"@type\":\"ListItem\",\"position\":3,\"name\":\"Chapeau de soleil en velours c\u00f4tel\u00e9 recycl\u00e9 Howson\"}]},{\"@type\":\"WebSite\",\"@id\":\"https:\\\/\\\/perle-in.com\\\/#website\",\"url\":\"https:\\\/\\\/perle-in.com\\\/\",\"name\":\"PERLE IN\",\"description\":\"\",\"publisher\":{\"@id\":\"https:\\\/\\\/perle-in.com\\\/#organization\"},\"potentialAction\":[{\"@type\":\"SearchAction\",\"target\":{\"@type\":\"EntryPoint\",\"urlTemplate\":\"https:\\\/\\\/perle-in.com\\\/?s={search_term_string}\"},\"query-input\":{\"@type\":\"PropertyValueSpecification\",\"valueRequired\":true,\"valueName\":\"search_term_string\"}}],\"inLanguage\":\"en-CA\"},{\"@type\":\"Organization\",\"@id\":\"https:\\\/\\\/perle-in.com\\\/#organization\",\"name\":\"PERLE IN\",\"url\":\"https:\\\/\\\/perle-in.com\\\/\",\"logo\":{\"@type\":\"ImageObject\",\"inLanguage\":\"en-CA\",\"@id\":\"https:\\\/\\\/perle-in.com\\\/#\\\/schema\\\/logo\\\/image\\\/\",\"url\":\"https:\\\/\\\/perle-in.com\\\/wp-content\\\/uploads\\\/2022\\\/12\\\/LOGO-PERLE-IN-COULEUR@3x.webp\",\"contentUrl\":\"https:\\\/\\\/perle-in.com\\\/wp-content\\\/uploads\\\/2022\\\/12\\\/LOGO-PERLE-IN-COULEUR@3x.webp\",\"width\":1600,\"height\":490,\"caption\":\"PERLE IN\"},\"image\":{\"@id\":\"https:\\\/\\\/perle-in.com\\\/#\\\/schema\\\/logo\\\/image\\\/\"}}]}<\/script>\n<!-- \/ Yoast SEO plugin. -->","yoast_head_json":{"title":"Chapeau de soleil en velours c\u00f4tel\u00e9 recycl\u00e9 Howson - PERLE IN","robots":{"index":"noindex","follow":"follow","max-snippet":"max-snippet:-1","max-image-preview":"max-image-preview:large","max-video-preview":"max-video-preview:-1"},"og_locale":"en_US","og_type":"article","og_title":"Chapeau de soleil en velours c\u00f4tel\u00e9 recycl\u00e9 Howson - PERLE IN","og_description":"Restez \u00e9l\u00e9gant et confortable toute l\u2019ann\u00e9e gr\u00e2ce \u00e0 ce chapeau de soleil polyvalent en velours c\u00f4tel\u00e9. Con\u00e7u pour toutes les saisons, il est fabriqu\u00e9 \u00e0 partir d\u2019un m\u00e9lange doux mais durable de 80\u00a0% de coton recycl\u00e9 et de 20\u00a0% de coton. Le riche tissu velours c\u00f4tel\u00e9 de 280\u00a0g\/m\u00b2 ajoute de la texture et de la chaleur sans \u00eatre trop lourd, ce qui le rend id\u00e9al pour les demi-saisons. Avec un tour de t\u00eate de 60\u00a0cm, le chapeau offre une coupe d\u00e9contract\u00e9e et confortable. Son design intemporel en fait un choix parfait pour une tenue de tous les jours, quelle que soit la saison.","og_url":"https:\/\/perle-in.com\/en\/product\/chapeau-de-soleil-en-velours-cotele-recycle-howson\/","og_site_name":"PERLE IN","article_modified_time":"2025-10-16T03:46:37+00:00","og_image":[{"width":1600,"height":1600,"url":"https:\/\/perle-in.com\/wp-content\/uploads\/2025\/10\/11107206-1.jpg","type":"image\/jpeg"}],"twitter_card":"summary_large_image","schema":{"@context":"https:\/\/schema.org","@graph":[{"@type":"WebPage","@id":"https:\/\/perle-in.com\/produit\/chapeau-de-soleil-en-velours-cotele-recycle-howson\/","url":"https:\/\/perle-in.com\/produit\/chapeau-de-soleil-en-velours-cotele-recycle-howson\/","name":"Chapeau de soleil en velours c\u00f4tel\u00e9 recycl\u00e9 Howson - PERLE IN","isPartOf":{"@id":"https:\/\/perle-in.com\/#website"},"primaryImageOfPage":{"@id":"https:\/\/perle-in.com\/produit\/chapeau-de-soleil-en-velours-cotele-recycle-howson\/#primaryimage"},"image":{"@id":"https:\/\/perle-in.com\/produit\/chapeau-de-soleil-en-velours-cotele-recycle-howson\/#primaryimage"},"thumbnailUrl":"https:\/\/perle-in.com\/wp-content\/uploads\/2025\/10\/11107206-1.jpg","datePublished":"2025-10-16T03:46:33+00:00","dateModified":"2025-10-16T03:46:37+00:00","breadcrumb":{"@id":"https:\/\/perle-in.com\/produit\/chapeau-de-soleil-en-velours-cotele-recycle-howson\/#breadcrumb"},"inLanguage":"en-CA","potentialAction":[{"@type":"ReadAction","target":["https:\/\/perle-in.com\/produit\/chapeau-de-soleil-en-velours-cotele-recycle-howson\/"]}]},{"@type":"ImageObject","inLanguage":"en-CA","@id":"https:\/\/perle-in.com\/produit\/chapeau-de-soleil-en-velours-cotele-recycle-howson\/#primaryimage","url":"https:\/\/perle-in.com\/wp-content\/uploads\/2025\/10\/11107206-1.jpg","contentUrl":"https:\/\/perle-in.com\/wp-content\/uploads\/2025\/10\/11107206-1.jpg","width":1600,"height":1600},{"@type":"BreadcrumbList","@id":"https:\/\/perle-in.com\/produit\/chapeau-de-soleil-en-velours-cotele-recycle-howson\/#breadcrumb","itemListElement":[{"@type":"ListItem","position":1,"name":"Accueil","item":"https:\/\/perle-in.com\/"},{"@type":"ListItem","position":2,"name":"Boutique","item":"https:\/\/perle-in.com\/boutique\/"},{"@type":"ListItem","position":3,"name":"Chapeau de soleil en velours c\u00f4tel\u00e9 recycl\u00e9 Howson"}]},{"@type":"WebSite","@id":"https:\/\/perle-in.com\/#website","url":"https:\/\/perle-in.com\/","name":"PERLE IN","description":"","publisher":{"@id":"https:\/\/perle-in.com\/#organization"},"potentialAction":[{"@type":"SearchAction","target":{"@type":"EntryPoint","urlTemplate":"https:\/\/perle-in.com\/?s={search_term_string}"},"query-input":{"@type":"PropertyValueSpecification","valueRequired":true,"valueName":"search_term_string"}}],"inLanguage":"en-CA"},{"@type":"Organization","@id":"https:\/\/perle-in.com\/#organization","name":"PERLE IN","url":"https:\/\/perle-in.com\/","logo":{"@type":"ImageObject","inLanguage":"en-CA","@id":"https:\/\/perle-in.com\/#\/schema\/logo\/image\/","url":"https:\/\/perle-in.com\/wp-content\/uploads\/2022\/12\/LOGO-PERLE-IN-COULEUR@3x.webp","contentUrl":"https:\/\/perle-in.com\/wp-content\/uploads\/2022\/12\/LOGO-PERLE-IN-COULEUR@3x.webp","width":1600,"height":490,"caption":"PERLE IN"},"image":{"@id":"https:\/\/perle-in.com\/#\/schema\/logo\/image\/"}}]}},"jetpack_sharing_enabled":true,"_links":{"self":[{"href":"https:\/\/perle-in.com\/en\/wp-json\/wp\/v2\/product\/576052","targetHints":{"allow":["GET"]}}],"collection":[{"href":"https:\/\/perle-in.com\/en\/wp-json\/wp\/v2\/product"}],"about":[{"href":"https:\/\/perle-in.com\/en\/wp-json\/wp\/v2\/types\/product"}],"version-history":[{"count":0,"href":"https:\/\/perle-in.com\/en\/wp-json\/wp\/v2\/product\/576052\/revisions"}],"wp:featuredmedia":[{"embeddable":true,"href":"https:\/\/perle-in.com\/en\/wp-json\/wp\/v2\/media\/576044"}],"wp:attachment":[{"href":"https:\/\/perle-in.com\/en\/wp-json\/wp\/v2\/media?parent=576052"}],"wp:term":[{"taxonomy":"product_brand","embeddable":true,"href":"https:\/\/perle-in.com\/en\/wp-json\/wp\/v2\/product_brand?post=576052"},{"taxonomy":"product_cat","embeddable":true,"href":"https:\/\/perle-in.com\/en\/wp-json\/wp\/v2\/product_cat?post=576052"},{"taxonomy":"product_tag","embeddable":true,"href":"https:\/\/perle-in.com\/en\/wp-json\/wp\/v2\/product_tag?post=576052"}],"curies":[{"name":"wp","href":"https:\/\/api.w.org\/{rel}","templated":true}]}}