{"id":574028,"date":"2025-10-16T04:22:44","date_gmt":"2025-10-16T02:22:44","guid":{"rendered":"https:\/\/perle-in.com\/produit\/sac-a-dos-pour-ordinateur-portable-16-thule-lumion-recycle\/"},"modified":"2025-10-16T04:22:45","modified_gmt":"2025-10-16T02:22:45","slug":"sac-a-dos-pour-ordinateur-portable-16-thule-lumion-recycle","status":"publish","type":"product","link":"https:\/\/perle-in.com\/en\/product\/sac-a-dos-pour-ordinateur-portable-16-thule-lumion-recycle\/","title":{"rendered":"Sac \u00e0 dos pour ordinateur portable 16&#8221; Thule Lumion recycl\u00e9"},"content":{"rendered":"","protected":false},"excerpt":{"rendered":"<p>Le sac \u00e0 dos pour ordinateur portable 16&#8221; Thule Lumion est fabriqu\u00e9 \u00e0 partir de polyester recycl\u00e9 et dispose d&#8217;une poche avant zipp\u00e9e pour l&#8217;organisation ainsi que d&#8217;un compartiment zipp\u00e9 plus grand avec une pochette rembourr\u00e9e pour ordinateur portable 16\u00a0pouces. La poign\u00e9e de transport sup\u00e9rieure vous permet d&#8217;attraper et de partir, tandis que le panneau dorsal rembourr\u00e9 offre un soutien lombaire inf\u00e9rieur. Une poche lat\u00e9rale pour bouteille d&#8217;eau et une sangle en  guirlande sont des caract\u00e9ristiques suppl\u00e9mentaires de ce sac \u00e0 dos.<\/p>","protected":false},"featured_media":574020,"template":"","meta":{"_eb_attr":""},"product_brand":[],"product_cat":[1214,159],"product_tag":[837,1113,786,784,836,1347,1348,3072],"class_list":{"0":"post-574028","1":"product","2":"type-product","3":"status-publish","4":"has-post-thumbnail","6":"product_cat-sac-a-dos-pour-ordinateur","7":"product_cat-sacs","8":"product_tag-durable","9":"product_tag-housse","10":"product_tag-ordinateur","11":"product_tag-ordinateur-portable","12":"product_tag-recycle","13":"product_tag-sac-a-dos","14":"product_tag-sacs-a-dos","15":"product_tag-thule","16":"pa_couleurs-noir","17":"pa_green-points-1621","18":"pa_marque-thule","19":"pa_matiere-600d-polyester-recycle","20":"pa_pays-d-origine-cambodge","22":"first","23":"instock","24":"shipping-taxable","25":"purchasable","26":"product-type-variable"},"yoast_head":"<!-- This site is optimized with the Yoast SEO plugin v27.4 - https:\/\/yoast.com\/product\/yoast-seo-wordpress\/ -->\n<title>Sac \u00e0 dos pour ordinateur portable 16&#039;&#039; Thule Lumion recycl\u00e9 - PERLE IN<\/title>\n<meta name=\"robots\" content=\"noindex, follow, max-snippet:-1, max-image-preview:large, max-video-preview:-1\" \/>\n<meta property=\"og:locale\" content=\"en_US\" \/>\n<meta property=\"og:type\" content=\"article\" \/>\n<meta property=\"og:title\" content=\"Sac \u00e0 dos pour ordinateur portable 16&#039;&#039; Thule Lumion recycl\u00e9 - PERLE IN\" \/>\n<meta property=\"og:description\" content=\"Le sac \u00e0 dos pour ordinateur portable 16&#039;&#039; Thule Lumion est fabriqu\u00e9 \u00e0 partir de polyester recycl\u00e9 et dispose d&#039;une poche avant zipp\u00e9e pour l&#039;organisation ainsi que d&#039;un compartiment zipp\u00e9 plus grand avec une pochette rembourr\u00e9e pour ordinateur portable 16\u00a0pouces. La poign\u00e9e de transport sup\u00e9rieure vous permet d&#039;attraper et de partir, tandis que le panneau dorsal rembourr\u00e9 offre un soutien lombaire inf\u00e9rieur. Une poche lat\u00e9rale pour bouteille d&#039;eau et une sangle en guirlande sont des caract\u00e9ristiques suppl\u00e9mentaires de ce sac \u00e0 dos.\" \/>\n<meta property=\"og:url\" content=\"https:\/\/perle-in.com\/en\/product\/sac-a-dos-pour-ordinateur-portable-16-thule-lumion-recycle\/\" \/>\n<meta property=\"og:site_name\" content=\"PERLE IN\" \/>\n<meta property=\"article:modified_time\" content=\"2025-10-16T02:22:45+00:00\" \/>\n<meta property=\"og:image\" content=\"https:\/\/perle-in.com\/wp-content\/uploads\/2025\/10\/12075990-1.jpg\" \/>\n\t<meta property=\"og:image:width\" content=\"1600\" \/>\n\t<meta property=\"og:image:height\" content=\"1600\" \/>\n\t<meta property=\"og:image:type\" content=\"image\/jpeg\" \/>\n<meta name=\"twitter:card\" content=\"summary_large_image\" \/>\n<script type=\"application\/ld+json\" class=\"yoast-schema-graph\">{\"@context\":\"https:\\\/\\\/schema.org\",\"@graph\":[{\"@type\":\"WebPage\",\"@id\":\"https:\\\/\\\/perle-in.com\\\/produit\\\/sac-a-dos-pour-ordinateur-portable-16-thule-lumion-recycle\\\/\",\"url\":\"https:\\\/\\\/perle-in.com\\\/produit\\\/sac-a-dos-pour-ordinateur-portable-16-thule-lumion-recycle\\\/\",\"name\":\"Sac \u00e0 dos pour ordinateur portable 16'' Thule Lumion recycl\u00e9 - PERLE IN\",\"isPartOf\":{\"@id\":\"https:\\\/\\\/perle-in.com\\\/#website\"},\"primaryImageOfPage\":{\"@id\":\"https:\\\/\\\/perle-in.com\\\/produit\\\/sac-a-dos-pour-ordinateur-portable-16-thule-lumion-recycle\\\/#primaryimage\"},\"image\":{\"@id\":\"https:\\\/\\\/perle-in.com\\\/produit\\\/sac-a-dos-pour-ordinateur-portable-16-thule-lumion-recycle\\\/#primaryimage\"},\"thumbnailUrl\":\"https:\\\/\\\/perle-in.com\\\/wp-content\\\/uploads\\\/2025\\\/10\\\/12075990-1.jpg\",\"datePublished\":\"2025-10-16T02:22:44+00:00\",\"dateModified\":\"2025-10-16T02:22:45+00:00\",\"breadcrumb\":{\"@id\":\"https:\\\/\\\/perle-in.com\\\/produit\\\/sac-a-dos-pour-ordinateur-portable-16-thule-lumion-recycle\\\/#breadcrumb\"},\"inLanguage\":\"en-CA\",\"potentialAction\":[{\"@type\":\"ReadAction\",\"target\":[\"https:\\\/\\\/perle-in.com\\\/produit\\\/sac-a-dos-pour-ordinateur-portable-16-thule-lumion-recycle\\\/\"]}]},{\"@type\":\"ImageObject\",\"inLanguage\":\"en-CA\",\"@id\":\"https:\\\/\\\/perle-in.com\\\/produit\\\/sac-a-dos-pour-ordinateur-portable-16-thule-lumion-recycle\\\/#primaryimage\",\"url\":\"https:\\\/\\\/perle-in.com\\\/wp-content\\\/uploads\\\/2025\\\/10\\\/12075990-1.jpg\",\"contentUrl\":\"https:\\\/\\\/perle-in.com\\\/wp-content\\\/uploads\\\/2025\\\/10\\\/12075990-1.jpg\",\"width\":1600,\"height\":1600},{\"@type\":\"BreadcrumbList\",\"@id\":\"https:\\\/\\\/perle-in.com\\\/produit\\\/sac-a-dos-pour-ordinateur-portable-16-thule-lumion-recycle\\\/#breadcrumb\",\"itemListElement\":[{\"@type\":\"ListItem\",\"position\":1,\"name\":\"Accueil\",\"item\":\"https:\\\/\\\/perle-in.com\\\/\"},{\"@type\":\"ListItem\",\"position\":2,\"name\":\"Boutique\",\"item\":\"https:\\\/\\\/perle-in.com\\\/boutique\\\/\"},{\"@type\":\"ListItem\",\"position\":3,\"name\":\"Sac \u00e0 dos pour ordinateur portable 16&#8221; Thule Lumion recycl\u00e9\"}]},{\"@type\":\"WebSite\",\"@id\":\"https:\\\/\\\/perle-in.com\\\/#website\",\"url\":\"https:\\\/\\\/perle-in.com\\\/\",\"name\":\"PERLE IN\",\"description\":\"\",\"publisher\":{\"@id\":\"https:\\\/\\\/perle-in.com\\\/#organization\"},\"potentialAction\":[{\"@type\":\"SearchAction\",\"target\":{\"@type\":\"EntryPoint\",\"urlTemplate\":\"https:\\\/\\\/perle-in.com\\\/?s={search_term_string}\"},\"query-input\":{\"@type\":\"PropertyValueSpecification\",\"valueRequired\":true,\"valueName\":\"search_term_string\"}}],\"inLanguage\":\"en-CA\"},{\"@type\":\"Organization\",\"@id\":\"https:\\\/\\\/perle-in.com\\\/#organization\",\"name\":\"PERLE IN\",\"url\":\"https:\\\/\\\/perle-in.com\\\/\",\"logo\":{\"@type\":\"ImageObject\",\"inLanguage\":\"en-CA\",\"@id\":\"https:\\\/\\\/perle-in.com\\\/#\\\/schema\\\/logo\\\/image\\\/\",\"url\":\"https:\\\/\\\/perle-in.com\\\/wp-content\\\/uploads\\\/2022\\\/12\\\/LOGO-PERLE-IN-COULEUR@3x.webp\",\"contentUrl\":\"https:\\\/\\\/perle-in.com\\\/wp-content\\\/uploads\\\/2022\\\/12\\\/LOGO-PERLE-IN-COULEUR@3x.webp\",\"width\":1600,\"height\":490,\"caption\":\"PERLE IN\"},\"image\":{\"@id\":\"https:\\\/\\\/perle-in.com\\\/#\\\/schema\\\/logo\\\/image\\\/\"}}]}<\/script>\n<!-- \/ Yoast SEO plugin. -->","yoast_head_json":{"title":"Sac \u00e0 dos pour ordinateur portable 16'' Thule Lumion recycl\u00e9 - PERLE IN","robots":{"index":"noindex","follow":"follow","max-snippet":"max-snippet:-1","max-image-preview":"max-image-preview:large","max-video-preview":"max-video-preview:-1"},"og_locale":"en_US","og_type":"article","og_title":"Sac \u00e0 dos pour ordinateur portable 16'' Thule Lumion recycl\u00e9 - PERLE IN","og_description":"Le sac \u00e0 dos pour ordinateur portable 16'' Thule Lumion est fabriqu\u00e9 \u00e0 partir de polyester recycl\u00e9 et dispose d'une poche avant zipp\u00e9e pour l'organisation ainsi que d'un compartiment zipp\u00e9 plus grand avec une pochette rembourr\u00e9e pour ordinateur portable 16\u00a0pouces. La poign\u00e9e de transport sup\u00e9rieure vous permet d'attraper et de partir, tandis que le panneau dorsal rembourr\u00e9 offre un soutien lombaire inf\u00e9rieur. Une poche lat\u00e9rale pour bouteille d'eau et une sangle en guirlande sont des caract\u00e9ristiques suppl\u00e9mentaires de ce sac \u00e0 dos.","og_url":"https:\/\/perle-in.com\/en\/product\/sac-a-dos-pour-ordinateur-portable-16-thule-lumion-recycle\/","og_site_name":"PERLE IN","article_modified_time":"2025-10-16T02:22:45+00:00","og_image":[{"width":1600,"height":1600,"url":"https:\/\/perle-in.com\/wp-content\/uploads\/2025\/10\/12075990-1.jpg","type":"image\/jpeg"}],"twitter_card":"summary_large_image","schema":{"@context":"https:\/\/schema.org","@graph":[{"@type":"WebPage","@id":"https:\/\/perle-in.com\/produit\/sac-a-dos-pour-ordinateur-portable-16-thule-lumion-recycle\/","url":"https:\/\/perle-in.com\/produit\/sac-a-dos-pour-ordinateur-portable-16-thule-lumion-recycle\/","name":"Sac \u00e0 dos pour ordinateur portable 16'' Thule Lumion recycl\u00e9 - PERLE IN","isPartOf":{"@id":"https:\/\/perle-in.com\/#website"},"primaryImageOfPage":{"@id":"https:\/\/perle-in.com\/produit\/sac-a-dos-pour-ordinateur-portable-16-thule-lumion-recycle\/#primaryimage"},"image":{"@id":"https:\/\/perle-in.com\/produit\/sac-a-dos-pour-ordinateur-portable-16-thule-lumion-recycle\/#primaryimage"},"thumbnailUrl":"https:\/\/perle-in.com\/wp-content\/uploads\/2025\/10\/12075990-1.jpg","datePublished":"2025-10-16T02:22:44+00:00","dateModified":"2025-10-16T02:22:45+00:00","breadcrumb":{"@id":"https:\/\/perle-in.com\/produit\/sac-a-dos-pour-ordinateur-portable-16-thule-lumion-recycle\/#breadcrumb"},"inLanguage":"en-CA","potentialAction":[{"@type":"ReadAction","target":["https:\/\/perle-in.com\/produit\/sac-a-dos-pour-ordinateur-portable-16-thule-lumion-recycle\/"]}]},{"@type":"ImageObject","inLanguage":"en-CA","@id":"https:\/\/perle-in.com\/produit\/sac-a-dos-pour-ordinateur-portable-16-thule-lumion-recycle\/#primaryimage","url":"https:\/\/perle-in.com\/wp-content\/uploads\/2025\/10\/12075990-1.jpg","contentUrl":"https:\/\/perle-in.com\/wp-content\/uploads\/2025\/10\/12075990-1.jpg","width":1600,"height":1600},{"@type":"BreadcrumbList","@id":"https:\/\/perle-in.com\/produit\/sac-a-dos-pour-ordinateur-portable-16-thule-lumion-recycle\/#breadcrumb","itemListElement":[{"@type":"ListItem","position":1,"name":"Accueil","item":"https:\/\/perle-in.com\/"},{"@type":"ListItem","position":2,"name":"Boutique","item":"https:\/\/perle-in.com\/boutique\/"},{"@type":"ListItem","position":3,"name":"Sac \u00e0 dos pour ordinateur portable 16&#8221; Thule Lumion recycl\u00e9"}]},{"@type":"WebSite","@id":"https:\/\/perle-in.com\/#website","url":"https:\/\/perle-in.com\/","name":"PERLE IN","description":"","publisher":{"@id":"https:\/\/perle-in.com\/#organization"},"potentialAction":[{"@type":"SearchAction","target":{"@type":"EntryPoint","urlTemplate":"https:\/\/perle-in.com\/?s={search_term_string}"},"query-input":{"@type":"PropertyValueSpecification","valueRequired":true,"valueName":"search_term_string"}}],"inLanguage":"en-CA"},{"@type":"Organization","@id":"https:\/\/perle-in.com\/#organization","name":"PERLE IN","url":"https:\/\/perle-in.com\/","logo":{"@type":"ImageObject","inLanguage":"en-CA","@id":"https:\/\/perle-in.com\/#\/schema\/logo\/image\/","url":"https:\/\/perle-in.com\/wp-content\/uploads\/2022\/12\/LOGO-PERLE-IN-COULEUR@3x.webp","contentUrl":"https:\/\/perle-in.com\/wp-content\/uploads\/2022\/12\/LOGO-PERLE-IN-COULEUR@3x.webp","width":1600,"height":490,"caption":"PERLE IN"},"image":{"@id":"https:\/\/perle-in.com\/#\/schema\/logo\/image\/"}}]}},"jetpack_sharing_enabled":true,"_links":{"self":[{"href":"https:\/\/perle-in.com\/en\/wp-json\/wp\/v2\/product\/574028","targetHints":{"allow":["GET"]}}],"collection":[{"href":"https:\/\/perle-in.com\/en\/wp-json\/wp\/v2\/product"}],"about":[{"href":"https:\/\/perle-in.com\/en\/wp-json\/wp\/v2\/types\/product"}],"version-history":[{"count":0,"href":"https:\/\/perle-in.com\/en\/wp-json\/wp\/v2\/product\/574028\/revisions"}],"wp:featuredmedia":[{"embeddable":true,"href":"https:\/\/perle-in.com\/en\/wp-json\/wp\/v2\/media\/574020"}],"wp:attachment":[{"href":"https:\/\/perle-in.com\/en\/wp-json\/wp\/v2\/media?parent=574028"}],"wp:term":[{"taxonomy":"product_brand","embeddable":true,"href":"https:\/\/perle-in.com\/en\/wp-json\/wp\/v2\/product_brand?post=574028"},{"taxonomy":"product_cat","embeddable":true,"href":"https:\/\/perle-in.com\/en\/wp-json\/wp\/v2\/product_cat?post=574028"},{"taxonomy":"product_tag","embeddable":true,"href":"https:\/\/perle-in.com\/en\/wp-json\/wp\/v2\/product_tag?post=574028"}],"curies":[{"name":"wp","href":"https:\/\/api.w.org\/{rel}","templated":true}]}}