{"id":573768,"date":"2025-10-16T04:02:14","date_gmt":"2025-10-16T02:02:14","guid":{"rendered":"https:\/\/perle-in.com\/produit\/cahier-a5-en-kraft-a-pages-pointillees-slyk\/"},"modified":"2025-10-16T04:02:16","modified_gmt":"2025-10-16T02:02:16","slug":"cahier-a5-en-kraft-a-pages-pointillees-slyk","status":"publish","type":"product","link":"https:\/\/perle-in.com\/en\/product\/cahier-a5-en-kraft-a-pages-pointillees-slyk\/","title":{"rendered":"Cahier A5 en kraft \u00e0 pages pointill\u00e9es Slyk"},"content":{"rendered":"","protected":false},"excerpt":{"rendered":"<p>Le carnet A5 Slyk est dot\u00e9 d\u2019une couverture minimaliste en carton kraft avec des coins arrondis et une piq\u00fbre de dos visible pour une touche artisanale. Il contient 32\u00a0feuilles pointill\u00e9es de couleur cr\u00e8me en papier 70\u00a0g\/m\u00b2. Son format compact A5 en fait un choix pratique pour la prise de notes en d\u00e9placement car il se glisse facilement dans la plupart des sacs. \u00c9galement disponible avec des mises en page lign\u00e9es et agenda.<\/p>","protected":false},"featured_media":573321,"template":"","meta":{"_eb_attr":""},"product_brand":[],"product_cat":[587,4196],"product_tag":[614,1527,1513,2683,900],"class_list":{"0":"post-573768","1":"product","2":"type-product","3":"status-publish","4":"has-post-thumbnail","6":"product_cat-bloc-notes-couverture-rigide","7":"product_cat-blocs-notes-et-papeterie-personnalisee","8":"product_tag-a5","9":"product_tag-cahiers","10":"product_tag-carnet","11":"product_tag-ecriture","12":"product_tag-kraft","13":"pa_couleurs-naturel","14":"pa_green-points-2710","16":"first","17":"instock","18":"shipping-taxable","19":"purchasable","20":"product-type-variable"},"yoast_head":"<!-- This site is optimized with the Yoast SEO plugin v27.4 - https:\/\/yoast.com\/product\/yoast-seo-wordpress\/ -->\n<title>Cahier A5 en kraft \u00e0 pages pointill\u00e9es Slyk - PERLE IN<\/title>\n<meta name=\"robots\" content=\"noindex, follow, max-snippet:-1, max-image-preview:large, max-video-preview:-1\" \/>\n<meta property=\"og:locale\" content=\"en_US\" \/>\n<meta property=\"og:type\" content=\"article\" \/>\n<meta property=\"og:title\" content=\"Cahier A5 en kraft \u00e0 pages pointill\u00e9es Slyk - PERLE IN\" \/>\n<meta property=\"og:description\" content=\"Le carnet A5 Slyk est dot\u00e9 d\u2019une couverture minimaliste en carton kraft avec des coins arrondis et une piq\u00fbre de dos visible pour une touche artisanale. Il contient 32\u00a0feuilles pointill\u00e9es de couleur cr\u00e8me en papier 70\u00a0g\/m\u00b2. Son format compact A5 en fait un choix pratique pour la prise de notes en d\u00e9placement car il se glisse facilement dans la plupart des sacs. \u00c9galement disponible avec des mises en page lign\u00e9es et agenda.\" \/>\n<meta property=\"og:url\" content=\"https:\/\/perle-in.com\/en\/product\/cahier-a5-en-kraft-a-pages-pointillees-slyk\/\" \/>\n<meta property=\"og:site_name\" content=\"PERLE IN\" \/>\n<meta property=\"article:modified_time\" content=\"2025-10-16T02:02:16+00:00\" \/>\n<meta property=\"og:image\" content=\"https:\/\/perle-in.com\/wp-content\/uploads\/2025\/10\/10625106-1.jpg\" \/>\n\t<meta property=\"og:image:width\" content=\"1600\" \/>\n\t<meta property=\"og:image:height\" content=\"1600\" \/>\n\t<meta property=\"og:image:type\" content=\"image\/jpeg\" \/>\n<meta name=\"twitter:card\" content=\"summary_large_image\" \/>\n<script type=\"application\/ld+json\" class=\"yoast-schema-graph\">{\"@context\":\"https:\\\/\\\/schema.org\",\"@graph\":[{\"@type\":\"WebPage\",\"@id\":\"https:\\\/\\\/perle-in.com\\\/produit\\\/cahier-a5-en-kraft-a-pages-pointillees-slyk\\\/\",\"url\":\"https:\\\/\\\/perle-in.com\\\/produit\\\/cahier-a5-en-kraft-a-pages-pointillees-slyk\\\/\",\"name\":\"Cahier A5 en kraft \u00e0 pages pointill\u00e9es Slyk - PERLE IN\",\"isPartOf\":{\"@id\":\"https:\\\/\\\/perle-in.com\\\/#website\"},\"primaryImageOfPage\":{\"@id\":\"https:\\\/\\\/perle-in.com\\\/produit\\\/cahier-a5-en-kraft-a-pages-pointillees-slyk\\\/#primaryimage\"},\"image\":{\"@id\":\"https:\\\/\\\/perle-in.com\\\/produit\\\/cahier-a5-en-kraft-a-pages-pointillees-slyk\\\/#primaryimage\"},\"thumbnailUrl\":\"https:\\\/\\\/perle-in.com\\\/wp-content\\\/uploads\\\/2025\\\/10\\\/10625106-1.jpg\",\"datePublished\":\"2025-10-16T02:02:14+00:00\",\"dateModified\":\"2025-10-16T02:02:16+00:00\",\"breadcrumb\":{\"@id\":\"https:\\\/\\\/perle-in.com\\\/produit\\\/cahier-a5-en-kraft-a-pages-pointillees-slyk\\\/#breadcrumb\"},\"inLanguage\":\"en-CA\",\"potentialAction\":[{\"@type\":\"ReadAction\",\"target\":[\"https:\\\/\\\/perle-in.com\\\/produit\\\/cahier-a5-en-kraft-a-pages-pointillees-slyk\\\/\"]}]},{\"@type\":\"ImageObject\",\"inLanguage\":\"en-CA\",\"@id\":\"https:\\\/\\\/perle-in.com\\\/produit\\\/cahier-a5-en-kraft-a-pages-pointillees-slyk\\\/#primaryimage\",\"url\":\"https:\\\/\\\/perle-in.com\\\/wp-content\\\/uploads\\\/2025\\\/10\\\/10625106-1.jpg\",\"contentUrl\":\"https:\\\/\\\/perle-in.com\\\/wp-content\\\/uploads\\\/2025\\\/10\\\/10625106-1.jpg\",\"width\":1600,\"height\":1600},{\"@type\":\"BreadcrumbList\",\"@id\":\"https:\\\/\\\/perle-in.com\\\/produit\\\/cahier-a5-en-kraft-a-pages-pointillees-slyk\\\/#breadcrumb\",\"itemListElement\":[{\"@type\":\"ListItem\",\"position\":1,\"name\":\"Accueil\",\"item\":\"https:\\\/\\\/perle-in.com\\\/\"},{\"@type\":\"ListItem\",\"position\":2,\"name\":\"Boutique\",\"item\":\"https:\\\/\\\/perle-in.com\\\/boutique\\\/\"},{\"@type\":\"ListItem\",\"position\":3,\"name\":\"Cahier A5 en kraft \u00e0 pages pointill\u00e9es Slyk\"}]},{\"@type\":\"WebSite\",\"@id\":\"https:\\\/\\\/perle-in.com\\\/#website\",\"url\":\"https:\\\/\\\/perle-in.com\\\/\",\"name\":\"PERLE IN\",\"description\":\"\",\"publisher\":{\"@id\":\"https:\\\/\\\/perle-in.com\\\/#organization\"},\"potentialAction\":[{\"@type\":\"SearchAction\",\"target\":{\"@type\":\"EntryPoint\",\"urlTemplate\":\"https:\\\/\\\/perle-in.com\\\/?s={search_term_string}\"},\"query-input\":{\"@type\":\"PropertyValueSpecification\",\"valueRequired\":true,\"valueName\":\"search_term_string\"}}],\"inLanguage\":\"en-CA\"},{\"@type\":\"Organization\",\"@id\":\"https:\\\/\\\/perle-in.com\\\/#organization\",\"name\":\"PERLE IN\",\"url\":\"https:\\\/\\\/perle-in.com\\\/\",\"logo\":{\"@type\":\"ImageObject\",\"inLanguage\":\"en-CA\",\"@id\":\"https:\\\/\\\/perle-in.com\\\/#\\\/schema\\\/logo\\\/image\\\/\",\"url\":\"https:\\\/\\\/perle-in.com\\\/wp-content\\\/uploads\\\/2022\\\/12\\\/LOGO-PERLE-IN-COULEUR@3x.webp\",\"contentUrl\":\"https:\\\/\\\/perle-in.com\\\/wp-content\\\/uploads\\\/2022\\\/12\\\/LOGO-PERLE-IN-COULEUR@3x.webp\",\"width\":1600,\"height\":490,\"caption\":\"PERLE IN\"},\"image\":{\"@id\":\"https:\\\/\\\/perle-in.com\\\/#\\\/schema\\\/logo\\\/image\\\/\"}}]}<\/script>\n<!-- \/ Yoast SEO plugin. -->","yoast_head_json":{"title":"Cahier A5 en kraft \u00e0 pages pointill\u00e9es Slyk - PERLE IN","robots":{"index":"noindex","follow":"follow","max-snippet":"max-snippet:-1","max-image-preview":"max-image-preview:large","max-video-preview":"max-video-preview:-1"},"og_locale":"en_US","og_type":"article","og_title":"Cahier A5 en kraft \u00e0 pages pointill\u00e9es Slyk - PERLE IN","og_description":"Le carnet A5 Slyk est dot\u00e9 d\u2019une couverture minimaliste en carton kraft avec des coins arrondis et une piq\u00fbre de dos visible pour une touche artisanale. Il contient 32\u00a0feuilles pointill\u00e9es de couleur cr\u00e8me en papier 70\u00a0g\/m\u00b2. Son format compact A5 en fait un choix pratique pour la prise de notes en d\u00e9placement car il se glisse facilement dans la plupart des sacs. \u00c9galement disponible avec des mises en page lign\u00e9es et agenda.","og_url":"https:\/\/perle-in.com\/en\/product\/cahier-a5-en-kraft-a-pages-pointillees-slyk\/","og_site_name":"PERLE IN","article_modified_time":"2025-10-16T02:02:16+00:00","og_image":[{"width":1600,"height":1600,"url":"https:\/\/perle-in.com\/wp-content\/uploads\/2025\/10\/10625106-1.jpg","type":"image\/jpeg"}],"twitter_card":"summary_large_image","schema":{"@context":"https:\/\/schema.org","@graph":[{"@type":"WebPage","@id":"https:\/\/perle-in.com\/produit\/cahier-a5-en-kraft-a-pages-pointillees-slyk\/","url":"https:\/\/perle-in.com\/produit\/cahier-a5-en-kraft-a-pages-pointillees-slyk\/","name":"Cahier A5 en kraft \u00e0 pages pointill\u00e9es Slyk - PERLE IN","isPartOf":{"@id":"https:\/\/perle-in.com\/#website"},"primaryImageOfPage":{"@id":"https:\/\/perle-in.com\/produit\/cahier-a5-en-kraft-a-pages-pointillees-slyk\/#primaryimage"},"image":{"@id":"https:\/\/perle-in.com\/produit\/cahier-a5-en-kraft-a-pages-pointillees-slyk\/#primaryimage"},"thumbnailUrl":"https:\/\/perle-in.com\/wp-content\/uploads\/2025\/10\/10625106-1.jpg","datePublished":"2025-10-16T02:02:14+00:00","dateModified":"2025-10-16T02:02:16+00:00","breadcrumb":{"@id":"https:\/\/perle-in.com\/produit\/cahier-a5-en-kraft-a-pages-pointillees-slyk\/#breadcrumb"},"inLanguage":"en-CA","potentialAction":[{"@type":"ReadAction","target":["https:\/\/perle-in.com\/produit\/cahier-a5-en-kraft-a-pages-pointillees-slyk\/"]}]},{"@type":"ImageObject","inLanguage":"en-CA","@id":"https:\/\/perle-in.com\/produit\/cahier-a5-en-kraft-a-pages-pointillees-slyk\/#primaryimage","url":"https:\/\/perle-in.com\/wp-content\/uploads\/2025\/10\/10625106-1.jpg","contentUrl":"https:\/\/perle-in.com\/wp-content\/uploads\/2025\/10\/10625106-1.jpg","width":1600,"height":1600},{"@type":"BreadcrumbList","@id":"https:\/\/perle-in.com\/produit\/cahier-a5-en-kraft-a-pages-pointillees-slyk\/#breadcrumb","itemListElement":[{"@type":"ListItem","position":1,"name":"Accueil","item":"https:\/\/perle-in.com\/"},{"@type":"ListItem","position":2,"name":"Boutique","item":"https:\/\/perle-in.com\/boutique\/"},{"@type":"ListItem","position":3,"name":"Cahier A5 en kraft \u00e0 pages pointill\u00e9es Slyk"}]},{"@type":"WebSite","@id":"https:\/\/perle-in.com\/#website","url":"https:\/\/perle-in.com\/","name":"PERLE IN","description":"","publisher":{"@id":"https:\/\/perle-in.com\/#organization"},"potentialAction":[{"@type":"SearchAction","target":{"@type":"EntryPoint","urlTemplate":"https:\/\/perle-in.com\/?s={search_term_string}"},"query-input":{"@type":"PropertyValueSpecification","valueRequired":true,"valueName":"search_term_string"}}],"inLanguage":"en-CA"},{"@type":"Organization","@id":"https:\/\/perle-in.com\/#organization","name":"PERLE IN","url":"https:\/\/perle-in.com\/","logo":{"@type":"ImageObject","inLanguage":"en-CA","@id":"https:\/\/perle-in.com\/#\/schema\/logo\/image\/","url":"https:\/\/perle-in.com\/wp-content\/uploads\/2022\/12\/LOGO-PERLE-IN-COULEUR@3x.webp","contentUrl":"https:\/\/perle-in.com\/wp-content\/uploads\/2022\/12\/LOGO-PERLE-IN-COULEUR@3x.webp","width":1600,"height":490,"caption":"PERLE IN"},"image":{"@id":"https:\/\/perle-in.com\/#\/schema\/logo\/image\/"}}]}},"jetpack_sharing_enabled":true,"_links":{"self":[{"href":"https:\/\/perle-in.com\/en\/wp-json\/wp\/v2\/product\/573768","targetHints":{"allow":["GET"]}}],"collection":[{"href":"https:\/\/perle-in.com\/en\/wp-json\/wp\/v2\/product"}],"about":[{"href":"https:\/\/perle-in.com\/en\/wp-json\/wp\/v2\/types\/product"}],"version-history":[{"count":0,"href":"https:\/\/perle-in.com\/en\/wp-json\/wp\/v2\/product\/573768\/revisions"}],"wp:featuredmedia":[{"embeddable":true,"href":"https:\/\/perle-in.com\/en\/wp-json\/wp\/v2\/media\/573321"}],"wp:attachment":[{"href":"https:\/\/perle-in.com\/en\/wp-json\/wp\/v2\/media?parent=573768"}],"wp:term":[{"taxonomy":"product_brand","embeddable":true,"href":"https:\/\/perle-in.com\/en\/wp-json\/wp\/v2\/product_brand?post=573768"},{"taxonomy":"product_cat","embeddable":true,"href":"https:\/\/perle-in.com\/en\/wp-json\/wp\/v2\/product_cat?post=573768"},{"taxonomy":"product_tag","embeddable":true,"href":"https:\/\/perle-in.com\/en\/wp-json\/wp\/v2\/product_tag?post=573768"}],"curies":[{"name":"wp","href":"https:\/\/api.w.org\/{rel}","templated":true}]}}