{"id":572374,"date":"2025-10-16T01:43:49","date_gmt":"2025-10-15T23:43:49","guid":{"rendered":"https:\/\/perle-in.com\/produit\/sac-a-dos-rolltop-rhine-recycle-grs-15-de-18l\/"},"modified":"2025-10-16T01:43:51","modified_gmt":"2025-10-15T23:43:51","slug":"sac-a-dos-rolltop-rhine-recycle-grs-15-de-18l","status":"publish","type":"product","link":"https:\/\/perle-in.com\/en\/product\/sac-a-dos-rolltop-rhine-recycle-grs-15-de-18l\/","title":{"rendered":"Sac \u00e0 dos rolltop Rhine recycl\u00e9 GRS 15&#8243; de 18L"},"content":{"rendered":"","protected":false},"excerpt":{"rendered":"<p>Le sac \u00e0 dos avec rabat enroulable Rhine vous permet de passer sans probl\u00e8me du travail aux loisirs gr\u00e2ce \u00e0 son style \u00e9l\u00e9gant et \u00e0 sa polyvalence. Fabriqu\u00e9 avec du nylon recycl\u00e9 de haute qualit\u00e9 certifi\u00e9 GRS, une doublure souple en RPET et des \u00e9l\u00e9ments en PU de premi\u00e8re qualit\u00e9. Le sac \u00e0 dos comporte un compartiment parfait pour ordinateur portable 15&#8221; avec deux poches suppl\u00e9mentaires pour les accessoires \u00e9lectroniques, un compartiment principal avec une fermeture \u00e9clair en L pratique et deux poches, une poche frontale zipp\u00e9e id\u00e9ale pour l&#8217;organisation ainsi qu&#8217;une poche lat\u00e9rale. Les bretelles matelass\u00e9es et r\u00e9glables et la poign\u00e9e sup\u00e9rieure en PU offrent un confort de transport maximal. Capacit\u00e9\u00a0: 18\u00a0litres. Capacit\u00e9 de charge maximale de 10 kg. Sans PVC.<\/p>","protected":false},"featured_media":572366,"template":"","meta":{"_eb_attr":""},"product_brand":[],"product_cat":[159],"product_tag":[3138,3881,2654,786,784,3880,836,3139,3711,1347,1798],"class_list":{"0":"post-572374","1":"product","2":"type-product","3":"status-publish","4":"has-post-thumbnail","6":"product_cat-sacs","7":"product_tag-dessus-enroulable","8":"product_tag-enroulable","9":"product_tag-grs","10":"product_tag-ordinateur","11":"product_tag-ordinateur-portable","12":"product_tag-rabat-enroulable","13":"product_tag-recycle","14":"product_tag-roll-top","15":"product_tag-rolltop","16":"product_tag-sac-a-dos","17":"product_tag-sacoche","18":"pa_couleurs-noir","19":"pa_green-points-2652","20":"pa_matiere-nylon-recycle-certifie-grs","22":"first","23":"instock","24":"shipping-taxable","25":"purchasable","26":"product-type-variable"},"yoast_head":"<!-- This site is optimized with the Yoast SEO plugin v27.4 - https:\/\/yoast.com\/product\/yoast-seo-wordpress\/ -->\n<title>Sac \u00e0 dos rolltop Rhine recycl\u00e9 GRS 15&quot; de 18L - PERLE IN<\/title>\n<meta name=\"robots\" content=\"noindex, follow, max-snippet:-1, max-image-preview:large, max-video-preview:-1\" \/>\n<meta property=\"og:locale\" content=\"en_US\" \/>\n<meta property=\"og:type\" content=\"article\" \/>\n<meta property=\"og:title\" content=\"Sac \u00e0 dos rolltop Rhine recycl\u00e9 GRS 15&quot; de 18L - PERLE IN\" \/>\n<meta property=\"og:description\" content=\"Le sac \u00e0 dos avec rabat enroulable Rhine vous permet de passer sans probl\u00e8me du travail aux loisirs gr\u00e2ce \u00e0 son style \u00e9l\u00e9gant et \u00e0 sa polyvalence. Fabriqu\u00e9 avec du nylon recycl\u00e9 de haute qualit\u00e9 certifi\u00e9 GRS, une doublure souple en RPET et des \u00e9l\u00e9ments en PU de premi\u00e8re qualit\u00e9. Le sac \u00e0 dos comporte un compartiment parfait pour ordinateur portable 15&#039;&#039; avec deux poches suppl\u00e9mentaires pour les accessoires \u00e9lectroniques, un compartiment principal avec une fermeture \u00e9clair en L pratique et deux poches, une poche frontale zipp\u00e9e id\u00e9ale pour l&#039;organisation ainsi qu&#039;une poche lat\u00e9rale. Les bretelles matelass\u00e9es et r\u00e9glables et la poign\u00e9e sup\u00e9rieure en PU offrent un confort de transport maximal. Capacit\u00e9\u00a0: 18\u00a0litres. Capacit\u00e9 de charge maximale de 10 kg. Sans PVC.\" \/>\n<meta property=\"og:url\" content=\"https:\/\/perle-in.com\/en\/product\/sac-a-dos-rolltop-rhine-recycle-grs-15-de-18l\/\" \/>\n<meta property=\"og:site_name\" content=\"PERLE IN\" \/>\n<meta property=\"article:modified_time\" content=\"2025-10-15T23:43:51+00:00\" \/>\n<meta property=\"og:image\" content=\"https:\/\/perle-in.com\/wp-content\/uploads\/2025\/10\/13008890-1.jpg\" \/>\n\t<meta property=\"og:image:width\" content=\"1600\" \/>\n\t<meta property=\"og:image:height\" content=\"1600\" \/>\n\t<meta property=\"og:image:type\" content=\"image\/jpeg\" \/>\n<meta name=\"twitter:card\" content=\"summary_large_image\" \/>\n<script type=\"application\/ld+json\" class=\"yoast-schema-graph\">{\"@context\":\"https:\\\/\\\/schema.org\",\"@graph\":[{\"@type\":\"WebPage\",\"@id\":\"https:\\\/\\\/perle-in.com\\\/produit\\\/sac-a-dos-rolltop-rhine-recycle-grs-15-de-18l\\\/\",\"url\":\"https:\\\/\\\/perle-in.com\\\/produit\\\/sac-a-dos-rolltop-rhine-recycle-grs-15-de-18l\\\/\",\"name\":\"Sac \u00e0 dos rolltop Rhine recycl\u00e9 GRS 15\\\" de 18L - PERLE IN\",\"isPartOf\":{\"@id\":\"https:\\\/\\\/perle-in.com\\\/#website\"},\"primaryImageOfPage\":{\"@id\":\"https:\\\/\\\/perle-in.com\\\/produit\\\/sac-a-dos-rolltop-rhine-recycle-grs-15-de-18l\\\/#primaryimage\"},\"image\":{\"@id\":\"https:\\\/\\\/perle-in.com\\\/produit\\\/sac-a-dos-rolltop-rhine-recycle-grs-15-de-18l\\\/#primaryimage\"},\"thumbnailUrl\":\"https:\\\/\\\/perle-in.com\\\/wp-content\\\/uploads\\\/2025\\\/10\\\/13008890-1.jpg\",\"datePublished\":\"2025-10-15T23:43:49+00:00\",\"dateModified\":\"2025-10-15T23:43:51+00:00\",\"breadcrumb\":{\"@id\":\"https:\\\/\\\/perle-in.com\\\/produit\\\/sac-a-dos-rolltop-rhine-recycle-grs-15-de-18l\\\/#breadcrumb\"},\"inLanguage\":\"en-CA\",\"potentialAction\":[{\"@type\":\"ReadAction\",\"target\":[\"https:\\\/\\\/perle-in.com\\\/produit\\\/sac-a-dos-rolltop-rhine-recycle-grs-15-de-18l\\\/\"]}]},{\"@type\":\"ImageObject\",\"inLanguage\":\"en-CA\",\"@id\":\"https:\\\/\\\/perle-in.com\\\/produit\\\/sac-a-dos-rolltop-rhine-recycle-grs-15-de-18l\\\/#primaryimage\",\"url\":\"https:\\\/\\\/perle-in.com\\\/wp-content\\\/uploads\\\/2025\\\/10\\\/13008890-1.jpg\",\"contentUrl\":\"https:\\\/\\\/perle-in.com\\\/wp-content\\\/uploads\\\/2025\\\/10\\\/13008890-1.jpg\",\"width\":1600,\"height\":1600},{\"@type\":\"BreadcrumbList\",\"@id\":\"https:\\\/\\\/perle-in.com\\\/produit\\\/sac-a-dos-rolltop-rhine-recycle-grs-15-de-18l\\\/#breadcrumb\",\"itemListElement\":[{\"@type\":\"ListItem\",\"position\":1,\"name\":\"Accueil\",\"item\":\"https:\\\/\\\/perle-in.com\\\/\"},{\"@type\":\"ListItem\",\"position\":2,\"name\":\"Boutique\",\"item\":\"https:\\\/\\\/perle-in.com\\\/boutique\\\/\"},{\"@type\":\"ListItem\",\"position\":3,\"name\":\"Sac \u00e0 dos rolltop Rhine recycl\u00e9 GRS 15&#8243; de 18L\"}]},{\"@type\":\"WebSite\",\"@id\":\"https:\\\/\\\/perle-in.com\\\/#website\",\"url\":\"https:\\\/\\\/perle-in.com\\\/\",\"name\":\"PERLE IN\",\"description\":\"\",\"publisher\":{\"@id\":\"https:\\\/\\\/perle-in.com\\\/#organization\"},\"potentialAction\":[{\"@type\":\"SearchAction\",\"target\":{\"@type\":\"EntryPoint\",\"urlTemplate\":\"https:\\\/\\\/perle-in.com\\\/?s={search_term_string}\"},\"query-input\":{\"@type\":\"PropertyValueSpecification\",\"valueRequired\":true,\"valueName\":\"search_term_string\"}}],\"inLanguage\":\"en-CA\"},{\"@type\":\"Organization\",\"@id\":\"https:\\\/\\\/perle-in.com\\\/#organization\",\"name\":\"PERLE IN\",\"url\":\"https:\\\/\\\/perle-in.com\\\/\",\"logo\":{\"@type\":\"ImageObject\",\"inLanguage\":\"en-CA\",\"@id\":\"https:\\\/\\\/perle-in.com\\\/#\\\/schema\\\/logo\\\/image\\\/\",\"url\":\"https:\\\/\\\/perle-in.com\\\/wp-content\\\/uploads\\\/2022\\\/12\\\/LOGO-PERLE-IN-COULEUR@3x.webp\",\"contentUrl\":\"https:\\\/\\\/perle-in.com\\\/wp-content\\\/uploads\\\/2022\\\/12\\\/LOGO-PERLE-IN-COULEUR@3x.webp\",\"width\":1600,\"height\":490,\"caption\":\"PERLE IN\"},\"image\":{\"@id\":\"https:\\\/\\\/perle-in.com\\\/#\\\/schema\\\/logo\\\/image\\\/\"}}]}<\/script>\n<!-- \/ Yoast SEO plugin. -->","yoast_head_json":{"title":"Sac \u00e0 dos rolltop Rhine recycl\u00e9 GRS 15\" de 18L - PERLE IN","robots":{"index":"noindex","follow":"follow","max-snippet":"max-snippet:-1","max-image-preview":"max-image-preview:large","max-video-preview":"max-video-preview:-1"},"og_locale":"en_US","og_type":"article","og_title":"Sac \u00e0 dos rolltop Rhine recycl\u00e9 GRS 15\" de 18L - PERLE IN","og_description":"Le sac \u00e0 dos avec rabat enroulable Rhine vous permet de passer sans probl\u00e8me du travail aux loisirs gr\u00e2ce \u00e0 son style \u00e9l\u00e9gant et \u00e0 sa polyvalence. Fabriqu\u00e9 avec du nylon recycl\u00e9 de haute qualit\u00e9 certifi\u00e9 GRS, une doublure souple en RPET et des \u00e9l\u00e9ments en PU de premi\u00e8re qualit\u00e9. Le sac \u00e0 dos comporte un compartiment parfait pour ordinateur portable 15'' avec deux poches suppl\u00e9mentaires pour les accessoires \u00e9lectroniques, un compartiment principal avec une fermeture \u00e9clair en L pratique et deux poches, une poche frontale zipp\u00e9e id\u00e9ale pour l'organisation ainsi qu'une poche lat\u00e9rale. Les bretelles matelass\u00e9es et r\u00e9glables et la poign\u00e9e sup\u00e9rieure en PU offrent un confort de transport maximal. Capacit\u00e9\u00a0: 18\u00a0litres. Capacit\u00e9 de charge maximale de 10 kg. Sans PVC.","og_url":"https:\/\/perle-in.com\/en\/product\/sac-a-dos-rolltop-rhine-recycle-grs-15-de-18l\/","og_site_name":"PERLE IN","article_modified_time":"2025-10-15T23:43:51+00:00","og_image":[{"width":1600,"height":1600,"url":"https:\/\/perle-in.com\/wp-content\/uploads\/2025\/10\/13008890-1.jpg","type":"image\/jpeg"}],"twitter_card":"summary_large_image","schema":{"@context":"https:\/\/schema.org","@graph":[{"@type":"WebPage","@id":"https:\/\/perle-in.com\/produit\/sac-a-dos-rolltop-rhine-recycle-grs-15-de-18l\/","url":"https:\/\/perle-in.com\/produit\/sac-a-dos-rolltop-rhine-recycle-grs-15-de-18l\/","name":"Sac \u00e0 dos rolltop Rhine recycl\u00e9 GRS 15\" de 18L - PERLE IN","isPartOf":{"@id":"https:\/\/perle-in.com\/#website"},"primaryImageOfPage":{"@id":"https:\/\/perle-in.com\/produit\/sac-a-dos-rolltop-rhine-recycle-grs-15-de-18l\/#primaryimage"},"image":{"@id":"https:\/\/perle-in.com\/produit\/sac-a-dos-rolltop-rhine-recycle-grs-15-de-18l\/#primaryimage"},"thumbnailUrl":"https:\/\/perle-in.com\/wp-content\/uploads\/2025\/10\/13008890-1.jpg","datePublished":"2025-10-15T23:43:49+00:00","dateModified":"2025-10-15T23:43:51+00:00","breadcrumb":{"@id":"https:\/\/perle-in.com\/produit\/sac-a-dos-rolltop-rhine-recycle-grs-15-de-18l\/#breadcrumb"},"inLanguage":"en-CA","potentialAction":[{"@type":"ReadAction","target":["https:\/\/perle-in.com\/produit\/sac-a-dos-rolltop-rhine-recycle-grs-15-de-18l\/"]}]},{"@type":"ImageObject","inLanguage":"en-CA","@id":"https:\/\/perle-in.com\/produit\/sac-a-dos-rolltop-rhine-recycle-grs-15-de-18l\/#primaryimage","url":"https:\/\/perle-in.com\/wp-content\/uploads\/2025\/10\/13008890-1.jpg","contentUrl":"https:\/\/perle-in.com\/wp-content\/uploads\/2025\/10\/13008890-1.jpg","width":1600,"height":1600},{"@type":"BreadcrumbList","@id":"https:\/\/perle-in.com\/produit\/sac-a-dos-rolltop-rhine-recycle-grs-15-de-18l\/#breadcrumb","itemListElement":[{"@type":"ListItem","position":1,"name":"Accueil","item":"https:\/\/perle-in.com\/"},{"@type":"ListItem","position":2,"name":"Boutique","item":"https:\/\/perle-in.com\/boutique\/"},{"@type":"ListItem","position":3,"name":"Sac \u00e0 dos rolltop Rhine recycl\u00e9 GRS 15&#8243; de 18L"}]},{"@type":"WebSite","@id":"https:\/\/perle-in.com\/#website","url":"https:\/\/perle-in.com\/","name":"PERLE IN","description":"","publisher":{"@id":"https:\/\/perle-in.com\/#organization"},"potentialAction":[{"@type":"SearchAction","target":{"@type":"EntryPoint","urlTemplate":"https:\/\/perle-in.com\/?s={search_term_string}"},"query-input":{"@type":"PropertyValueSpecification","valueRequired":true,"valueName":"search_term_string"}}],"inLanguage":"en-CA"},{"@type":"Organization","@id":"https:\/\/perle-in.com\/#organization","name":"PERLE IN","url":"https:\/\/perle-in.com\/","logo":{"@type":"ImageObject","inLanguage":"en-CA","@id":"https:\/\/perle-in.com\/#\/schema\/logo\/image\/","url":"https:\/\/perle-in.com\/wp-content\/uploads\/2022\/12\/LOGO-PERLE-IN-COULEUR@3x.webp","contentUrl":"https:\/\/perle-in.com\/wp-content\/uploads\/2022\/12\/LOGO-PERLE-IN-COULEUR@3x.webp","width":1600,"height":490,"caption":"PERLE IN"},"image":{"@id":"https:\/\/perle-in.com\/#\/schema\/logo\/image\/"}}]}},"jetpack_sharing_enabled":true,"_links":{"self":[{"href":"https:\/\/perle-in.com\/en\/wp-json\/wp\/v2\/product\/572374","targetHints":{"allow":["GET"]}}],"collection":[{"href":"https:\/\/perle-in.com\/en\/wp-json\/wp\/v2\/product"}],"about":[{"href":"https:\/\/perle-in.com\/en\/wp-json\/wp\/v2\/types\/product"}],"version-history":[{"count":0,"href":"https:\/\/perle-in.com\/en\/wp-json\/wp\/v2\/product\/572374\/revisions"}],"wp:featuredmedia":[{"embeddable":true,"href":"https:\/\/perle-in.com\/en\/wp-json\/wp\/v2\/media\/572366"}],"wp:attachment":[{"href":"https:\/\/perle-in.com\/en\/wp-json\/wp\/v2\/media?parent=572374"}],"wp:term":[{"taxonomy":"product_brand","embeddable":true,"href":"https:\/\/perle-in.com\/en\/wp-json\/wp\/v2\/product_brand?post=572374"},{"taxonomy":"product_cat","embeddable":true,"href":"https:\/\/perle-in.com\/en\/wp-json\/wp\/v2\/product_cat?post=572374"},{"taxonomy":"product_tag","embeddable":true,"href":"https:\/\/perle-in.com\/en\/wp-json\/wp\/v2\/product_tag?post=572374"}],"curies":[{"name":"wp","href":"https:\/\/api.w.org\/{rel}","templated":true}]}}