{"id":569080,"date":"2025-10-15T23:27:16","date_gmt":"2025-10-15T21:27:16","guid":{"rendered":"https:\/\/perle-in.com\/produit\/ecouteurs-rebel-avec-etui-de-rangement-en-plastique-recycle\/"},"modified":"2025-10-15T23:27:21","modified_gmt":"2025-10-15T21:27:21","slug":"ecouteurs-rebel-avec-etui-de-rangement-en-plastique-recycle","status":"publish","type":"product","link":"https:\/\/perle-in.com\/en\/product\/ecouteurs-rebel-avec-etui-de-rangement-en-plastique-recycle\/","title":{"rendered":"\u00c9couteurs Rebel avec \u00e9tui de rangement en plastique recycl\u00e9"},"content":{"rendered":"","protected":false},"excerpt":{"rendered":"<p>Les \u00e9couteurs Rebel, simples d\u2019utilisation, peuvent \u00eatre utilis\u00e9s avec n\u2019importe quel appareil audio standard dot\u00e9 d\u2019une prise audio de 3,5\u00a0mm. Les \u00e9couteurs sont livr\u00e9s dans un \u00e9tui triangulaire avec rangement pour le c\u00e2ble fabriqu\u00e9 \u00e0 partir de plastique recycl\u00e9, pour une bonne protection contre tout dommage ext\u00e9rieur.<\/p>","protected":false},"featured_media":569072,"template":"","meta":{"_eb_attr":""},"product_brand":[],"product_cat":[1132,667],"product_tag":[826,822,1653],"class_list":{"0":"post-569080","1":"product","2":"type-product","3":"status-publish","4":"has-post-thumbnail","6":"product_cat-ecouteurs","7":"product_cat-technologie","8":"product_tag-ecouteurs","9":"product_tag-musique","10":"product_tag-oreillettes","11":"pa_couleurs-blanc","12":"pa_couleurs-noir","13":"pa_green-points-2847","14":"pa_matiere-plastique-recycle-abs","16":"first","17":"instock","18":"shipping-taxable","19":"purchasable","20":"product-type-variable"},"yoast_head":"<!-- This site is optimized with the Yoast SEO plugin v27.4 - https:\/\/yoast.com\/product\/yoast-seo-wordpress\/ -->\n<title>\u00c9couteurs Rebel avec \u00e9tui de rangement en plastique recycl\u00e9 - PERLE IN<\/title>\n<meta name=\"robots\" content=\"noindex, follow, max-snippet:-1, max-image-preview:large, max-video-preview:-1\" \/>\n<meta property=\"og:locale\" content=\"en_US\" \/>\n<meta property=\"og:type\" content=\"article\" \/>\n<meta property=\"og:title\" content=\"\u00c9couteurs Rebel avec \u00e9tui de rangement en plastique recycl\u00e9 - PERLE IN\" \/>\n<meta property=\"og:description\" content=\"Les \u00e9couteurs Rebel, simples d\u2019utilisation, peuvent \u00eatre utilis\u00e9s avec n\u2019importe quel appareil audio standard dot\u00e9 d\u2019une prise audio de 3,5\u00a0mm. Les \u00e9couteurs sont livr\u00e9s dans un \u00e9tui triangulaire avec rangement pour le c\u00e2ble fabriqu\u00e9 \u00e0 partir de plastique recycl\u00e9, pour une bonne protection contre tout dommage ext\u00e9rieur.\" \/>\n<meta property=\"og:url\" content=\"https:\/\/perle-in.com\/en\/product\/ecouteurs-rebel-avec-etui-de-rangement-en-plastique-recycle\/\" \/>\n<meta property=\"og:site_name\" content=\"PERLE IN\" \/>\n<meta property=\"article:modified_time\" content=\"2025-10-15T21:27:21+00:00\" \/>\n<meta property=\"og:image\" content=\"https:\/\/perle-in.com\/wp-content\/uploads\/2025\/10\/12443901-1.jpg\" \/>\n\t<meta property=\"og:image:width\" content=\"1600\" \/>\n\t<meta property=\"og:image:height\" content=\"1600\" \/>\n\t<meta property=\"og:image:type\" content=\"image\/jpeg\" \/>\n<meta name=\"twitter:card\" content=\"summary_large_image\" \/>\n<script type=\"application\/ld+json\" class=\"yoast-schema-graph\">{\"@context\":\"https:\\\/\\\/schema.org\",\"@graph\":[{\"@type\":\"WebPage\",\"@id\":\"https:\\\/\\\/perle-in.com\\\/produit\\\/ecouteurs-rebel-avec-etui-de-rangement-en-plastique-recycle\\\/\",\"url\":\"https:\\\/\\\/perle-in.com\\\/produit\\\/ecouteurs-rebel-avec-etui-de-rangement-en-plastique-recycle\\\/\",\"name\":\"\u00c9couteurs Rebel avec \u00e9tui de rangement en plastique recycl\u00e9 - PERLE IN\",\"isPartOf\":{\"@id\":\"https:\\\/\\\/perle-in.com\\\/#website\"},\"primaryImageOfPage\":{\"@id\":\"https:\\\/\\\/perle-in.com\\\/produit\\\/ecouteurs-rebel-avec-etui-de-rangement-en-plastique-recycle\\\/#primaryimage\"},\"image\":{\"@id\":\"https:\\\/\\\/perle-in.com\\\/produit\\\/ecouteurs-rebel-avec-etui-de-rangement-en-plastique-recycle\\\/#primaryimage\"},\"thumbnailUrl\":\"https:\\\/\\\/perle-in.com\\\/wp-content\\\/uploads\\\/2025\\\/10\\\/12443901-1.jpg\",\"datePublished\":\"2025-10-15T21:27:16+00:00\",\"dateModified\":\"2025-10-15T21:27:21+00:00\",\"breadcrumb\":{\"@id\":\"https:\\\/\\\/perle-in.com\\\/produit\\\/ecouteurs-rebel-avec-etui-de-rangement-en-plastique-recycle\\\/#breadcrumb\"},\"inLanguage\":\"en-CA\",\"potentialAction\":[{\"@type\":\"ReadAction\",\"target\":[\"https:\\\/\\\/perle-in.com\\\/produit\\\/ecouteurs-rebel-avec-etui-de-rangement-en-plastique-recycle\\\/\"]}]},{\"@type\":\"ImageObject\",\"inLanguage\":\"en-CA\",\"@id\":\"https:\\\/\\\/perle-in.com\\\/produit\\\/ecouteurs-rebel-avec-etui-de-rangement-en-plastique-recycle\\\/#primaryimage\",\"url\":\"https:\\\/\\\/perle-in.com\\\/wp-content\\\/uploads\\\/2025\\\/10\\\/12443901-1.jpg\",\"contentUrl\":\"https:\\\/\\\/perle-in.com\\\/wp-content\\\/uploads\\\/2025\\\/10\\\/12443901-1.jpg\",\"width\":1600,\"height\":1600},{\"@type\":\"BreadcrumbList\",\"@id\":\"https:\\\/\\\/perle-in.com\\\/produit\\\/ecouteurs-rebel-avec-etui-de-rangement-en-plastique-recycle\\\/#breadcrumb\",\"itemListElement\":[{\"@type\":\"ListItem\",\"position\":1,\"name\":\"Accueil\",\"item\":\"https:\\\/\\\/perle-in.com\\\/\"},{\"@type\":\"ListItem\",\"position\":2,\"name\":\"Boutique\",\"item\":\"https:\\\/\\\/perle-in.com\\\/boutique\\\/\"},{\"@type\":\"ListItem\",\"position\":3,\"name\":\"\u00c9couteurs Rebel avec \u00e9tui de rangement en plastique recycl\u00e9\"}]},{\"@type\":\"WebSite\",\"@id\":\"https:\\\/\\\/perle-in.com\\\/#website\",\"url\":\"https:\\\/\\\/perle-in.com\\\/\",\"name\":\"PERLE IN\",\"description\":\"\",\"publisher\":{\"@id\":\"https:\\\/\\\/perle-in.com\\\/#organization\"},\"potentialAction\":[{\"@type\":\"SearchAction\",\"target\":{\"@type\":\"EntryPoint\",\"urlTemplate\":\"https:\\\/\\\/perle-in.com\\\/?s={search_term_string}\"},\"query-input\":{\"@type\":\"PropertyValueSpecification\",\"valueRequired\":true,\"valueName\":\"search_term_string\"}}],\"inLanguage\":\"en-CA\"},{\"@type\":\"Organization\",\"@id\":\"https:\\\/\\\/perle-in.com\\\/#organization\",\"name\":\"PERLE IN\",\"url\":\"https:\\\/\\\/perle-in.com\\\/\",\"logo\":{\"@type\":\"ImageObject\",\"inLanguage\":\"en-CA\",\"@id\":\"https:\\\/\\\/perle-in.com\\\/#\\\/schema\\\/logo\\\/image\\\/\",\"url\":\"https:\\\/\\\/perle-in.com\\\/wp-content\\\/uploads\\\/2022\\\/12\\\/LOGO-PERLE-IN-COULEUR@3x.webp\",\"contentUrl\":\"https:\\\/\\\/perle-in.com\\\/wp-content\\\/uploads\\\/2022\\\/12\\\/LOGO-PERLE-IN-COULEUR@3x.webp\",\"width\":1600,\"height\":490,\"caption\":\"PERLE IN\"},\"image\":{\"@id\":\"https:\\\/\\\/perle-in.com\\\/#\\\/schema\\\/logo\\\/image\\\/\"}}]}<\/script>\n<!-- \/ Yoast SEO plugin. -->","yoast_head_json":{"title":"\u00c9couteurs Rebel avec \u00e9tui de rangement en plastique recycl\u00e9 - PERLE IN","robots":{"index":"noindex","follow":"follow","max-snippet":"max-snippet:-1","max-image-preview":"max-image-preview:large","max-video-preview":"max-video-preview:-1"},"og_locale":"en_US","og_type":"article","og_title":"\u00c9couteurs Rebel avec \u00e9tui de rangement en plastique recycl\u00e9 - PERLE IN","og_description":"Les \u00e9couteurs Rebel, simples d\u2019utilisation, peuvent \u00eatre utilis\u00e9s avec n\u2019importe quel appareil audio standard dot\u00e9 d\u2019une prise audio de 3,5\u00a0mm. Les \u00e9couteurs sont livr\u00e9s dans un \u00e9tui triangulaire avec rangement pour le c\u00e2ble fabriqu\u00e9 \u00e0 partir de plastique recycl\u00e9, pour une bonne protection contre tout dommage ext\u00e9rieur.","og_url":"https:\/\/perle-in.com\/en\/product\/ecouteurs-rebel-avec-etui-de-rangement-en-plastique-recycle\/","og_site_name":"PERLE IN","article_modified_time":"2025-10-15T21:27:21+00:00","og_image":[{"width":1600,"height":1600,"url":"https:\/\/perle-in.com\/wp-content\/uploads\/2025\/10\/12443901-1.jpg","type":"image\/jpeg"}],"twitter_card":"summary_large_image","schema":{"@context":"https:\/\/schema.org","@graph":[{"@type":"WebPage","@id":"https:\/\/perle-in.com\/produit\/ecouteurs-rebel-avec-etui-de-rangement-en-plastique-recycle\/","url":"https:\/\/perle-in.com\/produit\/ecouteurs-rebel-avec-etui-de-rangement-en-plastique-recycle\/","name":"\u00c9couteurs Rebel avec \u00e9tui de rangement en plastique recycl\u00e9 - PERLE IN","isPartOf":{"@id":"https:\/\/perle-in.com\/#website"},"primaryImageOfPage":{"@id":"https:\/\/perle-in.com\/produit\/ecouteurs-rebel-avec-etui-de-rangement-en-plastique-recycle\/#primaryimage"},"image":{"@id":"https:\/\/perle-in.com\/produit\/ecouteurs-rebel-avec-etui-de-rangement-en-plastique-recycle\/#primaryimage"},"thumbnailUrl":"https:\/\/perle-in.com\/wp-content\/uploads\/2025\/10\/12443901-1.jpg","datePublished":"2025-10-15T21:27:16+00:00","dateModified":"2025-10-15T21:27:21+00:00","breadcrumb":{"@id":"https:\/\/perle-in.com\/produit\/ecouteurs-rebel-avec-etui-de-rangement-en-plastique-recycle\/#breadcrumb"},"inLanguage":"en-CA","potentialAction":[{"@type":"ReadAction","target":["https:\/\/perle-in.com\/produit\/ecouteurs-rebel-avec-etui-de-rangement-en-plastique-recycle\/"]}]},{"@type":"ImageObject","inLanguage":"en-CA","@id":"https:\/\/perle-in.com\/produit\/ecouteurs-rebel-avec-etui-de-rangement-en-plastique-recycle\/#primaryimage","url":"https:\/\/perle-in.com\/wp-content\/uploads\/2025\/10\/12443901-1.jpg","contentUrl":"https:\/\/perle-in.com\/wp-content\/uploads\/2025\/10\/12443901-1.jpg","width":1600,"height":1600},{"@type":"BreadcrumbList","@id":"https:\/\/perle-in.com\/produit\/ecouteurs-rebel-avec-etui-de-rangement-en-plastique-recycle\/#breadcrumb","itemListElement":[{"@type":"ListItem","position":1,"name":"Accueil","item":"https:\/\/perle-in.com\/"},{"@type":"ListItem","position":2,"name":"Boutique","item":"https:\/\/perle-in.com\/boutique\/"},{"@type":"ListItem","position":3,"name":"\u00c9couteurs Rebel avec \u00e9tui de rangement en plastique recycl\u00e9"}]},{"@type":"WebSite","@id":"https:\/\/perle-in.com\/#website","url":"https:\/\/perle-in.com\/","name":"PERLE IN","description":"","publisher":{"@id":"https:\/\/perle-in.com\/#organization"},"potentialAction":[{"@type":"SearchAction","target":{"@type":"EntryPoint","urlTemplate":"https:\/\/perle-in.com\/?s={search_term_string}"},"query-input":{"@type":"PropertyValueSpecification","valueRequired":true,"valueName":"search_term_string"}}],"inLanguage":"en-CA"},{"@type":"Organization","@id":"https:\/\/perle-in.com\/#organization","name":"PERLE IN","url":"https:\/\/perle-in.com\/","logo":{"@type":"ImageObject","inLanguage":"en-CA","@id":"https:\/\/perle-in.com\/#\/schema\/logo\/image\/","url":"https:\/\/perle-in.com\/wp-content\/uploads\/2022\/12\/LOGO-PERLE-IN-COULEUR@3x.webp","contentUrl":"https:\/\/perle-in.com\/wp-content\/uploads\/2022\/12\/LOGO-PERLE-IN-COULEUR@3x.webp","width":1600,"height":490,"caption":"PERLE IN"},"image":{"@id":"https:\/\/perle-in.com\/#\/schema\/logo\/image\/"}}]}},"jetpack_sharing_enabled":true,"_links":{"self":[{"href":"https:\/\/perle-in.com\/en\/wp-json\/wp\/v2\/product\/569080","targetHints":{"allow":["GET"]}}],"collection":[{"href":"https:\/\/perle-in.com\/en\/wp-json\/wp\/v2\/product"}],"about":[{"href":"https:\/\/perle-in.com\/en\/wp-json\/wp\/v2\/types\/product"}],"version-history":[{"count":0,"href":"https:\/\/perle-in.com\/en\/wp-json\/wp\/v2\/product\/569080\/revisions"}],"wp:featuredmedia":[{"embeddable":true,"href":"https:\/\/perle-in.com\/en\/wp-json\/wp\/v2\/media\/569072"}],"wp:attachment":[{"href":"https:\/\/perle-in.com\/en\/wp-json\/wp\/v2\/media?parent=569080"}],"wp:term":[{"taxonomy":"product_brand","embeddable":true,"href":"https:\/\/perle-in.com\/en\/wp-json\/wp\/v2\/product_brand?post=569080"},{"taxonomy":"product_cat","embeddable":true,"href":"https:\/\/perle-in.com\/en\/wp-json\/wp\/v2\/product_cat?post=569080"},{"taxonomy":"product_tag","embeddable":true,"href":"https:\/\/perle-in.com\/en\/wp-json\/wp\/v2\/product_tag?post=569080"}],"curies":[{"name":"wp","href":"https:\/\/api.w.org\/{rel}","templated":true}]}}