{"id":568581,"date":"2025-10-15T22:26:24","date_gmt":"2025-10-15T20:26:24","guid":{"rendered":"https:\/\/perle-in.com\/produit\/carnet-a-couverture-rigide-spectrum-plus-a6\/"},"modified":"2025-10-15T22:26:41","modified_gmt":"2025-10-15T20:26:41","slug":"carnet-a-couverture-rigide-spectrum-plus-a6","status":"publish","type":"product","link":"https:\/\/perle-in.com\/en\/product\/carnet-a-couverture-rigide-spectrum-plus-a6\/","title":{"rendered":"Carnet \u00e0 couverture rigide Spectrum Plus A6"},"content":{"rendered":"","protected":false},"excerpt":{"rendered":"<p>Le carnet \u00e0 couverture rigide Spectrum\u00a0Plus A6 \u00e0 coins arrondis constitue non seulement un accessoire de bureau indispensable, mais aussi une excellente occasion de promouvoir votre marque. Ce carnet est pourvu d\u2019une couverture douce et de 80\u00a0feuilles lign\u00e9es de couleur cr\u00e8me de 70\u00a0g\/m\u00b2, id\u00e9ales pour noter les pens\u00e9es qui vous passent par la t\u00eate, comme du texte plus long. Ce carnet est dot\u00e9 d\u2019une boucle pour stylo, d\u2019une fermeture \u00e9lastique, d\u2019un ruban marque-page et d\u2019une pochette en accord\u00e9on.<\/p>","protected":false},"featured_media":568566,"template":"","meta":{"_eb_attr":""},"product_brand":[],"product_cat":[587,4196],"product_tag":[1513,1514],"class_list":{"0":"post-568581","1":"product","2":"type-product","3":"status-publish","4":"has-post-thumbnail","6":"product_cat-bloc-notes-couverture-rigide","7":"product_cat-blocs-notes-et-papeterie-personnalisee","8":"product_tag-carnet","9":"product_tag-carnets","10":"pa_couleurs-blanc","11":"pa_couleurs-bleu-clair","12":"pa_couleurs-bleu-marine","13":"pa_couleurs-bleu-royal","14":"pa_couleurs-citron-vert","15":"pa_couleurs-gris","16":"pa_couleurs-jaune","17":"pa_couleurs-noir","18":"pa_couleurs-orange","19":"pa_couleurs-rose","20":"pa_couleurs-rouge","21":"pa_matiere-papier-certifie-fsc-plastique-pu","23":"first","24":"instock","25":"shipping-taxable","26":"purchasable","27":"product-type-variable"},"yoast_head":"<!-- This site is optimized with the Yoast SEO plugin v27.4 - https:\/\/yoast.com\/product\/yoast-seo-wordpress\/ -->\n<title>Carnet \u00e0 couverture rigide Spectrum Plus A6 - PERLE IN<\/title>\n<meta name=\"robots\" content=\"noindex, follow, max-snippet:-1, max-image-preview:large, max-video-preview:-1\" \/>\n<meta property=\"og:locale\" content=\"en_US\" \/>\n<meta property=\"og:type\" content=\"article\" \/>\n<meta property=\"og:title\" content=\"Carnet \u00e0 couverture rigide Spectrum Plus A6 - PERLE IN\" \/>\n<meta property=\"og:description\" content=\"Le carnet \u00e0 couverture rigide Spectrum\u00a0Plus A6 \u00e0 coins arrondis constitue non seulement un accessoire de bureau indispensable, mais aussi une excellente occasion de promouvoir votre marque. Ce carnet est pourvu d\u2019une couverture douce et de 80\u00a0feuilles lign\u00e9es de couleur cr\u00e8me de 70\u00a0g\/m\u00b2, id\u00e9ales pour noter les pens\u00e9es qui vous passent par la t\u00eate, comme du texte plus long. Ce carnet est dot\u00e9 d\u2019une boucle pour stylo, d\u2019une fermeture \u00e9lastique, d\u2019un ruban marque-page et d\u2019une pochette en accord\u00e9on.\" \/>\n<meta property=\"og:url\" content=\"https:\/\/perle-in.com\/en\/product\/carnet-a-couverture-rigide-spectrum-plus-a6\/\" \/>\n<meta property=\"og:site_name\" content=\"PERLE IN\" \/>\n<meta property=\"article:modified_time\" content=\"2025-10-15T20:26:41+00:00\" \/>\n<meta property=\"og:image\" content=\"https:\/\/perle-in.com\/wp-content\/uploads\/2025\/10\/10796301-1.jpg\" \/>\n\t<meta property=\"og:image:width\" content=\"1600\" \/>\n\t<meta property=\"og:image:height\" content=\"1600\" \/>\n\t<meta property=\"og:image:type\" content=\"image\/jpeg\" \/>\n<meta name=\"twitter:card\" content=\"summary_large_image\" \/>\n<script type=\"application\/ld+json\" class=\"yoast-schema-graph\">{\"@context\":\"https:\\\/\\\/schema.org\",\"@graph\":[{\"@type\":\"WebPage\",\"@id\":\"https:\\\/\\\/perle-in.com\\\/produit\\\/carnet-a-couverture-rigide-spectrum-plus-a6\\\/\",\"url\":\"https:\\\/\\\/perle-in.com\\\/produit\\\/carnet-a-couverture-rigide-spectrum-plus-a6\\\/\",\"name\":\"Carnet \u00e0 couverture rigide Spectrum Plus A6 - PERLE IN\",\"isPartOf\":{\"@id\":\"https:\\\/\\\/perle-in.com\\\/#website\"},\"primaryImageOfPage\":{\"@id\":\"https:\\\/\\\/perle-in.com\\\/produit\\\/carnet-a-couverture-rigide-spectrum-plus-a6\\\/#primaryimage\"},\"image\":{\"@id\":\"https:\\\/\\\/perle-in.com\\\/produit\\\/carnet-a-couverture-rigide-spectrum-plus-a6\\\/#primaryimage\"},\"thumbnailUrl\":\"https:\\\/\\\/perle-in.com\\\/wp-content\\\/uploads\\\/2025\\\/10\\\/10796301-1.jpg\",\"datePublished\":\"2025-10-15T20:26:24+00:00\",\"dateModified\":\"2025-10-15T20:26:41+00:00\",\"breadcrumb\":{\"@id\":\"https:\\\/\\\/perle-in.com\\\/produit\\\/carnet-a-couverture-rigide-spectrum-plus-a6\\\/#breadcrumb\"},\"inLanguage\":\"en-CA\",\"potentialAction\":[{\"@type\":\"ReadAction\",\"target\":[\"https:\\\/\\\/perle-in.com\\\/produit\\\/carnet-a-couverture-rigide-spectrum-plus-a6\\\/\"]}]},{\"@type\":\"ImageObject\",\"inLanguage\":\"en-CA\",\"@id\":\"https:\\\/\\\/perle-in.com\\\/produit\\\/carnet-a-couverture-rigide-spectrum-plus-a6\\\/#primaryimage\",\"url\":\"https:\\\/\\\/perle-in.com\\\/wp-content\\\/uploads\\\/2025\\\/10\\\/10796301-1.jpg\",\"contentUrl\":\"https:\\\/\\\/perle-in.com\\\/wp-content\\\/uploads\\\/2025\\\/10\\\/10796301-1.jpg\",\"width\":1600,\"height\":1600},{\"@type\":\"BreadcrumbList\",\"@id\":\"https:\\\/\\\/perle-in.com\\\/produit\\\/carnet-a-couverture-rigide-spectrum-plus-a6\\\/#breadcrumb\",\"itemListElement\":[{\"@type\":\"ListItem\",\"position\":1,\"name\":\"Accueil\",\"item\":\"https:\\\/\\\/perle-in.com\\\/\"},{\"@type\":\"ListItem\",\"position\":2,\"name\":\"Boutique\",\"item\":\"https:\\\/\\\/perle-in.com\\\/boutique\\\/\"},{\"@type\":\"ListItem\",\"position\":3,\"name\":\"Carnet \u00e0 couverture rigide Spectrum Plus A6\"}]},{\"@type\":\"WebSite\",\"@id\":\"https:\\\/\\\/perle-in.com\\\/#website\",\"url\":\"https:\\\/\\\/perle-in.com\\\/\",\"name\":\"PERLE IN\",\"description\":\"\",\"publisher\":{\"@id\":\"https:\\\/\\\/perle-in.com\\\/#organization\"},\"potentialAction\":[{\"@type\":\"SearchAction\",\"target\":{\"@type\":\"EntryPoint\",\"urlTemplate\":\"https:\\\/\\\/perle-in.com\\\/?s={search_term_string}\"},\"query-input\":{\"@type\":\"PropertyValueSpecification\",\"valueRequired\":true,\"valueName\":\"search_term_string\"}}],\"inLanguage\":\"en-CA\"},{\"@type\":\"Organization\",\"@id\":\"https:\\\/\\\/perle-in.com\\\/#organization\",\"name\":\"PERLE IN\",\"url\":\"https:\\\/\\\/perle-in.com\\\/\",\"logo\":{\"@type\":\"ImageObject\",\"inLanguage\":\"en-CA\",\"@id\":\"https:\\\/\\\/perle-in.com\\\/#\\\/schema\\\/logo\\\/image\\\/\",\"url\":\"https:\\\/\\\/perle-in.com\\\/wp-content\\\/uploads\\\/2022\\\/12\\\/LOGO-PERLE-IN-COULEUR@3x.webp\",\"contentUrl\":\"https:\\\/\\\/perle-in.com\\\/wp-content\\\/uploads\\\/2022\\\/12\\\/LOGO-PERLE-IN-COULEUR@3x.webp\",\"width\":1600,\"height\":490,\"caption\":\"PERLE IN\"},\"image\":{\"@id\":\"https:\\\/\\\/perle-in.com\\\/#\\\/schema\\\/logo\\\/image\\\/\"}}]}<\/script>\n<!-- \/ Yoast SEO plugin. -->","yoast_head_json":{"title":"Carnet \u00e0 couverture rigide Spectrum Plus A6 - PERLE IN","robots":{"index":"noindex","follow":"follow","max-snippet":"max-snippet:-1","max-image-preview":"max-image-preview:large","max-video-preview":"max-video-preview:-1"},"og_locale":"en_US","og_type":"article","og_title":"Carnet \u00e0 couverture rigide Spectrum Plus A6 - PERLE IN","og_description":"Le carnet \u00e0 couverture rigide Spectrum\u00a0Plus A6 \u00e0 coins arrondis constitue non seulement un accessoire de bureau indispensable, mais aussi une excellente occasion de promouvoir votre marque. Ce carnet est pourvu d\u2019une couverture douce et de 80\u00a0feuilles lign\u00e9es de couleur cr\u00e8me de 70\u00a0g\/m\u00b2, id\u00e9ales pour noter les pens\u00e9es qui vous passent par la t\u00eate, comme du texte plus long. Ce carnet est dot\u00e9 d\u2019une boucle pour stylo, d\u2019une fermeture \u00e9lastique, d\u2019un ruban marque-page et d\u2019une pochette en accord\u00e9on.","og_url":"https:\/\/perle-in.com\/en\/product\/carnet-a-couverture-rigide-spectrum-plus-a6\/","og_site_name":"PERLE IN","article_modified_time":"2025-10-15T20:26:41+00:00","og_image":[{"width":1600,"height":1600,"url":"https:\/\/perle-in.com\/wp-content\/uploads\/2025\/10\/10796301-1.jpg","type":"image\/jpeg"}],"twitter_card":"summary_large_image","schema":{"@context":"https:\/\/schema.org","@graph":[{"@type":"WebPage","@id":"https:\/\/perle-in.com\/produit\/carnet-a-couverture-rigide-spectrum-plus-a6\/","url":"https:\/\/perle-in.com\/produit\/carnet-a-couverture-rigide-spectrum-plus-a6\/","name":"Carnet \u00e0 couverture rigide Spectrum Plus A6 - PERLE IN","isPartOf":{"@id":"https:\/\/perle-in.com\/#website"},"primaryImageOfPage":{"@id":"https:\/\/perle-in.com\/produit\/carnet-a-couverture-rigide-spectrum-plus-a6\/#primaryimage"},"image":{"@id":"https:\/\/perle-in.com\/produit\/carnet-a-couverture-rigide-spectrum-plus-a6\/#primaryimage"},"thumbnailUrl":"https:\/\/perle-in.com\/wp-content\/uploads\/2025\/10\/10796301-1.jpg","datePublished":"2025-10-15T20:26:24+00:00","dateModified":"2025-10-15T20:26:41+00:00","breadcrumb":{"@id":"https:\/\/perle-in.com\/produit\/carnet-a-couverture-rigide-spectrum-plus-a6\/#breadcrumb"},"inLanguage":"en-CA","potentialAction":[{"@type":"ReadAction","target":["https:\/\/perle-in.com\/produit\/carnet-a-couverture-rigide-spectrum-plus-a6\/"]}]},{"@type":"ImageObject","inLanguage":"en-CA","@id":"https:\/\/perle-in.com\/produit\/carnet-a-couverture-rigide-spectrum-plus-a6\/#primaryimage","url":"https:\/\/perle-in.com\/wp-content\/uploads\/2025\/10\/10796301-1.jpg","contentUrl":"https:\/\/perle-in.com\/wp-content\/uploads\/2025\/10\/10796301-1.jpg","width":1600,"height":1600},{"@type":"BreadcrumbList","@id":"https:\/\/perle-in.com\/produit\/carnet-a-couverture-rigide-spectrum-plus-a6\/#breadcrumb","itemListElement":[{"@type":"ListItem","position":1,"name":"Accueil","item":"https:\/\/perle-in.com\/"},{"@type":"ListItem","position":2,"name":"Boutique","item":"https:\/\/perle-in.com\/boutique\/"},{"@type":"ListItem","position":3,"name":"Carnet \u00e0 couverture rigide Spectrum Plus A6"}]},{"@type":"WebSite","@id":"https:\/\/perle-in.com\/#website","url":"https:\/\/perle-in.com\/","name":"PERLE IN","description":"","publisher":{"@id":"https:\/\/perle-in.com\/#organization"},"potentialAction":[{"@type":"SearchAction","target":{"@type":"EntryPoint","urlTemplate":"https:\/\/perle-in.com\/?s={search_term_string}"},"query-input":{"@type":"PropertyValueSpecification","valueRequired":true,"valueName":"search_term_string"}}],"inLanguage":"en-CA"},{"@type":"Organization","@id":"https:\/\/perle-in.com\/#organization","name":"PERLE IN","url":"https:\/\/perle-in.com\/","logo":{"@type":"ImageObject","inLanguage":"en-CA","@id":"https:\/\/perle-in.com\/#\/schema\/logo\/image\/","url":"https:\/\/perle-in.com\/wp-content\/uploads\/2022\/12\/LOGO-PERLE-IN-COULEUR@3x.webp","contentUrl":"https:\/\/perle-in.com\/wp-content\/uploads\/2022\/12\/LOGO-PERLE-IN-COULEUR@3x.webp","width":1600,"height":490,"caption":"PERLE IN"},"image":{"@id":"https:\/\/perle-in.com\/#\/schema\/logo\/image\/"}}]}},"jetpack_sharing_enabled":true,"_links":{"self":[{"href":"https:\/\/perle-in.com\/en\/wp-json\/wp\/v2\/product\/568581","targetHints":{"allow":["GET"]}}],"collection":[{"href":"https:\/\/perle-in.com\/en\/wp-json\/wp\/v2\/product"}],"about":[{"href":"https:\/\/perle-in.com\/en\/wp-json\/wp\/v2\/types\/product"}],"version-history":[{"count":0,"href":"https:\/\/perle-in.com\/en\/wp-json\/wp\/v2\/product\/568581\/revisions"}],"wp:featuredmedia":[{"embeddable":true,"href":"https:\/\/perle-in.com\/en\/wp-json\/wp\/v2\/media\/568566"}],"wp:attachment":[{"href":"https:\/\/perle-in.com\/en\/wp-json\/wp\/v2\/media?parent=568581"}],"wp:term":[{"taxonomy":"product_brand","embeddable":true,"href":"https:\/\/perle-in.com\/en\/wp-json\/wp\/v2\/product_brand?post=568581"},{"taxonomy":"product_cat","embeddable":true,"href":"https:\/\/perle-in.com\/en\/wp-json\/wp\/v2\/product_cat?post=568581"},{"taxonomy":"product_tag","embeddable":true,"href":"https:\/\/perle-in.com\/en\/wp-json\/wp\/v2\/product_tag?post=568581"}],"curies":[{"name":"wp","href":"https:\/\/api.w.org\/{rel}","templated":true}]}}