{"id":565185,"date":"2025-10-15T19:31:33","date_gmt":"2025-10-15T17:31:33","guid":{"rendered":"https:\/\/perle-in.com\/produit\/sacoche-dordinateur-verticale-moleskine-classic\/"},"modified":"2025-10-15T19:31:35","modified_gmt":"2025-10-15T17:31:35","slug":"sacoche-dordinateur-verticale-moleskine-classic","status":"publish","type":"product","link":"https:\/\/perle-in.com\/en\/product\/sacoche-dordinateur-verticale-moleskine-classic\/","title":{"rendered":"Sacoche d\u2019ordinateur verticale Moleskine Classic"},"content":{"rendered":"","protected":false},"excerpt":{"rendered":"<p>Le sac vertical pour appareils Classic est un sac destin\u00e9 \u00e0 l\u2019espace de travail mobile et intelligent. Il est dot\u00e9 d\u2019une poche arri\u00e8re ouverte pour garder les objets essentiels \u00e0 port\u00e9e de main, d\u2019une poche zipp\u00e9e s\u00e9curis\u00e9e au dos et de bretelles dissimulables et r\u00e9glables pour les d\u00e9placements. Il est \u00e9galement dot\u00e9 de plusieurs poches \u00e0 l\u2019int\u00e9rieur. Une pochette pour les notes, une pochette zipp\u00e9e s\u00e9curis\u00e9e et un organiseur avec 2\u00a0porte-stylos et un porte-cartes de visite. Un appareil \u00e9lectronique jusqu\u2019\u00e0 15\u00a0pouces peut \u00e9galement \u00eatre stock\u00e9 en toute s\u00e9curit\u00e9. <\/p>","protected":false},"featured_media":565005,"template":"","meta":{"_eb_attr":""},"product_brand":[],"product_cat":[1241,426,159],"product_tag":[2755,2751,3418,3715,1984,1542,282],"class_list":{"0":"post-565185","1":"product","2":"type-product","3":"status-publish","4":"has-post-thumbnail","6":"product_cat-accessoires-de-voyage-sport-et-loisirs","7":"product_cat-accessoires-de-voyage","8":"product_cat-sacs","9":"product_tag-accessoire","10":"product_tag-accessoires","11":"product_tag-adaptateur","12":"product_tag-appareil","13":"product_tag-cables","14":"product_tag-moleskine","15":"product_tag-sac","16":"pa_couleurs-noir","17":"pa_marque-moleskine","18":"pa_matiere-polyester-recouvert-de-plastique-pu","20":"first","21":"instock","22":"shipping-taxable","23":"purchasable","24":"product-type-variable"},"yoast_head":"<!-- This site is optimized with the Yoast SEO plugin v27.4 - https:\/\/yoast.com\/product\/yoast-seo-wordpress\/ -->\n<title>Sacoche d\u2019ordinateur verticale Moleskine Classic - PERLE IN<\/title>\n<meta name=\"robots\" content=\"noindex, follow, max-snippet:-1, max-image-preview:large, max-video-preview:-1\" \/>\n<meta property=\"og:locale\" content=\"en_US\" \/>\n<meta property=\"og:type\" content=\"article\" \/>\n<meta property=\"og:title\" content=\"Sacoche d\u2019ordinateur verticale Moleskine Classic - PERLE IN\" \/>\n<meta property=\"og:description\" content=\"Le sac vertical pour appareils Classic est un sac destin\u00e9 \u00e0 l\u2019espace de travail mobile et intelligent. Il est dot\u00e9 d\u2019une poche arri\u00e8re ouverte pour garder les objets essentiels \u00e0 port\u00e9e de main, d\u2019une poche zipp\u00e9e s\u00e9curis\u00e9e au dos et de bretelles dissimulables et r\u00e9glables pour les d\u00e9placements. Il est \u00e9galement dot\u00e9 de plusieurs poches \u00e0 l\u2019int\u00e9rieur. Une pochette pour les notes, une pochette zipp\u00e9e s\u00e9curis\u00e9e et un organiseur avec 2\u00a0porte-stylos et un porte-cartes de visite. Un appareil \u00e9lectronique jusqu\u2019\u00e0 15\u00a0pouces peut \u00e9galement \u00eatre stock\u00e9 en toute s\u00e9curit\u00e9.\" \/>\n<meta property=\"og:url\" content=\"https:\/\/perle-in.com\/en\/product\/sacoche-dordinateur-verticale-moleskine-classic\/\" \/>\n<meta property=\"og:site_name\" content=\"PERLE IN\" \/>\n<meta property=\"article:modified_time\" content=\"2025-10-15T17:31:35+00:00\" \/>\n<meta property=\"og:image\" content=\"https:\/\/perle-in.com\/wp-content\/uploads\/2025\/10\/13006790-1.jpg\" \/>\n\t<meta property=\"og:image:width\" content=\"1600\" \/>\n\t<meta property=\"og:image:height\" content=\"1600\" \/>\n\t<meta property=\"og:image:type\" content=\"image\/jpeg\" \/>\n<meta name=\"twitter:card\" content=\"summary_large_image\" \/>\n<script type=\"application\/ld+json\" class=\"yoast-schema-graph\">{\"@context\":\"https:\\\/\\\/schema.org\",\"@graph\":[{\"@type\":\"WebPage\",\"@id\":\"https:\\\/\\\/perle-in.com\\\/produit\\\/sacoche-dordinateur-verticale-moleskine-classic\\\/\",\"url\":\"https:\\\/\\\/perle-in.com\\\/produit\\\/sacoche-dordinateur-verticale-moleskine-classic\\\/\",\"name\":\"Sacoche d\u2019ordinateur verticale Moleskine Classic - PERLE IN\",\"isPartOf\":{\"@id\":\"https:\\\/\\\/perle-in.com\\\/#website\"},\"primaryImageOfPage\":{\"@id\":\"https:\\\/\\\/perle-in.com\\\/produit\\\/sacoche-dordinateur-verticale-moleskine-classic\\\/#primaryimage\"},\"image\":{\"@id\":\"https:\\\/\\\/perle-in.com\\\/produit\\\/sacoche-dordinateur-verticale-moleskine-classic\\\/#primaryimage\"},\"thumbnailUrl\":\"https:\\\/\\\/perle-in.com\\\/wp-content\\\/uploads\\\/2025\\\/10\\\/13006790-1.jpg\",\"datePublished\":\"2025-10-15T17:31:33+00:00\",\"dateModified\":\"2025-10-15T17:31:35+00:00\",\"breadcrumb\":{\"@id\":\"https:\\\/\\\/perle-in.com\\\/produit\\\/sacoche-dordinateur-verticale-moleskine-classic\\\/#breadcrumb\"},\"inLanguage\":\"en-CA\",\"potentialAction\":[{\"@type\":\"ReadAction\",\"target\":[\"https:\\\/\\\/perle-in.com\\\/produit\\\/sacoche-dordinateur-verticale-moleskine-classic\\\/\"]}]},{\"@type\":\"ImageObject\",\"inLanguage\":\"en-CA\",\"@id\":\"https:\\\/\\\/perle-in.com\\\/produit\\\/sacoche-dordinateur-verticale-moleskine-classic\\\/#primaryimage\",\"url\":\"https:\\\/\\\/perle-in.com\\\/wp-content\\\/uploads\\\/2025\\\/10\\\/13006790-1.jpg\",\"contentUrl\":\"https:\\\/\\\/perle-in.com\\\/wp-content\\\/uploads\\\/2025\\\/10\\\/13006790-1.jpg\",\"width\":1600,\"height\":1600},{\"@type\":\"BreadcrumbList\",\"@id\":\"https:\\\/\\\/perle-in.com\\\/produit\\\/sacoche-dordinateur-verticale-moleskine-classic\\\/#breadcrumb\",\"itemListElement\":[{\"@type\":\"ListItem\",\"position\":1,\"name\":\"Accueil\",\"item\":\"https:\\\/\\\/perle-in.com\\\/\"},{\"@type\":\"ListItem\",\"position\":2,\"name\":\"Boutique\",\"item\":\"https:\\\/\\\/perle-in.com\\\/boutique\\\/\"},{\"@type\":\"ListItem\",\"position\":3,\"name\":\"Sacoche d\u2019ordinateur verticale Moleskine Classic\"}]},{\"@type\":\"WebSite\",\"@id\":\"https:\\\/\\\/perle-in.com\\\/#website\",\"url\":\"https:\\\/\\\/perle-in.com\\\/\",\"name\":\"PERLE IN\",\"description\":\"\",\"publisher\":{\"@id\":\"https:\\\/\\\/perle-in.com\\\/#organization\"},\"potentialAction\":[{\"@type\":\"SearchAction\",\"target\":{\"@type\":\"EntryPoint\",\"urlTemplate\":\"https:\\\/\\\/perle-in.com\\\/?s={search_term_string}\"},\"query-input\":{\"@type\":\"PropertyValueSpecification\",\"valueRequired\":true,\"valueName\":\"search_term_string\"}}],\"inLanguage\":\"en-CA\"},{\"@type\":\"Organization\",\"@id\":\"https:\\\/\\\/perle-in.com\\\/#organization\",\"name\":\"PERLE IN\",\"url\":\"https:\\\/\\\/perle-in.com\\\/\",\"logo\":{\"@type\":\"ImageObject\",\"inLanguage\":\"en-CA\",\"@id\":\"https:\\\/\\\/perle-in.com\\\/#\\\/schema\\\/logo\\\/image\\\/\",\"url\":\"https:\\\/\\\/perle-in.com\\\/wp-content\\\/uploads\\\/2022\\\/12\\\/LOGO-PERLE-IN-COULEUR@3x.webp\",\"contentUrl\":\"https:\\\/\\\/perle-in.com\\\/wp-content\\\/uploads\\\/2022\\\/12\\\/LOGO-PERLE-IN-COULEUR@3x.webp\",\"width\":1600,\"height\":490,\"caption\":\"PERLE IN\"},\"image\":{\"@id\":\"https:\\\/\\\/perle-in.com\\\/#\\\/schema\\\/logo\\\/image\\\/\"}}]}<\/script>\n<!-- \/ Yoast SEO plugin. -->","yoast_head_json":{"title":"Sacoche d\u2019ordinateur verticale Moleskine Classic - PERLE IN","robots":{"index":"noindex","follow":"follow","max-snippet":"max-snippet:-1","max-image-preview":"max-image-preview:large","max-video-preview":"max-video-preview:-1"},"og_locale":"en_US","og_type":"article","og_title":"Sacoche d\u2019ordinateur verticale Moleskine Classic - PERLE IN","og_description":"Le sac vertical pour appareils Classic est un sac destin\u00e9 \u00e0 l\u2019espace de travail mobile et intelligent. Il est dot\u00e9 d\u2019une poche arri\u00e8re ouverte pour garder les objets essentiels \u00e0 port\u00e9e de main, d\u2019une poche zipp\u00e9e s\u00e9curis\u00e9e au dos et de bretelles dissimulables et r\u00e9glables pour les d\u00e9placements. Il est \u00e9galement dot\u00e9 de plusieurs poches \u00e0 l\u2019int\u00e9rieur. Une pochette pour les notes, une pochette zipp\u00e9e s\u00e9curis\u00e9e et un organiseur avec 2\u00a0porte-stylos et un porte-cartes de visite. Un appareil \u00e9lectronique jusqu\u2019\u00e0 15\u00a0pouces peut \u00e9galement \u00eatre stock\u00e9 en toute s\u00e9curit\u00e9.","og_url":"https:\/\/perle-in.com\/en\/product\/sacoche-dordinateur-verticale-moleskine-classic\/","og_site_name":"PERLE IN","article_modified_time":"2025-10-15T17:31:35+00:00","og_image":[{"width":1600,"height":1600,"url":"https:\/\/perle-in.com\/wp-content\/uploads\/2025\/10\/13006790-1.jpg","type":"image\/jpeg"}],"twitter_card":"summary_large_image","schema":{"@context":"https:\/\/schema.org","@graph":[{"@type":"WebPage","@id":"https:\/\/perle-in.com\/produit\/sacoche-dordinateur-verticale-moleskine-classic\/","url":"https:\/\/perle-in.com\/produit\/sacoche-dordinateur-verticale-moleskine-classic\/","name":"Sacoche d\u2019ordinateur verticale Moleskine Classic - PERLE IN","isPartOf":{"@id":"https:\/\/perle-in.com\/#website"},"primaryImageOfPage":{"@id":"https:\/\/perle-in.com\/produit\/sacoche-dordinateur-verticale-moleskine-classic\/#primaryimage"},"image":{"@id":"https:\/\/perle-in.com\/produit\/sacoche-dordinateur-verticale-moleskine-classic\/#primaryimage"},"thumbnailUrl":"https:\/\/perle-in.com\/wp-content\/uploads\/2025\/10\/13006790-1.jpg","datePublished":"2025-10-15T17:31:33+00:00","dateModified":"2025-10-15T17:31:35+00:00","breadcrumb":{"@id":"https:\/\/perle-in.com\/produit\/sacoche-dordinateur-verticale-moleskine-classic\/#breadcrumb"},"inLanguage":"en-CA","potentialAction":[{"@type":"ReadAction","target":["https:\/\/perle-in.com\/produit\/sacoche-dordinateur-verticale-moleskine-classic\/"]}]},{"@type":"ImageObject","inLanguage":"en-CA","@id":"https:\/\/perle-in.com\/produit\/sacoche-dordinateur-verticale-moleskine-classic\/#primaryimage","url":"https:\/\/perle-in.com\/wp-content\/uploads\/2025\/10\/13006790-1.jpg","contentUrl":"https:\/\/perle-in.com\/wp-content\/uploads\/2025\/10\/13006790-1.jpg","width":1600,"height":1600},{"@type":"BreadcrumbList","@id":"https:\/\/perle-in.com\/produit\/sacoche-dordinateur-verticale-moleskine-classic\/#breadcrumb","itemListElement":[{"@type":"ListItem","position":1,"name":"Accueil","item":"https:\/\/perle-in.com\/"},{"@type":"ListItem","position":2,"name":"Boutique","item":"https:\/\/perle-in.com\/boutique\/"},{"@type":"ListItem","position":3,"name":"Sacoche d\u2019ordinateur verticale Moleskine Classic"}]},{"@type":"WebSite","@id":"https:\/\/perle-in.com\/#website","url":"https:\/\/perle-in.com\/","name":"PERLE IN","description":"","publisher":{"@id":"https:\/\/perle-in.com\/#organization"},"potentialAction":[{"@type":"SearchAction","target":{"@type":"EntryPoint","urlTemplate":"https:\/\/perle-in.com\/?s={search_term_string}"},"query-input":{"@type":"PropertyValueSpecification","valueRequired":true,"valueName":"search_term_string"}}],"inLanguage":"en-CA"},{"@type":"Organization","@id":"https:\/\/perle-in.com\/#organization","name":"PERLE IN","url":"https:\/\/perle-in.com\/","logo":{"@type":"ImageObject","inLanguage":"en-CA","@id":"https:\/\/perle-in.com\/#\/schema\/logo\/image\/","url":"https:\/\/perle-in.com\/wp-content\/uploads\/2022\/12\/LOGO-PERLE-IN-COULEUR@3x.webp","contentUrl":"https:\/\/perle-in.com\/wp-content\/uploads\/2022\/12\/LOGO-PERLE-IN-COULEUR@3x.webp","width":1600,"height":490,"caption":"PERLE IN"},"image":{"@id":"https:\/\/perle-in.com\/#\/schema\/logo\/image\/"}}]}},"jetpack_sharing_enabled":true,"_links":{"self":[{"href":"https:\/\/perle-in.com\/en\/wp-json\/wp\/v2\/product\/565185","targetHints":{"allow":["GET"]}}],"collection":[{"href":"https:\/\/perle-in.com\/en\/wp-json\/wp\/v2\/product"}],"about":[{"href":"https:\/\/perle-in.com\/en\/wp-json\/wp\/v2\/types\/product"}],"version-history":[{"count":0,"href":"https:\/\/perle-in.com\/en\/wp-json\/wp\/v2\/product\/565185\/revisions"}],"wp:featuredmedia":[{"embeddable":true,"href":"https:\/\/perle-in.com\/en\/wp-json\/wp\/v2\/media\/565005"}],"wp:attachment":[{"href":"https:\/\/perle-in.com\/en\/wp-json\/wp\/v2\/media?parent=565185"}],"wp:term":[{"taxonomy":"product_brand","embeddable":true,"href":"https:\/\/perle-in.com\/en\/wp-json\/wp\/v2\/product_brand?post=565185"},{"taxonomy":"product_cat","embeddable":true,"href":"https:\/\/perle-in.com\/en\/wp-json\/wp\/v2\/product_cat?post=565185"},{"taxonomy":"product_tag","embeddable":true,"href":"https:\/\/perle-in.com\/en\/wp-json\/wp\/v2\/product_tag?post=565185"}],"curies":[{"name":"wp","href":"https:\/\/api.w.org\/{rel}","templated":true}]}}