{"id":565141,"date":"2025-10-15T19:24:53","date_gmt":"2025-10-15T17:24:53","guid":{"rendered":"https:\/\/perle-in.com\/produit\/sac-a-dos-fin-moleskine-metro\/"},"modified":"2025-10-15T19:24:55","modified_gmt":"2025-10-15T17:24:55","slug":"sac-a-dos-fin-moleskine-metro","status":"publish","type":"product","link":"https:\/\/perle-in.com\/en\/product\/sac-a-dos-fin-moleskine-metro\/","title":{"rendered":"Sac \u00e0 dos fin Moleskine Metro"},"content":{"rendered":"","protected":false},"excerpt":{"rendered":"<p>Le sac \u00e0 dos Metro Slim a un design contemporain tout en restant tr\u00e8s fonctionnel. Ce sac \u00e0 dos est dot\u00e9 d\u2019une fermeture magn\u00e9tique, d\u2019un compartiment unique avec fermeture \u00e0 glissi\u00e8re r\u00e9sistante \u00e0 l\u2019eau, de bretelles rembourr\u00e9es r\u00e9glables, d\u2019un dos en maille a\u00e9r\u00e9e pour un confort optimal, d\u2019une poche frontale s\u00e9curis\u00e9e et d\u2019une sangle de bagage pour les longs trajets. Il dispose \u00e9galement de plusieurs poches \u00e0 l\u2019int\u00e9rieur. Une pochette pour les notes, une pochette zipp\u00e9e s\u00e9curis\u00e9e et un organiseur avec 2\u00a0porte-stylos et un porte-cartes de visite. Un appareil \u00e9lectronique jusqu\u2019\u00e0 15\u00a0pouces peut \u00e9galement \u00eatre stock\u00e9 en toute s\u00e9curit\u00e9. <\/p>","protected":false},"featured_media":565132,"template":"","meta":{"_eb_attr":""},"product_brand":[],"product_cat":[159],"product_tag":[3254,1542,784,282,1347,3704],"class_list":{"0":"post-565141","1":"product","2":"type-product","3":"status-publish","4":"has-post-thumbnail","6":"product_cat-sacs","7":"product_tag-cartable","8":"product_tag-moleskine","9":"product_tag-ordinateur-portable","10":"product_tag-sac","11":"product_tag-sac-a-dos","12":"product_tag-sac-de-randonneur","13":"pa_couleurs-noir","14":"pa_marque-moleskine","15":"pa_matiere-polyamide-rilsan","17":"first","18":"instock","19":"shipping-taxable","20":"purchasable","21":"product-type-variable"},"yoast_head":"<!-- This site is optimized with the Yoast SEO plugin v27.4 - https:\/\/yoast.com\/product\/yoast-seo-wordpress\/ -->\n<title>Sac \u00e0 dos fin Moleskine Metro - PERLE IN<\/title>\n<meta name=\"robots\" content=\"noindex, follow, max-snippet:-1, max-image-preview:large, max-video-preview:-1\" \/>\n<meta property=\"og:locale\" content=\"en_US\" \/>\n<meta property=\"og:type\" content=\"article\" \/>\n<meta property=\"og:title\" content=\"Sac \u00e0 dos fin Moleskine Metro - PERLE IN\" \/>\n<meta property=\"og:description\" content=\"Le sac \u00e0 dos Metro Slim a un design contemporain tout en restant tr\u00e8s fonctionnel. Ce sac \u00e0 dos est dot\u00e9 d\u2019une fermeture magn\u00e9tique, d\u2019un compartiment unique avec fermeture \u00e0 glissi\u00e8re r\u00e9sistante \u00e0 l\u2019eau, de bretelles rembourr\u00e9es r\u00e9glables, d\u2019un dos en maille a\u00e9r\u00e9e pour un confort optimal, d\u2019une poche frontale s\u00e9curis\u00e9e et d\u2019une sangle de bagage pour les longs trajets. Il dispose \u00e9galement de plusieurs poches \u00e0 l\u2019int\u00e9rieur. Une pochette pour les notes, une pochette zipp\u00e9e s\u00e9curis\u00e9e et un organiseur avec 2\u00a0porte-stylos et un porte-cartes de visite. Un appareil \u00e9lectronique jusqu\u2019\u00e0 15\u00a0pouces peut \u00e9galement \u00eatre stock\u00e9 en toute s\u00e9curit\u00e9.\" \/>\n<meta property=\"og:url\" content=\"https:\/\/perle-in.com\/en\/product\/sac-a-dos-fin-moleskine-metro\/\" \/>\n<meta property=\"og:site_name\" content=\"PERLE IN\" \/>\n<meta property=\"article:modified_time\" content=\"2025-10-15T17:24:55+00:00\" \/>\n<meta property=\"og:image\" content=\"https:\/\/perle-in.com\/wp-content\/uploads\/2025\/10\/13007490-1.jpg\" \/>\n\t<meta property=\"og:image:width\" content=\"1600\" \/>\n\t<meta property=\"og:image:height\" content=\"1600\" \/>\n\t<meta property=\"og:image:type\" content=\"image\/jpeg\" \/>\n<meta name=\"twitter:card\" content=\"summary_large_image\" \/>\n<script type=\"application\/ld+json\" class=\"yoast-schema-graph\">{\"@context\":\"https:\\\/\\\/schema.org\",\"@graph\":[{\"@type\":\"WebPage\",\"@id\":\"https:\\\/\\\/perle-in.com\\\/produit\\\/sac-a-dos-fin-moleskine-metro\\\/\",\"url\":\"https:\\\/\\\/perle-in.com\\\/produit\\\/sac-a-dos-fin-moleskine-metro\\\/\",\"name\":\"Sac \u00e0 dos fin Moleskine Metro - PERLE IN\",\"isPartOf\":{\"@id\":\"https:\\\/\\\/perle-in.com\\\/#website\"},\"primaryImageOfPage\":{\"@id\":\"https:\\\/\\\/perle-in.com\\\/produit\\\/sac-a-dos-fin-moleskine-metro\\\/#primaryimage\"},\"image\":{\"@id\":\"https:\\\/\\\/perle-in.com\\\/produit\\\/sac-a-dos-fin-moleskine-metro\\\/#primaryimage\"},\"thumbnailUrl\":\"https:\\\/\\\/perle-in.com\\\/wp-content\\\/uploads\\\/2025\\\/10\\\/13007490-1.jpg\",\"datePublished\":\"2025-10-15T17:24:53+00:00\",\"dateModified\":\"2025-10-15T17:24:55+00:00\",\"breadcrumb\":{\"@id\":\"https:\\\/\\\/perle-in.com\\\/produit\\\/sac-a-dos-fin-moleskine-metro\\\/#breadcrumb\"},\"inLanguage\":\"en-CA\",\"potentialAction\":[{\"@type\":\"ReadAction\",\"target\":[\"https:\\\/\\\/perle-in.com\\\/produit\\\/sac-a-dos-fin-moleskine-metro\\\/\"]}]},{\"@type\":\"ImageObject\",\"inLanguage\":\"en-CA\",\"@id\":\"https:\\\/\\\/perle-in.com\\\/produit\\\/sac-a-dos-fin-moleskine-metro\\\/#primaryimage\",\"url\":\"https:\\\/\\\/perle-in.com\\\/wp-content\\\/uploads\\\/2025\\\/10\\\/13007490-1.jpg\",\"contentUrl\":\"https:\\\/\\\/perle-in.com\\\/wp-content\\\/uploads\\\/2025\\\/10\\\/13007490-1.jpg\",\"width\":1600,\"height\":1600},{\"@type\":\"BreadcrumbList\",\"@id\":\"https:\\\/\\\/perle-in.com\\\/produit\\\/sac-a-dos-fin-moleskine-metro\\\/#breadcrumb\",\"itemListElement\":[{\"@type\":\"ListItem\",\"position\":1,\"name\":\"Accueil\",\"item\":\"https:\\\/\\\/perle-in.com\\\/\"},{\"@type\":\"ListItem\",\"position\":2,\"name\":\"Boutique\",\"item\":\"https:\\\/\\\/perle-in.com\\\/boutique\\\/\"},{\"@type\":\"ListItem\",\"position\":3,\"name\":\"Sac \u00e0 dos fin Moleskine Metro\"}]},{\"@type\":\"WebSite\",\"@id\":\"https:\\\/\\\/perle-in.com\\\/#website\",\"url\":\"https:\\\/\\\/perle-in.com\\\/\",\"name\":\"PERLE IN\",\"description\":\"\",\"publisher\":{\"@id\":\"https:\\\/\\\/perle-in.com\\\/#organization\"},\"potentialAction\":[{\"@type\":\"SearchAction\",\"target\":{\"@type\":\"EntryPoint\",\"urlTemplate\":\"https:\\\/\\\/perle-in.com\\\/?s={search_term_string}\"},\"query-input\":{\"@type\":\"PropertyValueSpecification\",\"valueRequired\":true,\"valueName\":\"search_term_string\"}}],\"inLanguage\":\"en-CA\"},{\"@type\":\"Organization\",\"@id\":\"https:\\\/\\\/perle-in.com\\\/#organization\",\"name\":\"PERLE IN\",\"url\":\"https:\\\/\\\/perle-in.com\\\/\",\"logo\":{\"@type\":\"ImageObject\",\"inLanguage\":\"en-CA\",\"@id\":\"https:\\\/\\\/perle-in.com\\\/#\\\/schema\\\/logo\\\/image\\\/\",\"url\":\"https:\\\/\\\/perle-in.com\\\/wp-content\\\/uploads\\\/2022\\\/12\\\/LOGO-PERLE-IN-COULEUR@3x.webp\",\"contentUrl\":\"https:\\\/\\\/perle-in.com\\\/wp-content\\\/uploads\\\/2022\\\/12\\\/LOGO-PERLE-IN-COULEUR@3x.webp\",\"width\":1600,\"height\":490,\"caption\":\"PERLE IN\"},\"image\":{\"@id\":\"https:\\\/\\\/perle-in.com\\\/#\\\/schema\\\/logo\\\/image\\\/\"}}]}<\/script>\n<!-- \/ Yoast SEO plugin. -->","yoast_head_json":{"title":"Sac \u00e0 dos fin Moleskine Metro - PERLE IN","robots":{"index":"noindex","follow":"follow","max-snippet":"max-snippet:-1","max-image-preview":"max-image-preview:large","max-video-preview":"max-video-preview:-1"},"og_locale":"en_US","og_type":"article","og_title":"Sac \u00e0 dos fin Moleskine Metro - PERLE IN","og_description":"Le sac \u00e0 dos Metro Slim a un design contemporain tout en restant tr\u00e8s fonctionnel. Ce sac \u00e0 dos est dot\u00e9 d\u2019une fermeture magn\u00e9tique, d\u2019un compartiment unique avec fermeture \u00e0 glissi\u00e8re r\u00e9sistante \u00e0 l\u2019eau, de bretelles rembourr\u00e9es r\u00e9glables, d\u2019un dos en maille a\u00e9r\u00e9e pour un confort optimal, d\u2019une poche frontale s\u00e9curis\u00e9e et d\u2019une sangle de bagage pour les longs trajets. Il dispose \u00e9galement de plusieurs poches \u00e0 l\u2019int\u00e9rieur. Une pochette pour les notes, une pochette zipp\u00e9e s\u00e9curis\u00e9e et un organiseur avec 2\u00a0porte-stylos et un porte-cartes de visite. Un appareil \u00e9lectronique jusqu\u2019\u00e0 15\u00a0pouces peut \u00e9galement \u00eatre stock\u00e9 en toute s\u00e9curit\u00e9.","og_url":"https:\/\/perle-in.com\/en\/product\/sac-a-dos-fin-moleskine-metro\/","og_site_name":"PERLE IN","article_modified_time":"2025-10-15T17:24:55+00:00","og_image":[{"width":1600,"height":1600,"url":"https:\/\/perle-in.com\/wp-content\/uploads\/2025\/10\/13007490-1.jpg","type":"image\/jpeg"}],"twitter_card":"summary_large_image","schema":{"@context":"https:\/\/schema.org","@graph":[{"@type":"WebPage","@id":"https:\/\/perle-in.com\/produit\/sac-a-dos-fin-moleskine-metro\/","url":"https:\/\/perle-in.com\/produit\/sac-a-dos-fin-moleskine-metro\/","name":"Sac \u00e0 dos fin Moleskine Metro - PERLE IN","isPartOf":{"@id":"https:\/\/perle-in.com\/#website"},"primaryImageOfPage":{"@id":"https:\/\/perle-in.com\/produit\/sac-a-dos-fin-moleskine-metro\/#primaryimage"},"image":{"@id":"https:\/\/perle-in.com\/produit\/sac-a-dos-fin-moleskine-metro\/#primaryimage"},"thumbnailUrl":"https:\/\/perle-in.com\/wp-content\/uploads\/2025\/10\/13007490-1.jpg","datePublished":"2025-10-15T17:24:53+00:00","dateModified":"2025-10-15T17:24:55+00:00","breadcrumb":{"@id":"https:\/\/perle-in.com\/produit\/sac-a-dos-fin-moleskine-metro\/#breadcrumb"},"inLanguage":"en-CA","potentialAction":[{"@type":"ReadAction","target":["https:\/\/perle-in.com\/produit\/sac-a-dos-fin-moleskine-metro\/"]}]},{"@type":"ImageObject","inLanguage":"en-CA","@id":"https:\/\/perle-in.com\/produit\/sac-a-dos-fin-moleskine-metro\/#primaryimage","url":"https:\/\/perle-in.com\/wp-content\/uploads\/2025\/10\/13007490-1.jpg","contentUrl":"https:\/\/perle-in.com\/wp-content\/uploads\/2025\/10\/13007490-1.jpg","width":1600,"height":1600},{"@type":"BreadcrumbList","@id":"https:\/\/perle-in.com\/produit\/sac-a-dos-fin-moleskine-metro\/#breadcrumb","itemListElement":[{"@type":"ListItem","position":1,"name":"Accueil","item":"https:\/\/perle-in.com\/"},{"@type":"ListItem","position":2,"name":"Boutique","item":"https:\/\/perle-in.com\/boutique\/"},{"@type":"ListItem","position":3,"name":"Sac \u00e0 dos fin Moleskine Metro"}]},{"@type":"WebSite","@id":"https:\/\/perle-in.com\/#website","url":"https:\/\/perle-in.com\/","name":"PERLE IN","description":"","publisher":{"@id":"https:\/\/perle-in.com\/#organization"},"potentialAction":[{"@type":"SearchAction","target":{"@type":"EntryPoint","urlTemplate":"https:\/\/perle-in.com\/?s={search_term_string}"},"query-input":{"@type":"PropertyValueSpecification","valueRequired":true,"valueName":"search_term_string"}}],"inLanguage":"en-CA"},{"@type":"Organization","@id":"https:\/\/perle-in.com\/#organization","name":"PERLE IN","url":"https:\/\/perle-in.com\/","logo":{"@type":"ImageObject","inLanguage":"en-CA","@id":"https:\/\/perle-in.com\/#\/schema\/logo\/image\/","url":"https:\/\/perle-in.com\/wp-content\/uploads\/2022\/12\/LOGO-PERLE-IN-COULEUR@3x.webp","contentUrl":"https:\/\/perle-in.com\/wp-content\/uploads\/2022\/12\/LOGO-PERLE-IN-COULEUR@3x.webp","width":1600,"height":490,"caption":"PERLE IN"},"image":{"@id":"https:\/\/perle-in.com\/#\/schema\/logo\/image\/"}}]}},"jetpack_sharing_enabled":true,"_links":{"self":[{"href":"https:\/\/perle-in.com\/en\/wp-json\/wp\/v2\/product\/565141","targetHints":{"allow":["GET"]}}],"collection":[{"href":"https:\/\/perle-in.com\/en\/wp-json\/wp\/v2\/product"}],"about":[{"href":"https:\/\/perle-in.com\/en\/wp-json\/wp\/v2\/types\/product"}],"version-history":[{"count":0,"href":"https:\/\/perle-in.com\/en\/wp-json\/wp\/v2\/product\/565141\/revisions"}],"wp:featuredmedia":[{"embeddable":true,"href":"https:\/\/perle-in.com\/en\/wp-json\/wp\/v2\/media\/565132"}],"wp:attachment":[{"href":"https:\/\/perle-in.com\/en\/wp-json\/wp\/v2\/media?parent=565141"}],"wp:term":[{"taxonomy":"product_brand","embeddable":true,"href":"https:\/\/perle-in.com\/en\/wp-json\/wp\/v2\/product_brand?post=565141"},{"taxonomy":"product_cat","embeddable":true,"href":"https:\/\/perle-in.com\/en\/wp-json\/wp\/v2\/product_cat?post=565141"},{"taxonomy":"product_tag","embeddable":true,"href":"https:\/\/perle-in.com\/en\/wp-json\/wp\/v2\/product_tag?post=565141"}],"curies":[{"name":"wp","href":"https:\/\/api.w.org\/{rel}","templated":true}]}}