{"id":565066,"date":"2025-10-15T19:16:23","date_gmt":"2025-10-15T17:16:23","guid":{"rendered":"https:\/\/perle-in.com\/produit\/agenda-l-vertical-12-mois-moleskine-a-couverture-rigide\/"},"modified":"2025-10-15T19:16:25","modified_gmt":"2025-10-15T17:16:25","slug":"agenda-l-vertical-12-mois-moleskine-a-couverture-rigide","status":"publish","type":"product","link":"https:\/\/perle-in.com\/en\/product\/agenda-l-vertical-12-mois-moleskine-a-couverture-rigide\/","title":{"rendered":"Agenda L vertical 12\u00a0mois Moleskine \u00e0 couverture rigide"},"content":{"rendered":"","protected":false},"excerpt":{"rendered":"<p>L\u2019agenda hebdomadaire vertical Moleskine au format large \u00e0 couverture rigide est dat\u00e9 de janvier \u00e0 d\u00e9cembre\u00a02026. La mise en page verticale permet d\u2019afficher chaque semaine sur deux\u00a0pages avec les jours en haut de la page. Ce style d\u2019agenda populaire est parfait pour ceux qui veulent avoir une vue d\u2019ensemble de l\u2019organisation de la semaine. Il est dot\u00e9 d\u2019un papier ivoire sans acide, d\u2019un \u00e9lastique de fermeture noir, d\u2019un marque-page, d\u2019une pochette int\u00e9rieure extensible de couleur assortie et d\u2019autocollants pour la personnalisation, ainsi que d\u2019autocollants de l\u2019ann\u00e9e pour le dos.<\/p>","protected":false},"featured_media":565058,"template":"","meta":{"_eb_attr":""},"product_brand":[],"product_cat":[587,4196],"product_tag":[3706,3707,3708,1542,594],"class_list":{"0":"post-565066","1":"product","2":"type-product","3":"status-publish","4":"has-post-thumbnail","6":"product_cat-bloc-notes-couverture-rigide","7":"product_cat-blocs-notes-et-papeterie-personnalisee","8":"product_tag-agenda","9":"product_tag-agendas","10":"product_tag-calendrier","11":"product_tag-moleskine","12":"product_tag-notes","13":"pa_couleurs-noir","14":"pa_marque-moleskine","15":"pa_matiere-plastique-pp-papier-certifie-fsc","16":"pa_pays-d-origine-turquie","18":"first","19":"instock","20":"shipping-taxable","21":"purchasable","22":"product-type-variable"},"yoast_head":"<!-- This site is optimized with the Yoast SEO plugin v27.4 - https:\/\/yoast.com\/product\/yoast-seo-wordpress\/ -->\n<title>Agenda L vertical 12\u00a0mois Moleskine \u00e0 couverture rigide - PERLE IN<\/title>\n<meta name=\"robots\" content=\"noindex, follow, max-snippet:-1, max-image-preview:large, max-video-preview:-1\" \/>\n<meta property=\"og:locale\" content=\"en_US\" \/>\n<meta property=\"og:type\" content=\"article\" \/>\n<meta property=\"og:title\" content=\"Agenda L vertical 12\u00a0mois Moleskine \u00e0 couverture rigide - PERLE IN\" \/>\n<meta property=\"og:description\" content=\"L\u2019agenda hebdomadaire vertical Moleskine au format large \u00e0 couverture rigide est dat\u00e9 de janvier \u00e0 d\u00e9cembre\u00a02026. La mise en page verticale permet d\u2019afficher chaque semaine sur deux\u00a0pages avec les jours en haut de la page. Ce style d\u2019agenda populaire est parfait pour ceux qui veulent avoir une vue d\u2019ensemble de l\u2019organisation de la semaine. Il est dot\u00e9 d\u2019un papier ivoire sans acide, d\u2019un \u00e9lastique de fermeture noir, d\u2019un marque-page, d\u2019une pochette int\u00e9rieure extensible de couleur assortie et d\u2019autocollants pour la personnalisation, ainsi que d\u2019autocollants de l\u2019ann\u00e9e pour le dos.\" \/>\n<meta property=\"og:url\" content=\"https:\/\/perle-in.com\/en\/product\/agenda-l-vertical-12-mois-moleskine-a-couverture-rigide\/\" \/>\n<meta property=\"og:site_name\" content=\"PERLE IN\" \/>\n<meta property=\"article:modified_time\" content=\"2025-10-15T17:16:25+00:00\" \/>\n<meta property=\"og:image\" content=\"https:\/\/perle-in.com\/wp-content\/uploads\/2025\/10\/10793790-1.jpg\" \/>\n\t<meta property=\"og:image:width\" content=\"1600\" \/>\n\t<meta property=\"og:image:height\" content=\"1600\" \/>\n\t<meta property=\"og:image:type\" content=\"image\/jpeg\" \/>\n<meta name=\"twitter:card\" content=\"summary_large_image\" \/>\n<script type=\"application\/ld+json\" class=\"yoast-schema-graph\">{\"@context\":\"https:\\\/\\\/schema.org\",\"@graph\":[{\"@type\":\"WebPage\",\"@id\":\"https:\\\/\\\/perle-in.com\\\/produit\\\/agenda-l-vertical-12-mois-moleskine-a-couverture-rigide\\\/\",\"url\":\"https:\\\/\\\/perle-in.com\\\/produit\\\/agenda-l-vertical-12-mois-moleskine-a-couverture-rigide\\\/\",\"name\":\"Agenda L vertical 12\u00a0mois Moleskine \u00e0 couverture rigide - PERLE IN\",\"isPartOf\":{\"@id\":\"https:\\\/\\\/perle-in.com\\\/#website\"},\"primaryImageOfPage\":{\"@id\":\"https:\\\/\\\/perle-in.com\\\/produit\\\/agenda-l-vertical-12-mois-moleskine-a-couverture-rigide\\\/#primaryimage\"},\"image\":{\"@id\":\"https:\\\/\\\/perle-in.com\\\/produit\\\/agenda-l-vertical-12-mois-moleskine-a-couverture-rigide\\\/#primaryimage\"},\"thumbnailUrl\":\"https:\\\/\\\/perle-in.com\\\/wp-content\\\/uploads\\\/2025\\\/10\\\/10793790-1.jpg\",\"datePublished\":\"2025-10-15T17:16:23+00:00\",\"dateModified\":\"2025-10-15T17:16:25+00:00\",\"breadcrumb\":{\"@id\":\"https:\\\/\\\/perle-in.com\\\/produit\\\/agenda-l-vertical-12-mois-moleskine-a-couverture-rigide\\\/#breadcrumb\"},\"inLanguage\":\"en-CA\",\"potentialAction\":[{\"@type\":\"ReadAction\",\"target\":[\"https:\\\/\\\/perle-in.com\\\/produit\\\/agenda-l-vertical-12-mois-moleskine-a-couverture-rigide\\\/\"]}]},{\"@type\":\"ImageObject\",\"inLanguage\":\"en-CA\",\"@id\":\"https:\\\/\\\/perle-in.com\\\/produit\\\/agenda-l-vertical-12-mois-moleskine-a-couverture-rigide\\\/#primaryimage\",\"url\":\"https:\\\/\\\/perle-in.com\\\/wp-content\\\/uploads\\\/2025\\\/10\\\/10793790-1.jpg\",\"contentUrl\":\"https:\\\/\\\/perle-in.com\\\/wp-content\\\/uploads\\\/2025\\\/10\\\/10793790-1.jpg\",\"width\":1600,\"height\":1600},{\"@type\":\"BreadcrumbList\",\"@id\":\"https:\\\/\\\/perle-in.com\\\/produit\\\/agenda-l-vertical-12-mois-moleskine-a-couverture-rigide\\\/#breadcrumb\",\"itemListElement\":[{\"@type\":\"ListItem\",\"position\":1,\"name\":\"Accueil\",\"item\":\"https:\\\/\\\/perle-in.com\\\/\"},{\"@type\":\"ListItem\",\"position\":2,\"name\":\"Boutique\",\"item\":\"https:\\\/\\\/perle-in.com\\\/boutique\\\/\"},{\"@type\":\"ListItem\",\"position\":3,\"name\":\"Agenda L vertical 12\u00a0mois Moleskine \u00e0 couverture rigide\"}]},{\"@type\":\"WebSite\",\"@id\":\"https:\\\/\\\/perle-in.com\\\/#website\",\"url\":\"https:\\\/\\\/perle-in.com\\\/\",\"name\":\"PERLE IN\",\"description\":\"\",\"publisher\":{\"@id\":\"https:\\\/\\\/perle-in.com\\\/#organization\"},\"potentialAction\":[{\"@type\":\"SearchAction\",\"target\":{\"@type\":\"EntryPoint\",\"urlTemplate\":\"https:\\\/\\\/perle-in.com\\\/?s={search_term_string}\"},\"query-input\":{\"@type\":\"PropertyValueSpecification\",\"valueRequired\":true,\"valueName\":\"search_term_string\"}}],\"inLanguage\":\"en-CA\"},{\"@type\":\"Organization\",\"@id\":\"https:\\\/\\\/perle-in.com\\\/#organization\",\"name\":\"PERLE IN\",\"url\":\"https:\\\/\\\/perle-in.com\\\/\",\"logo\":{\"@type\":\"ImageObject\",\"inLanguage\":\"en-CA\",\"@id\":\"https:\\\/\\\/perle-in.com\\\/#\\\/schema\\\/logo\\\/image\\\/\",\"url\":\"https:\\\/\\\/perle-in.com\\\/wp-content\\\/uploads\\\/2022\\\/12\\\/LOGO-PERLE-IN-COULEUR@3x.webp\",\"contentUrl\":\"https:\\\/\\\/perle-in.com\\\/wp-content\\\/uploads\\\/2022\\\/12\\\/LOGO-PERLE-IN-COULEUR@3x.webp\",\"width\":1600,\"height\":490,\"caption\":\"PERLE IN\"},\"image\":{\"@id\":\"https:\\\/\\\/perle-in.com\\\/#\\\/schema\\\/logo\\\/image\\\/\"}}]}<\/script>\n<!-- \/ Yoast SEO plugin. -->","yoast_head_json":{"title":"Agenda L vertical 12\u00a0mois Moleskine \u00e0 couverture rigide - PERLE IN","robots":{"index":"noindex","follow":"follow","max-snippet":"max-snippet:-1","max-image-preview":"max-image-preview:large","max-video-preview":"max-video-preview:-1"},"og_locale":"en_US","og_type":"article","og_title":"Agenda L vertical 12\u00a0mois Moleskine \u00e0 couverture rigide - PERLE IN","og_description":"L\u2019agenda hebdomadaire vertical Moleskine au format large \u00e0 couverture rigide est dat\u00e9 de janvier \u00e0 d\u00e9cembre\u00a02026. La mise en page verticale permet d\u2019afficher chaque semaine sur deux\u00a0pages avec les jours en haut de la page. Ce style d\u2019agenda populaire est parfait pour ceux qui veulent avoir une vue d\u2019ensemble de l\u2019organisation de la semaine. Il est dot\u00e9 d\u2019un papier ivoire sans acide, d\u2019un \u00e9lastique de fermeture noir, d\u2019un marque-page, d\u2019une pochette int\u00e9rieure extensible de couleur assortie et d\u2019autocollants pour la personnalisation, ainsi que d\u2019autocollants de l\u2019ann\u00e9e pour le dos.","og_url":"https:\/\/perle-in.com\/en\/product\/agenda-l-vertical-12-mois-moleskine-a-couverture-rigide\/","og_site_name":"PERLE IN","article_modified_time":"2025-10-15T17:16:25+00:00","og_image":[{"width":1600,"height":1600,"url":"https:\/\/perle-in.com\/wp-content\/uploads\/2025\/10\/10793790-1.jpg","type":"image\/jpeg"}],"twitter_card":"summary_large_image","schema":{"@context":"https:\/\/schema.org","@graph":[{"@type":"WebPage","@id":"https:\/\/perle-in.com\/produit\/agenda-l-vertical-12-mois-moleskine-a-couverture-rigide\/","url":"https:\/\/perle-in.com\/produit\/agenda-l-vertical-12-mois-moleskine-a-couverture-rigide\/","name":"Agenda L vertical 12\u00a0mois Moleskine \u00e0 couverture rigide - PERLE IN","isPartOf":{"@id":"https:\/\/perle-in.com\/#website"},"primaryImageOfPage":{"@id":"https:\/\/perle-in.com\/produit\/agenda-l-vertical-12-mois-moleskine-a-couverture-rigide\/#primaryimage"},"image":{"@id":"https:\/\/perle-in.com\/produit\/agenda-l-vertical-12-mois-moleskine-a-couverture-rigide\/#primaryimage"},"thumbnailUrl":"https:\/\/perle-in.com\/wp-content\/uploads\/2025\/10\/10793790-1.jpg","datePublished":"2025-10-15T17:16:23+00:00","dateModified":"2025-10-15T17:16:25+00:00","breadcrumb":{"@id":"https:\/\/perle-in.com\/produit\/agenda-l-vertical-12-mois-moleskine-a-couverture-rigide\/#breadcrumb"},"inLanguage":"en-CA","potentialAction":[{"@type":"ReadAction","target":["https:\/\/perle-in.com\/produit\/agenda-l-vertical-12-mois-moleskine-a-couverture-rigide\/"]}]},{"@type":"ImageObject","inLanguage":"en-CA","@id":"https:\/\/perle-in.com\/produit\/agenda-l-vertical-12-mois-moleskine-a-couverture-rigide\/#primaryimage","url":"https:\/\/perle-in.com\/wp-content\/uploads\/2025\/10\/10793790-1.jpg","contentUrl":"https:\/\/perle-in.com\/wp-content\/uploads\/2025\/10\/10793790-1.jpg","width":1600,"height":1600},{"@type":"BreadcrumbList","@id":"https:\/\/perle-in.com\/produit\/agenda-l-vertical-12-mois-moleskine-a-couverture-rigide\/#breadcrumb","itemListElement":[{"@type":"ListItem","position":1,"name":"Accueil","item":"https:\/\/perle-in.com\/"},{"@type":"ListItem","position":2,"name":"Boutique","item":"https:\/\/perle-in.com\/boutique\/"},{"@type":"ListItem","position":3,"name":"Agenda L vertical 12\u00a0mois Moleskine \u00e0 couverture rigide"}]},{"@type":"WebSite","@id":"https:\/\/perle-in.com\/#website","url":"https:\/\/perle-in.com\/","name":"PERLE IN","description":"","publisher":{"@id":"https:\/\/perle-in.com\/#organization"},"potentialAction":[{"@type":"SearchAction","target":{"@type":"EntryPoint","urlTemplate":"https:\/\/perle-in.com\/?s={search_term_string}"},"query-input":{"@type":"PropertyValueSpecification","valueRequired":true,"valueName":"search_term_string"}}],"inLanguage":"en-CA"},{"@type":"Organization","@id":"https:\/\/perle-in.com\/#organization","name":"PERLE IN","url":"https:\/\/perle-in.com\/","logo":{"@type":"ImageObject","inLanguage":"en-CA","@id":"https:\/\/perle-in.com\/#\/schema\/logo\/image\/","url":"https:\/\/perle-in.com\/wp-content\/uploads\/2022\/12\/LOGO-PERLE-IN-COULEUR@3x.webp","contentUrl":"https:\/\/perle-in.com\/wp-content\/uploads\/2022\/12\/LOGO-PERLE-IN-COULEUR@3x.webp","width":1600,"height":490,"caption":"PERLE IN"},"image":{"@id":"https:\/\/perle-in.com\/#\/schema\/logo\/image\/"}}]}},"jetpack_sharing_enabled":true,"_links":{"self":[{"href":"https:\/\/perle-in.com\/en\/wp-json\/wp\/v2\/product\/565066","targetHints":{"allow":["GET"]}}],"collection":[{"href":"https:\/\/perle-in.com\/en\/wp-json\/wp\/v2\/product"}],"about":[{"href":"https:\/\/perle-in.com\/en\/wp-json\/wp\/v2\/types\/product"}],"version-history":[{"count":0,"href":"https:\/\/perle-in.com\/en\/wp-json\/wp\/v2\/product\/565066\/revisions"}],"wp:featuredmedia":[{"embeddable":true,"href":"https:\/\/perle-in.com\/en\/wp-json\/wp\/v2\/media\/565058"}],"wp:attachment":[{"href":"https:\/\/perle-in.com\/en\/wp-json\/wp\/v2\/media?parent=565066"}],"wp:term":[{"taxonomy":"product_brand","embeddable":true,"href":"https:\/\/perle-in.com\/en\/wp-json\/wp\/v2\/product_brand?post=565066"},{"taxonomy":"product_cat","embeddable":true,"href":"https:\/\/perle-in.com\/en\/wp-json\/wp\/v2\/product_cat?post=565066"},{"taxonomy":"product_tag","embeddable":true,"href":"https:\/\/perle-in.com\/en\/wp-json\/wp\/v2\/product_tag?post=565066"}],"curies":[{"name":"wp","href":"https:\/\/api.w.org\/{rel}","templated":true}]}}