{"id":564829,"date":"2025-10-15T18:45:25","date_gmt":"2025-10-15T16:45:25","guid":{"rendered":"https:\/\/perle-in.com\/produit\/sac-a-dos-pour-ordinateur-portable-156-case-logic-invigo-25l\/"},"modified":"2025-10-15T18:45:26","modified_gmt":"2025-10-15T16:45:26","slug":"sac-a-dos-pour-ordinateur-portable-156-case-logic-invigo-25l","status":"publish","type":"product","link":"https:\/\/perle-in.com\/en\/product\/sac-a-dos-pour-ordinateur-portable-156-case-logic-invigo-25l\/","title":{"rendered":"Sac \u00e0 dos pour ordinateur portable 15,6&#8243; Case Logic Invigo 25L"},"content":{"rendered":"","protected":false},"excerpt":{"rendered":"<p>Le sac \u00e0 dos pour ordinateur portable 15,6&#8243; Case Logic Invigo est un sac \u00e0 dos sobre et raffin\u00e9, confectionn\u00e9 \u00e0 partir de mat\u00e9riaux recycl\u00e9s et dot\u00e9 de fonctions d&#8217;organisation bien pens\u00e9es. Il est fabriqu\u00e9 avec un ext\u00e9rieur en polyester 600D 100\u00a0% recycl\u00e9 et une doublure en polyester 150D. Le compartiment rembourr\u00e9 pour ordinateur portable prot\u00e8ge un ordinateur de 15,6&#8243; et la pochette pour tablette peut contenir une tablette de 12,9&#8243;. \u00c0 l&#8217;int\u00e9rieur du sac \u00e0 dos, des poches \u00e0 glissi\u00e8re permettent de ranger les petits accessoires, et une poche en maille filet zipp\u00e9e offre un espace de rangement s\u00e9curis\u00e9 suppl\u00e9mentaire pour les petits objets tels que les cl\u00e9s. \u00c0 l&#8217;ext\u00e9rieur du sac \u00e0 dos se trouve une poche de s\u00e9curit\u00e9 cach\u00e9e sur le panneau arri\u00e8re qui permet de garder les objets essentiels comme le passeport ou le portefeuille cach\u00e9s mais \u00e0 port\u00e9e de main. La poche frontale permet de ranger rapidement des objets lors des d\u00e9placements, et les deux poches lat\u00e9rales peuvent accueillir des bouteilles d&#8217;eau ou un parapluie. Le sac \u00e0 dos est \u00e9galement dot\u00e9 d&#8217;une sangle de passage pour les bagages qui permet d&#8217;attacher le sac \u00e0 un bagage \u00e0 roulettes pour voyager sans effort.<\/p>","protected":false},"featured_media":564819,"template":"","meta":{"_eb_attr":""},"product_brand":[],"product_cat":[1214,159],"product_tag":[1861,1862,837,1113,786,784,836,1347,289],"class_list":{"0":"post-564829","1":"product","2":"type-product","3":"status-publish","4":"has-post-thumbnail","6":"product_cat-sac-a-dos-pour-ordinateur","7":"product_cat-sacs","8":"product_tag-case-logic","9":"product_tag-caselogic","10":"product_tag-durable","11":"product_tag-housse","12":"product_tag-ordinateur","13":"product_tag-ordinateur-portable","14":"product_tag-recycle","15":"product_tag-sac-a-dos","16":"product_tag-sac-de-voyage","17":"pa_couleurs-noir","18":"pa_green-points-1619","19":"pa_marque-case-logic","20":"pa_matiere-600d-polyester-recycle","21":"pa_pays-d-origine-cambodge","23":"first","24":"instock","25":"shipping-taxable","26":"purchasable","27":"product-type-variable"},"yoast_head":"<!-- This site is optimized with the Yoast SEO plugin v27.4 - https:\/\/yoast.com\/product\/yoast-seo-wordpress\/ -->\n<title>Sac \u00e0 dos pour ordinateur portable 15,6&quot; Case Logic Invigo 25L - PERLE IN<\/title>\n<meta name=\"robots\" content=\"noindex, follow, max-snippet:-1, max-image-preview:large, max-video-preview:-1\" \/>\n<meta property=\"og:locale\" content=\"en_US\" \/>\n<meta property=\"og:type\" content=\"article\" \/>\n<meta property=\"og:title\" content=\"Sac \u00e0 dos pour ordinateur portable 15,6&quot; Case Logic Invigo 25L - PERLE IN\" \/>\n<meta property=\"og:description\" content=\"Le sac \u00e0 dos pour ordinateur portable 15,6&quot; Case Logic Invigo est un sac \u00e0 dos sobre et raffin\u00e9, confectionn\u00e9 \u00e0 partir de mat\u00e9riaux recycl\u00e9s et dot\u00e9 de fonctions d&#039;organisation bien pens\u00e9es. Il est fabriqu\u00e9 avec un ext\u00e9rieur en polyester 600D 100\u00a0% recycl\u00e9 et une doublure en polyester 150D. Le compartiment rembourr\u00e9 pour ordinateur portable prot\u00e8ge un ordinateur de 15,6&quot; et la pochette pour tablette peut contenir une tablette de 12,9&quot;. \u00c0 l&#039;int\u00e9rieur du sac \u00e0 dos, des poches \u00e0 glissi\u00e8re permettent de ranger les petits accessoires, et une poche en maille filet zipp\u00e9e offre un espace de rangement s\u00e9curis\u00e9 suppl\u00e9mentaire pour les petits objets tels que les cl\u00e9s. \u00c0 l&#039;ext\u00e9rieur du sac \u00e0 dos se trouve une poche de s\u00e9curit\u00e9 cach\u00e9e sur le panneau arri\u00e8re qui permet de garder les objets essentiels comme le passeport ou le portefeuille cach\u00e9s mais \u00e0 port\u00e9e de main. La poche frontale permet de ranger rapidement des objets lors des d\u00e9placements, et les deux poches lat\u00e9rales peuvent accueillir des bouteilles d&#039;eau ou un parapluie. Le sac \u00e0 dos est \u00e9galement dot\u00e9 d&#039;une sangle de passage pour les bagages qui permet d&#039;attacher le sac \u00e0 un bagage \u00e0 roulettes pour voyager sans effort.\" \/>\n<meta property=\"og:url\" content=\"https:\/\/perle-in.com\/en\/product\/sac-a-dos-pour-ordinateur-portable-156-case-logic-invigo-25l\/\" \/>\n<meta property=\"og:site_name\" content=\"PERLE IN\" \/>\n<meta property=\"article:modified_time\" content=\"2025-10-15T16:45:26+00:00\" \/>\n<meta property=\"og:image\" content=\"https:\/\/perle-in.com\/wp-content\/uploads\/2025\/10\/12074190-1.jpg\" \/>\n\t<meta property=\"og:image:width\" content=\"1600\" \/>\n\t<meta property=\"og:image:height\" content=\"1600\" \/>\n\t<meta property=\"og:image:type\" content=\"image\/jpeg\" \/>\n<meta name=\"twitter:card\" content=\"summary_large_image\" \/>\n<script type=\"application\/ld+json\" class=\"yoast-schema-graph\">{\"@context\":\"https:\\\/\\\/schema.org\",\"@graph\":[{\"@type\":\"WebPage\",\"@id\":\"https:\\\/\\\/perle-in.com\\\/produit\\\/sac-a-dos-pour-ordinateur-portable-156-case-logic-invigo-25l\\\/\",\"url\":\"https:\\\/\\\/perle-in.com\\\/produit\\\/sac-a-dos-pour-ordinateur-portable-156-case-logic-invigo-25l\\\/\",\"name\":\"Sac \u00e0 dos pour ordinateur portable 15,6\\\" Case Logic Invigo 25L - PERLE IN\",\"isPartOf\":{\"@id\":\"https:\\\/\\\/perle-in.com\\\/#website\"},\"primaryImageOfPage\":{\"@id\":\"https:\\\/\\\/perle-in.com\\\/produit\\\/sac-a-dos-pour-ordinateur-portable-156-case-logic-invigo-25l\\\/#primaryimage\"},\"image\":{\"@id\":\"https:\\\/\\\/perle-in.com\\\/produit\\\/sac-a-dos-pour-ordinateur-portable-156-case-logic-invigo-25l\\\/#primaryimage\"},\"thumbnailUrl\":\"https:\\\/\\\/perle-in.com\\\/wp-content\\\/uploads\\\/2025\\\/10\\\/12074190-1.jpg\",\"datePublished\":\"2025-10-15T16:45:25+00:00\",\"dateModified\":\"2025-10-15T16:45:26+00:00\",\"breadcrumb\":{\"@id\":\"https:\\\/\\\/perle-in.com\\\/produit\\\/sac-a-dos-pour-ordinateur-portable-156-case-logic-invigo-25l\\\/#breadcrumb\"},\"inLanguage\":\"en-CA\",\"potentialAction\":[{\"@type\":\"ReadAction\",\"target\":[\"https:\\\/\\\/perle-in.com\\\/produit\\\/sac-a-dos-pour-ordinateur-portable-156-case-logic-invigo-25l\\\/\"]}]},{\"@type\":\"ImageObject\",\"inLanguage\":\"en-CA\",\"@id\":\"https:\\\/\\\/perle-in.com\\\/produit\\\/sac-a-dos-pour-ordinateur-portable-156-case-logic-invigo-25l\\\/#primaryimage\",\"url\":\"https:\\\/\\\/perle-in.com\\\/wp-content\\\/uploads\\\/2025\\\/10\\\/12074190-1.jpg\",\"contentUrl\":\"https:\\\/\\\/perle-in.com\\\/wp-content\\\/uploads\\\/2025\\\/10\\\/12074190-1.jpg\",\"width\":1600,\"height\":1600},{\"@type\":\"BreadcrumbList\",\"@id\":\"https:\\\/\\\/perle-in.com\\\/produit\\\/sac-a-dos-pour-ordinateur-portable-156-case-logic-invigo-25l\\\/#breadcrumb\",\"itemListElement\":[{\"@type\":\"ListItem\",\"position\":1,\"name\":\"Accueil\",\"item\":\"https:\\\/\\\/perle-in.com\\\/\"},{\"@type\":\"ListItem\",\"position\":2,\"name\":\"Boutique\",\"item\":\"https:\\\/\\\/perle-in.com\\\/boutique\\\/\"},{\"@type\":\"ListItem\",\"position\":3,\"name\":\"Sac \u00e0 dos pour ordinateur portable 15,6&#8243; Case Logic Invigo 25L\"}]},{\"@type\":\"WebSite\",\"@id\":\"https:\\\/\\\/perle-in.com\\\/#website\",\"url\":\"https:\\\/\\\/perle-in.com\\\/\",\"name\":\"PERLE IN\",\"description\":\"\",\"publisher\":{\"@id\":\"https:\\\/\\\/perle-in.com\\\/#organization\"},\"potentialAction\":[{\"@type\":\"SearchAction\",\"target\":{\"@type\":\"EntryPoint\",\"urlTemplate\":\"https:\\\/\\\/perle-in.com\\\/?s={search_term_string}\"},\"query-input\":{\"@type\":\"PropertyValueSpecification\",\"valueRequired\":true,\"valueName\":\"search_term_string\"}}],\"inLanguage\":\"en-CA\"},{\"@type\":\"Organization\",\"@id\":\"https:\\\/\\\/perle-in.com\\\/#organization\",\"name\":\"PERLE IN\",\"url\":\"https:\\\/\\\/perle-in.com\\\/\",\"logo\":{\"@type\":\"ImageObject\",\"inLanguage\":\"en-CA\",\"@id\":\"https:\\\/\\\/perle-in.com\\\/#\\\/schema\\\/logo\\\/image\\\/\",\"url\":\"https:\\\/\\\/perle-in.com\\\/wp-content\\\/uploads\\\/2022\\\/12\\\/LOGO-PERLE-IN-COULEUR@3x.webp\",\"contentUrl\":\"https:\\\/\\\/perle-in.com\\\/wp-content\\\/uploads\\\/2022\\\/12\\\/LOGO-PERLE-IN-COULEUR@3x.webp\",\"width\":1600,\"height\":490,\"caption\":\"PERLE IN\"},\"image\":{\"@id\":\"https:\\\/\\\/perle-in.com\\\/#\\\/schema\\\/logo\\\/image\\\/\"}}]}<\/script>\n<!-- \/ Yoast SEO plugin. -->","yoast_head_json":{"title":"Sac \u00e0 dos pour ordinateur portable 15,6\" Case Logic Invigo 25L - PERLE IN","robots":{"index":"noindex","follow":"follow","max-snippet":"max-snippet:-1","max-image-preview":"max-image-preview:large","max-video-preview":"max-video-preview:-1"},"og_locale":"en_US","og_type":"article","og_title":"Sac \u00e0 dos pour ordinateur portable 15,6\" Case Logic Invigo 25L - PERLE IN","og_description":"Le sac \u00e0 dos pour ordinateur portable 15,6\" Case Logic Invigo est un sac \u00e0 dos sobre et raffin\u00e9, confectionn\u00e9 \u00e0 partir de mat\u00e9riaux recycl\u00e9s et dot\u00e9 de fonctions d'organisation bien pens\u00e9es. Il est fabriqu\u00e9 avec un ext\u00e9rieur en polyester 600D 100\u00a0% recycl\u00e9 et une doublure en polyester 150D. Le compartiment rembourr\u00e9 pour ordinateur portable prot\u00e8ge un ordinateur de 15,6\" et la pochette pour tablette peut contenir une tablette de 12,9\". \u00c0 l'int\u00e9rieur du sac \u00e0 dos, des poches \u00e0 glissi\u00e8re permettent de ranger les petits accessoires, et une poche en maille filet zipp\u00e9e offre un espace de rangement s\u00e9curis\u00e9 suppl\u00e9mentaire pour les petits objets tels que les cl\u00e9s. \u00c0 l'ext\u00e9rieur du sac \u00e0 dos se trouve une poche de s\u00e9curit\u00e9 cach\u00e9e sur le panneau arri\u00e8re qui permet de garder les objets essentiels comme le passeport ou le portefeuille cach\u00e9s mais \u00e0 port\u00e9e de main. La poche frontale permet de ranger rapidement des objets lors des d\u00e9placements, et les deux poches lat\u00e9rales peuvent accueillir des bouteilles d'eau ou un parapluie. Le sac \u00e0 dos est \u00e9galement dot\u00e9 d'une sangle de passage pour les bagages qui permet d'attacher le sac \u00e0 un bagage \u00e0 roulettes pour voyager sans effort.","og_url":"https:\/\/perle-in.com\/en\/product\/sac-a-dos-pour-ordinateur-portable-156-case-logic-invigo-25l\/","og_site_name":"PERLE IN","article_modified_time":"2025-10-15T16:45:26+00:00","og_image":[{"width":1600,"height":1600,"url":"https:\/\/perle-in.com\/wp-content\/uploads\/2025\/10\/12074190-1.jpg","type":"image\/jpeg"}],"twitter_card":"summary_large_image","schema":{"@context":"https:\/\/schema.org","@graph":[{"@type":"WebPage","@id":"https:\/\/perle-in.com\/produit\/sac-a-dos-pour-ordinateur-portable-156-case-logic-invigo-25l\/","url":"https:\/\/perle-in.com\/produit\/sac-a-dos-pour-ordinateur-portable-156-case-logic-invigo-25l\/","name":"Sac \u00e0 dos pour ordinateur portable 15,6\" Case Logic Invigo 25L - PERLE IN","isPartOf":{"@id":"https:\/\/perle-in.com\/#website"},"primaryImageOfPage":{"@id":"https:\/\/perle-in.com\/produit\/sac-a-dos-pour-ordinateur-portable-156-case-logic-invigo-25l\/#primaryimage"},"image":{"@id":"https:\/\/perle-in.com\/produit\/sac-a-dos-pour-ordinateur-portable-156-case-logic-invigo-25l\/#primaryimage"},"thumbnailUrl":"https:\/\/perle-in.com\/wp-content\/uploads\/2025\/10\/12074190-1.jpg","datePublished":"2025-10-15T16:45:25+00:00","dateModified":"2025-10-15T16:45:26+00:00","breadcrumb":{"@id":"https:\/\/perle-in.com\/produit\/sac-a-dos-pour-ordinateur-portable-156-case-logic-invigo-25l\/#breadcrumb"},"inLanguage":"en-CA","potentialAction":[{"@type":"ReadAction","target":["https:\/\/perle-in.com\/produit\/sac-a-dos-pour-ordinateur-portable-156-case-logic-invigo-25l\/"]}]},{"@type":"ImageObject","inLanguage":"en-CA","@id":"https:\/\/perle-in.com\/produit\/sac-a-dos-pour-ordinateur-portable-156-case-logic-invigo-25l\/#primaryimage","url":"https:\/\/perle-in.com\/wp-content\/uploads\/2025\/10\/12074190-1.jpg","contentUrl":"https:\/\/perle-in.com\/wp-content\/uploads\/2025\/10\/12074190-1.jpg","width":1600,"height":1600},{"@type":"BreadcrumbList","@id":"https:\/\/perle-in.com\/produit\/sac-a-dos-pour-ordinateur-portable-156-case-logic-invigo-25l\/#breadcrumb","itemListElement":[{"@type":"ListItem","position":1,"name":"Accueil","item":"https:\/\/perle-in.com\/"},{"@type":"ListItem","position":2,"name":"Boutique","item":"https:\/\/perle-in.com\/boutique\/"},{"@type":"ListItem","position":3,"name":"Sac \u00e0 dos pour ordinateur portable 15,6&#8243; Case Logic Invigo 25L"}]},{"@type":"WebSite","@id":"https:\/\/perle-in.com\/#website","url":"https:\/\/perle-in.com\/","name":"PERLE IN","description":"","publisher":{"@id":"https:\/\/perle-in.com\/#organization"},"potentialAction":[{"@type":"SearchAction","target":{"@type":"EntryPoint","urlTemplate":"https:\/\/perle-in.com\/?s={search_term_string}"},"query-input":{"@type":"PropertyValueSpecification","valueRequired":true,"valueName":"search_term_string"}}],"inLanguage":"en-CA"},{"@type":"Organization","@id":"https:\/\/perle-in.com\/#organization","name":"PERLE IN","url":"https:\/\/perle-in.com\/","logo":{"@type":"ImageObject","inLanguage":"en-CA","@id":"https:\/\/perle-in.com\/#\/schema\/logo\/image\/","url":"https:\/\/perle-in.com\/wp-content\/uploads\/2022\/12\/LOGO-PERLE-IN-COULEUR@3x.webp","contentUrl":"https:\/\/perle-in.com\/wp-content\/uploads\/2022\/12\/LOGO-PERLE-IN-COULEUR@3x.webp","width":1600,"height":490,"caption":"PERLE IN"},"image":{"@id":"https:\/\/perle-in.com\/#\/schema\/logo\/image\/"}}]}},"jetpack_sharing_enabled":true,"_links":{"self":[{"href":"https:\/\/perle-in.com\/en\/wp-json\/wp\/v2\/product\/564829","targetHints":{"allow":["GET"]}}],"collection":[{"href":"https:\/\/perle-in.com\/en\/wp-json\/wp\/v2\/product"}],"about":[{"href":"https:\/\/perle-in.com\/en\/wp-json\/wp\/v2\/types\/product"}],"version-history":[{"count":0,"href":"https:\/\/perle-in.com\/en\/wp-json\/wp\/v2\/product\/564829\/revisions"}],"wp:featuredmedia":[{"embeddable":true,"href":"https:\/\/perle-in.com\/en\/wp-json\/wp\/v2\/media\/564819"}],"wp:attachment":[{"href":"https:\/\/perle-in.com\/en\/wp-json\/wp\/v2\/media?parent=564829"}],"wp:term":[{"taxonomy":"product_brand","embeddable":true,"href":"https:\/\/perle-in.com\/en\/wp-json\/wp\/v2\/product_brand?post=564829"},{"taxonomy":"product_cat","embeddable":true,"href":"https:\/\/perle-in.com\/en\/wp-json\/wp\/v2\/product_cat?post=564829"},{"taxonomy":"product_tag","embeddable":true,"href":"https:\/\/perle-in.com\/en\/wp-json\/wp\/v2\/product_tag?post=564829"}],"curies":[{"name":"wp","href":"https:\/\/api.w.org\/{rel}","templated":true}]}}