{"id":564371,"date":"2025-10-15T17:44:24","date_gmt":"2025-10-15T15:44:24","guid":{"rendered":"https:\/\/perle-in.com\/produit\/sac-a-dos-outdoor-recreation\/"},"modified":"2025-10-15T17:45:50","modified_gmt":"2025-10-15T15:45:50","slug":"sac-a-dos-outdoor-recreation","status":"publish","type":"product","link":"https:\/\/perle-in.com\/en\/product\/sac-a-dos-outdoor-recreation\/","title":{"rendered":"Sac \u00e0 dos outdoor Recreation"},"content":{"rendered":"","protected":false},"excerpt":{"rendered":"<p>Que vous vous promeniez dans le parc, que vous alliez \u00e0 la salle de sport ou que vous vous rendiez dans les centres-villes, le sac \u00e0 dos Recreation s&#8217;adapte sans effort \u00e0 vos besoins. Ce petit sac \u00e0 dos pratique est dot\u00e9 d&#8217;une poche frontale zipp\u00e9e, d&#8217;un compartiment principal zipp\u00e9 et de bretelles l\u00e9g\u00e8res et r\u00e9glables. Capacit\u00e9\u00a0: 7\u00a0litres.<\/p>","protected":false},"featured_media":564360,"template":"","meta":{"_eb_attr":""},"product_brand":[],"product_cat":[159],"product_tag":[3654,282,1347,283],"class_list":{"0":"post-564371","1":"product","2":"type-product","3":"status-publish","4":"has-post-thumbnail","6":"product_cat-sacs","7":"product_tag-outdoor","8":"product_tag-sac","9":"product_tag-sac-a-dos","10":"product_tag-sacs","11":"pa_couleurs-bleu-royal","12":"pa_couleurs-gris","13":"pa_couleurs-marine","14":"pa_couleurs-noir","15":"pa_couleurs-rouge","16":"pa_couleurs-vert","18":"first","19":"instock","20":"shipping-taxable","21":"purchasable","22":"product-type-variable"},"yoast_head":"<!-- This site is optimized with the Yoast SEO plugin v27.4 - https:\/\/yoast.com\/product\/yoast-seo-wordpress\/ -->\n<title>Sac \u00e0 dos outdoor Recreation - PERLE IN<\/title>\n<meta name=\"robots\" content=\"noindex, follow, max-snippet:-1, max-image-preview:large, max-video-preview:-1\" \/>\n<meta property=\"og:locale\" content=\"en_US\" \/>\n<meta property=\"og:type\" content=\"article\" \/>\n<meta property=\"og:title\" content=\"Sac \u00e0 dos outdoor Recreation - PERLE IN\" \/>\n<meta property=\"og:description\" content=\"Que vous vous promeniez dans le parc, que vous alliez \u00e0 la salle de sport ou que vous vous rendiez dans les centres-villes, le sac \u00e0 dos Recreation s&#039;adapte sans effort \u00e0 vos besoins. Ce petit sac \u00e0 dos pratique est dot\u00e9 d&#039;une poche frontale zipp\u00e9e, d&#039;un compartiment principal zipp\u00e9 et de bretelles l\u00e9g\u00e8res et r\u00e9glables. Capacit\u00e9\u00a0: 7\u00a0litres.\" \/>\n<meta property=\"og:url\" content=\"https:\/\/perle-in.com\/en\/product\/sac-a-dos-outdoor-recreation\/\" \/>\n<meta property=\"og:site_name\" content=\"PERLE IN\" \/>\n<meta property=\"article:modified_time\" content=\"2025-10-15T15:45:50+00:00\" \/>\n<meta property=\"og:image\" content=\"https:\/\/perle-in.com\/wp-content\/uploads\/2025\/10\/12074021-1.jpg\" \/>\n\t<meta property=\"og:image:width\" content=\"1600\" \/>\n\t<meta property=\"og:image:height\" content=\"1600\" \/>\n\t<meta property=\"og:image:type\" content=\"image\/jpeg\" \/>\n<meta name=\"twitter:card\" content=\"summary_large_image\" \/>\n<script type=\"application\/ld+json\" class=\"yoast-schema-graph\">{\"@context\":\"https:\\\/\\\/schema.org\",\"@graph\":[{\"@type\":\"WebPage\",\"@id\":\"https:\\\/\\\/perle-in.com\\\/produit\\\/sac-a-dos-outdoor-recreation\\\/\",\"url\":\"https:\\\/\\\/perle-in.com\\\/produit\\\/sac-a-dos-outdoor-recreation\\\/\",\"name\":\"Sac \u00e0 dos outdoor Recreation - PERLE IN\",\"isPartOf\":{\"@id\":\"https:\\\/\\\/perle-in.com\\\/#website\"},\"primaryImageOfPage\":{\"@id\":\"https:\\\/\\\/perle-in.com\\\/produit\\\/sac-a-dos-outdoor-recreation\\\/#primaryimage\"},\"image\":{\"@id\":\"https:\\\/\\\/perle-in.com\\\/produit\\\/sac-a-dos-outdoor-recreation\\\/#primaryimage\"},\"thumbnailUrl\":\"https:\\\/\\\/perle-in.com\\\/wp-content\\\/uploads\\\/2025\\\/10\\\/12074021-1.jpg\",\"datePublished\":\"2025-10-15T15:44:24+00:00\",\"dateModified\":\"2025-10-15T15:45:50+00:00\",\"breadcrumb\":{\"@id\":\"https:\\\/\\\/perle-in.com\\\/produit\\\/sac-a-dos-outdoor-recreation\\\/#breadcrumb\"},\"inLanguage\":\"en-CA\",\"potentialAction\":[{\"@type\":\"ReadAction\",\"target\":[\"https:\\\/\\\/perle-in.com\\\/produit\\\/sac-a-dos-outdoor-recreation\\\/\"]}]},{\"@type\":\"ImageObject\",\"inLanguage\":\"en-CA\",\"@id\":\"https:\\\/\\\/perle-in.com\\\/produit\\\/sac-a-dos-outdoor-recreation\\\/#primaryimage\",\"url\":\"https:\\\/\\\/perle-in.com\\\/wp-content\\\/uploads\\\/2025\\\/10\\\/12074021-1.jpg\",\"contentUrl\":\"https:\\\/\\\/perle-in.com\\\/wp-content\\\/uploads\\\/2025\\\/10\\\/12074021-1.jpg\",\"width\":1600,\"height\":1600},{\"@type\":\"BreadcrumbList\",\"@id\":\"https:\\\/\\\/perle-in.com\\\/produit\\\/sac-a-dos-outdoor-recreation\\\/#breadcrumb\",\"itemListElement\":[{\"@type\":\"ListItem\",\"position\":1,\"name\":\"Accueil\",\"item\":\"https:\\\/\\\/perle-in.com\\\/\"},{\"@type\":\"ListItem\",\"position\":2,\"name\":\"Boutique\",\"item\":\"https:\\\/\\\/perle-in.com\\\/boutique\\\/\"},{\"@type\":\"ListItem\",\"position\":3,\"name\":\"Sac \u00e0 dos outdoor Recreation\"}]},{\"@type\":\"WebSite\",\"@id\":\"https:\\\/\\\/perle-in.com\\\/#website\",\"url\":\"https:\\\/\\\/perle-in.com\\\/\",\"name\":\"PERLE IN\",\"description\":\"\",\"publisher\":{\"@id\":\"https:\\\/\\\/perle-in.com\\\/#organization\"},\"potentialAction\":[{\"@type\":\"SearchAction\",\"target\":{\"@type\":\"EntryPoint\",\"urlTemplate\":\"https:\\\/\\\/perle-in.com\\\/?s={search_term_string}\"},\"query-input\":{\"@type\":\"PropertyValueSpecification\",\"valueRequired\":true,\"valueName\":\"search_term_string\"}}],\"inLanguage\":\"en-CA\"},{\"@type\":\"Organization\",\"@id\":\"https:\\\/\\\/perle-in.com\\\/#organization\",\"name\":\"PERLE IN\",\"url\":\"https:\\\/\\\/perle-in.com\\\/\",\"logo\":{\"@type\":\"ImageObject\",\"inLanguage\":\"en-CA\",\"@id\":\"https:\\\/\\\/perle-in.com\\\/#\\\/schema\\\/logo\\\/image\\\/\",\"url\":\"https:\\\/\\\/perle-in.com\\\/wp-content\\\/uploads\\\/2022\\\/12\\\/LOGO-PERLE-IN-COULEUR@3x.webp\",\"contentUrl\":\"https:\\\/\\\/perle-in.com\\\/wp-content\\\/uploads\\\/2022\\\/12\\\/LOGO-PERLE-IN-COULEUR@3x.webp\",\"width\":1600,\"height\":490,\"caption\":\"PERLE IN\"},\"image\":{\"@id\":\"https:\\\/\\\/perle-in.com\\\/#\\\/schema\\\/logo\\\/image\\\/\"}}]}<\/script>\n<!-- \/ Yoast SEO plugin. -->","yoast_head_json":{"title":"Sac \u00e0 dos outdoor Recreation - PERLE IN","robots":{"index":"noindex","follow":"follow","max-snippet":"max-snippet:-1","max-image-preview":"max-image-preview:large","max-video-preview":"max-video-preview:-1"},"og_locale":"en_US","og_type":"article","og_title":"Sac \u00e0 dos outdoor Recreation - PERLE IN","og_description":"Que vous vous promeniez dans le parc, que vous alliez \u00e0 la salle de sport ou que vous vous rendiez dans les centres-villes, le sac \u00e0 dos Recreation s'adapte sans effort \u00e0 vos besoins. Ce petit sac \u00e0 dos pratique est dot\u00e9 d'une poche frontale zipp\u00e9e, d'un compartiment principal zipp\u00e9 et de bretelles l\u00e9g\u00e8res et r\u00e9glables. Capacit\u00e9\u00a0: 7\u00a0litres.","og_url":"https:\/\/perle-in.com\/en\/product\/sac-a-dos-outdoor-recreation\/","og_site_name":"PERLE IN","article_modified_time":"2025-10-15T15:45:50+00:00","og_image":[{"width":1600,"height":1600,"url":"https:\/\/perle-in.com\/wp-content\/uploads\/2025\/10\/12074021-1.jpg","type":"image\/jpeg"}],"twitter_card":"summary_large_image","schema":{"@context":"https:\/\/schema.org","@graph":[{"@type":"WebPage","@id":"https:\/\/perle-in.com\/produit\/sac-a-dos-outdoor-recreation\/","url":"https:\/\/perle-in.com\/produit\/sac-a-dos-outdoor-recreation\/","name":"Sac \u00e0 dos outdoor Recreation - PERLE IN","isPartOf":{"@id":"https:\/\/perle-in.com\/#website"},"primaryImageOfPage":{"@id":"https:\/\/perle-in.com\/produit\/sac-a-dos-outdoor-recreation\/#primaryimage"},"image":{"@id":"https:\/\/perle-in.com\/produit\/sac-a-dos-outdoor-recreation\/#primaryimage"},"thumbnailUrl":"https:\/\/perle-in.com\/wp-content\/uploads\/2025\/10\/12074021-1.jpg","datePublished":"2025-10-15T15:44:24+00:00","dateModified":"2025-10-15T15:45:50+00:00","breadcrumb":{"@id":"https:\/\/perle-in.com\/produit\/sac-a-dos-outdoor-recreation\/#breadcrumb"},"inLanguage":"en-CA","potentialAction":[{"@type":"ReadAction","target":["https:\/\/perle-in.com\/produit\/sac-a-dos-outdoor-recreation\/"]}]},{"@type":"ImageObject","inLanguage":"en-CA","@id":"https:\/\/perle-in.com\/produit\/sac-a-dos-outdoor-recreation\/#primaryimage","url":"https:\/\/perle-in.com\/wp-content\/uploads\/2025\/10\/12074021-1.jpg","contentUrl":"https:\/\/perle-in.com\/wp-content\/uploads\/2025\/10\/12074021-1.jpg","width":1600,"height":1600},{"@type":"BreadcrumbList","@id":"https:\/\/perle-in.com\/produit\/sac-a-dos-outdoor-recreation\/#breadcrumb","itemListElement":[{"@type":"ListItem","position":1,"name":"Accueil","item":"https:\/\/perle-in.com\/"},{"@type":"ListItem","position":2,"name":"Boutique","item":"https:\/\/perle-in.com\/boutique\/"},{"@type":"ListItem","position":3,"name":"Sac \u00e0 dos outdoor Recreation"}]},{"@type":"WebSite","@id":"https:\/\/perle-in.com\/#website","url":"https:\/\/perle-in.com\/","name":"PERLE IN","description":"","publisher":{"@id":"https:\/\/perle-in.com\/#organization"},"potentialAction":[{"@type":"SearchAction","target":{"@type":"EntryPoint","urlTemplate":"https:\/\/perle-in.com\/?s={search_term_string}"},"query-input":{"@type":"PropertyValueSpecification","valueRequired":true,"valueName":"search_term_string"}}],"inLanguage":"en-CA"},{"@type":"Organization","@id":"https:\/\/perle-in.com\/#organization","name":"PERLE IN","url":"https:\/\/perle-in.com\/","logo":{"@type":"ImageObject","inLanguage":"en-CA","@id":"https:\/\/perle-in.com\/#\/schema\/logo\/image\/","url":"https:\/\/perle-in.com\/wp-content\/uploads\/2022\/12\/LOGO-PERLE-IN-COULEUR@3x.webp","contentUrl":"https:\/\/perle-in.com\/wp-content\/uploads\/2022\/12\/LOGO-PERLE-IN-COULEUR@3x.webp","width":1600,"height":490,"caption":"PERLE IN"},"image":{"@id":"https:\/\/perle-in.com\/#\/schema\/logo\/image\/"}}]}},"jetpack_sharing_enabled":true,"_links":{"self":[{"href":"https:\/\/perle-in.com\/en\/wp-json\/wp\/v2\/product\/564371","targetHints":{"allow":["GET"]}}],"collection":[{"href":"https:\/\/perle-in.com\/en\/wp-json\/wp\/v2\/product"}],"about":[{"href":"https:\/\/perle-in.com\/en\/wp-json\/wp\/v2\/types\/product"}],"version-history":[{"count":0,"href":"https:\/\/perle-in.com\/en\/wp-json\/wp\/v2\/product\/564371\/revisions"}],"wp:featuredmedia":[{"embeddable":true,"href":"https:\/\/perle-in.com\/en\/wp-json\/wp\/v2\/media\/564360"}],"wp:attachment":[{"href":"https:\/\/perle-in.com\/en\/wp-json\/wp\/v2\/media?parent=564371"}],"wp:term":[{"taxonomy":"product_brand","embeddable":true,"href":"https:\/\/perle-in.com\/en\/wp-json\/wp\/v2\/product_brand?post=564371"},{"taxonomy":"product_cat","embeddable":true,"href":"https:\/\/perle-in.com\/en\/wp-json\/wp\/v2\/product_cat?post=564371"},{"taxonomy":"product_tag","embeddable":true,"href":"https:\/\/perle-in.com\/en\/wp-json\/wp\/v2\/product_tag?post=564371"}],"curies":[{"name":"wp","href":"https:\/\/api.w.org\/{rel}","templated":true}]}}