{"id":562674,"date":"2025-10-15T14:19:36","date_gmt":"2025-10-15T12:19:36","guid":{"rendered":"https:\/\/perle-in.com\/produit\/sac-a-dos-thule-subterra-2-de-21-l\/"},"modified":"2025-10-19T05:48:48","modified_gmt":"2025-10-19T03:48:48","slug":"sac-a-dos-thule-subterra-2-de-21-l","status":"publish","type":"product","link":"https:\/\/perle-in.com\/en\/product\/sac-a-dos-thule-subterra-2-de-21-l\/","title":{"rendered":"Sac \u00e0 dos Thule Subterra\u00a02 de 21\u00a0L"},"content":{"rendered":"","protected":false},"excerpt":{"rendered":"<p>Le sac \u00e0 dos Thule Subterra est id\u00e9al pour les voyageurs modernes et combine astucieusement un look sobre, des caract\u00e9ristiques r\u00e9glables et des rangements bien pens\u00e9s. Le compartiment rembourr\u00e9 pour ordinateur portable prot\u00e8ge un ordinateur de 15,6&#8243; et la pochette pour tablette peut contenir une tablette de 10,9&#8243;. Le panneau d&#8217;organisation int\u00e9rieur permet de ranger et de prot\u00e9ger les stylos, cordons, cl\u00e9s et autres objets essentiels. Les poches situ\u00e9es sur le panneau arri\u00e8re gardent en s\u00e9curit\u00e9 les objets importants tels que le passeport ou le portefeuille. \u00c0 l&#8217;ext\u00e9rieur du sac, deux poches lat\u00e9rales permettent de ranger des bouteilles d&#8217;eau ou un parapluie. Le sac \u00e0 dos est \u00e9galement dot\u00e9 d&#8217;une sangle de passage pour les bagages qui permet d&#8217;attacher le sac \u00e0 un bagage \u00e0 roulettes pour voyager sans effort.<\/p>","protected":false},"featured_media":562666,"template":"","meta":{"_eb_attr":""},"product_brand":[],"product_cat":[159],"product_tag":[786,784,282,1347,3387,289,3566,1189,3072,291],"class_list":{"0":"post-562674","1":"product","2":"type-product","3":"status-publish","4":"has-post-thumbnail","6":"product_cat-sacs","7":"product_tag-ordinateur","8":"product_tag-ordinateur-portable","9":"product_tag-sac","10":"product_tag-sac-a-dos","11":"product_tag-sac-de-randonnee","12":"product_tag-sac-de-voyage","13":"product_tag-subterra","14":"product_tag-tablette","15":"product_tag-thule","16":"product_tag-voyage","17":"pa_couleurs-noir","18":"pa_marque-thule","19":"pa_pays-d-origine-cambodge","21":"first","22":"instock","23":"shipping-taxable","24":"purchasable","25":"product-type-variable"},"yoast_head":"<!-- This site is optimized with the Yoast SEO plugin v27.4 - https:\/\/yoast.com\/product\/yoast-seo-wordpress\/ -->\n<title>Sac \u00e0 dos Thule Subterra\u00a02 de 21\u00a0L - PERLE IN<\/title>\n<meta name=\"robots\" content=\"noindex, follow, max-snippet:-1, max-image-preview:large, max-video-preview:-1\" \/>\n<meta property=\"og:locale\" content=\"en_US\" \/>\n<meta property=\"og:type\" content=\"article\" \/>\n<meta property=\"og:title\" content=\"Sac \u00e0 dos Thule Subterra\u00a02 de 21\u00a0L - PERLE IN\" \/>\n<meta property=\"og:description\" content=\"Le sac \u00e0 dos Thule Subterra est id\u00e9al pour les voyageurs modernes et combine astucieusement un look sobre, des caract\u00e9ristiques r\u00e9glables et des rangements bien pens\u00e9s. Le compartiment rembourr\u00e9 pour ordinateur portable prot\u00e8ge un ordinateur de 15,6&quot; et la pochette pour tablette peut contenir une tablette de 10,9&quot;. Le panneau d&#039;organisation int\u00e9rieur permet de ranger et de prot\u00e9ger les stylos, cordons, cl\u00e9s et autres objets essentiels. Les poches situ\u00e9es sur le panneau arri\u00e8re gardent en s\u00e9curit\u00e9 les objets importants tels que le passeport ou le portefeuille. \u00c0 l&#039;ext\u00e9rieur du sac, deux poches lat\u00e9rales permettent de ranger des bouteilles d&#039;eau ou un parapluie. Le sac \u00e0 dos est \u00e9galement dot\u00e9 d&#039;une sangle de passage pour les bagages qui permet d&#039;attacher le sac \u00e0 un bagage \u00e0 roulettes pour voyager sans effort.\" \/>\n<meta property=\"og:url\" content=\"https:\/\/perle-in.com\/en\/product\/sac-a-dos-thule-subterra-2-de-21-l\/\" \/>\n<meta property=\"og:site_name\" content=\"PERLE IN\" \/>\n<meta property=\"article:modified_time\" content=\"2025-10-19T03:48:48+00:00\" \/>\n<meta property=\"og:image\" content=\"https:\/\/perle-in.com\/wp-content\/uploads\/2025\/10\/12072890-1.jpg\" \/>\n\t<meta property=\"og:image:width\" content=\"1600\" \/>\n\t<meta property=\"og:image:height\" content=\"1600\" \/>\n\t<meta property=\"og:image:type\" content=\"image\/jpeg\" \/>\n<meta name=\"twitter:card\" content=\"summary_large_image\" \/>\n<script type=\"application\/ld+json\" class=\"yoast-schema-graph\">{\"@context\":\"https:\\\/\\\/schema.org\",\"@graph\":[{\"@type\":\"WebPage\",\"@id\":\"https:\\\/\\\/perle-in.com\\\/produit\\\/sac-a-dos-thule-subterra-2-de-21-l\\\/\",\"url\":\"https:\\\/\\\/perle-in.com\\\/produit\\\/sac-a-dos-thule-subterra-2-de-21-l\\\/\",\"name\":\"Sac \u00e0 dos Thule Subterra\u00a02 de 21\u00a0L - PERLE IN\",\"isPartOf\":{\"@id\":\"https:\\\/\\\/perle-in.com\\\/#website\"},\"primaryImageOfPage\":{\"@id\":\"https:\\\/\\\/perle-in.com\\\/produit\\\/sac-a-dos-thule-subterra-2-de-21-l\\\/#primaryimage\"},\"image\":{\"@id\":\"https:\\\/\\\/perle-in.com\\\/produit\\\/sac-a-dos-thule-subterra-2-de-21-l\\\/#primaryimage\"},\"thumbnailUrl\":\"https:\\\/\\\/perle-in.com\\\/wp-content\\\/uploads\\\/2025\\\/10\\\/12072890-1.jpg\",\"datePublished\":\"2025-10-15T12:19:36+00:00\",\"dateModified\":\"2025-10-19T03:48:48+00:00\",\"breadcrumb\":{\"@id\":\"https:\\\/\\\/perle-in.com\\\/produit\\\/sac-a-dos-thule-subterra-2-de-21-l\\\/#breadcrumb\"},\"inLanguage\":\"en-CA\",\"potentialAction\":[{\"@type\":\"ReadAction\",\"target\":[\"https:\\\/\\\/perle-in.com\\\/produit\\\/sac-a-dos-thule-subterra-2-de-21-l\\\/\"]}]},{\"@type\":\"ImageObject\",\"inLanguage\":\"en-CA\",\"@id\":\"https:\\\/\\\/perle-in.com\\\/produit\\\/sac-a-dos-thule-subterra-2-de-21-l\\\/#primaryimage\",\"url\":\"https:\\\/\\\/perle-in.com\\\/wp-content\\\/uploads\\\/2025\\\/10\\\/12072890-1.jpg\",\"contentUrl\":\"https:\\\/\\\/perle-in.com\\\/wp-content\\\/uploads\\\/2025\\\/10\\\/12072890-1.jpg\",\"width\":1600,\"height\":1600},{\"@type\":\"BreadcrumbList\",\"@id\":\"https:\\\/\\\/perle-in.com\\\/produit\\\/sac-a-dos-thule-subterra-2-de-21-l\\\/#breadcrumb\",\"itemListElement\":[{\"@type\":\"ListItem\",\"position\":1,\"name\":\"Accueil\",\"item\":\"https:\\\/\\\/perle-in.com\\\/\"},{\"@type\":\"ListItem\",\"position\":2,\"name\":\"Boutique\",\"item\":\"https:\\\/\\\/perle-in.com\\\/boutique\\\/\"},{\"@type\":\"ListItem\",\"position\":3,\"name\":\"Sac \u00e0 dos Thule Subterra\u00a02 de 21\u00a0L\"}]},{\"@type\":\"WebSite\",\"@id\":\"https:\\\/\\\/perle-in.com\\\/#website\",\"url\":\"https:\\\/\\\/perle-in.com\\\/\",\"name\":\"PERLE IN\",\"description\":\"\",\"publisher\":{\"@id\":\"https:\\\/\\\/perle-in.com\\\/#organization\"},\"potentialAction\":[{\"@type\":\"SearchAction\",\"target\":{\"@type\":\"EntryPoint\",\"urlTemplate\":\"https:\\\/\\\/perle-in.com\\\/?s={search_term_string}\"},\"query-input\":{\"@type\":\"PropertyValueSpecification\",\"valueRequired\":true,\"valueName\":\"search_term_string\"}}],\"inLanguage\":\"en-CA\"},{\"@type\":\"Organization\",\"@id\":\"https:\\\/\\\/perle-in.com\\\/#organization\",\"name\":\"PERLE IN\",\"url\":\"https:\\\/\\\/perle-in.com\\\/\",\"logo\":{\"@type\":\"ImageObject\",\"inLanguage\":\"en-CA\",\"@id\":\"https:\\\/\\\/perle-in.com\\\/#\\\/schema\\\/logo\\\/image\\\/\",\"url\":\"https:\\\/\\\/perle-in.com\\\/wp-content\\\/uploads\\\/2022\\\/12\\\/LOGO-PERLE-IN-COULEUR@3x.webp\",\"contentUrl\":\"https:\\\/\\\/perle-in.com\\\/wp-content\\\/uploads\\\/2022\\\/12\\\/LOGO-PERLE-IN-COULEUR@3x.webp\",\"width\":1600,\"height\":490,\"caption\":\"PERLE IN\"},\"image\":{\"@id\":\"https:\\\/\\\/perle-in.com\\\/#\\\/schema\\\/logo\\\/image\\\/\"}}]}<\/script>\n<!-- \/ Yoast SEO plugin. -->","yoast_head_json":{"title":"Sac \u00e0 dos Thule Subterra\u00a02 de 21\u00a0L - PERLE IN","robots":{"index":"noindex","follow":"follow","max-snippet":"max-snippet:-1","max-image-preview":"max-image-preview:large","max-video-preview":"max-video-preview:-1"},"og_locale":"en_US","og_type":"article","og_title":"Sac \u00e0 dos Thule Subterra\u00a02 de 21\u00a0L - PERLE IN","og_description":"Le sac \u00e0 dos Thule Subterra est id\u00e9al pour les voyageurs modernes et combine astucieusement un look sobre, des caract\u00e9ristiques r\u00e9glables et des rangements bien pens\u00e9s. Le compartiment rembourr\u00e9 pour ordinateur portable prot\u00e8ge un ordinateur de 15,6\" et la pochette pour tablette peut contenir une tablette de 10,9\". Le panneau d'organisation int\u00e9rieur permet de ranger et de prot\u00e9ger les stylos, cordons, cl\u00e9s et autres objets essentiels. Les poches situ\u00e9es sur le panneau arri\u00e8re gardent en s\u00e9curit\u00e9 les objets importants tels que le passeport ou le portefeuille. \u00c0 l'ext\u00e9rieur du sac, deux poches lat\u00e9rales permettent de ranger des bouteilles d'eau ou un parapluie. Le sac \u00e0 dos est \u00e9galement dot\u00e9 d'une sangle de passage pour les bagages qui permet d'attacher le sac \u00e0 un bagage \u00e0 roulettes pour voyager sans effort.","og_url":"https:\/\/perle-in.com\/en\/product\/sac-a-dos-thule-subterra-2-de-21-l\/","og_site_name":"PERLE IN","article_modified_time":"2025-10-19T03:48:48+00:00","og_image":[{"width":1600,"height":1600,"url":"https:\/\/perle-in.com\/wp-content\/uploads\/2025\/10\/12072890-1.jpg","type":"image\/jpeg"}],"twitter_card":"summary_large_image","schema":{"@context":"https:\/\/schema.org","@graph":[{"@type":"WebPage","@id":"https:\/\/perle-in.com\/produit\/sac-a-dos-thule-subterra-2-de-21-l\/","url":"https:\/\/perle-in.com\/produit\/sac-a-dos-thule-subterra-2-de-21-l\/","name":"Sac \u00e0 dos Thule Subterra\u00a02 de 21\u00a0L - PERLE IN","isPartOf":{"@id":"https:\/\/perle-in.com\/#website"},"primaryImageOfPage":{"@id":"https:\/\/perle-in.com\/produit\/sac-a-dos-thule-subterra-2-de-21-l\/#primaryimage"},"image":{"@id":"https:\/\/perle-in.com\/produit\/sac-a-dos-thule-subterra-2-de-21-l\/#primaryimage"},"thumbnailUrl":"https:\/\/perle-in.com\/wp-content\/uploads\/2025\/10\/12072890-1.jpg","datePublished":"2025-10-15T12:19:36+00:00","dateModified":"2025-10-19T03:48:48+00:00","breadcrumb":{"@id":"https:\/\/perle-in.com\/produit\/sac-a-dos-thule-subterra-2-de-21-l\/#breadcrumb"},"inLanguage":"en-CA","potentialAction":[{"@type":"ReadAction","target":["https:\/\/perle-in.com\/produit\/sac-a-dos-thule-subterra-2-de-21-l\/"]}]},{"@type":"ImageObject","inLanguage":"en-CA","@id":"https:\/\/perle-in.com\/produit\/sac-a-dos-thule-subterra-2-de-21-l\/#primaryimage","url":"https:\/\/perle-in.com\/wp-content\/uploads\/2025\/10\/12072890-1.jpg","contentUrl":"https:\/\/perle-in.com\/wp-content\/uploads\/2025\/10\/12072890-1.jpg","width":1600,"height":1600},{"@type":"BreadcrumbList","@id":"https:\/\/perle-in.com\/produit\/sac-a-dos-thule-subterra-2-de-21-l\/#breadcrumb","itemListElement":[{"@type":"ListItem","position":1,"name":"Accueil","item":"https:\/\/perle-in.com\/"},{"@type":"ListItem","position":2,"name":"Boutique","item":"https:\/\/perle-in.com\/boutique\/"},{"@type":"ListItem","position":3,"name":"Sac \u00e0 dos Thule Subterra\u00a02 de 21\u00a0L"}]},{"@type":"WebSite","@id":"https:\/\/perle-in.com\/#website","url":"https:\/\/perle-in.com\/","name":"PERLE IN","description":"","publisher":{"@id":"https:\/\/perle-in.com\/#organization"},"potentialAction":[{"@type":"SearchAction","target":{"@type":"EntryPoint","urlTemplate":"https:\/\/perle-in.com\/?s={search_term_string}"},"query-input":{"@type":"PropertyValueSpecification","valueRequired":true,"valueName":"search_term_string"}}],"inLanguage":"en-CA"},{"@type":"Organization","@id":"https:\/\/perle-in.com\/#organization","name":"PERLE IN","url":"https:\/\/perle-in.com\/","logo":{"@type":"ImageObject","inLanguage":"en-CA","@id":"https:\/\/perle-in.com\/#\/schema\/logo\/image\/","url":"https:\/\/perle-in.com\/wp-content\/uploads\/2022\/12\/LOGO-PERLE-IN-COULEUR@3x.webp","contentUrl":"https:\/\/perle-in.com\/wp-content\/uploads\/2022\/12\/LOGO-PERLE-IN-COULEUR@3x.webp","width":1600,"height":490,"caption":"PERLE IN"},"image":{"@id":"https:\/\/perle-in.com\/#\/schema\/logo\/image\/"}}]}},"jetpack_sharing_enabled":true,"_links":{"self":[{"href":"https:\/\/perle-in.com\/en\/wp-json\/wp\/v2\/product\/562674","targetHints":{"allow":["GET"]}}],"collection":[{"href":"https:\/\/perle-in.com\/en\/wp-json\/wp\/v2\/product"}],"about":[{"href":"https:\/\/perle-in.com\/en\/wp-json\/wp\/v2\/types\/product"}],"version-history":[{"count":0,"href":"https:\/\/perle-in.com\/en\/wp-json\/wp\/v2\/product\/562674\/revisions"}],"wp:featuredmedia":[{"embeddable":true,"href":"https:\/\/perle-in.com\/en\/wp-json\/wp\/v2\/media\/562666"}],"wp:attachment":[{"href":"https:\/\/perle-in.com\/en\/wp-json\/wp\/v2\/media?parent=562674"}],"wp:term":[{"taxonomy":"product_brand","embeddable":true,"href":"https:\/\/perle-in.com\/en\/wp-json\/wp\/v2\/product_brand?post=562674"},{"taxonomy":"product_cat","embeddable":true,"href":"https:\/\/perle-in.com\/en\/wp-json\/wp\/v2\/product_cat?post=562674"},{"taxonomy":"product_tag","embeddable":true,"href":"https:\/\/perle-in.com\/en\/wp-json\/wp\/v2\/product_tag?post=562674"}],"curies":[{"name":"wp","href":"https:\/\/api.w.org\/{rel}","templated":true}]}}