{"id":542746,"date":"2025-10-15T03:16:13","date_gmt":"2025-10-15T01:16:13","guid":{"rendered":"https:\/\/perle-in.com\/produit\/cable-de-recharge-modulaire-en-plastique-recycle-savvy-avec-support-de-telephone\/"},"modified":"2025-10-19T05:47:56","modified_gmt":"2025-10-19T03:47:56","slug":"cable-de-recharge-modulaire-en-plastique-recycle-savvy-avec-support-de-telephone","status":"publish","type":"product","link":"https:\/\/perle-in.com\/en\/product\/cable-de-recharge-modulaire-en-plastique-recycle-savvy-avec-support-de-telephone\/","title":{"rendered":"C\u00e2ble de recharge modulaire en plastique recycl\u00e9 Savvy avec support de t\u00e9l\u00e9phone"},"content":{"rendered":"","protected":false},"excerpt":{"rendered":"<p>C\u00e2ble modulaire de transfert de donn\u00e9es et de recharge en plastique recycl\u00e9, livr\u00e9 dans une \u00e9l\u00e9gante bo\u00eete de rangement qui sert \u00e9galement de socle de t\u00e9l\u00e9phone. Le c\u00e2ble offre de multiples solutions de recharge\u00a0: Entr\u00e9e type-C et USB-A, et sortie type-C\/iOS\/micro USB. Gr\u00e2ce \u00e0 tous ces adaptateurs et connecteurs, ce c\u00e2ble vous permet de charger la plupart des smartphones, appareils photo, batteries de secours, \u00e9couteurs, etc. Le c\u00e2ble a une puissance de sortie maximale de 2\u00a0A. Comprend une broche d&#8217;\u00e9jection qui s&#8217;av\u00e8re tr\u00e8s pratique lorsque vous devez retirer la carte SIM de votre t\u00e9l\u00e9phone. La bo\u00eete de rangement peut \u00e9galement contenir une carte m\u00e9moire micro SD ainsi qu&#8217;une carte nano SIM, ce qui en fait l&#8217;accessoire de voyage id\u00e9al. Longueur du c\u00e2ble\u00a0: 26\u00a0cm. Livr\u00e9 dans une enveloppe en papier Kraft 100\u00a0% recycl\u00e9.<\/p>","protected":false},"featured_media":542736,"template":"","meta":{"_eb_attr":""},"product_brand":[],"product_cat":[1206,667],"product_tag":[1983,816,814,815,837,3409,836,1973,671],"class_list":{"0":"post-542746","1":"product","2":"type-product","3":"status-publish","4":"has-post-thumbnail","6":"product_cat-cables","7":"product_cat-technologie","8":"product_tag-cable","9":"product_tag-charge","10":"product_tag-chargement","11":"product_tag-chargeur","12":"product_tag-durable","13":"product_tag-modulaire","14":"product_tag-recycle","15":"product_tag-support","16":"product_tag-telephone","17":"pa_couleurs-blanc","18":"pa_couleurs-noir","19":"pa_green-points-2847","20":"pa_matiere-plastique-recycle-abs","22":"first","23":"instock","24":"shipping-taxable","25":"purchasable","26":"product-type-variable"},"yoast_head":"<!-- This site is optimized with the Yoast SEO plugin v27.4 - https:\/\/yoast.com\/product\/yoast-seo-wordpress\/ -->\n<title>C\u00e2ble de recharge modulaire en plastique recycl\u00e9 Savvy avec support de t\u00e9l\u00e9phone - PERLE IN<\/title>\n<meta name=\"robots\" content=\"noindex, follow, max-snippet:-1, max-image-preview:large, max-video-preview:-1\" \/>\n<meta property=\"og:locale\" content=\"en_US\" \/>\n<meta property=\"og:type\" content=\"article\" \/>\n<meta property=\"og:title\" content=\"C\u00e2ble de recharge modulaire en plastique recycl\u00e9 Savvy avec support de t\u00e9l\u00e9phone - PERLE IN\" \/>\n<meta property=\"og:description\" content=\"C\u00e2ble modulaire de transfert de donn\u00e9es et de recharge en plastique recycl\u00e9, livr\u00e9 dans une \u00e9l\u00e9gante bo\u00eete de rangement qui sert \u00e9galement de socle de t\u00e9l\u00e9phone. Le c\u00e2ble offre de multiples solutions de recharge\u00a0: Entr\u00e9e type-C et USB-A, et sortie type-C\/iOS\/micro USB. Gr\u00e2ce \u00e0 tous ces adaptateurs et connecteurs, ce c\u00e2ble vous permet de charger la plupart des smartphones, appareils photo, batteries de secours, \u00e9couteurs, etc. Le c\u00e2ble a une puissance de sortie maximale de 2\u00a0A. Comprend une broche d&#039;\u00e9jection qui s&#039;av\u00e8re tr\u00e8s pratique lorsque vous devez retirer la carte SIM de votre t\u00e9l\u00e9phone. La bo\u00eete de rangement peut \u00e9galement contenir une carte m\u00e9moire micro SD ainsi qu&#039;une carte nano SIM, ce qui en fait l&#039;accessoire de voyage id\u00e9al. Longueur du c\u00e2ble\u00a0: 26\u00a0cm. Livr\u00e9 dans une enveloppe en papier Kraft 100\u00a0% recycl\u00e9.\" \/>\n<meta property=\"og:url\" content=\"https:\/\/perle-in.com\/en\/product\/cable-de-recharge-modulaire-en-plastique-recycle-savvy-avec-support-de-telephone\/\" \/>\n<meta property=\"og:site_name\" content=\"PERLE IN\" \/>\n<meta property=\"article:modified_time\" content=\"2025-10-19T03:47:56+00:00\" \/>\n<meta property=\"og:image\" content=\"https:\/\/perle-in.com\/wp-content\/uploads\/2025\/10\/12436101-1.jpg\" \/>\n\t<meta property=\"og:image:width\" content=\"1600\" \/>\n\t<meta property=\"og:image:height\" content=\"1600\" \/>\n\t<meta property=\"og:image:type\" content=\"image\/jpeg\" \/>\n<meta name=\"twitter:card\" content=\"summary_large_image\" \/>\n<script type=\"application\/ld+json\" class=\"yoast-schema-graph\">{\"@context\":\"https:\\\/\\\/schema.org\",\"@graph\":[{\"@type\":\"WebPage\",\"@id\":\"https:\\\/\\\/perle-in.com\\\/produit\\\/cable-de-recharge-modulaire-en-plastique-recycle-savvy-avec-support-de-telephone\\\/\",\"url\":\"https:\\\/\\\/perle-in.com\\\/produit\\\/cable-de-recharge-modulaire-en-plastique-recycle-savvy-avec-support-de-telephone\\\/\",\"name\":\"C\u00e2ble de recharge modulaire en plastique recycl\u00e9 Savvy avec support de t\u00e9l\u00e9phone - PERLE IN\",\"isPartOf\":{\"@id\":\"https:\\\/\\\/perle-in.com\\\/#website\"},\"primaryImageOfPage\":{\"@id\":\"https:\\\/\\\/perle-in.com\\\/produit\\\/cable-de-recharge-modulaire-en-plastique-recycle-savvy-avec-support-de-telephone\\\/#primaryimage\"},\"image\":{\"@id\":\"https:\\\/\\\/perle-in.com\\\/produit\\\/cable-de-recharge-modulaire-en-plastique-recycle-savvy-avec-support-de-telephone\\\/#primaryimage\"},\"thumbnailUrl\":\"https:\\\/\\\/perle-in.com\\\/wp-content\\\/uploads\\\/2025\\\/10\\\/12436101-1.jpg\",\"datePublished\":\"2025-10-15T01:16:13+00:00\",\"dateModified\":\"2025-10-19T03:47:56+00:00\",\"breadcrumb\":{\"@id\":\"https:\\\/\\\/perle-in.com\\\/produit\\\/cable-de-recharge-modulaire-en-plastique-recycle-savvy-avec-support-de-telephone\\\/#breadcrumb\"},\"inLanguage\":\"en-CA\",\"potentialAction\":[{\"@type\":\"ReadAction\",\"target\":[\"https:\\\/\\\/perle-in.com\\\/produit\\\/cable-de-recharge-modulaire-en-plastique-recycle-savvy-avec-support-de-telephone\\\/\"]}]},{\"@type\":\"ImageObject\",\"inLanguage\":\"en-CA\",\"@id\":\"https:\\\/\\\/perle-in.com\\\/produit\\\/cable-de-recharge-modulaire-en-plastique-recycle-savvy-avec-support-de-telephone\\\/#primaryimage\",\"url\":\"https:\\\/\\\/perle-in.com\\\/wp-content\\\/uploads\\\/2025\\\/10\\\/12436101-1.jpg\",\"contentUrl\":\"https:\\\/\\\/perle-in.com\\\/wp-content\\\/uploads\\\/2025\\\/10\\\/12436101-1.jpg\",\"width\":1600,\"height\":1600},{\"@type\":\"BreadcrumbList\",\"@id\":\"https:\\\/\\\/perle-in.com\\\/produit\\\/cable-de-recharge-modulaire-en-plastique-recycle-savvy-avec-support-de-telephone\\\/#breadcrumb\",\"itemListElement\":[{\"@type\":\"ListItem\",\"position\":1,\"name\":\"Accueil\",\"item\":\"https:\\\/\\\/perle-in.com\\\/\"},{\"@type\":\"ListItem\",\"position\":2,\"name\":\"Boutique\",\"item\":\"https:\\\/\\\/perle-in.com\\\/boutique\\\/\"},{\"@type\":\"ListItem\",\"position\":3,\"name\":\"C\u00e2ble de recharge modulaire en plastique recycl\u00e9 Savvy avec support de t\u00e9l\u00e9phone\"}]},{\"@type\":\"WebSite\",\"@id\":\"https:\\\/\\\/perle-in.com\\\/#website\",\"url\":\"https:\\\/\\\/perle-in.com\\\/\",\"name\":\"PERLE IN\",\"description\":\"\",\"publisher\":{\"@id\":\"https:\\\/\\\/perle-in.com\\\/#organization\"},\"potentialAction\":[{\"@type\":\"SearchAction\",\"target\":{\"@type\":\"EntryPoint\",\"urlTemplate\":\"https:\\\/\\\/perle-in.com\\\/?s={search_term_string}\"},\"query-input\":{\"@type\":\"PropertyValueSpecification\",\"valueRequired\":true,\"valueName\":\"search_term_string\"}}],\"inLanguage\":\"en-CA\"},{\"@type\":\"Organization\",\"@id\":\"https:\\\/\\\/perle-in.com\\\/#organization\",\"name\":\"PERLE IN\",\"url\":\"https:\\\/\\\/perle-in.com\\\/\",\"logo\":{\"@type\":\"ImageObject\",\"inLanguage\":\"en-CA\",\"@id\":\"https:\\\/\\\/perle-in.com\\\/#\\\/schema\\\/logo\\\/image\\\/\",\"url\":\"https:\\\/\\\/perle-in.com\\\/wp-content\\\/uploads\\\/2022\\\/12\\\/LOGO-PERLE-IN-COULEUR@3x.webp\",\"contentUrl\":\"https:\\\/\\\/perle-in.com\\\/wp-content\\\/uploads\\\/2022\\\/12\\\/LOGO-PERLE-IN-COULEUR@3x.webp\",\"width\":1600,\"height\":490,\"caption\":\"PERLE IN\"},\"image\":{\"@id\":\"https:\\\/\\\/perle-in.com\\\/#\\\/schema\\\/logo\\\/image\\\/\"}}]}<\/script>\n<!-- \/ Yoast SEO plugin. -->","yoast_head_json":{"title":"C\u00e2ble de recharge modulaire en plastique recycl\u00e9 Savvy avec support de t\u00e9l\u00e9phone - PERLE IN","robots":{"index":"noindex","follow":"follow","max-snippet":"max-snippet:-1","max-image-preview":"max-image-preview:large","max-video-preview":"max-video-preview:-1"},"og_locale":"en_US","og_type":"article","og_title":"C\u00e2ble de recharge modulaire en plastique recycl\u00e9 Savvy avec support de t\u00e9l\u00e9phone - PERLE IN","og_description":"C\u00e2ble modulaire de transfert de donn\u00e9es et de recharge en plastique recycl\u00e9, livr\u00e9 dans une \u00e9l\u00e9gante bo\u00eete de rangement qui sert \u00e9galement de socle de t\u00e9l\u00e9phone. Le c\u00e2ble offre de multiples solutions de recharge\u00a0: Entr\u00e9e type-C et USB-A, et sortie type-C\/iOS\/micro USB. Gr\u00e2ce \u00e0 tous ces adaptateurs et connecteurs, ce c\u00e2ble vous permet de charger la plupart des smartphones, appareils photo, batteries de secours, \u00e9couteurs, etc. Le c\u00e2ble a une puissance de sortie maximale de 2\u00a0A. Comprend une broche d'\u00e9jection qui s'av\u00e8re tr\u00e8s pratique lorsque vous devez retirer la carte SIM de votre t\u00e9l\u00e9phone. La bo\u00eete de rangement peut \u00e9galement contenir une carte m\u00e9moire micro SD ainsi qu'une carte nano SIM, ce qui en fait l'accessoire de voyage id\u00e9al. Longueur du c\u00e2ble\u00a0: 26\u00a0cm. Livr\u00e9 dans une enveloppe en papier Kraft 100\u00a0% recycl\u00e9.","og_url":"https:\/\/perle-in.com\/en\/product\/cable-de-recharge-modulaire-en-plastique-recycle-savvy-avec-support-de-telephone\/","og_site_name":"PERLE IN","article_modified_time":"2025-10-19T03:47:56+00:00","og_image":[{"width":1600,"height":1600,"url":"https:\/\/perle-in.com\/wp-content\/uploads\/2025\/10\/12436101-1.jpg","type":"image\/jpeg"}],"twitter_card":"summary_large_image","schema":{"@context":"https:\/\/schema.org","@graph":[{"@type":"WebPage","@id":"https:\/\/perle-in.com\/produit\/cable-de-recharge-modulaire-en-plastique-recycle-savvy-avec-support-de-telephone\/","url":"https:\/\/perle-in.com\/produit\/cable-de-recharge-modulaire-en-plastique-recycle-savvy-avec-support-de-telephone\/","name":"C\u00e2ble de recharge modulaire en plastique recycl\u00e9 Savvy avec support de t\u00e9l\u00e9phone - PERLE IN","isPartOf":{"@id":"https:\/\/perle-in.com\/#website"},"primaryImageOfPage":{"@id":"https:\/\/perle-in.com\/produit\/cable-de-recharge-modulaire-en-plastique-recycle-savvy-avec-support-de-telephone\/#primaryimage"},"image":{"@id":"https:\/\/perle-in.com\/produit\/cable-de-recharge-modulaire-en-plastique-recycle-savvy-avec-support-de-telephone\/#primaryimage"},"thumbnailUrl":"https:\/\/perle-in.com\/wp-content\/uploads\/2025\/10\/12436101-1.jpg","datePublished":"2025-10-15T01:16:13+00:00","dateModified":"2025-10-19T03:47:56+00:00","breadcrumb":{"@id":"https:\/\/perle-in.com\/produit\/cable-de-recharge-modulaire-en-plastique-recycle-savvy-avec-support-de-telephone\/#breadcrumb"},"inLanguage":"en-CA","potentialAction":[{"@type":"ReadAction","target":["https:\/\/perle-in.com\/produit\/cable-de-recharge-modulaire-en-plastique-recycle-savvy-avec-support-de-telephone\/"]}]},{"@type":"ImageObject","inLanguage":"en-CA","@id":"https:\/\/perle-in.com\/produit\/cable-de-recharge-modulaire-en-plastique-recycle-savvy-avec-support-de-telephone\/#primaryimage","url":"https:\/\/perle-in.com\/wp-content\/uploads\/2025\/10\/12436101-1.jpg","contentUrl":"https:\/\/perle-in.com\/wp-content\/uploads\/2025\/10\/12436101-1.jpg","width":1600,"height":1600},{"@type":"BreadcrumbList","@id":"https:\/\/perle-in.com\/produit\/cable-de-recharge-modulaire-en-plastique-recycle-savvy-avec-support-de-telephone\/#breadcrumb","itemListElement":[{"@type":"ListItem","position":1,"name":"Accueil","item":"https:\/\/perle-in.com\/"},{"@type":"ListItem","position":2,"name":"Boutique","item":"https:\/\/perle-in.com\/boutique\/"},{"@type":"ListItem","position":3,"name":"C\u00e2ble de recharge modulaire en plastique recycl\u00e9 Savvy avec support de t\u00e9l\u00e9phone"}]},{"@type":"WebSite","@id":"https:\/\/perle-in.com\/#website","url":"https:\/\/perle-in.com\/","name":"PERLE IN","description":"","publisher":{"@id":"https:\/\/perle-in.com\/#organization"},"potentialAction":[{"@type":"SearchAction","target":{"@type":"EntryPoint","urlTemplate":"https:\/\/perle-in.com\/?s={search_term_string}"},"query-input":{"@type":"PropertyValueSpecification","valueRequired":true,"valueName":"search_term_string"}}],"inLanguage":"en-CA"},{"@type":"Organization","@id":"https:\/\/perle-in.com\/#organization","name":"PERLE IN","url":"https:\/\/perle-in.com\/","logo":{"@type":"ImageObject","inLanguage":"en-CA","@id":"https:\/\/perle-in.com\/#\/schema\/logo\/image\/","url":"https:\/\/perle-in.com\/wp-content\/uploads\/2022\/12\/LOGO-PERLE-IN-COULEUR@3x.webp","contentUrl":"https:\/\/perle-in.com\/wp-content\/uploads\/2022\/12\/LOGO-PERLE-IN-COULEUR@3x.webp","width":1600,"height":490,"caption":"PERLE IN"},"image":{"@id":"https:\/\/perle-in.com\/#\/schema\/logo\/image\/"}}]}},"jetpack_sharing_enabled":true,"_links":{"self":[{"href":"https:\/\/perle-in.com\/en\/wp-json\/wp\/v2\/product\/542746","targetHints":{"allow":["GET"]}}],"collection":[{"href":"https:\/\/perle-in.com\/en\/wp-json\/wp\/v2\/product"}],"about":[{"href":"https:\/\/perle-in.com\/en\/wp-json\/wp\/v2\/types\/product"}],"version-history":[{"count":0,"href":"https:\/\/perle-in.com\/en\/wp-json\/wp\/v2\/product\/542746\/revisions"}],"wp:featuredmedia":[{"embeddable":true,"href":"https:\/\/perle-in.com\/en\/wp-json\/wp\/v2\/media\/542736"}],"wp:attachment":[{"href":"https:\/\/perle-in.com\/en\/wp-json\/wp\/v2\/media?parent=542746"}],"wp:term":[{"taxonomy":"product_brand","embeddable":true,"href":"https:\/\/perle-in.com\/en\/wp-json\/wp\/v2\/product_brand?post=542746"},{"taxonomy":"product_cat","embeddable":true,"href":"https:\/\/perle-in.com\/en\/wp-json\/wp\/v2\/product_cat?post=542746"},{"taxonomy":"product_tag","embeddable":true,"href":"https:\/\/perle-in.com\/en\/wp-json\/wp\/v2\/product_tag?post=542746"}],"curies":[{"name":"wp","href":"https:\/\/api.w.org\/{rel}","templated":true}]}}