{"id":542390,"date":"2025-10-15T03:09:52","date_gmt":"2025-10-15T01:09:52","guid":{"rendered":"https:\/\/perle-in.com\/produit\/sac-a-dos-modulaire-roam-recycle-certifie-grs\/"},"modified":"2025-10-19T05:47:37","modified_gmt":"2025-10-19T03:47:37","slug":"sac-a-dos-modulaire-roam-recycle-certifie-grs","status":"publish","type":"product","link":"https:\/\/perle-in.com\/en\/product\/sac-a-dos-modulaire-roam-recycle-certifie-grs\/","title":{"rendered":"Sac \u00e0 dos modulaire Roam recycl\u00e9 certifi\u00e9 GRS"},"content":{"rendered":"","protected":false},"excerpt":{"rendered":"<p>Le sac \u00e0 dos modulaire Roam est le compagnon id\u00e9al pour les explorations urbaines et les aventures en plein air. Il se transforme facilement de 20\u00a0L \u00e0 30\u00a0L, et offre jusqu&#8217;\u00e0 39\u00a0L gr\u00e2ce aux accessoires tels que le sac \u00e0 bandouli\u00e8re Roam et la trousse de toilette Roam. En termes de fonctionnalit\u00e9 et de rangement, on retrouve des sangles lat\u00e9rales pour augmenter la capacit\u00e9, un panneau arri\u00e8re et des bretelles rembourr\u00e9s, des poches pour bouteilles d&#8217;eau, un panneau de rangement d\u00e9tachable pour un ordinateur portable et des petits objets, ainsi qu&#8217;une pochette imperm\u00e9able d\u00e9tachable. Fabriqu\u00e9 en polyester recycl\u00e9 certifi\u00e9 GRS de haute qualit\u00e9 et pens\u00e9 pour les aventuriers des temps modernes, le sac \u00e0 dos modulaire Roam allie durabilit\u00e9, fonctionnalit\u00e9 et style.<\/p>","protected":false},"featured_media":542354,"template":"","meta":{"_eb_attr":""},"product_brand":[],"product_cat":[159],"product_tag":[837,2654,3409,786,784,836,986,282,1347,3387,289,1189],"class_list":{"0":"post-542390","1":"product","2":"type-product","3":"status-publish","4":"has-post-thumbnail","6":"product_cat-sacs","7":"product_tag-durable","8":"product_tag-grs","9":"product_tag-modulaire","10":"product_tag-ordinateur","11":"product_tag-ordinateur-portable","12":"product_tag-recycle","13":"product_tag-rpet","14":"product_tag-sac","15":"product_tag-sac-a-dos","16":"product_tag-sac-de-randonnee","17":"product_tag-sac-de-voyage","18":"product_tag-tablette","19":"pa_couleurs-noir","20":"pa_couleurs-vert","21":"pa_green-points-2652","22":"pa_matiere-900d-polyester-recycle-certifie-grs","24":"first","25":"instock","26":"shipping-taxable","27":"purchasable","28":"product-type-variable"},"yoast_head":"<!-- This site is optimized with the Yoast SEO plugin v27.4 - https:\/\/yoast.com\/product\/yoast-seo-wordpress\/ -->\n<title>Sac \u00e0 dos modulaire Roam recycl\u00e9 certifi\u00e9 GRS - PERLE IN<\/title>\n<meta name=\"robots\" content=\"noindex, follow, max-snippet:-1, max-image-preview:large, max-video-preview:-1\" \/>\n<meta property=\"og:locale\" content=\"en_US\" \/>\n<meta property=\"og:type\" content=\"article\" \/>\n<meta property=\"og:title\" content=\"Sac \u00e0 dos modulaire Roam recycl\u00e9 certifi\u00e9 GRS - PERLE IN\" \/>\n<meta property=\"og:description\" content=\"Le sac \u00e0 dos modulaire Roam est le compagnon id\u00e9al pour les explorations urbaines et les aventures en plein air. Il se transforme facilement de 20\u00a0L \u00e0 30\u00a0L, et offre jusqu&#039;\u00e0 39\u00a0L gr\u00e2ce aux accessoires tels que le sac \u00e0 bandouli\u00e8re Roam et la trousse de toilette Roam. En termes de fonctionnalit\u00e9 et de rangement, on retrouve des sangles lat\u00e9rales pour augmenter la capacit\u00e9, un panneau arri\u00e8re et des bretelles rembourr\u00e9s, des poches pour bouteilles d&#039;eau, un panneau de rangement d\u00e9tachable pour un ordinateur portable et des petits objets, ainsi qu&#039;une pochette imperm\u00e9able d\u00e9tachable. Fabriqu\u00e9 en polyester recycl\u00e9 certifi\u00e9 GRS de haute qualit\u00e9 et pens\u00e9 pour les aventuriers des temps modernes, le sac \u00e0 dos modulaire Roam allie durabilit\u00e9, fonctionnalit\u00e9 et style.\" \/>\n<meta property=\"og:url\" content=\"https:\/\/perle-in.com\/en\/product\/sac-a-dos-modulaire-roam-recycle-certifie-grs\/\" \/>\n<meta property=\"og:site_name\" content=\"PERLE IN\" \/>\n<meta property=\"article:modified_time\" content=\"2025-10-19T03:47:37+00:00\" \/>\n<meta property=\"og:image\" content=\"https:\/\/perle-in.com\/wp-content\/uploads\/2025\/10\/12071461-1.jpg\" \/>\n\t<meta property=\"og:image:width\" content=\"1600\" \/>\n\t<meta property=\"og:image:height\" content=\"1600\" \/>\n\t<meta property=\"og:image:type\" content=\"image\/jpeg\" \/>\n<meta name=\"twitter:card\" content=\"summary_large_image\" \/>\n<script type=\"application\/ld+json\" class=\"yoast-schema-graph\">{\"@context\":\"https:\\\/\\\/schema.org\",\"@graph\":[{\"@type\":\"WebPage\",\"@id\":\"https:\\\/\\\/perle-in.com\\\/en\\\/product\\\/sac-a-dos-modulaire-roam-recycle-certifie-grs\\\/\",\"url\":\"https:\\\/\\\/perle-in.com\\\/en\\\/product\\\/sac-a-dos-modulaire-roam-recycle-certifie-grs\\\/\",\"name\":\"Sac \u00e0 dos modulaire Roam recycl\u00e9 certifi\u00e9 GRS - PERLE IN\",\"isPartOf\":{\"@id\":\"https:\\\/\\\/perle-in.com\\\/#website\"},\"primaryImageOfPage\":{\"@id\":\"https:\\\/\\\/perle-in.com\\\/en\\\/product\\\/sac-a-dos-modulaire-roam-recycle-certifie-grs\\\/#primaryimage\"},\"image\":{\"@id\":\"https:\\\/\\\/perle-in.com\\\/en\\\/product\\\/sac-a-dos-modulaire-roam-recycle-certifie-grs\\\/#primaryimage\"},\"thumbnailUrl\":\"https:\\\/\\\/perle-in.com\\\/wp-content\\\/uploads\\\/2025\\\/10\\\/12071461-1.jpg\",\"datePublished\":\"2025-10-15T01:09:52+00:00\",\"dateModified\":\"2025-10-19T03:47:37+00:00\",\"breadcrumb\":{\"@id\":\"https:\\\/\\\/perle-in.com\\\/en\\\/product\\\/sac-a-dos-modulaire-roam-recycle-certifie-grs\\\/#breadcrumb\"},\"inLanguage\":\"en-CA\",\"potentialAction\":[{\"@type\":\"ReadAction\",\"target\":[\"https:\\\/\\\/perle-in.com\\\/en\\\/product\\\/sac-a-dos-modulaire-roam-recycle-certifie-grs\\\/\"]}]},{\"@type\":\"ImageObject\",\"inLanguage\":\"en-CA\",\"@id\":\"https:\\\/\\\/perle-in.com\\\/en\\\/product\\\/sac-a-dos-modulaire-roam-recycle-certifie-grs\\\/#primaryimage\",\"url\":\"https:\\\/\\\/perle-in.com\\\/wp-content\\\/uploads\\\/2025\\\/10\\\/12071461-1.jpg\",\"contentUrl\":\"https:\\\/\\\/perle-in.com\\\/wp-content\\\/uploads\\\/2025\\\/10\\\/12071461-1.jpg\",\"width\":1600,\"height\":1600},{\"@type\":\"BreadcrumbList\",\"@id\":\"https:\\\/\\\/perle-in.com\\\/en\\\/product\\\/sac-a-dos-modulaire-roam-recycle-certifie-grs\\\/#breadcrumb\",\"itemListElement\":[{\"@type\":\"ListItem\",\"position\":1,\"name\":\"Accueil\",\"item\":\"https:\\\/\\\/perle-in.com\\\/\"},{\"@type\":\"ListItem\",\"position\":2,\"name\":\"Boutique\",\"item\":\"https:\\\/\\\/perle-in.com\\\/boutique\\\/\"},{\"@type\":\"ListItem\",\"position\":3,\"name\":\"Sac \u00e0 dos modulaire Roam recycl\u00e9 certifi\u00e9 GRS\"}]},{\"@type\":\"WebSite\",\"@id\":\"https:\\\/\\\/perle-in.com\\\/#website\",\"url\":\"https:\\\/\\\/perle-in.com\\\/\",\"name\":\"PERLE IN\",\"description\":\"\",\"publisher\":{\"@id\":\"https:\\\/\\\/perle-in.com\\\/#organization\"},\"potentialAction\":[{\"@type\":\"SearchAction\",\"target\":{\"@type\":\"EntryPoint\",\"urlTemplate\":\"https:\\\/\\\/perle-in.com\\\/?s={search_term_string}\"},\"query-input\":{\"@type\":\"PropertyValueSpecification\",\"valueRequired\":true,\"valueName\":\"search_term_string\"}}],\"inLanguage\":\"en-CA\"},{\"@type\":\"Organization\",\"@id\":\"https:\\\/\\\/perle-in.com\\\/#organization\",\"name\":\"PERLE IN\",\"url\":\"https:\\\/\\\/perle-in.com\\\/\",\"logo\":{\"@type\":\"ImageObject\",\"inLanguage\":\"en-CA\",\"@id\":\"https:\\\/\\\/perle-in.com\\\/#\\\/schema\\\/logo\\\/image\\\/\",\"url\":\"https:\\\/\\\/perle-in.com\\\/wp-content\\\/uploads\\\/2022\\\/12\\\/LOGO-PERLE-IN-COULEUR@3x.webp\",\"contentUrl\":\"https:\\\/\\\/perle-in.com\\\/wp-content\\\/uploads\\\/2022\\\/12\\\/LOGO-PERLE-IN-COULEUR@3x.webp\",\"width\":1600,\"height\":490,\"caption\":\"PERLE IN\"},\"image\":{\"@id\":\"https:\\\/\\\/perle-in.com\\\/#\\\/schema\\\/logo\\\/image\\\/\"}}]}<\/script>\n<!-- \/ Yoast SEO plugin. -->","yoast_head_json":{"title":"Sac \u00e0 dos modulaire Roam recycl\u00e9 certifi\u00e9 GRS - PERLE IN","robots":{"index":"noindex","follow":"follow","max-snippet":"max-snippet:-1","max-image-preview":"max-image-preview:large","max-video-preview":"max-video-preview:-1"},"og_locale":"en_US","og_type":"article","og_title":"Sac \u00e0 dos modulaire Roam recycl\u00e9 certifi\u00e9 GRS - PERLE IN","og_description":"Le sac \u00e0 dos modulaire Roam est le compagnon id\u00e9al pour les explorations urbaines et les aventures en plein air. Il se transforme facilement de 20\u00a0L \u00e0 30\u00a0L, et offre jusqu'\u00e0 39\u00a0L gr\u00e2ce aux accessoires tels que le sac \u00e0 bandouli\u00e8re Roam et la trousse de toilette Roam. En termes de fonctionnalit\u00e9 et de rangement, on retrouve des sangles lat\u00e9rales pour augmenter la capacit\u00e9, un panneau arri\u00e8re et des bretelles rembourr\u00e9s, des poches pour bouteilles d'eau, un panneau de rangement d\u00e9tachable pour un ordinateur portable et des petits objets, ainsi qu'une pochette imperm\u00e9able d\u00e9tachable. Fabriqu\u00e9 en polyester recycl\u00e9 certifi\u00e9 GRS de haute qualit\u00e9 et pens\u00e9 pour les aventuriers des temps modernes, le sac \u00e0 dos modulaire Roam allie durabilit\u00e9, fonctionnalit\u00e9 et style.","og_url":"https:\/\/perle-in.com\/en\/product\/sac-a-dos-modulaire-roam-recycle-certifie-grs\/","og_site_name":"PERLE IN","article_modified_time":"2025-10-19T03:47:37+00:00","og_image":[{"width":1600,"height":1600,"url":"https:\/\/perle-in.com\/wp-content\/uploads\/2025\/10\/12071461-1.jpg","type":"image\/jpeg"}],"twitter_card":"summary_large_image","schema":{"@context":"https:\/\/schema.org","@graph":[{"@type":"WebPage","@id":"https:\/\/perle-in.com\/en\/product\/sac-a-dos-modulaire-roam-recycle-certifie-grs\/","url":"https:\/\/perle-in.com\/en\/product\/sac-a-dos-modulaire-roam-recycle-certifie-grs\/","name":"Sac \u00e0 dos modulaire Roam recycl\u00e9 certifi\u00e9 GRS - PERLE IN","isPartOf":{"@id":"https:\/\/perle-in.com\/#website"},"primaryImageOfPage":{"@id":"https:\/\/perle-in.com\/en\/product\/sac-a-dos-modulaire-roam-recycle-certifie-grs\/#primaryimage"},"image":{"@id":"https:\/\/perle-in.com\/en\/product\/sac-a-dos-modulaire-roam-recycle-certifie-grs\/#primaryimage"},"thumbnailUrl":"https:\/\/perle-in.com\/wp-content\/uploads\/2025\/10\/12071461-1.jpg","datePublished":"2025-10-15T01:09:52+00:00","dateModified":"2025-10-19T03:47:37+00:00","breadcrumb":{"@id":"https:\/\/perle-in.com\/en\/product\/sac-a-dos-modulaire-roam-recycle-certifie-grs\/#breadcrumb"},"inLanguage":"en-CA","potentialAction":[{"@type":"ReadAction","target":["https:\/\/perle-in.com\/en\/product\/sac-a-dos-modulaire-roam-recycle-certifie-grs\/"]}]},{"@type":"ImageObject","inLanguage":"en-CA","@id":"https:\/\/perle-in.com\/en\/product\/sac-a-dos-modulaire-roam-recycle-certifie-grs\/#primaryimage","url":"https:\/\/perle-in.com\/wp-content\/uploads\/2025\/10\/12071461-1.jpg","contentUrl":"https:\/\/perle-in.com\/wp-content\/uploads\/2025\/10\/12071461-1.jpg","width":1600,"height":1600},{"@type":"BreadcrumbList","@id":"https:\/\/perle-in.com\/en\/product\/sac-a-dos-modulaire-roam-recycle-certifie-grs\/#breadcrumb","itemListElement":[{"@type":"ListItem","position":1,"name":"Accueil","item":"https:\/\/perle-in.com\/"},{"@type":"ListItem","position":2,"name":"Boutique","item":"https:\/\/perle-in.com\/boutique\/"},{"@type":"ListItem","position":3,"name":"Sac \u00e0 dos modulaire Roam recycl\u00e9 certifi\u00e9 GRS"}]},{"@type":"WebSite","@id":"https:\/\/perle-in.com\/#website","url":"https:\/\/perle-in.com\/","name":"PERLE IN","description":"","publisher":{"@id":"https:\/\/perle-in.com\/#organization"},"potentialAction":[{"@type":"SearchAction","target":{"@type":"EntryPoint","urlTemplate":"https:\/\/perle-in.com\/?s={search_term_string}"},"query-input":{"@type":"PropertyValueSpecification","valueRequired":true,"valueName":"search_term_string"}}],"inLanguage":"en-CA"},{"@type":"Organization","@id":"https:\/\/perle-in.com\/#organization","name":"PERLE IN","url":"https:\/\/perle-in.com\/","logo":{"@type":"ImageObject","inLanguage":"en-CA","@id":"https:\/\/perle-in.com\/#\/schema\/logo\/image\/","url":"https:\/\/perle-in.com\/wp-content\/uploads\/2022\/12\/LOGO-PERLE-IN-COULEUR@3x.webp","contentUrl":"https:\/\/perle-in.com\/wp-content\/uploads\/2022\/12\/LOGO-PERLE-IN-COULEUR@3x.webp","width":1600,"height":490,"caption":"PERLE IN"},"image":{"@id":"https:\/\/perle-in.com\/#\/schema\/logo\/image\/"}}]}},"jetpack_sharing_enabled":true,"_links":{"self":[{"href":"https:\/\/perle-in.com\/en\/wp-json\/wp\/v2\/product\/542390","targetHints":{"allow":["GET"]}}],"collection":[{"href":"https:\/\/perle-in.com\/en\/wp-json\/wp\/v2\/product"}],"about":[{"href":"https:\/\/perle-in.com\/en\/wp-json\/wp\/v2\/types\/product"}],"version-history":[{"count":0,"href":"https:\/\/perle-in.com\/en\/wp-json\/wp\/v2\/product\/542390\/revisions"}],"wp:featuredmedia":[{"embeddable":true,"href":"https:\/\/perle-in.com\/en\/wp-json\/wp\/v2\/media\/542354"}],"wp:attachment":[{"href":"https:\/\/perle-in.com\/en\/wp-json\/wp\/v2\/media?parent=542390"}],"wp:term":[{"taxonomy":"product_brand","embeddable":true,"href":"https:\/\/perle-in.com\/en\/wp-json\/wp\/v2\/product_brand?post=542390"},{"taxonomy":"product_cat","embeddable":true,"href":"https:\/\/perle-in.com\/en\/wp-json\/wp\/v2\/product_cat?post=542390"},{"taxonomy":"product_tag","embeddable":true,"href":"https:\/\/perle-in.com\/en\/wp-json\/wp\/v2\/product_tag?post=542390"}],"curies":[{"name":"wp","href":"https:\/\/api.w.org\/{rel}","templated":true}]}}