{"id":542038,"date":"2025-10-15T03:04:22","date_gmt":"2025-10-15T01:04:22","guid":{"rendered":"https:\/\/perle-in.com\/produit\/sac-a-dos-turner-recycle-grs-8-litres\/"},"modified":"2025-10-19T05:47:36","modified_gmt":"2025-10-19T03:47:36","slug":"sac-a-dos-turner-recycle-grs-8-litres","status":"publish","type":"product","link":"https:\/\/perle-in.com\/en\/product\/sac-a-dos-turner-recycle-grs-8-litres\/","title":{"rendered":"Sac \u00e0 dos Turner recycl\u00e9 GRS 8 litres"},"content":{"rendered":"","protected":false},"excerpt":{"rendered":"<p>Le sac \u00e0 dos Turner est con\u00e7u \u00e0 partir de mat\u00e9riaux durables. L&#8217;ext\u00e9rieur est compos\u00e9 de 51\u00a0% de plastique PU recycl\u00e9 GRS et la doublure est compos\u00e9e de 100\u00a0% de RPET recycl\u00e9 GRS. Le sac \u00e0 dos comporte un compartiment matelass\u00e9 pour ordinateur portable de 15,6\u00a0pouces, une bande int\u00e9rieure pour ranger une bouteille d&#8217;eau et une poche zipp\u00e9e pour les petits objets. Le compartiment principal s&#8217;ouvre et se ferme \u00e0 l&#8217;aide de la boucle du fermoir. Ce sac \u00e0 dos est fait pour durer et, gr\u00e2ce \u00e0 son design classique et \u00e0 ses mat\u00e9riaux robustes, il deviendra un favori. Capacit\u00e9 : 8 litres<\/p>","protected":false},"featured_media":542009,"template":"","meta":{"_eb_attr":""},"product_brand":[],"product_cat":[159],"product_tag":[837,786,784,836,1347],"class_list":{"0":"post-542038","1":"product","2":"type-product","3":"status-publish","4":"has-post-thumbnail","6":"product_cat-sacs","7":"product_tag-durable","8":"product_tag-ordinateur","9":"product_tag-ordinateur-portable","10":"product_tag-recycle","11":"product_tag-sac-a-dos","12":"pa_couleurs-noir","13":"pa_green-points-2652","14":"pa_matiere-pu-pu-recycle-grs","16":"first","17":"instock","18":"shipping-taxable","19":"purchasable","20":"product-type-variable"},"yoast_head":"<!-- This site is optimized with the Yoast SEO plugin v27.4 - https:\/\/yoast.com\/product\/yoast-seo-wordpress\/ -->\n<title>Sac \u00e0 dos Turner recycl\u00e9 GRS 8 litres - PERLE IN<\/title>\n<meta name=\"robots\" content=\"noindex, follow, max-snippet:-1, max-image-preview:large, max-video-preview:-1\" \/>\n<meta property=\"og:locale\" content=\"en_US\" \/>\n<meta property=\"og:type\" content=\"article\" \/>\n<meta property=\"og:title\" content=\"Sac \u00e0 dos Turner recycl\u00e9 GRS 8 litres - PERLE IN\" \/>\n<meta property=\"og:description\" content=\"Le sac \u00e0 dos Turner est con\u00e7u \u00e0 partir de mat\u00e9riaux durables. L&#039;ext\u00e9rieur est compos\u00e9 de 51\u00a0% de plastique PU recycl\u00e9 GRS et la doublure est compos\u00e9e de 100\u00a0% de RPET recycl\u00e9 GRS. Le sac \u00e0 dos comporte un compartiment matelass\u00e9 pour ordinateur portable de 15,6\u00a0pouces, une bande int\u00e9rieure pour ranger une bouteille d&#039;eau et une poche zipp\u00e9e pour les petits objets. Le compartiment principal s&#039;ouvre et se ferme \u00e0 l&#039;aide de la boucle du fermoir. Ce sac \u00e0 dos est fait pour durer et, gr\u00e2ce \u00e0 son design classique et \u00e0 ses mat\u00e9riaux robustes, il deviendra un favori. Capacit\u00e9 : 8 litres\" \/>\n<meta property=\"og:url\" content=\"https:\/\/perle-in.com\/en\/product\/sac-a-dos-turner-recycle-grs-8-litres\/\" \/>\n<meta property=\"og:site_name\" content=\"PERLE IN\" \/>\n<meta property=\"article:modified_time\" content=\"2025-10-19T03:47:36+00:00\" \/>\n<meta property=\"og:image\" content=\"https:\/\/perle-in.com\/wp-content\/uploads\/2025\/10\/12070590-1.jpg\" \/>\n\t<meta property=\"og:image:width\" content=\"1600\" \/>\n\t<meta property=\"og:image:height\" content=\"1600\" \/>\n\t<meta property=\"og:image:type\" content=\"image\/jpeg\" \/>\n<meta name=\"twitter:card\" content=\"summary_large_image\" \/>\n<script type=\"application\/ld+json\" class=\"yoast-schema-graph\">{\"@context\":\"https:\\\/\\\/schema.org\",\"@graph\":[{\"@type\":\"WebPage\",\"@id\":\"https:\\\/\\\/perle-in.com\\\/produit\\\/sac-a-dos-turner-recycle-grs-8-litres\\\/\",\"url\":\"https:\\\/\\\/perle-in.com\\\/produit\\\/sac-a-dos-turner-recycle-grs-8-litres\\\/\",\"name\":\"Sac \u00e0 dos Turner recycl\u00e9 GRS 8 litres - PERLE IN\",\"isPartOf\":{\"@id\":\"https:\\\/\\\/perle-in.com\\\/#website\"},\"primaryImageOfPage\":{\"@id\":\"https:\\\/\\\/perle-in.com\\\/produit\\\/sac-a-dos-turner-recycle-grs-8-litres\\\/#primaryimage\"},\"image\":{\"@id\":\"https:\\\/\\\/perle-in.com\\\/produit\\\/sac-a-dos-turner-recycle-grs-8-litres\\\/#primaryimage\"},\"thumbnailUrl\":\"https:\\\/\\\/perle-in.com\\\/wp-content\\\/uploads\\\/2025\\\/10\\\/12070590-1.jpg\",\"datePublished\":\"2025-10-15T01:04:22+00:00\",\"dateModified\":\"2025-10-19T03:47:36+00:00\",\"breadcrumb\":{\"@id\":\"https:\\\/\\\/perle-in.com\\\/produit\\\/sac-a-dos-turner-recycle-grs-8-litres\\\/#breadcrumb\"},\"inLanguage\":\"en-CA\",\"potentialAction\":[{\"@type\":\"ReadAction\",\"target\":[\"https:\\\/\\\/perle-in.com\\\/produit\\\/sac-a-dos-turner-recycle-grs-8-litres\\\/\"]}]},{\"@type\":\"ImageObject\",\"inLanguage\":\"en-CA\",\"@id\":\"https:\\\/\\\/perle-in.com\\\/produit\\\/sac-a-dos-turner-recycle-grs-8-litres\\\/#primaryimage\",\"url\":\"https:\\\/\\\/perle-in.com\\\/wp-content\\\/uploads\\\/2025\\\/10\\\/12070590-1.jpg\",\"contentUrl\":\"https:\\\/\\\/perle-in.com\\\/wp-content\\\/uploads\\\/2025\\\/10\\\/12070590-1.jpg\",\"width\":1600,\"height\":1600},{\"@type\":\"BreadcrumbList\",\"@id\":\"https:\\\/\\\/perle-in.com\\\/produit\\\/sac-a-dos-turner-recycle-grs-8-litres\\\/#breadcrumb\",\"itemListElement\":[{\"@type\":\"ListItem\",\"position\":1,\"name\":\"Accueil\",\"item\":\"https:\\\/\\\/perle-in.com\\\/\"},{\"@type\":\"ListItem\",\"position\":2,\"name\":\"Boutique\",\"item\":\"https:\\\/\\\/perle-in.com\\\/boutique\\\/\"},{\"@type\":\"ListItem\",\"position\":3,\"name\":\"Sac \u00e0 dos Turner recycl\u00e9 GRS 8 litres\"}]},{\"@type\":\"WebSite\",\"@id\":\"https:\\\/\\\/perle-in.com\\\/#website\",\"url\":\"https:\\\/\\\/perle-in.com\\\/\",\"name\":\"PERLE IN\",\"description\":\"\",\"publisher\":{\"@id\":\"https:\\\/\\\/perle-in.com\\\/#organization\"},\"potentialAction\":[{\"@type\":\"SearchAction\",\"target\":{\"@type\":\"EntryPoint\",\"urlTemplate\":\"https:\\\/\\\/perle-in.com\\\/?s={search_term_string}\"},\"query-input\":{\"@type\":\"PropertyValueSpecification\",\"valueRequired\":true,\"valueName\":\"search_term_string\"}}],\"inLanguage\":\"en-CA\"},{\"@type\":\"Organization\",\"@id\":\"https:\\\/\\\/perle-in.com\\\/#organization\",\"name\":\"PERLE IN\",\"url\":\"https:\\\/\\\/perle-in.com\\\/\",\"logo\":{\"@type\":\"ImageObject\",\"inLanguage\":\"en-CA\",\"@id\":\"https:\\\/\\\/perle-in.com\\\/#\\\/schema\\\/logo\\\/image\\\/\",\"url\":\"https:\\\/\\\/perle-in.com\\\/wp-content\\\/uploads\\\/2022\\\/12\\\/LOGO-PERLE-IN-COULEUR@3x.webp\",\"contentUrl\":\"https:\\\/\\\/perle-in.com\\\/wp-content\\\/uploads\\\/2022\\\/12\\\/LOGO-PERLE-IN-COULEUR@3x.webp\",\"width\":1600,\"height\":490,\"caption\":\"PERLE IN\"},\"image\":{\"@id\":\"https:\\\/\\\/perle-in.com\\\/#\\\/schema\\\/logo\\\/image\\\/\"}}]}<\/script>\n<!-- \/ Yoast SEO plugin. -->","yoast_head_json":{"title":"Sac \u00e0 dos Turner recycl\u00e9 GRS 8 litres - PERLE IN","robots":{"index":"noindex","follow":"follow","max-snippet":"max-snippet:-1","max-image-preview":"max-image-preview:large","max-video-preview":"max-video-preview:-1"},"og_locale":"en_US","og_type":"article","og_title":"Sac \u00e0 dos Turner recycl\u00e9 GRS 8 litres - PERLE IN","og_description":"Le sac \u00e0 dos Turner est con\u00e7u \u00e0 partir de mat\u00e9riaux durables. L'ext\u00e9rieur est compos\u00e9 de 51\u00a0% de plastique PU recycl\u00e9 GRS et la doublure est compos\u00e9e de 100\u00a0% de RPET recycl\u00e9 GRS. Le sac \u00e0 dos comporte un compartiment matelass\u00e9 pour ordinateur portable de 15,6\u00a0pouces, une bande int\u00e9rieure pour ranger une bouteille d'eau et une poche zipp\u00e9e pour les petits objets. Le compartiment principal s'ouvre et se ferme \u00e0 l'aide de la boucle du fermoir. Ce sac \u00e0 dos est fait pour durer et, gr\u00e2ce \u00e0 son design classique et \u00e0 ses mat\u00e9riaux robustes, il deviendra un favori. Capacit\u00e9 : 8 litres","og_url":"https:\/\/perle-in.com\/en\/product\/sac-a-dos-turner-recycle-grs-8-litres\/","og_site_name":"PERLE IN","article_modified_time":"2025-10-19T03:47:36+00:00","og_image":[{"width":1600,"height":1600,"url":"https:\/\/perle-in.com\/wp-content\/uploads\/2025\/10\/12070590-1.jpg","type":"image\/jpeg"}],"twitter_card":"summary_large_image","schema":{"@context":"https:\/\/schema.org","@graph":[{"@type":"WebPage","@id":"https:\/\/perle-in.com\/produit\/sac-a-dos-turner-recycle-grs-8-litres\/","url":"https:\/\/perle-in.com\/produit\/sac-a-dos-turner-recycle-grs-8-litres\/","name":"Sac \u00e0 dos Turner recycl\u00e9 GRS 8 litres - PERLE IN","isPartOf":{"@id":"https:\/\/perle-in.com\/#website"},"primaryImageOfPage":{"@id":"https:\/\/perle-in.com\/produit\/sac-a-dos-turner-recycle-grs-8-litres\/#primaryimage"},"image":{"@id":"https:\/\/perle-in.com\/produit\/sac-a-dos-turner-recycle-grs-8-litres\/#primaryimage"},"thumbnailUrl":"https:\/\/perle-in.com\/wp-content\/uploads\/2025\/10\/12070590-1.jpg","datePublished":"2025-10-15T01:04:22+00:00","dateModified":"2025-10-19T03:47:36+00:00","breadcrumb":{"@id":"https:\/\/perle-in.com\/produit\/sac-a-dos-turner-recycle-grs-8-litres\/#breadcrumb"},"inLanguage":"en-CA","potentialAction":[{"@type":"ReadAction","target":["https:\/\/perle-in.com\/produit\/sac-a-dos-turner-recycle-grs-8-litres\/"]}]},{"@type":"ImageObject","inLanguage":"en-CA","@id":"https:\/\/perle-in.com\/produit\/sac-a-dos-turner-recycle-grs-8-litres\/#primaryimage","url":"https:\/\/perle-in.com\/wp-content\/uploads\/2025\/10\/12070590-1.jpg","contentUrl":"https:\/\/perle-in.com\/wp-content\/uploads\/2025\/10\/12070590-1.jpg","width":1600,"height":1600},{"@type":"BreadcrumbList","@id":"https:\/\/perle-in.com\/produit\/sac-a-dos-turner-recycle-grs-8-litres\/#breadcrumb","itemListElement":[{"@type":"ListItem","position":1,"name":"Accueil","item":"https:\/\/perle-in.com\/"},{"@type":"ListItem","position":2,"name":"Boutique","item":"https:\/\/perle-in.com\/boutique\/"},{"@type":"ListItem","position":3,"name":"Sac \u00e0 dos Turner recycl\u00e9 GRS 8 litres"}]},{"@type":"WebSite","@id":"https:\/\/perle-in.com\/#website","url":"https:\/\/perle-in.com\/","name":"PERLE IN","description":"","publisher":{"@id":"https:\/\/perle-in.com\/#organization"},"potentialAction":[{"@type":"SearchAction","target":{"@type":"EntryPoint","urlTemplate":"https:\/\/perle-in.com\/?s={search_term_string}"},"query-input":{"@type":"PropertyValueSpecification","valueRequired":true,"valueName":"search_term_string"}}],"inLanguage":"en-CA"},{"@type":"Organization","@id":"https:\/\/perle-in.com\/#organization","name":"PERLE IN","url":"https:\/\/perle-in.com\/","logo":{"@type":"ImageObject","inLanguage":"en-CA","@id":"https:\/\/perle-in.com\/#\/schema\/logo\/image\/","url":"https:\/\/perle-in.com\/wp-content\/uploads\/2022\/12\/LOGO-PERLE-IN-COULEUR@3x.webp","contentUrl":"https:\/\/perle-in.com\/wp-content\/uploads\/2022\/12\/LOGO-PERLE-IN-COULEUR@3x.webp","width":1600,"height":490,"caption":"PERLE IN"},"image":{"@id":"https:\/\/perle-in.com\/#\/schema\/logo\/image\/"}}]}},"jetpack_sharing_enabled":true,"_links":{"self":[{"href":"https:\/\/perle-in.com\/en\/wp-json\/wp\/v2\/product\/542038","targetHints":{"allow":["GET"]}}],"collection":[{"href":"https:\/\/perle-in.com\/en\/wp-json\/wp\/v2\/product"}],"about":[{"href":"https:\/\/perle-in.com\/en\/wp-json\/wp\/v2\/types\/product"}],"version-history":[{"count":0,"href":"https:\/\/perle-in.com\/en\/wp-json\/wp\/v2\/product\/542038\/revisions"}],"wp:featuredmedia":[{"embeddable":true,"href":"https:\/\/perle-in.com\/en\/wp-json\/wp\/v2\/media\/542009"}],"wp:attachment":[{"href":"https:\/\/perle-in.com\/en\/wp-json\/wp\/v2\/media?parent=542038"}],"wp:term":[{"taxonomy":"product_brand","embeddable":true,"href":"https:\/\/perle-in.com\/en\/wp-json\/wp\/v2\/product_brand?post=542038"},{"taxonomy":"product_cat","embeddable":true,"href":"https:\/\/perle-in.com\/en\/wp-json\/wp\/v2\/product_cat?post=542038"},{"taxonomy":"product_tag","embeddable":true,"href":"https:\/\/perle-in.com\/en\/wp-json\/wp\/v2\/product_tag?post=542038"}],"curies":[{"name":"wp","href":"https:\/\/api.w.org\/{rel}","templated":true}]}}