{"id":541669,"date":"2025-10-15T02:59:48","date_gmt":"2025-10-15T00:59:48","guid":{"rendered":"https:\/\/perle-in.com\/produit\/polo-emerald-recycle-unisexe-a-manches-courtes-aware\/"},"modified":"2025-10-19T05:47:45","modified_gmt":"2025-10-19T03:47:45","slug":"polo-emerald-recycle-unisexe-a-manches-courtes-aware","status":"publish","type":"product","link":"https:\/\/perle-in.com\/en\/product\/polo-emerald-recycle-unisexe-a-manches-courtes-aware\/","title":{"rendered":"Polo Emerald recycl\u00e9 unisexe \u00e0 manches courtes Aware\u2122"},"content":{"rendered":"","protected":false},"excerpt":{"rendered":"<p>Le polo Emerald recycl\u00e9 unisexe \u00e0 manches courtes, quand le confort rencontre le style. Ce polo assure confort et durabilit\u00e9, compl\u00e9t\u00e9 par un col en c\u00f4tes 1 x 1 \u00e0 l&#8217;extr\u00e9mit\u00e9 des manches. Le polo est \u00e9galement dot\u00e9 de boutons certifi\u00e9s GRS, ce qui r\u00e9duit encore son impact sur l&#8217;environnement. Avec des fentes lat\u00e9rales pour faciliter les mouvements, ce polo est tr\u00e8s fonctionnel. Fabriqu\u00e9 en tricot piqu\u00e9 de 200\u00a0g\/m\u00b2 de coton recycl\u00e9 m\u00e9lang\u00e9 \u00e0 du polyester recycl\u00e9. Le polo incorpore la technologie Cyclo\u00ae qui utilise des d\u00e9chets pr\u00e9-tri\u00e9s qui d\u00e9terminent la couleur du fil. Ces fibres ne se contentent pas de r\u00e9duire la demande en ressources vierges, elles t\u00e9moignent \u00e9galement d&#8217;un engagement en faveur d&#8217;une vie circulaire, incarnant l&#8217;essence m\u00eame de la r\u00e9duction des d\u00e9chets et de la promotion d&#8217;un syst\u00e8me en boucle ferm\u00e9e. Chaque polo est \u00e9galement accompagn\u00e9 d&#8217;un traceur Aware\u2122. Cette fonction innovante permet aux utilisateurs de retracer l&#8217;origine et le parcours de leur article au moyen d&#8217;un code QR, ce qui accro\u00eet la transparence de la cha\u00eene d&#8217;approvisionnement et favorise un lien plus \u00e9troit entre le produit et son processus de production.<\/p>","protected":false},"featured_media":541621,"template":"","meta":{"_eb_attr":""},"product_brand":[],"product_cat":[1256,1024],"product_tag":[3391,3389,837,2656,2366,836],"class_list":{"0":"post-541669","1":"product","2":"type-product","3":"status-publish","4":"has-post-thumbnail","6":"product_cat-polos","7":"product_cat-vetements","8":"product_tag-col","9":"product_tag-cyclo","10":"product_tag-durable","11":"product_tag-polo","12":"product_tag-polos","13":"product_tag-recycle","14":"pa_couleurs-blanc","15":"pa_couleurs-flocons-davoine","16":"pa_couleurs-marine","17":"pa_couleurs-noir","18":"pa_genre-unisex","19":"pa_green-points-2830","20":"pa_marque-elevate-nxt","21":"pa_matiere-maille-piquee-50-coton-recycle-et-50-polyester-recycle-200-g-m2","22":"pa_pays-d-origine-bengladesh","23":"pa_taille-2xl","24":"pa_taille-2xs","25":"pa_taille-3xl","26":"pa_taille-l","27":"pa_taille-m","28":"pa_taille-s","29":"pa_taille-xl","30":"pa_taille-xs","32":"first","33":"instock","34":"sale","35":"shipping-taxable","36":"purchasable","37":"product-type-variable"},"yoast_head":"<!-- This site is optimized with the Yoast SEO plugin v27.4 - https:\/\/yoast.com\/product\/yoast-seo-wordpress\/ -->\n<title>Polo Emerald recycl\u00e9 unisexe \u00e0 manches courtes Aware\u2122 - PERLE IN<\/title>\n<meta name=\"robots\" content=\"noindex, follow, max-snippet:-1, max-image-preview:large, max-video-preview:-1\" \/>\n<meta property=\"og:locale\" content=\"en_US\" \/>\n<meta property=\"og:type\" content=\"article\" \/>\n<meta property=\"og:title\" content=\"Polo Emerald recycl\u00e9 unisexe \u00e0 manches courtes Aware\u2122 - PERLE IN\" \/>\n<meta property=\"og:description\" content=\"Le polo Emerald recycl\u00e9 unisexe \u00e0 manches courtes, quand le confort rencontre le style. Ce polo assure confort et durabilit\u00e9, compl\u00e9t\u00e9 par un col en c\u00f4tes 1 x 1 \u00e0 l&#039;extr\u00e9mit\u00e9 des manches. Le polo est \u00e9galement dot\u00e9 de boutons certifi\u00e9s GRS, ce qui r\u00e9duit encore son impact sur l&#039;environnement. Avec des fentes lat\u00e9rales pour faciliter les mouvements, ce polo est tr\u00e8s fonctionnel. Fabriqu\u00e9 en tricot piqu\u00e9 de 200\u00a0g\/m\u00b2 de coton recycl\u00e9 m\u00e9lang\u00e9 \u00e0 du polyester recycl\u00e9. Le polo incorpore la technologie Cyclo\u00ae qui utilise des d\u00e9chets pr\u00e9-tri\u00e9s qui d\u00e9terminent la couleur du fil. Ces fibres ne se contentent pas de r\u00e9duire la demande en ressources vierges, elles t\u00e9moignent \u00e9galement d&#039;un engagement en faveur d&#039;une vie circulaire, incarnant l&#039;essence m\u00eame de la r\u00e9duction des d\u00e9chets et de la promotion d&#039;un syst\u00e8me en boucle ferm\u00e9e. Chaque polo est \u00e9galement accompagn\u00e9 d&#039;un traceur Aware\u2122. Cette fonction innovante permet aux utilisateurs de retracer l&#039;origine et le parcours de leur article au moyen d&#039;un code QR, ce qui accro\u00eet la transparence de la cha\u00eene d&#039;approvisionnement et favorise un lien plus \u00e9troit entre le produit et son processus de production.\" \/>\n<meta property=\"og:url\" content=\"https:\/\/perle-in.com\/en\/product\/polo-emerald-recycle-unisexe-a-manches-courtes-aware\/\" \/>\n<meta property=\"og:site_name\" content=\"PERLE IN\" \/>\n<meta property=\"article:modified_time\" content=\"2025-10-19T03:47:45+00:00\" \/>\n<meta property=\"og:image\" content=\"https:\/\/perle-in.com\/wp-content\/uploads\/2025\/10\/3753901-1.jpg\" \/>\n\t<meta property=\"og:image:width\" content=\"1600\" \/>\n\t<meta property=\"og:image:height\" content=\"1600\" \/>\n\t<meta property=\"og:image:type\" content=\"image\/jpeg\" \/>\n<meta name=\"twitter:card\" content=\"summary_large_image\" \/>\n<script type=\"application\/ld+json\" class=\"yoast-schema-graph\">{\"@context\":\"https:\\\/\\\/schema.org\",\"@graph\":[{\"@type\":\"WebPage\",\"@id\":\"https:\\\/\\\/perle-in.com\\\/produit\\\/polo-emerald-recycle-unisexe-a-manches-courtes-aware\\\/\",\"url\":\"https:\\\/\\\/perle-in.com\\\/produit\\\/polo-emerald-recycle-unisexe-a-manches-courtes-aware\\\/\",\"name\":\"Polo Emerald recycl\u00e9 unisexe \u00e0 manches courtes Aware\u2122 - PERLE IN\",\"isPartOf\":{\"@id\":\"https:\\\/\\\/perle-in.com\\\/#website\"},\"primaryImageOfPage\":{\"@id\":\"https:\\\/\\\/perle-in.com\\\/produit\\\/polo-emerald-recycle-unisexe-a-manches-courtes-aware\\\/#primaryimage\"},\"image\":{\"@id\":\"https:\\\/\\\/perle-in.com\\\/produit\\\/polo-emerald-recycle-unisexe-a-manches-courtes-aware\\\/#primaryimage\"},\"thumbnailUrl\":\"https:\\\/\\\/perle-in.com\\\/wp-content\\\/uploads\\\/2025\\\/10\\\/3753901-1.jpg\",\"datePublished\":\"2025-10-15T00:59:48+00:00\",\"dateModified\":\"2025-10-19T03:47:45+00:00\",\"breadcrumb\":{\"@id\":\"https:\\\/\\\/perle-in.com\\\/produit\\\/polo-emerald-recycle-unisexe-a-manches-courtes-aware\\\/#breadcrumb\"},\"inLanguage\":\"en-CA\",\"potentialAction\":[{\"@type\":\"ReadAction\",\"target\":[\"https:\\\/\\\/perle-in.com\\\/produit\\\/polo-emerald-recycle-unisexe-a-manches-courtes-aware\\\/\"]}]},{\"@type\":\"ImageObject\",\"inLanguage\":\"en-CA\",\"@id\":\"https:\\\/\\\/perle-in.com\\\/produit\\\/polo-emerald-recycle-unisexe-a-manches-courtes-aware\\\/#primaryimage\",\"url\":\"https:\\\/\\\/perle-in.com\\\/wp-content\\\/uploads\\\/2025\\\/10\\\/3753901-1.jpg\",\"contentUrl\":\"https:\\\/\\\/perle-in.com\\\/wp-content\\\/uploads\\\/2025\\\/10\\\/3753901-1.jpg\",\"width\":1600,\"height\":1600},{\"@type\":\"BreadcrumbList\",\"@id\":\"https:\\\/\\\/perle-in.com\\\/produit\\\/polo-emerald-recycle-unisexe-a-manches-courtes-aware\\\/#breadcrumb\",\"itemListElement\":[{\"@type\":\"ListItem\",\"position\":1,\"name\":\"Accueil\",\"item\":\"https:\\\/\\\/perle-in.com\\\/\"},{\"@type\":\"ListItem\",\"position\":2,\"name\":\"Boutique\",\"item\":\"https:\\\/\\\/perle-in.com\\\/boutique\\\/\"},{\"@type\":\"ListItem\",\"position\":3,\"name\":\"Polo Emerald recycl\u00e9 unisexe \u00e0 manches courtes Aware\u2122\"}]},{\"@type\":\"WebSite\",\"@id\":\"https:\\\/\\\/perle-in.com\\\/#website\",\"url\":\"https:\\\/\\\/perle-in.com\\\/\",\"name\":\"PERLE IN\",\"description\":\"\",\"publisher\":{\"@id\":\"https:\\\/\\\/perle-in.com\\\/#organization\"},\"potentialAction\":[{\"@type\":\"SearchAction\",\"target\":{\"@type\":\"EntryPoint\",\"urlTemplate\":\"https:\\\/\\\/perle-in.com\\\/?s={search_term_string}\"},\"query-input\":{\"@type\":\"PropertyValueSpecification\",\"valueRequired\":true,\"valueName\":\"search_term_string\"}}],\"inLanguage\":\"en-CA\"},{\"@type\":\"Organization\",\"@id\":\"https:\\\/\\\/perle-in.com\\\/#organization\",\"name\":\"PERLE IN\",\"url\":\"https:\\\/\\\/perle-in.com\\\/\",\"logo\":{\"@type\":\"ImageObject\",\"inLanguage\":\"en-CA\",\"@id\":\"https:\\\/\\\/perle-in.com\\\/#\\\/schema\\\/logo\\\/image\\\/\",\"url\":\"https:\\\/\\\/perle-in.com\\\/wp-content\\\/uploads\\\/2022\\\/12\\\/LOGO-PERLE-IN-COULEUR@3x.webp\",\"contentUrl\":\"https:\\\/\\\/perle-in.com\\\/wp-content\\\/uploads\\\/2022\\\/12\\\/LOGO-PERLE-IN-COULEUR@3x.webp\",\"width\":1600,\"height\":490,\"caption\":\"PERLE IN\"},\"image\":{\"@id\":\"https:\\\/\\\/perle-in.com\\\/#\\\/schema\\\/logo\\\/image\\\/\"}}]}<\/script>\n<!-- \/ Yoast SEO plugin. -->","yoast_head_json":{"title":"Polo Emerald recycl\u00e9 unisexe \u00e0 manches courtes Aware\u2122 - PERLE IN","robots":{"index":"noindex","follow":"follow","max-snippet":"max-snippet:-1","max-image-preview":"max-image-preview:large","max-video-preview":"max-video-preview:-1"},"og_locale":"en_US","og_type":"article","og_title":"Polo Emerald recycl\u00e9 unisexe \u00e0 manches courtes Aware\u2122 - PERLE IN","og_description":"Le polo Emerald recycl\u00e9 unisexe \u00e0 manches courtes, quand le confort rencontre le style. Ce polo assure confort et durabilit\u00e9, compl\u00e9t\u00e9 par un col en c\u00f4tes 1 x 1 \u00e0 l'extr\u00e9mit\u00e9 des manches. Le polo est \u00e9galement dot\u00e9 de boutons certifi\u00e9s GRS, ce qui r\u00e9duit encore son impact sur l'environnement. Avec des fentes lat\u00e9rales pour faciliter les mouvements, ce polo est tr\u00e8s fonctionnel. Fabriqu\u00e9 en tricot piqu\u00e9 de 200\u00a0g\/m\u00b2 de coton recycl\u00e9 m\u00e9lang\u00e9 \u00e0 du polyester recycl\u00e9. Le polo incorpore la technologie Cyclo\u00ae qui utilise des d\u00e9chets pr\u00e9-tri\u00e9s qui d\u00e9terminent la couleur du fil. Ces fibres ne se contentent pas de r\u00e9duire la demande en ressources vierges, elles t\u00e9moignent \u00e9galement d'un engagement en faveur d'une vie circulaire, incarnant l'essence m\u00eame de la r\u00e9duction des d\u00e9chets et de la promotion d'un syst\u00e8me en boucle ferm\u00e9e. Chaque polo est \u00e9galement accompagn\u00e9 d'un traceur Aware\u2122. Cette fonction innovante permet aux utilisateurs de retracer l'origine et le parcours de leur article au moyen d'un code QR, ce qui accro\u00eet la transparence de la cha\u00eene d'approvisionnement et favorise un lien plus \u00e9troit entre le produit et son processus de production.","og_url":"https:\/\/perle-in.com\/en\/product\/polo-emerald-recycle-unisexe-a-manches-courtes-aware\/","og_site_name":"PERLE IN","article_modified_time":"2025-10-19T03:47:45+00:00","og_image":[{"width":1600,"height":1600,"url":"https:\/\/perle-in.com\/wp-content\/uploads\/2025\/10\/3753901-1.jpg","type":"image\/jpeg"}],"twitter_card":"summary_large_image","schema":{"@context":"https:\/\/schema.org","@graph":[{"@type":"WebPage","@id":"https:\/\/perle-in.com\/produit\/polo-emerald-recycle-unisexe-a-manches-courtes-aware\/","url":"https:\/\/perle-in.com\/produit\/polo-emerald-recycle-unisexe-a-manches-courtes-aware\/","name":"Polo Emerald recycl\u00e9 unisexe \u00e0 manches courtes Aware\u2122 - PERLE IN","isPartOf":{"@id":"https:\/\/perle-in.com\/#website"},"primaryImageOfPage":{"@id":"https:\/\/perle-in.com\/produit\/polo-emerald-recycle-unisexe-a-manches-courtes-aware\/#primaryimage"},"image":{"@id":"https:\/\/perle-in.com\/produit\/polo-emerald-recycle-unisexe-a-manches-courtes-aware\/#primaryimage"},"thumbnailUrl":"https:\/\/perle-in.com\/wp-content\/uploads\/2025\/10\/3753901-1.jpg","datePublished":"2025-10-15T00:59:48+00:00","dateModified":"2025-10-19T03:47:45+00:00","breadcrumb":{"@id":"https:\/\/perle-in.com\/produit\/polo-emerald-recycle-unisexe-a-manches-courtes-aware\/#breadcrumb"},"inLanguage":"en-CA","potentialAction":[{"@type":"ReadAction","target":["https:\/\/perle-in.com\/produit\/polo-emerald-recycle-unisexe-a-manches-courtes-aware\/"]}]},{"@type":"ImageObject","inLanguage":"en-CA","@id":"https:\/\/perle-in.com\/produit\/polo-emerald-recycle-unisexe-a-manches-courtes-aware\/#primaryimage","url":"https:\/\/perle-in.com\/wp-content\/uploads\/2025\/10\/3753901-1.jpg","contentUrl":"https:\/\/perle-in.com\/wp-content\/uploads\/2025\/10\/3753901-1.jpg","width":1600,"height":1600},{"@type":"BreadcrumbList","@id":"https:\/\/perle-in.com\/produit\/polo-emerald-recycle-unisexe-a-manches-courtes-aware\/#breadcrumb","itemListElement":[{"@type":"ListItem","position":1,"name":"Accueil","item":"https:\/\/perle-in.com\/"},{"@type":"ListItem","position":2,"name":"Boutique","item":"https:\/\/perle-in.com\/boutique\/"},{"@type":"ListItem","position":3,"name":"Polo Emerald recycl\u00e9 unisexe \u00e0 manches courtes Aware\u2122"}]},{"@type":"WebSite","@id":"https:\/\/perle-in.com\/#website","url":"https:\/\/perle-in.com\/","name":"PERLE IN","description":"","publisher":{"@id":"https:\/\/perle-in.com\/#organization"},"potentialAction":[{"@type":"SearchAction","target":{"@type":"EntryPoint","urlTemplate":"https:\/\/perle-in.com\/?s={search_term_string}"},"query-input":{"@type":"PropertyValueSpecification","valueRequired":true,"valueName":"search_term_string"}}],"inLanguage":"en-CA"},{"@type":"Organization","@id":"https:\/\/perle-in.com\/#organization","name":"PERLE IN","url":"https:\/\/perle-in.com\/","logo":{"@type":"ImageObject","inLanguage":"en-CA","@id":"https:\/\/perle-in.com\/#\/schema\/logo\/image\/","url":"https:\/\/perle-in.com\/wp-content\/uploads\/2022\/12\/LOGO-PERLE-IN-COULEUR@3x.webp","contentUrl":"https:\/\/perle-in.com\/wp-content\/uploads\/2022\/12\/LOGO-PERLE-IN-COULEUR@3x.webp","width":1600,"height":490,"caption":"PERLE IN"},"image":{"@id":"https:\/\/perle-in.com\/#\/schema\/logo\/image\/"}}]}},"jetpack_sharing_enabled":true,"_links":{"self":[{"href":"https:\/\/perle-in.com\/en\/wp-json\/wp\/v2\/product\/541669","targetHints":{"allow":["GET"]}}],"collection":[{"href":"https:\/\/perle-in.com\/en\/wp-json\/wp\/v2\/product"}],"about":[{"href":"https:\/\/perle-in.com\/en\/wp-json\/wp\/v2\/types\/product"}],"version-history":[{"count":0,"href":"https:\/\/perle-in.com\/en\/wp-json\/wp\/v2\/product\/541669\/revisions"}],"wp:featuredmedia":[{"embeddable":true,"href":"https:\/\/perle-in.com\/en\/wp-json\/wp\/v2\/media\/541621"}],"wp:attachment":[{"href":"https:\/\/perle-in.com\/en\/wp-json\/wp\/v2\/media?parent=541669"}],"wp:term":[{"taxonomy":"product_brand","embeddable":true,"href":"https:\/\/perle-in.com\/en\/wp-json\/wp\/v2\/product_brand?post=541669"},{"taxonomy":"product_cat","embeddable":true,"href":"https:\/\/perle-in.com\/en\/wp-json\/wp\/v2\/product_cat?post=541669"},{"taxonomy":"product_tag","embeddable":true,"href":"https:\/\/perle-in.com\/en\/wp-json\/wp\/v2\/product_tag?post=541669"}],"curies":[{"name":"wp","href":"https:\/\/api.w.org\/{rel}","templated":true}]}}