{"id":541425,"date":"2025-10-15T02:55:53","date_gmt":"2025-10-15T00:55:53","guid":{"rendered":"https:\/\/perle-in.com\/produit\/sac-a-dos-extensible-pour-ordinateur-portable-17-expedition-pro-de-35-l-recycle-certifie-grs\/"},"modified":"2025-10-19T05:47:34","modified_gmt":"2025-10-19T03:47:34","slug":"sac-a-dos-extensible-pour-ordinateur-portable-17-expedition-pro-de-35-l-recycle-certifie-grs","status":"publish","type":"product","link":"https:\/\/perle-in.com\/en\/product\/sac-a-dos-extensible-pour-ordinateur-portable-17-expedition-pro-de-35-l-recycle-certifie-grs\/","title":{"rendered":"Sac \u00e0 dos extensible pour ordinateur portable 17&#8243; Exp\u00e9dition Pro de 35\u00a0L recycl\u00e9 certifi\u00e9 GRS"},"content":{"rendered":"","protected":false},"excerpt":{"rendered":"<p>Le sac \u00e0 dos pour ordinateur portable extensible et robuste Expedition Pro, certifi\u00e9 GRS, est le choix id\u00e9al pour les professionnels jonglant entre d\u00e9placements et travail. Le sac \u00e0 dos offre une capacit\u00e9 \u00e9tendue \u00e9quivalente \u00e0 celle d&#8217;un bagage \u00e0 main. Il est fabriqu\u00e9 en rPET hydrofuge, associ\u00e9 \u00e0 des \u00e9l\u00e9ments en PU de premi\u00e8re qualit\u00e9 et \u00e0 une doublure en rPET. Il comprend un compartiment d\u00e9di\u00e9 pour ordinateur portable 17&#8243; et une pochette pour tablette, un compartiment extensible pour les v\u00eatements, une grande poche \u00e9tanche pour les articles de toilette et un compartiment avant spacieux dot\u00e9 de multiples poches de rangement \u00e0 l&#8217;int\u00e9rieur et \u00e0 l&#8217;ext\u00e9rieur. Il est \u00e9quip\u00e9 de bretelles rembourr\u00e9es et r\u00e9glables, d&#8217;une pochette int\u00e9gr\u00e9e pour les cartes, d&#8217;une boucle pour les lunettes de soleil, d&#8217;un support en filet moul\u00e9 et d&#8217;une poign\u00e9e rembourr\u00e9e, ce qui garantit un confort de transport maximal et une grande commodit\u00e9. Capacit\u00e9\u00a0: 35\u00a0litres. Sans PVC.<\/p>","protected":false},"featured_media":541386,"template":"","meta":{"_eb_attr":""},"product_brand":[],"product_cat":[159],"product_tag":[837,2654,786,784,836,986,282,1347,3387,289,1189],"class_list":{"0":"post-541425","1":"product","2":"type-product","3":"status-publish","4":"has-post-thumbnail","6":"product_cat-sacs","7":"product_tag-durable","8":"product_tag-grs","9":"product_tag-ordinateur","10":"product_tag-ordinateur-portable","11":"product_tag-recycle","12":"product_tag-rpet","13":"product_tag-sac","14":"product_tag-sac-a-dos","15":"product_tag-sac-de-randonnee","16":"product_tag-sac-de-voyage","17":"product_tag-tablette","18":"pa_couleurs-noir","19":"pa_green-points-2652","20":"pa_matiere-polyester-recycle-certifie-grs","22":"first","23":"instock","24":"shipping-taxable","25":"purchasable","26":"product-type-variable"},"yoast_head":"<!-- This site is optimized with the Yoast SEO plugin v27.4 - https:\/\/yoast.com\/product\/yoast-seo-wordpress\/ -->\n<title>Sac \u00e0 dos extensible pour ordinateur portable 17&quot; Exp\u00e9dition Pro de 35\u00a0L recycl\u00e9 certifi\u00e9 GRS - PERLE IN<\/title>\n<meta name=\"robots\" content=\"noindex, follow, max-snippet:-1, max-image-preview:large, max-video-preview:-1\" \/>\n<meta property=\"og:locale\" content=\"en_US\" \/>\n<meta property=\"og:type\" content=\"article\" \/>\n<meta property=\"og:title\" content=\"Sac \u00e0 dos extensible pour ordinateur portable 17&quot; Exp\u00e9dition Pro de 35\u00a0L recycl\u00e9 certifi\u00e9 GRS - PERLE IN\" \/>\n<meta property=\"og:description\" content=\"Le sac \u00e0 dos pour ordinateur portable extensible et robuste Expedition Pro, certifi\u00e9 GRS, est le choix id\u00e9al pour les professionnels jonglant entre d\u00e9placements et travail. Le sac \u00e0 dos offre une capacit\u00e9 \u00e9tendue \u00e9quivalente \u00e0 celle d&#039;un bagage \u00e0 main. Il est fabriqu\u00e9 en rPET hydrofuge, associ\u00e9 \u00e0 des \u00e9l\u00e9ments en PU de premi\u00e8re qualit\u00e9 et \u00e0 une doublure en rPET. Il comprend un compartiment d\u00e9di\u00e9 pour ordinateur portable 17&quot; et une pochette pour tablette, un compartiment extensible pour les v\u00eatements, une grande poche \u00e9tanche pour les articles de toilette et un compartiment avant spacieux dot\u00e9 de multiples poches de rangement \u00e0 l&#039;int\u00e9rieur et \u00e0 l&#039;ext\u00e9rieur. Il est \u00e9quip\u00e9 de bretelles rembourr\u00e9es et r\u00e9glables, d&#039;une pochette int\u00e9gr\u00e9e pour les cartes, d&#039;une boucle pour les lunettes de soleil, d&#039;un support en filet moul\u00e9 et d&#039;une poign\u00e9e rembourr\u00e9e, ce qui garantit un confort de transport maximal et une grande commodit\u00e9. Capacit\u00e9\u00a0: 35\u00a0litres. Sans PVC.\" \/>\n<meta property=\"og:url\" content=\"https:\/\/perle-in.com\/en\/product\/sac-a-dos-extensible-pour-ordinateur-portable-17-expedition-pro-de-35-l-recycle-certifie-grs\/\" \/>\n<meta property=\"og:site_name\" content=\"PERLE IN\" \/>\n<meta property=\"article:modified_time\" content=\"2025-10-19T03:47:34+00:00\" \/>\n<meta property=\"og:image\" content=\"https:\/\/perle-in.com\/wp-content\/uploads\/2025\/10\/13005790-1.jpg\" \/>\n\t<meta property=\"og:image:width\" content=\"1600\" \/>\n\t<meta property=\"og:image:height\" content=\"1600\" \/>\n\t<meta property=\"og:image:type\" content=\"image\/jpeg\" \/>\n<meta name=\"twitter:card\" content=\"summary_large_image\" \/>\n<script type=\"application\/ld+json\" class=\"yoast-schema-graph\">{\"@context\":\"https:\\\/\\\/schema.org\",\"@graph\":[{\"@type\":\"WebPage\",\"@id\":\"https:\\\/\\\/perle-in.com\\\/produit\\\/sac-a-dos-extensible-pour-ordinateur-portable-17-expedition-pro-de-35-l-recycle-certifie-grs\\\/\",\"url\":\"https:\\\/\\\/perle-in.com\\\/produit\\\/sac-a-dos-extensible-pour-ordinateur-portable-17-expedition-pro-de-35-l-recycle-certifie-grs\\\/\",\"name\":\"Sac \u00e0 dos extensible pour ordinateur portable 17\\\" Exp\u00e9dition Pro de 35\u00a0L recycl\u00e9 certifi\u00e9 GRS - PERLE IN\",\"isPartOf\":{\"@id\":\"https:\\\/\\\/perle-in.com\\\/#website\"},\"primaryImageOfPage\":{\"@id\":\"https:\\\/\\\/perle-in.com\\\/produit\\\/sac-a-dos-extensible-pour-ordinateur-portable-17-expedition-pro-de-35-l-recycle-certifie-grs\\\/#primaryimage\"},\"image\":{\"@id\":\"https:\\\/\\\/perle-in.com\\\/produit\\\/sac-a-dos-extensible-pour-ordinateur-portable-17-expedition-pro-de-35-l-recycle-certifie-grs\\\/#primaryimage\"},\"thumbnailUrl\":\"https:\\\/\\\/perle-in.com\\\/wp-content\\\/uploads\\\/2025\\\/10\\\/13005790-1.jpg\",\"datePublished\":\"2025-10-15T00:55:53+00:00\",\"dateModified\":\"2025-10-19T03:47:34+00:00\",\"breadcrumb\":{\"@id\":\"https:\\\/\\\/perle-in.com\\\/produit\\\/sac-a-dos-extensible-pour-ordinateur-portable-17-expedition-pro-de-35-l-recycle-certifie-grs\\\/#breadcrumb\"},\"inLanguage\":\"en-CA\",\"potentialAction\":[{\"@type\":\"ReadAction\",\"target\":[\"https:\\\/\\\/perle-in.com\\\/produit\\\/sac-a-dos-extensible-pour-ordinateur-portable-17-expedition-pro-de-35-l-recycle-certifie-grs\\\/\"]}]},{\"@type\":\"ImageObject\",\"inLanguage\":\"en-CA\",\"@id\":\"https:\\\/\\\/perle-in.com\\\/produit\\\/sac-a-dos-extensible-pour-ordinateur-portable-17-expedition-pro-de-35-l-recycle-certifie-grs\\\/#primaryimage\",\"url\":\"https:\\\/\\\/perle-in.com\\\/wp-content\\\/uploads\\\/2025\\\/10\\\/13005790-1.jpg\",\"contentUrl\":\"https:\\\/\\\/perle-in.com\\\/wp-content\\\/uploads\\\/2025\\\/10\\\/13005790-1.jpg\",\"width\":1600,\"height\":1600},{\"@type\":\"BreadcrumbList\",\"@id\":\"https:\\\/\\\/perle-in.com\\\/produit\\\/sac-a-dos-extensible-pour-ordinateur-portable-17-expedition-pro-de-35-l-recycle-certifie-grs\\\/#breadcrumb\",\"itemListElement\":[{\"@type\":\"ListItem\",\"position\":1,\"name\":\"Accueil\",\"item\":\"https:\\\/\\\/perle-in.com\\\/\"},{\"@type\":\"ListItem\",\"position\":2,\"name\":\"Boutique\",\"item\":\"https:\\\/\\\/perle-in.com\\\/boutique\\\/\"},{\"@type\":\"ListItem\",\"position\":3,\"name\":\"Sac \u00e0 dos extensible pour ordinateur portable 17&#8243; Exp\u00e9dition Pro de 35\u00a0L recycl\u00e9 certifi\u00e9 GRS\"}]},{\"@type\":\"WebSite\",\"@id\":\"https:\\\/\\\/perle-in.com\\\/#website\",\"url\":\"https:\\\/\\\/perle-in.com\\\/\",\"name\":\"PERLE IN\",\"description\":\"\",\"publisher\":{\"@id\":\"https:\\\/\\\/perle-in.com\\\/#organization\"},\"potentialAction\":[{\"@type\":\"SearchAction\",\"target\":{\"@type\":\"EntryPoint\",\"urlTemplate\":\"https:\\\/\\\/perle-in.com\\\/?s={search_term_string}\"},\"query-input\":{\"@type\":\"PropertyValueSpecification\",\"valueRequired\":true,\"valueName\":\"search_term_string\"}}],\"inLanguage\":\"en-CA\"},{\"@type\":\"Organization\",\"@id\":\"https:\\\/\\\/perle-in.com\\\/#organization\",\"name\":\"PERLE IN\",\"url\":\"https:\\\/\\\/perle-in.com\\\/\",\"logo\":{\"@type\":\"ImageObject\",\"inLanguage\":\"en-CA\",\"@id\":\"https:\\\/\\\/perle-in.com\\\/#\\\/schema\\\/logo\\\/image\\\/\",\"url\":\"https:\\\/\\\/perle-in.com\\\/wp-content\\\/uploads\\\/2022\\\/12\\\/LOGO-PERLE-IN-COULEUR@3x.webp\",\"contentUrl\":\"https:\\\/\\\/perle-in.com\\\/wp-content\\\/uploads\\\/2022\\\/12\\\/LOGO-PERLE-IN-COULEUR@3x.webp\",\"width\":1600,\"height\":490,\"caption\":\"PERLE IN\"},\"image\":{\"@id\":\"https:\\\/\\\/perle-in.com\\\/#\\\/schema\\\/logo\\\/image\\\/\"}}]}<\/script>\n<!-- \/ Yoast SEO plugin. -->","yoast_head_json":{"title":"Sac \u00e0 dos extensible pour ordinateur portable 17\" Exp\u00e9dition Pro de 35\u00a0L recycl\u00e9 certifi\u00e9 GRS - PERLE IN","robots":{"index":"noindex","follow":"follow","max-snippet":"max-snippet:-1","max-image-preview":"max-image-preview:large","max-video-preview":"max-video-preview:-1"},"og_locale":"en_US","og_type":"article","og_title":"Sac \u00e0 dos extensible pour ordinateur portable 17\" Exp\u00e9dition Pro de 35\u00a0L recycl\u00e9 certifi\u00e9 GRS - PERLE IN","og_description":"Le sac \u00e0 dos pour ordinateur portable extensible et robuste Expedition Pro, certifi\u00e9 GRS, est le choix id\u00e9al pour les professionnels jonglant entre d\u00e9placements et travail. Le sac \u00e0 dos offre une capacit\u00e9 \u00e9tendue \u00e9quivalente \u00e0 celle d'un bagage \u00e0 main. Il est fabriqu\u00e9 en rPET hydrofuge, associ\u00e9 \u00e0 des \u00e9l\u00e9ments en PU de premi\u00e8re qualit\u00e9 et \u00e0 une doublure en rPET. Il comprend un compartiment d\u00e9di\u00e9 pour ordinateur portable 17\" et une pochette pour tablette, un compartiment extensible pour les v\u00eatements, une grande poche \u00e9tanche pour les articles de toilette et un compartiment avant spacieux dot\u00e9 de multiples poches de rangement \u00e0 l'int\u00e9rieur et \u00e0 l'ext\u00e9rieur. Il est \u00e9quip\u00e9 de bretelles rembourr\u00e9es et r\u00e9glables, d'une pochette int\u00e9gr\u00e9e pour les cartes, d'une boucle pour les lunettes de soleil, d'un support en filet moul\u00e9 et d'une poign\u00e9e rembourr\u00e9e, ce qui garantit un confort de transport maximal et une grande commodit\u00e9. Capacit\u00e9\u00a0: 35\u00a0litres. Sans PVC.","og_url":"https:\/\/perle-in.com\/en\/product\/sac-a-dos-extensible-pour-ordinateur-portable-17-expedition-pro-de-35-l-recycle-certifie-grs\/","og_site_name":"PERLE IN","article_modified_time":"2025-10-19T03:47:34+00:00","og_image":[{"width":1600,"height":1600,"url":"https:\/\/perle-in.com\/wp-content\/uploads\/2025\/10\/13005790-1.jpg","type":"image\/jpeg"}],"twitter_card":"summary_large_image","schema":{"@context":"https:\/\/schema.org","@graph":[{"@type":"WebPage","@id":"https:\/\/perle-in.com\/produit\/sac-a-dos-extensible-pour-ordinateur-portable-17-expedition-pro-de-35-l-recycle-certifie-grs\/","url":"https:\/\/perle-in.com\/produit\/sac-a-dos-extensible-pour-ordinateur-portable-17-expedition-pro-de-35-l-recycle-certifie-grs\/","name":"Sac \u00e0 dos extensible pour ordinateur portable 17\" Exp\u00e9dition Pro de 35\u00a0L recycl\u00e9 certifi\u00e9 GRS - PERLE IN","isPartOf":{"@id":"https:\/\/perle-in.com\/#website"},"primaryImageOfPage":{"@id":"https:\/\/perle-in.com\/produit\/sac-a-dos-extensible-pour-ordinateur-portable-17-expedition-pro-de-35-l-recycle-certifie-grs\/#primaryimage"},"image":{"@id":"https:\/\/perle-in.com\/produit\/sac-a-dos-extensible-pour-ordinateur-portable-17-expedition-pro-de-35-l-recycle-certifie-grs\/#primaryimage"},"thumbnailUrl":"https:\/\/perle-in.com\/wp-content\/uploads\/2025\/10\/13005790-1.jpg","datePublished":"2025-10-15T00:55:53+00:00","dateModified":"2025-10-19T03:47:34+00:00","breadcrumb":{"@id":"https:\/\/perle-in.com\/produit\/sac-a-dos-extensible-pour-ordinateur-portable-17-expedition-pro-de-35-l-recycle-certifie-grs\/#breadcrumb"},"inLanguage":"en-CA","potentialAction":[{"@type":"ReadAction","target":["https:\/\/perle-in.com\/produit\/sac-a-dos-extensible-pour-ordinateur-portable-17-expedition-pro-de-35-l-recycle-certifie-grs\/"]}]},{"@type":"ImageObject","inLanguage":"en-CA","@id":"https:\/\/perle-in.com\/produit\/sac-a-dos-extensible-pour-ordinateur-portable-17-expedition-pro-de-35-l-recycle-certifie-grs\/#primaryimage","url":"https:\/\/perle-in.com\/wp-content\/uploads\/2025\/10\/13005790-1.jpg","contentUrl":"https:\/\/perle-in.com\/wp-content\/uploads\/2025\/10\/13005790-1.jpg","width":1600,"height":1600},{"@type":"BreadcrumbList","@id":"https:\/\/perle-in.com\/produit\/sac-a-dos-extensible-pour-ordinateur-portable-17-expedition-pro-de-35-l-recycle-certifie-grs\/#breadcrumb","itemListElement":[{"@type":"ListItem","position":1,"name":"Accueil","item":"https:\/\/perle-in.com\/"},{"@type":"ListItem","position":2,"name":"Boutique","item":"https:\/\/perle-in.com\/boutique\/"},{"@type":"ListItem","position":3,"name":"Sac \u00e0 dos extensible pour ordinateur portable 17&#8243; Exp\u00e9dition Pro de 35\u00a0L recycl\u00e9 certifi\u00e9 GRS"}]},{"@type":"WebSite","@id":"https:\/\/perle-in.com\/#website","url":"https:\/\/perle-in.com\/","name":"PERLE IN","description":"","publisher":{"@id":"https:\/\/perle-in.com\/#organization"},"potentialAction":[{"@type":"SearchAction","target":{"@type":"EntryPoint","urlTemplate":"https:\/\/perle-in.com\/?s={search_term_string}"},"query-input":{"@type":"PropertyValueSpecification","valueRequired":true,"valueName":"search_term_string"}}],"inLanguage":"en-CA"},{"@type":"Organization","@id":"https:\/\/perle-in.com\/#organization","name":"PERLE IN","url":"https:\/\/perle-in.com\/","logo":{"@type":"ImageObject","inLanguage":"en-CA","@id":"https:\/\/perle-in.com\/#\/schema\/logo\/image\/","url":"https:\/\/perle-in.com\/wp-content\/uploads\/2022\/12\/LOGO-PERLE-IN-COULEUR@3x.webp","contentUrl":"https:\/\/perle-in.com\/wp-content\/uploads\/2022\/12\/LOGO-PERLE-IN-COULEUR@3x.webp","width":1600,"height":490,"caption":"PERLE IN"},"image":{"@id":"https:\/\/perle-in.com\/#\/schema\/logo\/image\/"}}]}},"jetpack_sharing_enabled":true,"_links":{"self":[{"href":"https:\/\/perle-in.com\/en\/wp-json\/wp\/v2\/product\/541425","targetHints":{"allow":["GET"]}}],"collection":[{"href":"https:\/\/perle-in.com\/en\/wp-json\/wp\/v2\/product"}],"about":[{"href":"https:\/\/perle-in.com\/en\/wp-json\/wp\/v2\/types\/product"}],"version-history":[{"count":0,"href":"https:\/\/perle-in.com\/en\/wp-json\/wp\/v2\/product\/541425\/revisions"}],"wp:featuredmedia":[{"embeddable":true,"href":"https:\/\/perle-in.com\/en\/wp-json\/wp\/v2\/media\/541386"}],"wp:attachment":[{"href":"https:\/\/perle-in.com\/en\/wp-json\/wp\/v2\/media?parent=541425"}],"wp:term":[{"taxonomy":"product_brand","embeddable":true,"href":"https:\/\/perle-in.com\/en\/wp-json\/wp\/v2\/product_brand?post=541425"},{"taxonomy":"product_cat","embeddable":true,"href":"https:\/\/perle-in.com\/en\/wp-json\/wp\/v2\/product_cat?post=541425"},{"taxonomy":"product_tag","embeddable":true,"href":"https:\/\/perle-in.com\/en\/wp-json\/wp\/v2\/product_tag?post=541425"}],"curies":[{"name":"wp","href":"https:\/\/api.w.org\/{rel}","templated":true}]}}