{"id":541345,"date":"2025-10-15T02:54:50","date_gmt":"2025-10-15T00:54:50","guid":{"rendered":"https:\/\/perle-in.com\/produit\/sac-a-dos-pour-ordinateur-portable-expedition-pro-de-25-l-recycle-certifie-grs-de-156\/"},"modified":"2025-10-19T05:47:34","modified_gmt":"2025-10-19T03:47:34","slug":"sac-a-dos-pour-ordinateur-portable-expedition-pro-de-25-l-recycle-certifie-grs-de-156","status":"publish","type":"product","link":"https:\/\/perle-in.com\/en\/product\/sac-a-dos-pour-ordinateur-portable-expedition-pro-de-25-l-recycle-certifie-grs-de-156\/","title":{"rendered":"Sac \u00e0 dos pour ordinateur portable Expedition Pro de 25\u00a0L recycl\u00e9 certifi\u00e9 GRS de 15,6&#8243;"},"content":{"rendered":"","protected":false},"excerpt":{"rendered":"<p>Le mod\u00e8le \u00e9l\u00e9gant, grand et robuste certifi\u00e9 GRS Expedition Pro est le compagnon id\u00e9al des professionnels en d\u00e9placement. Il est fabriqu\u00e9 en RPET 900D hydrofuge, associ\u00e9 \u00e0 des \u00e9l\u00e9ments en PU de premi\u00e8re qualit\u00e9 et \u00e0 une doublure en RPET. Il comprend un compartiment pour ordinateur portable de 15,6\u00a0pouces, une pochette pour tablette, un compartiment principal spacieux avec pochette \u00e9tanche int\u00e9gr\u00e9e pour les articles de toilette, de multiples poches organisationnelles et lat\u00e9rales, une poche frontale zipp\u00e9e et une poche cach\u00e9e juste sous la sangle du bagage, au dos. Il est \u00e9quip\u00e9 de bretelles rembourr\u00e9es et r\u00e9glables, d&#8217;une pochette int\u00e9gr\u00e9e pour les cartes, d&#8217;une boucle pour les lunettes de soleil, d&#8217;un support en filet moul\u00e9 et d&#8217;une poign\u00e9e rembourr\u00e9e, ce qui garantit un confort de transport maximal et une grande commodit\u00e9. Capacit\u00e9\u00a0: 25\u00a0litres. Sans PVC.<\/p>","protected":false},"featured_media":541312,"template":"","meta":{"_eb_attr":""},"product_brand":[],"product_cat":[1214,159],"product_tag":[837,2654,786,784,836,282,1347],"class_list":{"0":"post-541345","1":"product","2":"type-product","3":"status-publish","4":"has-post-thumbnail","6":"product_cat-sac-a-dos-pour-ordinateur","7":"product_cat-sacs","8":"product_tag-durable","9":"product_tag-grs","10":"product_tag-ordinateur","11":"product_tag-ordinateur-portable","12":"product_tag-recycle","13":"product_tag-sac","14":"product_tag-sac-a-dos","15":"pa_couleurs-noir","16":"pa_green-points-2652","17":"pa_matiere-900d-polyester-recycle-certifie-grs","19":"first","20":"instock","21":"shipping-taxable","22":"purchasable","23":"product-type-variable"},"yoast_head":"<!-- This site is optimized with the Yoast SEO plugin v27.4 - https:\/\/yoast.com\/product\/yoast-seo-wordpress\/ -->\n<title>Sac \u00e0 dos pour ordinateur portable Expedition Pro de 25\u00a0L recycl\u00e9 certifi\u00e9 GRS de 15,6&quot; - PERLE IN<\/title>\n<meta name=\"robots\" content=\"noindex, follow, max-snippet:-1, max-image-preview:large, max-video-preview:-1\" \/>\n<meta property=\"og:locale\" content=\"en_US\" \/>\n<meta property=\"og:type\" content=\"article\" \/>\n<meta property=\"og:title\" content=\"Sac \u00e0 dos pour ordinateur portable Expedition Pro de 25\u00a0L recycl\u00e9 certifi\u00e9 GRS de 15,6&quot; - PERLE IN\" \/>\n<meta property=\"og:description\" content=\"Le mod\u00e8le \u00e9l\u00e9gant, grand et robuste certifi\u00e9 GRS Expedition Pro est le compagnon id\u00e9al des professionnels en d\u00e9placement. Il est fabriqu\u00e9 en RPET 900D hydrofuge, associ\u00e9 \u00e0 des \u00e9l\u00e9ments en PU de premi\u00e8re qualit\u00e9 et \u00e0 une doublure en RPET. Il comprend un compartiment pour ordinateur portable de 15,6\u00a0pouces, une pochette pour tablette, un compartiment principal spacieux avec pochette \u00e9tanche int\u00e9gr\u00e9e pour les articles de toilette, de multiples poches organisationnelles et lat\u00e9rales, une poche frontale zipp\u00e9e et une poche cach\u00e9e juste sous la sangle du bagage, au dos. Il est \u00e9quip\u00e9 de bretelles rembourr\u00e9es et r\u00e9glables, d&#039;une pochette int\u00e9gr\u00e9e pour les cartes, d&#039;une boucle pour les lunettes de soleil, d&#039;un support en filet moul\u00e9 et d&#039;une poign\u00e9e rembourr\u00e9e, ce qui garantit un confort de transport maximal et une grande commodit\u00e9. Capacit\u00e9\u00a0: 25\u00a0litres. Sans PVC.\" \/>\n<meta property=\"og:url\" content=\"https:\/\/perle-in.com\/en\/product\/sac-a-dos-pour-ordinateur-portable-expedition-pro-de-25-l-recycle-certifie-grs-de-156\/\" \/>\n<meta property=\"og:site_name\" content=\"PERLE IN\" \/>\n<meta property=\"article:modified_time\" content=\"2025-10-19T03:47:34+00:00\" \/>\n<meta property=\"og:image\" content=\"https:\/\/perle-in.com\/wp-content\/uploads\/2025\/10\/13005690-1.jpg\" \/>\n\t<meta property=\"og:image:width\" content=\"1600\" \/>\n\t<meta property=\"og:image:height\" content=\"1600\" \/>\n\t<meta property=\"og:image:type\" content=\"image\/jpeg\" \/>\n<meta name=\"twitter:card\" content=\"summary_large_image\" \/>\n<script type=\"application\/ld+json\" class=\"yoast-schema-graph\">{\"@context\":\"https:\\\/\\\/schema.org\",\"@graph\":[{\"@type\":\"WebPage\",\"@id\":\"https:\\\/\\\/perle-in.com\\\/produit\\\/sac-a-dos-pour-ordinateur-portable-expedition-pro-de-25-l-recycle-certifie-grs-de-156\\\/\",\"url\":\"https:\\\/\\\/perle-in.com\\\/produit\\\/sac-a-dos-pour-ordinateur-portable-expedition-pro-de-25-l-recycle-certifie-grs-de-156\\\/\",\"name\":\"Sac \u00e0 dos pour ordinateur portable Expedition Pro de 25\u00a0L recycl\u00e9 certifi\u00e9 GRS de 15,6\\\" - PERLE IN\",\"isPartOf\":{\"@id\":\"https:\\\/\\\/perle-in.com\\\/#website\"},\"primaryImageOfPage\":{\"@id\":\"https:\\\/\\\/perle-in.com\\\/produit\\\/sac-a-dos-pour-ordinateur-portable-expedition-pro-de-25-l-recycle-certifie-grs-de-156\\\/#primaryimage\"},\"image\":{\"@id\":\"https:\\\/\\\/perle-in.com\\\/produit\\\/sac-a-dos-pour-ordinateur-portable-expedition-pro-de-25-l-recycle-certifie-grs-de-156\\\/#primaryimage\"},\"thumbnailUrl\":\"https:\\\/\\\/perle-in.com\\\/wp-content\\\/uploads\\\/2025\\\/10\\\/13005690-1.jpg\",\"datePublished\":\"2025-10-15T00:54:50+00:00\",\"dateModified\":\"2025-10-19T03:47:34+00:00\",\"breadcrumb\":{\"@id\":\"https:\\\/\\\/perle-in.com\\\/produit\\\/sac-a-dos-pour-ordinateur-portable-expedition-pro-de-25-l-recycle-certifie-grs-de-156\\\/#breadcrumb\"},\"inLanguage\":\"en-CA\",\"potentialAction\":[{\"@type\":\"ReadAction\",\"target\":[\"https:\\\/\\\/perle-in.com\\\/produit\\\/sac-a-dos-pour-ordinateur-portable-expedition-pro-de-25-l-recycle-certifie-grs-de-156\\\/\"]}]},{\"@type\":\"ImageObject\",\"inLanguage\":\"en-CA\",\"@id\":\"https:\\\/\\\/perle-in.com\\\/produit\\\/sac-a-dos-pour-ordinateur-portable-expedition-pro-de-25-l-recycle-certifie-grs-de-156\\\/#primaryimage\",\"url\":\"https:\\\/\\\/perle-in.com\\\/wp-content\\\/uploads\\\/2025\\\/10\\\/13005690-1.jpg\",\"contentUrl\":\"https:\\\/\\\/perle-in.com\\\/wp-content\\\/uploads\\\/2025\\\/10\\\/13005690-1.jpg\",\"width\":1600,\"height\":1600},{\"@type\":\"BreadcrumbList\",\"@id\":\"https:\\\/\\\/perle-in.com\\\/produit\\\/sac-a-dos-pour-ordinateur-portable-expedition-pro-de-25-l-recycle-certifie-grs-de-156\\\/#breadcrumb\",\"itemListElement\":[{\"@type\":\"ListItem\",\"position\":1,\"name\":\"Accueil\",\"item\":\"https:\\\/\\\/perle-in.com\\\/\"},{\"@type\":\"ListItem\",\"position\":2,\"name\":\"Boutique\",\"item\":\"https:\\\/\\\/perle-in.com\\\/boutique\\\/\"},{\"@type\":\"ListItem\",\"position\":3,\"name\":\"Sac \u00e0 dos pour ordinateur portable Expedition Pro de 25\u00a0L recycl\u00e9 certifi\u00e9 GRS de 15,6&#8243;\"}]},{\"@type\":\"WebSite\",\"@id\":\"https:\\\/\\\/perle-in.com\\\/#website\",\"url\":\"https:\\\/\\\/perle-in.com\\\/\",\"name\":\"PERLE IN\",\"description\":\"\",\"publisher\":{\"@id\":\"https:\\\/\\\/perle-in.com\\\/#organization\"},\"potentialAction\":[{\"@type\":\"SearchAction\",\"target\":{\"@type\":\"EntryPoint\",\"urlTemplate\":\"https:\\\/\\\/perle-in.com\\\/?s={search_term_string}\"},\"query-input\":{\"@type\":\"PropertyValueSpecification\",\"valueRequired\":true,\"valueName\":\"search_term_string\"}}],\"inLanguage\":\"en-CA\"},{\"@type\":\"Organization\",\"@id\":\"https:\\\/\\\/perle-in.com\\\/#organization\",\"name\":\"PERLE IN\",\"url\":\"https:\\\/\\\/perle-in.com\\\/\",\"logo\":{\"@type\":\"ImageObject\",\"inLanguage\":\"en-CA\",\"@id\":\"https:\\\/\\\/perle-in.com\\\/#\\\/schema\\\/logo\\\/image\\\/\",\"url\":\"https:\\\/\\\/perle-in.com\\\/wp-content\\\/uploads\\\/2022\\\/12\\\/LOGO-PERLE-IN-COULEUR@3x.webp\",\"contentUrl\":\"https:\\\/\\\/perle-in.com\\\/wp-content\\\/uploads\\\/2022\\\/12\\\/LOGO-PERLE-IN-COULEUR@3x.webp\",\"width\":1600,\"height\":490,\"caption\":\"PERLE IN\"},\"image\":{\"@id\":\"https:\\\/\\\/perle-in.com\\\/#\\\/schema\\\/logo\\\/image\\\/\"}}]}<\/script>\n<!-- \/ Yoast SEO plugin. -->","yoast_head_json":{"title":"Sac \u00e0 dos pour ordinateur portable Expedition Pro de 25\u00a0L recycl\u00e9 certifi\u00e9 GRS de 15,6\" - PERLE IN","robots":{"index":"noindex","follow":"follow","max-snippet":"max-snippet:-1","max-image-preview":"max-image-preview:large","max-video-preview":"max-video-preview:-1"},"og_locale":"en_US","og_type":"article","og_title":"Sac \u00e0 dos pour ordinateur portable Expedition Pro de 25\u00a0L recycl\u00e9 certifi\u00e9 GRS de 15,6\" - PERLE IN","og_description":"Le mod\u00e8le \u00e9l\u00e9gant, grand et robuste certifi\u00e9 GRS Expedition Pro est le compagnon id\u00e9al des professionnels en d\u00e9placement. Il est fabriqu\u00e9 en RPET 900D hydrofuge, associ\u00e9 \u00e0 des \u00e9l\u00e9ments en PU de premi\u00e8re qualit\u00e9 et \u00e0 une doublure en RPET. Il comprend un compartiment pour ordinateur portable de 15,6\u00a0pouces, une pochette pour tablette, un compartiment principal spacieux avec pochette \u00e9tanche int\u00e9gr\u00e9e pour les articles de toilette, de multiples poches organisationnelles et lat\u00e9rales, une poche frontale zipp\u00e9e et une poche cach\u00e9e juste sous la sangle du bagage, au dos. Il est \u00e9quip\u00e9 de bretelles rembourr\u00e9es et r\u00e9glables, d'une pochette int\u00e9gr\u00e9e pour les cartes, d'une boucle pour les lunettes de soleil, d'un support en filet moul\u00e9 et d'une poign\u00e9e rembourr\u00e9e, ce qui garantit un confort de transport maximal et une grande commodit\u00e9. Capacit\u00e9\u00a0: 25\u00a0litres. Sans PVC.","og_url":"https:\/\/perle-in.com\/en\/product\/sac-a-dos-pour-ordinateur-portable-expedition-pro-de-25-l-recycle-certifie-grs-de-156\/","og_site_name":"PERLE IN","article_modified_time":"2025-10-19T03:47:34+00:00","og_image":[{"width":1600,"height":1600,"url":"https:\/\/perle-in.com\/wp-content\/uploads\/2025\/10\/13005690-1.jpg","type":"image\/jpeg"}],"twitter_card":"summary_large_image","schema":{"@context":"https:\/\/schema.org","@graph":[{"@type":"WebPage","@id":"https:\/\/perle-in.com\/produit\/sac-a-dos-pour-ordinateur-portable-expedition-pro-de-25-l-recycle-certifie-grs-de-156\/","url":"https:\/\/perle-in.com\/produit\/sac-a-dos-pour-ordinateur-portable-expedition-pro-de-25-l-recycle-certifie-grs-de-156\/","name":"Sac \u00e0 dos pour ordinateur portable Expedition Pro de 25\u00a0L recycl\u00e9 certifi\u00e9 GRS de 15,6\" - PERLE IN","isPartOf":{"@id":"https:\/\/perle-in.com\/#website"},"primaryImageOfPage":{"@id":"https:\/\/perle-in.com\/produit\/sac-a-dos-pour-ordinateur-portable-expedition-pro-de-25-l-recycle-certifie-grs-de-156\/#primaryimage"},"image":{"@id":"https:\/\/perle-in.com\/produit\/sac-a-dos-pour-ordinateur-portable-expedition-pro-de-25-l-recycle-certifie-grs-de-156\/#primaryimage"},"thumbnailUrl":"https:\/\/perle-in.com\/wp-content\/uploads\/2025\/10\/13005690-1.jpg","datePublished":"2025-10-15T00:54:50+00:00","dateModified":"2025-10-19T03:47:34+00:00","breadcrumb":{"@id":"https:\/\/perle-in.com\/produit\/sac-a-dos-pour-ordinateur-portable-expedition-pro-de-25-l-recycle-certifie-grs-de-156\/#breadcrumb"},"inLanguage":"en-CA","potentialAction":[{"@type":"ReadAction","target":["https:\/\/perle-in.com\/produit\/sac-a-dos-pour-ordinateur-portable-expedition-pro-de-25-l-recycle-certifie-grs-de-156\/"]}]},{"@type":"ImageObject","inLanguage":"en-CA","@id":"https:\/\/perle-in.com\/produit\/sac-a-dos-pour-ordinateur-portable-expedition-pro-de-25-l-recycle-certifie-grs-de-156\/#primaryimage","url":"https:\/\/perle-in.com\/wp-content\/uploads\/2025\/10\/13005690-1.jpg","contentUrl":"https:\/\/perle-in.com\/wp-content\/uploads\/2025\/10\/13005690-1.jpg","width":1600,"height":1600},{"@type":"BreadcrumbList","@id":"https:\/\/perle-in.com\/produit\/sac-a-dos-pour-ordinateur-portable-expedition-pro-de-25-l-recycle-certifie-grs-de-156\/#breadcrumb","itemListElement":[{"@type":"ListItem","position":1,"name":"Accueil","item":"https:\/\/perle-in.com\/"},{"@type":"ListItem","position":2,"name":"Boutique","item":"https:\/\/perle-in.com\/boutique\/"},{"@type":"ListItem","position":3,"name":"Sac \u00e0 dos pour ordinateur portable Expedition Pro de 25\u00a0L recycl\u00e9 certifi\u00e9 GRS de 15,6&#8243;"}]},{"@type":"WebSite","@id":"https:\/\/perle-in.com\/#website","url":"https:\/\/perle-in.com\/","name":"PERLE IN","description":"","publisher":{"@id":"https:\/\/perle-in.com\/#organization"},"potentialAction":[{"@type":"SearchAction","target":{"@type":"EntryPoint","urlTemplate":"https:\/\/perle-in.com\/?s={search_term_string}"},"query-input":{"@type":"PropertyValueSpecification","valueRequired":true,"valueName":"search_term_string"}}],"inLanguage":"en-CA"},{"@type":"Organization","@id":"https:\/\/perle-in.com\/#organization","name":"PERLE IN","url":"https:\/\/perle-in.com\/","logo":{"@type":"ImageObject","inLanguage":"en-CA","@id":"https:\/\/perle-in.com\/#\/schema\/logo\/image\/","url":"https:\/\/perle-in.com\/wp-content\/uploads\/2022\/12\/LOGO-PERLE-IN-COULEUR@3x.webp","contentUrl":"https:\/\/perle-in.com\/wp-content\/uploads\/2022\/12\/LOGO-PERLE-IN-COULEUR@3x.webp","width":1600,"height":490,"caption":"PERLE IN"},"image":{"@id":"https:\/\/perle-in.com\/#\/schema\/logo\/image\/"}}]}},"jetpack_sharing_enabled":true,"_links":{"self":[{"href":"https:\/\/perle-in.com\/en\/wp-json\/wp\/v2\/product\/541345","targetHints":{"allow":["GET"]}}],"collection":[{"href":"https:\/\/perle-in.com\/en\/wp-json\/wp\/v2\/product"}],"about":[{"href":"https:\/\/perle-in.com\/en\/wp-json\/wp\/v2\/types\/product"}],"version-history":[{"count":0,"href":"https:\/\/perle-in.com\/en\/wp-json\/wp\/v2\/product\/541345\/revisions"}],"wp:featuredmedia":[{"embeddable":true,"href":"https:\/\/perle-in.com\/en\/wp-json\/wp\/v2\/media\/541312"}],"wp:attachment":[{"href":"https:\/\/perle-in.com\/en\/wp-json\/wp\/v2\/media?parent=541345"}],"wp:term":[{"taxonomy":"product_brand","embeddable":true,"href":"https:\/\/perle-in.com\/en\/wp-json\/wp\/v2\/product_brand?post=541345"},{"taxonomy":"product_cat","embeddable":true,"href":"https:\/\/perle-in.com\/en\/wp-json\/wp\/v2\/product_cat?post=541345"},{"taxonomy":"product_tag","embeddable":true,"href":"https:\/\/perle-in.com\/en\/wp-json\/wp\/v2\/product_tag?post=541345"}],"curies":[{"name":"wp","href":"https:\/\/api.w.org\/{rel}","templated":true}]}}