{"id":541117,"date":"2025-10-15T02:47:56","date_gmt":"2025-10-15T00:47:56","guid":{"rendered":"https:\/\/perle-in.com\/produit\/sac-shopping-convention-zeus-de-6-l-non-tisse-recycle-certifie-grs\/"},"modified":"2025-10-19T05:47:34","modified_gmt":"2025-10-19T03:47:34","slug":"sac-shopping-convention-zeus-de-6-l-non-tisse-recycle-certifie-grs","status":"publish","type":"product","link":"https:\/\/perle-in.com\/en\/product\/sac-shopping-convention-zeus-de-6-l-non-tisse-recycle-certifie-grs\/","title":{"rendered":"Sac shopping convention Zeus de 6\u00a0L non tiss\u00e9 recycl\u00e9 certifi\u00e9 GRS"},"content":{"rendered":"","protected":false},"excerpt":{"rendered":"<p>Fabriqu\u00e9 en RPET durable et r\u00e9sistant aux d\u00e9chirures, le grand sac shopping Zeus recycl\u00e9 certifi\u00e9 GRS est une option parfaite et plus responsable pour les foires ou les conf\u00e9rences. Son design fin en fait un mod\u00e8le \u00e9l\u00e9gant et adapt\u00e9 au transport d&#8217;objets l\u00e9gers tels qu&#8217;un carnet de notes et un stylo. Les poign\u00e9es mesurent 29\u00a0cm de long, ce qui permet de porter le tote bag \u00e0 l&#8217;\u00e9paule. Capacit\u00e9 de charge maximale de 5 kg.<\/p>","protected":false},"featured_media":541104,"template":"","meta":{"_eb_attr":""},"product_brand":[],"product_cat":[159,959],"product_tag":[837,2654,836,986,282,962,904],"class_list":{"0":"post-541117","1":"product","2":"type-product","3":"status-publish","4":"has-post-thumbnail","6":"product_cat-sacs","7":"product_cat-sacs-de-shopping","8":"product_tag-durable","9":"product_tag-grs","10":"product_tag-recycle","11":"product_tag-rpet","12":"product_tag-sac","13":"product_tag-sac-de-courses","14":"product_tag-shopping","15":"pa_couleurs-blanc","16":"pa_couleurs-bleu-royal","17":"pa_couleurs-citron-vert","18":"pa_couleurs-marine","19":"pa_couleurs-noir","20":"pa_couleurs-orange","21":"pa_couleurs-rouge","22":"pa_couleurs-vert","23":"pa_green-points-2652","24":"pa_matiere-polyester-recycle-certifie-grs-80-g-m2","26":"first","27":"instock","28":"shipping-taxable","29":"purchasable","30":"product-type-variable"},"yoast_head":"<!-- This site is optimized with the Yoast SEO plugin v27.4 - https:\/\/yoast.com\/product\/yoast-seo-wordpress\/ -->\n<title>Sac shopping convention Zeus de 6\u00a0L non tiss\u00e9 recycl\u00e9 certifi\u00e9 GRS - PERLE IN<\/title>\n<meta name=\"robots\" content=\"noindex, follow, max-snippet:-1, max-image-preview:large, max-video-preview:-1\" \/>\n<meta property=\"og:locale\" content=\"en_US\" \/>\n<meta property=\"og:type\" content=\"article\" \/>\n<meta property=\"og:title\" content=\"Sac shopping convention Zeus de 6\u00a0L non tiss\u00e9 recycl\u00e9 certifi\u00e9 GRS - PERLE IN\" \/>\n<meta property=\"og:description\" content=\"Fabriqu\u00e9 en RPET durable et r\u00e9sistant aux d\u00e9chirures, le grand sac shopping Zeus recycl\u00e9 certifi\u00e9 GRS est une option parfaite et plus responsable pour les foires ou les conf\u00e9rences. Son design fin en fait un mod\u00e8le \u00e9l\u00e9gant et adapt\u00e9 au transport d&#039;objets l\u00e9gers tels qu&#039;un carnet de notes et un stylo. Les poign\u00e9es mesurent 29\u00a0cm de long, ce qui permet de porter le tote bag \u00e0 l&#039;\u00e9paule. Capacit\u00e9 de charge maximale de 5 kg.\" \/>\n<meta property=\"og:url\" content=\"https:\/\/perle-in.com\/en\/product\/sac-shopping-convention-zeus-de-6-l-non-tisse-recycle-certifie-grs\/\" \/>\n<meta property=\"og:site_name\" content=\"PERLE IN\" \/>\n<meta property=\"article:modified_time\" content=\"2025-10-19T03:47:34+00:00\" \/>\n<meta property=\"og:image\" content=\"https:\/\/perle-in.com\/wp-content\/uploads\/2025\/10\/13005101-1.jpg\" \/>\n\t<meta property=\"og:image:width\" content=\"1600\" \/>\n\t<meta property=\"og:image:height\" content=\"1600\" \/>\n\t<meta property=\"og:image:type\" content=\"image\/jpeg\" \/>\n<meta name=\"twitter:card\" content=\"summary_large_image\" \/>\n<script type=\"application\/ld+json\" class=\"yoast-schema-graph\">{\"@context\":\"https:\\\/\\\/schema.org\",\"@graph\":[{\"@type\":\"WebPage\",\"@id\":\"https:\\\/\\\/perle-in.com\\\/produit\\\/sac-shopping-convention-zeus-de-6-l-non-tisse-recycle-certifie-grs\\\/\",\"url\":\"https:\\\/\\\/perle-in.com\\\/produit\\\/sac-shopping-convention-zeus-de-6-l-non-tisse-recycle-certifie-grs\\\/\",\"name\":\"Sac shopping convention Zeus de 6\u00a0L non tiss\u00e9 recycl\u00e9 certifi\u00e9 GRS - PERLE IN\",\"isPartOf\":{\"@id\":\"https:\\\/\\\/perle-in.com\\\/#website\"},\"primaryImageOfPage\":{\"@id\":\"https:\\\/\\\/perle-in.com\\\/produit\\\/sac-shopping-convention-zeus-de-6-l-non-tisse-recycle-certifie-grs\\\/#primaryimage\"},\"image\":{\"@id\":\"https:\\\/\\\/perle-in.com\\\/produit\\\/sac-shopping-convention-zeus-de-6-l-non-tisse-recycle-certifie-grs\\\/#primaryimage\"},\"thumbnailUrl\":\"https:\\\/\\\/perle-in.com\\\/wp-content\\\/uploads\\\/2025\\\/10\\\/13005101-1.jpg\",\"datePublished\":\"2025-10-15T00:47:56+00:00\",\"dateModified\":\"2025-10-19T03:47:34+00:00\",\"breadcrumb\":{\"@id\":\"https:\\\/\\\/perle-in.com\\\/produit\\\/sac-shopping-convention-zeus-de-6-l-non-tisse-recycle-certifie-grs\\\/#breadcrumb\"},\"inLanguage\":\"en-CA\",\"potentialAction\":[{\"@type\":\"ReadAction\",\"target\":[\"https:\\\/\\\/perle-in.com\\\/produit\\\/sac-shopping-convention-zeus-de-6-l-non-tisse-recycle-certifie-grs\\\/\"]}]},{\"@type\":\"ImageObject\",\"inLanguage\":\"en-CA\",\"@id\":\"https:\\\/\\\/perle-in.com\\\/produit\\\/sac-shopping-convention-zeus-de-6-l-non-tisse-recycle-certifie-grs\\\/#primaryimage\",\"url\":\"https:\\\/\\\/perle-in.com\\\/wp-content\\\/uploads\\\/2025\\\/10\\\/13005101-1.jpg\",\"contentUrl\":\"https:\\\/\\\/perle-in.com\\\/wp-content\\\/uploads\\\/2025\\\/10\\\/13005101-1.jpg\",\"width\":1600,\"height\":1600},{\"@type\":\"BreadcrumbList\",\"@id\":\"https:\\\/\\\/perle-in.com\\\/produit\\\/sac-shopping-convention-zeus-de-6-l-non-tisse-recycle-certifie-grs\\\/#breadcrumb\",\"itemListElement\":[{\"@type\":\"ListItem\",\"position\":1,\"name\":\"Accueil\",\"item\":\"https:\\\/\\\/perle-in.com\\\/\"},{\"@type\":\"ListItem\",\"position\":2,\"name\":\"Boutique\",\"item\":\"https:\\\/\\\/perle-in.com\\\/boutique\\\/\"},{\"@type\":\"ListItem\",\"position\":3,\"name\":\"Sac shopping convention Zeus de 6\u00a0L non tiss\u00e9 recycl\u00e9 certifi\u00e9 GRS\"}]},{\"@type\":\"WebSite\",\"@id\":\"https:\\\/\\\/perle-in.com\\\/#website\",\"url\":\"https:\\\/\\\/perle-in.com\\\/\",\"name\":\"PERLE IN\",\"description\":\"\",\"publisher\":{\"@id\":\"https:\\\/\\\/perle-in.com\\\/#organization\"},\"potentialAction\":[{\"@type\":\"SearchAction\",\"target\":{\"@type\":\"EntryPoint\",\"urlTemplate\":\"https:\\\/\\\/perle-in.com\\\/?s={search_term_string}\"},\"query-input\":{\"@type\":\"PropertyValueSpecification\",\"valueRequired\":true,\"valueName\":\"search_term_string\"}}],\"inLanguage\":\"en-CA\"},{\"@type\":\"Organization\",\"@id\":\"https:\\\/\\\/perle-in.com\\\/#organization\",\"name\":\"PERLE IN\",\"url\":\"https:\\\/\\\/perle-in.com\\\/\",\"logo\":{\"@type\":\"ImageObject\",\"inLanguage\":\"en-CA\",\"@id\":\"https:\\\/\\\/perle-in.com\\\/#\\\/schema\\\/logo\\\/image\\\/\",\"url\":\"https:\\\/\\\/perle-in.com\\\/wp-content\\\/uploads\\\/2022\\\/12\\\/LOGO-PERLE-IN-COULEUR@3x.webp\",\"contentUrl\":\"https:\\\/\\\/perle-in.com\\\/wp-content\\\/uploads\\\/2022\\\/12\\\/LOGO-PERLE-IN-COULEUR@3x.webp\",\"width\":1600,\"height\":490,\"caption\":\"PERLE IN\"},\"image\":{\"@id\":\"https:\\\/\\\/perle-in.com\\\/#\\\/schema\\\/logo\\\/image\\\/\"}}]}<\/script>\n<!-- \/ Yoast SEO plugin. -->","yoast_head_json":{"title":"Sac shopping convention Zeus de 6\u00a0L non tiss\u00e9 recycl\u00e9 certifi\u00e9 GRS - PERLE IN","robots":{"index":"noindex","follow":"follow","max-snippet":"max-snippet:-1","max-image-preview":"max-image-preview:large","max-video-preview":"max-video-preview:-1"},"og_locale":"en_US","og_type":"article","og_title":"Sac shopping convention Zeus de 6\u00a0L non tiss\u00e9 recycl\u00e9 certifi\u00e9 GRS - PERLE IN","og_description":"Fabriqu\u00e9 en RPET durable et r\u00e9sistant aux d\u00e9chirures, le grand sac shopping Zeus recycl\u00e9 certifi\u00e9 GRS est une option parfaite et plus responsable pour les foires ou les conf\u00e9rences. Son design fin en fait un mod\u00e8le \u00e9l\u00e9gant et adapt\u00e9 au transport d'objets l\u00e9gers tels qu'un carnet de notes et un stylo. Les poign\u00e9es mesurent 29\u00a0cm de long, ce qui permet de porter le tote bag \u00e0 l'\u00e9paule. Capacit\u00e9 de charge maximale de 5 kg.","og_url":"https:\/\/perle-in.com\/en\/product\/sac-shopping-convention-zeus-de-6-l-non-tisse-recycle-certifie-grs\/","og_site_name":"PERLE IN","article_modified_time":"2025-10-19T03:47:34+00:00","og_image":[{"width":1600,"height":1600,"url":"https:\/\/perle-in.com\/wp-content\/uploads\/2025\/10\/13005101-1.jpg","type":"image\/jpeg"}],"twitter_card":"summary_large_image","schema":{"@context":"https:\/\/schema.org","@graph":[{"@type":"WebPage","@id":"https:\/\/perle-in.com\/produit\/sac-shopping-convention-zeus-de-6-l-non-tisse-recycle-certifie-grs\/","url":"https:\/\/perle-in.com\/produit\/sac-shopping-convention-zeus-de-6-l-non-tisse-recycle-certifie-grs\/","name":"Sac shopping convention Zeus de 6\u00a0L non tiss\u00e9 recycl\u00e9 certifi\u00e9 GRS - PERLE IN","isPartOf":{"@id":"https:\/\/perle-in.com\/#website"},"primaryImageOfPage":{"@id":"https:\/\/perle-in.com\/produit\/sac-shopping-convention-zeus-de-6-l-non-tisse-recycle-certifie-grs\/#primaryimage"},"image":{"@id":"https:\/\/perle-in.com\/produit\/sac-shopping-convention-zeus-de-6-l-non-tisse-recycle-certifie-grs\/#primaryimage"},"thumbnailUrl":"https:\/\/perle-in.com\/wp-content\/uploads\/2025\/10\/13005101-1.jpg","datePublished":"2025-10-15T00:47:56+00:00","dateModified":"2025-10-19T03:47:34+00:00","breadcrumb":{"@id":"https:\/\/perle-in.com\/produit\/sac-shopping-convention-zeus-de-6-l-non-tisse-recycle-certifie-grs\/#breadcrumb"},"inLanguage":"en-CA","potentialAction":[{"@type":"ReadAction","target":["https:\/\/perle-in.com\/produit\/sac-shopping-convention-zeus-de-6-l-non-tisse-recycle-certifie-grs\/"]}]},{"@type":"ImageObject","inLanguage":"en-CA","@id":"https:\/\/perle-in.com\/produit\/sac-shopping-convention-zeus-de-6-l-non-tisse-recycle-certifie-grs\/#primaryimage","url":"https:\/\/perle-in.com\/wp-content\/uploads\/2025\/10\/13005101-1.jpg","contentUrl":"https:\/\/perle-in.com\/wp-content\/uploads\/2025\/10\/13005101-1.jpg","width":1600,"height":1600},{"@type":"BreadcrumbList","@id":"https:\/\/perle-in.com\/produit\/sac-shopping-convention-zeus-de-6-l-non-tisse-recycle-certifie-grs\/#breadcrumb","itemListElement":[{"@type":"ListItem","position":1,"name":"Accueil","item":"https:\/\/perle-in.com\/"},{"@type":"ListItem","position":2,"name":"Boutique","item":"https:\/\/perle-in.com\/boutique\/"},{"@type":"ListItem","position":3,"name":"Sac shopping convention Zeus de 6\u00a0L non tiss\u00e9 recycl\u00e9 certifi\u00e9 GRS"}]},{"@type":"WebSite","@id":"https:\/\/perle-in.com\/#website","url":"https:\/\/perle-in.com\/","name":"PERLE IN","description":"","publisher":{"@id":"https:\/\/perle-in.com\/#organization"},"potentialAction":[{"@type":"SearchAction","target":{"@type":"EntryPoint","urlTemplate":"https:\/\/perle-in.com\/?s={search_term_string}"},"query-input":{"@type":"PropertyValueSpecification","valueRequired":true,"valueName":"search_term_string"}}],"inLanguage":"en-CA"},{"@type":"Organization","@id":"https:\/\/perle-in.com\/#organization","name":"PERLE IN","url":"https:\/\/perle-in.com\/","logo":{"@type":"ImageObject","inLanguage":"en-CA","@id":"https:\/\/perle-in.com\/#\/schema\/logo\/image\/","url":"https:\/\/perle-in.com\/wp-content\/uploads\/2022\/12\/LOGO-PERLE-IN-COULEUR@3x.webp","contentUrl":"https:\/\/perle-in.com\/wp-content\/uploads\/2022\/12\/LOGO-PERLE-IN-COULEUR@3x.webp","width":1600,"height":490,"caption":"PERLE IN"},"image":{"@id":"https:\/\/perle-in.com\/#\/schema\/logo\/image\/"}}]}},"jetpack_sharing_enabled":true,"_links":{"self":[{"href":"https:\/\/perle-in.com\/en\/wp-json\/wp\/v2\/product\/541117","targetHints":{"allow":["GET"]}}],"collection":[{"href":"https:\/\/perle-in.com\/en\/wp-json\/wp\/v2\/product"}],"about":[{"href":"https:\/\/perle-in.com\/en\/wp-json\/wp\/v2\/types\/product"}],"version-history":[{"count":0,"href":"https:\/\/perle-in.com\/en\/wp-json\/wp\/v2\/product\/541117\/revisions"}],"wp:featuredmedia":[{"embeddable":true,"href":"https:\/\/perle-in.com\/en\/wp-json\/wp\/v2\/media\/541104"}],"wp:attachment":[{"href":"https:\/\/perle-in.com\/en\/wp-json\/wp\/v2\/media?parent=541117"}],"wp:term":[{"taxonomy":"product_brand","embeddable":true,"href":"https:\/\/perle-in.com\/en\/wp-json\/wp\/v2\/product_brand?post=541117"},{"taxonomy":"product_cat","embeddable":true,"href":"https:\/\/perle-in.com\/en\/wp-json\/wp\/v2\/product_cat?post=541117"},{"taxonomy":"product_tag","embeddable":true,"href":"https:\/\/perle-in.com\/en\/wp-json\/wp\/v2\/product_tag?post=541117"}],"curies":[{"name":"wp","href":"https:\/\/api.w.org\/{rel}","templated":true}]}}