{"id":539081,"date":"2025-10-15T01:32:35","date_gmt":"2025-10-14T23:32:35","guid":{"rendered":"https:\/\/perle-in.com\/produit\/sac-a-dos-rise-recycle-certifie-grs-pour-ordinateur-portable-de-156\/"},"modified":"2025-10-19T05:46:45","modified_gmt":"2025-10-19T03:46:45","slug":"sac-a-dos-rise-recycle-certifie-grs-pour-ordinateur-portable-de-156","status":"publish","type":"product","link":"https:\/\/perle-in.com\/en\/product\/sac-a-dos-rise-recycle-certifie-grs-pour-ordinateur-portable-de-156\/","title":{"rendered":"Sac \u00e0 dos Rise recycl\u00e9 certifi\u00e9 GRS pour ordinateur portable de 15,6&#8243;"},"content":{"rendered":"","protected":false},"excerpt":{"rendered":"<p>Fabriqu\u00e9 en polyester recycl\u00e9 900D durable certifi\u00e9 GRS, le sac \u00e0 dos Rise est dot\u00e9 de toutes les fonctions n\u00e9cessaires. Il dispose d&#8217;une housse pour ordinateur portable rembourr\u00e9e adapt\u00e9e \u00e0 un ordinateur portable de 15,6&#8243;, d&#8217;une housse suppl\u00e9mentaire pour un petit ordinateur portable ou une tablette et de poches zipp\u00e9es pour les petits objets. De plus, il y a une sangle \u00e9lastique \u00e0 l&#8217;int\u00e9rieur pour mettre une bouteille d&#8217;eau. L&#8217;arri\u00e8re du sac \u00e0 dos contient une sangle \u00e9lastique pratique, ce qui le rend facile \u00e0 attacher \u00e0 un trolley.<\/p>","protected":false},"featured_media":539074,"template":"","meta":{"_eb_attr":""},"product_brand":[],"product_cat":[1214,159],"product_tag":[837,2654,784,836,1347,2880],"class_list":{"0":"post-539081","1":"product","2":"type-product","3":"status-publish","4":"has-post-thumbnail","6":"product_cat-sac-a-dos-pour-ordinateur","7":"product_cat-sacs","8":"product_tag-durable","9":"product_tag-grs","10":"product_tag-ordinateur-portable","11":"product_tag-recycle","12":"product_tag-sac-a-dos","13":"product_tag-tekio","14":"pa_couleurs-noir","15":"pa_green-points-2652","16":"pa_marque-tekio","17":"pa_matiere-polyester-recycle-certifie-grs-330-g-m2-lining-900d-polyester-recycle-certifie-grs-290","19":"first","20":"instock","21":"shipping-taxable","22":"purchasable","23":"product-type-variable"},"yoast_head":"<!-- This site is optimized with the Yoast SEO plugin v27.4 - https:\/\/yoast.com\/product\/yoast-seo-wordpress\/ -->\n<title>Sac \u00e0 dos Rise recycl\u00e9 certifi\u00e9 GRS pour ordinateur portable de 15,6&quot; - PERLE IN<\/title>\n<meta name=\"robots\" content=\"noindex, follow, max-snippet:-1, max-image-preview:large, max-video-preview:-1\" \/>\n<meta property=\"og:locale\" content=\"en_US\" \/>\n<meta property=\"og:type\" content=\"article\" \/>\n<meta property=\"og:title\" content=\"Sac \u00e0 dos Rise recycl\u00e9 certifi\u00e9 GRS pour ordinateur portable de 15,6&quot; - PERLE IN\" \/>\n<meta property=\"og:description\" content=\"Fabriqu\u00e9 en polyester recycl\u00e9 900D durable certifi\u00e9 GRS, le sac \u00e0 dos Rise est dot\u00e9 de toutes les fonctions n\u00e9cessaires. Il dispose d&#039;une housse pour ordinateur portable rembourr\u00e9e adapt\u00e9e \u00e0 un ordinateur portable de 15,6&quot;, d&#039;une housse suppl\u00e9mentaire pour un petit ordinateur portable ou une tablette et de poches zipp\u00e9es pour les petits objets. De plus, il y a une sangle \u00e9lastique \u00e0 l&#039;int\u00e9rieur pour mettre une bouteille d&#039;eau. L&#039;arri\u00e8re du sac \u00e0 dos contient une sangle \u00e9lastique pratique, ce qui le rend facile \u00e0 attacher \u00e0 un trolley.\" \/>\n<meta property=\"og:url\" content=\"https:\/\/perle-in.com\/en\/product\/sac-a-dos-rise-recycle-certifie-grs-pour-ordinateur-portable-de-156\/\" \/>\n<meta property=\"og:site_name\" content=\"PERLE IN\" \/>\n<meta property=\"article:modified_time\" content=\"2025-10-19T03:46:45+00:00\" \/>\n<meta property=\"og:image\" content=\"https:\/\/perle-in.com\/wp-content\/uploads\/2025\/10\/12069790-1.jpg\" \/>\n\t<meta property=\"og:image:width\" content=\"1600\" \/>\n\t<meta property=\"og:image:height\" content=\"1600\" \/>\n\t<meta property=\"og:image:type\" content=\"image\/jpeg\" \/>\n<meta name=\"twitter:card\" content=\"summary_large_image\" \/>\n<script type=\"application\/ld+json\" class=\"yoast-schema-graph\">{\"@context\":\"https:\\\/\\\/schema.org\",\"@graph\":[{\"@type\":\"WebPage\",\"@id\":\"https:\\\/\\\/perle-in.com\\\/en\\\/product\\\/sac-a-dos-rise-recycle-certifie-grs-pour-ordinateur-portable-de-156\\\/\",\"url\":\"https:\\\/\\\/perle-in.com\\\/en\\\/product\\\/sac-a-dos-rise-recycle-certifie-grs-pour-ordinateur-portable-de-156\\\/\",\"name\":\"Sac \u00e0 dos Rise recycl\u00e9 certifi\u00e9 GRS pour ordinateur portable de 15,6\\\" - PERLE IN\",\"isPartOf\":{\"@id\":\"https:\\\/\\\/perle-in.com\\\/#website\"},\"primaryImageOfPage\":{\"@id\":\"https:\\\/\\\/perle-in.com\\\/en\\\/product\\\/sac-a-dos-rise-recycle-certifie-grs-pour-ordinateur-portable-de-156\\\/#primaryimage\"},\"image\":{\"@id\":\"https:\\\/\\\/perle-in.com\\\/en\\\/product\\\/sac-a-dos-rise-recycle-certifie-grs-pour-ordinateur-portable-de-156\\\/#primaryimage\"},\"thumbnailUrl\":\"https:\\\/\\\/perle-in.com\\\/wp-content\\\/uploads\\\/2025\\\/10\\\/12069790-1.jpg\",\"datePublished\":\"2025-10-14T23:32:35+00:00\",\"dateModified\":\"2025-10-19T03:46:45+00:00\",\"breadcrumb\":{\"@id\":\"https:\\\/\\\/perle-in.com\\\/en\\\/product\\\/sac-a-dos-rise-recycle-certifie-grs-pour-ordinateur-portable-de-156\\\/#breadcrumb\"},\"inLanguage\":\"en-CA\",\"potentialAction\":[{\"@type\":\"ReadAction\",\"target\":[\"https:\\\/\\\/perle-in.com\\\/en\\\/product\\\/sac-a-dos-rise-recycle-certifie-grs-pour-ordinateur-portable-de-156\\\/\"]}]},{\"@type\":\"ImageObject\",\"inLanguage\":\"en-CA\",\"@id\":\"https:\\\/\\\/perle-in.com\\\/en\\\/product\\\/sac-a-dos-rise-recycle-certifie-grs-pour-ordinateur-portable-de-156\\\/#primaryimage\",\"url\":\"https:\\\/\\\/perle-in.com\\\/wp-content\\\/uploads\\\/2025\\\/10\\\/12069790-1.jpg\",\"contentUrl\":\"https:\\\/\\\/perle-in.com\\\/wp-content\\\/uploads\\\/2025\\\/10\\\/12069790-1.jpg\",\"width\":1600,\"height\":1600},{\"@type\":\"BreadcrumbList\",\"@id\":\"https:\\\/\\\/perle-in.com\\\/en\\\/product\\\/sac-a-dos-rise-recycle-certifie-grs-pour-ordinateur-portable-de-156\\\/#breadcrumb\",\"itemListElement\":[{\"@type\":\"ListItem\",\"position\":1,\"name\":\"Accueil\",\"item\":\"https:\\\/\\\/perle-in.com\\\/\"},{\"@type\":\"ListItem\",\"position\":2,\"name\":\"Boutique\",\"item\":\"https:\\\/\\\/perle-in.com\\\/boutique\\\/\"},{\"@type\":\"ListItem\",\"position\":3,\"name\":\"Sac \u00e0 dos Rise recycl\u00e9 certifi\u00e9 GRS pour ordinateur portable de 15,6&#8243;\"}]},{\"@type\":\"WebSite\",\"@id\":\"https:\\\/\\\/perle-in.com\\\/#website\",\"url\":\"https:\\\/\\\/perle-in.com\\\/\",\"name\":\"PERLE IN\",\"description\":\"\",\"publisher\":{\"@id\":\"https:\\\/\\\/perle-in.com\\\/#organization\"},\"potentialAction\":[{\"@type\":\"SearchAction\",\"target\":{\"@type\":\"EntryPoint\",\"urlTemplate\":\"https:\\\/\\\/perle-in.com\\\/?s={search_term_string}\"},\"query-input\":{\"@type\":\"PropertyValueSpecification\",\"valueRequired\":true,\"valueName\":\"search_term_string\"}}],\"inLanguage\":\"en-CA\"},{\"@type\":\"Organization\",\"@id\":\"https:\\\/\\\/perle-in.com\\\/#organization\",\"name\":\"PERLE IN\",\"url\":\"https:\\\/\\\/perle-in.com\\\/\",\"logo\":{\"@type\":\"ImageObject\",\"inLanguage\":\"en-CA\",\"@id\":\"https:\\\/\\\/perle-in.com\\\/#\\\/schema\\\/logo\\\/image\\\/\",\"url\":\"https:\\\/\\\/perle-in.com\\\/wp-content\\\/uploads\\\/2022\\\/12\\\/LOGO-PERLE-IN-COULEUR@3x.webp\",\"contentUrl\":\"https:\\\/\\\/perle-in.com\\\/wp-content\\\/uploads\\\/2022\\\/12\\\/LOGO-PERLE-IN-COULEUR@3x.webp\",\"width\":1600,\"height\":490,\"caption\":\"PERLE IN\"},\"image\":{\"@id\":\"https:\\\/\\\/perle-in.com\\\/#\\\/schema\\\/logo\\\/image\\\/\"}}]}<\/script>\n<!-- \/ Yoast SEO plugin. -->","yoast_head_json":{"title":"Sac \u00e0 dos Rise recycl\u00e9 certifi\u00e9 GRS pour ordinateur portable de 15,6\" - PERLE IN","robots":{"index":"noindex","follow":"follow","max-snippet":"max-snippet:-1","max-image-preview":"max-image-preview:large","max-video-preview":"max-video-preview:-1"},"og_locale":"en_US","og_type":"article","og_title":"Sac \u00e0 dos Rise recycl\u00e9 certifi\u00e9 GRS pour ordinateur portable de 15,6\" - PERLE IN","og_description":"Fabriqu\u00e9 en polyester recycl\u00e9 900D durable certifi\u00e9 GRS, le sac \u00e0 dos Rise est dot\u00e9 de toutes les fonctions n\u00e9cessaires. Il dispose d'une housse pour ordinateur portable rembourr\u00e9e adapt\u00e9e \u00e0 un ordinateur portable de 15,6\", d'une housse suppl\u00e9mentaire pour un petit ordinateur portable ou une tablette et de poches zipp\u00e9es pour les petits objets. De plus, il y a une sangle \u00e9lastique \u00e0 l'int\u00e9rieur pour mettre une bouteille d'eau. L'arri\u00e8re du sac \u00e0 dos contient une sangle \u00e9lastique pratique, ce qui le rend facile \u00e0 attacher \u00e0 un trolley.","og_url":"https:\/\/perle-in.com\/en\/product\/sac-a-dos-rise-recycle-certifie-grs-pour-ordinateur-portable-de-156\/","og_site_name":"PERLE IN","article_modified_time":"2025-10-19T03:46:45+00:00","og_image":[{"width":1600,"height":1600,"url":"https:\/\/perle-in.com\/wp-content\/uploads\/2025\/10\/12069790-1.jpg","type":"image\/jpeg"}],"twitter_card":"summary_large_image","schema":{"@context":"https:\/\/schema.org","@graph":[{"@type":"WebPage","@id":"https:\/\/perle-in.com\/en\/product\/sac-a-dos-rise-recycle-certifie-grs-pour-ordinateur-portable-de-156\/","url":"https:\/\/perle-in.com\/en\/product\/sac-a-dos-rise-recycle-certifie-grs-pour-ordinateur-portable-de-156\/","name":"Sac \u00e0 dos Rise recycl\u00e9 certifi\u00e9 GRS pour ordinateur portable de 15,6\" - PERLE IN","isPartOf":{"@id":"https:\/\/perle-in.com\/#website"},"primaryImageOfPage":{"@id":"https:\/\/perle-in.com\/en\/product\/sac-a-dos-rise-recycle-certifie-grs-pour-ordinateur-portable-de-156\/#primaryimage"},"image":{"@id":"https:\/\/perle-in.com\/en\/product\/sac-a-dos-rise-recycle-certifie-grs-pour-ordinateur-portable-de-156\/#primaryimage"},"thumbnailUrl":"https:\/\/perle-in.com\/wp-content\/uploads\/2025\/10\/12069790-1.jpg","datePublished":"2025-10-14T23:32:35+00:00","dateModified":"2025-10-19T03:46:45+00:00","breadcrumb":{"@id":"https:\/\/perle-in.com\/en\/product\/sac-a-dos-rise-recycle-certifie-grs-pour-ordinateur-portable-de-156\/#breadcrumb"},"inLanguage":"en-CA","potentialAction":[{"@type":"ReadAction","target":["https:\/\/perle-in.com\/en\/product\/sac-a-dos-rise-recycle-certifie-grs-pour-ordinateur-portable-de-156\/"]}]},{"@type":"ImageObject","inLanguage":"en-CA","@id":"https:\/\/perle-in.com\/en\/product\/sac-a-dos-rise-recycle-certifie-grs-pour-ordinateur-portable-de-156\/#primaryimage","url":"https:\/\/perle-in.com\/wp-content\/uploads\/2025\/10\/12069790-1.jpg","contentUrl":"https:\/\/perle-in.com\/wp-content\/uploads\/2025\/10\/12069790-1.jpg","width":1600,"height":1600},{"@type":"BreadcrumbList","@id":"https:\/\/perle-in.com\/en\/product\/sac-a-dos-rise-recycle-certifie-grs-pour-ordinateur-portable-de-156\/#breadcrumb","itemListElement":[{"@type":"ListItem","position":1,"name":"Accueil","item":"https:\/\/perle-in.com\/"},{"@type":"ListItem","position":2,"name":"Boutique","item":"https:\/\/perle-in.com\/boutique\/"},{"@type":"ListItem","position":3,"name":"Sac \u00e0 dos Rise recycl\u00e9 certifi\u00e9 GRS pour ordinateur portable de 15,6&#8243;"}]},{"@type":"WebSite","@id":"https:\/\/perle-in.com\/#website","url":"https:\/\/perle-in.com\/","name":"PERLE IN","description":"","publisher":{"@id":"https:\/\/perle-in.com\/#organization"},"potentialAction":[{"@type":"SearchAction","target":{"@type":"EntryPoint","urlTemplate":"https:\/\/perle-in.com\/?s={search_term_string}"},"query-input":{"@type":"PropertyValueSpecification","valueRequired":true,"valueName":"search_term_string"}}],"inLanguage":"en-CA"},{"@type":"Organization","@id":"https:\/\/perle-in.com\/#organization","name":"PERLE IN","url":"https:\/\/perle-in.com\/","logo":{"@type":"ImageObject","inLanguage":"en-CA","@id":"https:\/\/perle-in.com\/#\/schema\/logo\/image\/","url":"https:\/\/perle-in.com\/wp-content\/uploads\/2022\/12\/LOGO-PERLE-IN-COULEUR@3x.webp","contentUrl":"https:\/\/perle-in.com\/wp-content\/uploads\/2022\/12\/LOGO-PERLE-IN-COULEUR@3x.webp","width":1600,"height":490,"caption":"PERLE IN"},"image":{"@id":"https:\/\/perle-in.com\/#\/schema\/logo\/image\/"}}]}},"jetpack_sharing_enabled":true,"_links":{"self":[{"href":"https:\/\/perle-in.com\/en\/wp-json\/wp\/v2\/product\/539081","targetHints":{"allow":["GET"]}}],"collection":[{"href":"https:\/\/perle-in.com\/en\/wp-json\/wp\/v2\/product"}],"about":[{"href":"https:\/\/perle-in.com\/en\/wp-json\/wp\/v2\/types\/product"}],"version-history":[{"count":0,"href":"https:\/\/perle-in.com\/en\/wp-json\/wp\/v2\/product\/539081\/revisions"}],"wp:featuredmedia":[{"embeddable":true,"href":"https:\/\/perle-in.com\/en\/wp-json\/wp\/v2\/media\/539074"}],"wp:attachment":[{"href":"https:\/\/perle-in.com\/en\/wp-json\/wp\/v2\/media?parent=539081"}],"wp:term":[{"taxonomy":"product_brand","embeddable":true,"href":"https:\/\/perle-in.com\/en\/wp-json\/wp\/v2\/product_brand?post=539081"},{"taxonomy":"product_cat","embeddable":true,"href":"https:\/\/perle-in.com\/en\/wp-json\/wp\/v2\/product_cat?post=539081"},{"taxonomy":"product_tag","embeddable":true,"href":"https:\/\/perle-in.com\/en\/wp-json\/wp\/v2\/product_tag?post=539081"}],"curies":[{"name":"wp","href":"https:\/\/api.w.org\/{rel}","templated":true}]}}