{"id":538931,"date":"2025-10-15T01:20:45","date_gmt":"2025-10-14T23:20:45","guid":{"rendered":"https:\/\/perle-in.com\/produit\/cadre-photo-sasa-en-bambou-avec-thermometre\/"},"modified":"2025-10-19T05:46:40","modified_gmt":"2025-10-19T03:46:40","slug":"cadre-photo-sasa-en-bambou-avec-thermometre","status":"publish","type":"product","link":"https:\/\/perle-in.com\/en\/product\/cadre-photo-sasa-en-bambou-avec-thermometre\/","title":{"rendered":"Cadre photo Sasa en bambou avec thermom\u00e8tre"},"content":{"rendered":"","protected":false},"excerpt":{"rendered":"<p>Le cadre photo Sasa en bambou offre un ajout \u00e9l\u00e9gant et fonctionnel \u00e0 votre maison ou \u00e0 votre bureau. Avec le bo\u00eetier principal en bambou d&#8217;origine responsable et le bo\u00eetier arri\u00e8re en plastique recycl\u00e9, ce cadre photo respire l&#8217;\u00e9l\u00e9gance naturelle tout en favorisant la durabilit\u00e9. Le cadre est dot\u00e9 d&#8217;un verre LCD qui assure un affichage clair et net de l&#8217;heure, du mois, de la date, du jour de la semaine et de la temp\u00e9rature en mode normal. Il dispose \u00e9galement d&#8217;une fonction d&#8217;alarme\/de mise en pause pour vous aider \u00e0 commencer votre journ\u00e9e \u00e0 l&#8217;heure. Le mode de rappel d&#8217;anniversaire permet de garder une trace des dates importantes, tandis que le mode minuterie est parfait pour chronom\u00e9trer les t\u00e2ches ou les activit\u00e9s. De plus, le mode d&#8217;appr\u00e9ciation de la musique offre une s\u00e9lection de jusqu&#8217;\u00e0 7\u00a0chansons facultatives pour votre plaisir. La taille de la fen\u00eatre photo est de 127 x 89 mm. Comprend 2\u00a0piles AA. Livr\u00e9 avec un coffret cadeau en papier Kraft et un manuel d&#8217;instructions.<\/p>","protected":false},"featured_media":538924,"template":"","meta":{"_eb_attr":""},"product_brand":[],"product_cat":[460,150],"product_tag":[1149,1156,837,1099,1346,1139,836,3271],"class_list":{"0":"post-538931","1":"product","2":"type-product","3":"status-publish","4":"has-post-thumbnail","6":"product_cat-accessoires-pour-la-maison","7":"product_cat-maison-et-cuisine","8":"product_tag-alarme","9":"product_tag-cadre","10":"product_tag-durable","11":"product_tag-horloge","12":"product_tag-meteo","13":"product_tag-photo","14":"product_tag-recycle","15":"product_tag-station","16":"pa_couleurs-naturel","17":"pa_green-points-1501","18":"pa_matiere-bambou-plastique-recycle-abs","20":"first","21":"instock","22":"sale","23":"shipping-taxable","24":"purchasable","25":"product-type-variable"},"yoast_head":"<!-- This site is optimized with the Yoast SEO plugin v27.4 - https:\/\/yoast.com\/product\/yoast-seo-wordpress\/ -->\n<title>Cadre photo Sasa en bambou avec thermom\u00e8tre - PERLE IN<\/title>\n<meta name=\"robots\" content=\"noindex, follow, max-snippet:-1, max-image-preview:large, max-video-preview:-1\" \/>\n<meta property=\"og:locale\" content=\"en_US\" \/>\n<meta property=\"og:type\" content=\"article\" \/>\n<meta property=\"og:title\" content=\"Cadre photo Sasa en bambou avec thermom\u00e8tre - PERLE IN\" \/>\n<meta property=\"og:description\" content=\"Le cadre photo Sasa en bambou offre un ajout \u00e9l\u00e9gant et fonctionnel \u00e0 votre maison ou \u00e0 votre bureau. Avec le bo\u00eetier principal en bambou d&#039;origine responsable et le bo\u00eetier arri\u00e8re en plastique recycl\u00e9, ce cadre photo respire l&#039;\u00e9l\u00e9gance naturelle tout en favorisant la durabilit\u00e9. Le cadre est dot\u00e9 d&#039;un verre LCD qui assure un affichage clair et net de l&#039;heure, du mois, de la date, du jour de la semaine et de la temp\u00e9rature en mode normal. Il dispose \u00e9galement d&#039;une fonction d&#039;alarme\/de mise en pause pour vous aider \u00e0 commencer votre journ\u00e9e \u00e0 l&#039;heure. Le mode de rappel d&#039;anniversaire permet de garder une trace des dates importantes, tandis que le mode minuterie est parfait pour chronom\u00e9trer les t\u00e2ches ou les activit\u00e9s. De plus, le mode d&#039;appr\u00e9ciation de la musique offre une s\u00e9lection de jusqu&#039;\u00e0 7\u00a0chansons facultatives pour votre plaisir. La taille de la fen\u00eatre photo est de 127 x 89 mm. Comprend 2\u00a0piles AA. Livr\u00e9 avec un coffret cadeau en papier Kraft et un manuel d&#039;instructions.\" \/>\n<meta property=\"og:url\" content=\"https:\/\/perle-in.com\/en\/product\/cadre-photo-sasa-en-bambou-avec-thermometre\/\" \/>\n<meta property=\"og:site_name\" content=\"PERLE IN\" \/>\n<meta property=\"article:modified_time\" content=\"2025-10-19T03:46:40+00:00\" \/>\n<meta property=\"og:image\" content=\"https:\/\/perle-in.com\/wp-content\/uploads\/2025\/10\/10456006-1.jpg\" \/>\n\t<meta property=\"og:image:width\" content=\"1600\" \/>\n\t<meta property=\"og:image:height\" content=\"1600\" \/>\n\t<meta property=\"og:image:type\" content=\"image\/jpeg\" \/>\n<meta name=\"twitter:card\" content=\"summary_large_image\" \/>\n<script type=\"application\/ld+json\" class=\"yoast-schema-graph\">{\"@context\":\"https:\\\/\\\/schema.org\",\"@graph\":[{\"@type\":\"WebPage\",\"@id\":\"https:\\\/\\\/perle-in.com\\\/produit\\\/cadre-photo-sasa-en-bambou-avec-thermometre\\\/\",\"url\":\"https:\\\/\\\/perle-in.com\\\/produit\\\/cadre-photo-sasa-en-bambou-avec-thermometre\\\/\",\"name\":\"Cadre photo Sasa en bambou avec thermom\u00e8tre - PERLE IN\",\"isPartOf\":{\"@id\":\"https:\\\/\\\/perle-in.com\\\/#website\"},\"primaryImageOfPage\":{\"@id\":\"https:\\\/\\\/perle-in.com\\\/produit\\\/cadre-photo-sasa-en-bambou-avec-thermometre\\\/#primaryimage\"},\"image\":{\"@id\":\"https:\\\/\\\/perle-in.com\\\/produit\\\/cadre-photo-sasa-en-bambou-avec-thermometre\\\/#primaryimage\"},\"thumbnailUrl\":\"https:\\\/\\\/perle-in.com\\\/wp-content\\\/uploads\\\/2025\\\/10\\\/10456006-1.jpg\",\"datePublished\":\"2025-10-14T23:20:45+00:00\",\"dateModified\":\"2025-10-19T03:46:40+00:00\",\"breadcrumb\":{\"@id\":\"https:\\\/\\\/perle-in.com\\\/produit\\\/cadre-photo-sasa-en-bambou-avec-thermometre\\\/#breadcrumb\"},\"inLanguage\":\"en-CA\",\"potentialAction\":[{\"@type\":\"ReadAction\",\"target\":[\"https:\\\/\\\/perle-in.com\\\/produit\\\/cadre-photo-sasa-en-bambou-avec-thermometre\\\/\"]}]},{\"@type\":\"ImageObject\",\"inLanguage\":\"en-CA\",\"@id\":\"https:\\\/\\\/perle-in.com\\\/produit\\\/cadre-photo-sasa-en-bambou-avec-thermometre\\\/#primaryimage\",\"url\":\"https:\\\/\\\/perle-in.com\\\/wp-content\\\/uploads\\\/2025\\\/10\\\/10456006-1.jpg\",\"contentUrl\":\"https:\\\/\\\/perle-in.com\\\/wp-content\\\/uploads\\\/2025\\\/10\\\/10456006-1.jpg\",\"width\":1600,\"height\":1600},{\"@type\":\"BreadcrumbList\",\"@id\":\"https:\\\/\\\/perle-in.com\\\/produit\\\/cadre-photo-sasa-en-bambou-avec-thermometre\\\/#breadcrumb\",\"itemListElement\":[{\"@type\":\"ListItem\",\"position\":1,\"name\":\"Accueil\",\"item\":\"https:\\\/\\\/perle-in.com\\\/\"},{\"@type\":\"ListItem\",\"position\":2,\"name\":\"Boutique\",\"item\":\"https:\\\/\\\/perle-in.com\\\/boutique\\\/\"},{\"@type\":\"ListItem\",\"position\":3,\"name\":\"Cadre photo Sasa en bambou avec thermom\u00e8tre\"}]},{\"@type\":\"WebSite\",\"@id\":\"https:\\\/\\\/perle-in.com\\\/#website\",\"url\":\"https:\\\/\\\/perle-in.com\\\/\",\"name\":\"PERLE IN\",\"description\":\"\",\"publisher\":{\"@id\":\"https:\\\/\\\/perle-in.com\\\/#organization\"},\"potentialAction\":[{\"@type\":\"SearchAction\",\"target\":{\"@type\":\"EntryPoint\",\"urlTemplate\":\"https:\\\/\\\/perle-in.com\\\/?s={search_term_string}\"},\"query-input\":{\"@type\":\"PropertyValueSpecification\",\"valueRequired\":true,\"valueName\":\"search_term_string\"}}],\"inLanguage\":\"en-CA\"},{\"@type\":\"Organization\",\"@id\":\"https:\\\/\\\/perle-in.com\\\/#organization\",\"name\":\"PERLE IN\",\"url\":\"https:\\\/\\\/perle-in.com\\\/\",\"logo\":{\"@type\":\"ImageObject\",\"inLanguage\":\"en-CA\",\"@id\":\"https:\\\/\\\/perle-in.com\\\/#\\\/schema\\\/logo\\\/image\\\/\",\"url\":\"https:\\\/\\\/perle-in.com\\\/wp-content\\\/uploads\\\/2022\\\/12\\\/LOGO-PERLE-IN-COULEUR@3x.webp\",\"contentUrl\":\"https:\\\/\\\/perle-in.com\\\/wp-content\\\/uploads\\\/2022\\\/12\\\/LOGO-PERLE-IN-COULEUR@3x.webp\",\"width\":1600,\"height\":490,\"caption\":\"PERLE IN\"},\"image\":{\"@id\":\"https:\\\/\\\/perle-in.com\\\/#\\\/schema\\\/logo\\\/image\\\/\"}}]}<\/script>\n<!-- \/ Yoast SEO plugin. -->","yoast_head_json":{"title":"Cadre photo Sasa en bambou avec thermom\u00e8tre - PERLE IN","robots":{"index":"noindex","follow":"follow","max-snippet":"max-snippet:-1","max-image-preview":"max-image-preview:large","max-video-preview":"max-video-preview:-1"},"og_locale":"en_US","og_type":"article","og_title":"Cadre photo Sasa en bambou avec thermom\u00e8tre - PERLE IN","og_description":"Le cadre photo Sasa en bambou offre un ajout \u00e9l\u00e9gant et fonctionnel \u00e0 votre maison ou \u00e0 votre bureau. Avec le bo\u00eetier principal en bambou d'origine responsable et le bo\u00eetier arri\u00e8re en plastique recycl\u00e9, ce cadre photo respire l'\u00e9l\u00e9gance naturelle tout en favorisant la durabilit\u00e9. Le cadre est dot\u00e9 d'un verre LCD qui assure un affichage clair et net de l'heure, du mois, de la date, du jour de la semaine et de la temp\u00e9rature en mode normal. Il dispose \u00e9galement d'une fonction d'alarme\/de mise en pause pour vous aider \u00e0 commencer votre journ\u00e9e \u00e0 l'heure. Le mode de rappel d'anniversaire permet de garder une trace des dates importantes, tandis que le mode minuterie est parfait pour chronom\u00e9trer les t\u00e2ches ou les activit\u00e9s. De plus, le mode d'appr\u00e9ciation de la musique offre une s\u00e9lection de jusqu'\u00e0 7\u00a0chansons facultatives pour votre plaisir. La taille de la fen\u00eatre photo est de 127 x 89 mm. Comprend 2\u00a0piles AA. Livr\u00e9 avec un coffret cadeau en papier Kraft et un manuel d'instructions.","og_url":"https:\/\/perle-in.com\/en\/product\/cadre-photo-sasa-en-bambou-avec-thermometre\/","og_site_name":"PERLE IN","article_modified_time":"2025-10-19T03:46:40+00:00","og_image":[{"width":1600,"height":1600,"url":"https:\/\/perle-in.com\/wp-content\/uploads\/2025\/10\/10456006-1.jpg","type":"image\/jpeg"}],"twitter_card":"summary_large_image","schema":{"@context":"https:\/\/schema.org","@graph":[{"@type":"WebPage","@id":"https:\/\/perle-in.com\/produit\/cadre-photo-sasa-en-bambou-avec-thermometre\/","url":"https:\/\/perle-in.com\/produit\/cadre-photo-sasa-en-bambou-avec-thermometre\/","name":"Cadre photo Sasa en bambou avec thermom\u00e8tre - PERLE IN","isPartOf":{"@id":"https:\/\/perle-in.com\/#website"},"primaryImageOfPage":{"@id":"https:\/\/perle-in.com\/produit\/cadre-photo-sasa-en-bambou-avec-thermometre\/#primaryimage"},"image":{"@id":"https:\/\/perle-in.com\/produit\/cadre-photo-sasa-en-bambou-avec-thermometre\/#primaryimage"},"thumbnailUrl":"https:\/\/perle-in.com\/wp-content\/uploads\/2025\/10\/10456006-1.jpg","datePublished":"2025-10-14T23:20:45+00:00","dateModified":"2025-10-19T03:46:40+00:00","breadcrumb":{"@id":"https:\/\/perle-in.com\/produit\/cadre-photo-sasa-en-bambou-avec-thermometre\/#breadcrumb"},"inLanguage":"en-CA","potentialAction":[{"@type":"ReadAction","target":["https:\/\/perle-in.com\/produit\/cadre-photo-sasa-en-bambou-avec-thermometre\/"]}]},{"@type":"ImageObject","inLanguage":"en-CA","@id":"https:\/\/perle-in.com\/produit\/cadre-photo-sasa-en-bambou-avec-thermometre\/#primaryimage","url":"https:\/\/perle-in.com\/wp-content\/uploads\/2025\/10\/10456006-1.jpg","contentUrl":"https:\/\/perle-in.com\/wp-content\/uploads\/2025\/10\/10456006-1.jpg","width":1600,"height":1600},{"@type":"BreadcrumbList","@id":"https:\/\/perle-in.com\/produit\/cadre-photo-sasa-en-bambou-avec-thermometre\/#breadcrumb","itemListElement":[{"@type":"ListItem","position":1,"name":"Accueil","item":"https:\/\/perle-in.com\/"},{"@type":"ListItem","position":2,"name":"Boutique","item":"https:\/\/perle-in.com\/boutique\/"},{"@type":"ListItem","position":3,"name":"Cadre photo Sasa en bambou avec thermom\u00e8tre"}]},{"@type":"WebSite","@id":"https:\/\/perle-in.com\/#website","url":"https:\/\/perle-in.com\/","name":"PERLE IN","description":"","publisher":{"@id":"https:\/\/perle-in.com\/#organization"},"potentialAction":[{"@type":"SearchAction","target":{"@type":"EntryPoint","urlTemplate":"https:\/\/perle-in.com\/?s={search_term_string}"},"query-input":{"@type":"PropertyValueSpecification","valueRequired":true,"valueName":"search_term_string"}}],"inLanguage":"en-CA"},{"@type":"Organization","@id":"https:\/\/perle-in.com\/#organization","name":"PERLE IN","url":"https:\/\/perle-in.com\/","logo":{"@type":"ImageObject","inLanguage":"en-CA","@id":"https:\/\/perle-in.com\/#\/schema\/logo\/image\/","url":"https:\/\/perle-in.com\/wp-content\/uploads\/2022\/12\/LOGO-PERLE-IN-COULEUR@3x.webp","contentUrl":"https:\/\/perle-in.com\/wp-content\/uploads\/2022\/12\/LOGO-PERLE-IN-COULEUR@3x.webp","width":1600,"height":490,"caption":"PERLE IN"},"image":{"@id":"https:\/\/perle-in.com\/#\/schema\/logo\/image\/"}}]}},"jetpack_sharing_enabled":true,"_links":{"self":[{"href":"https:\/\/perle-in.com\/en\/wp-json\/wp\/v2\/product\/538931","targetHints":{"allow":["GET"]}}],"collection":[{"href":"https:\/\/perle-in.com\/en\/wp-json\/wp\/v2\/product"}],"about":[{"href":"https:\/\/perle-in.com\/en\/wp-json\/wp\/v2\/types\/product"}],"version-history":[{"count":0,"href":"https:\/\/perle-in.com\/en\/wp-json\/wp\/v2\/product\/538931\/revisions"}],"wp:featuredmedia":[{"embeddable":true,"href":"https:\/\/perle-in.com\/en\/wp-json\/wp\/v2\/media\/538924"}],"wp:attachment":[{"href":"https:\/\/perle-in.com\/en\/wp-json\/wp\/v2\/media?parent=538931"}],"wp:term":[{"taxonomy":"product_brand","embeddable":true,"href":"https:\/\/perle-in.com\/en\/wp-json\/wp\/v2\/product_brand?post=538931"},{"taxonomy":"product_cat","embeddable":true,"href":"https:\/\/perle-in.com\/en\/wp-json\/wp\/v2\/product_cat?post=538931"},{"taxonomy":"product_tag","embeddable":true,"href":"https:\/\/perle-in.com\/en\/wp-json\/wp\/v2\/product_tag?post=538931"}],"curies":[{"name":"wp","href":"https:\/\/api.w.org\/{rel}","templated":true}]}}