{"id":538822,"date":"2025-10-15T01:05:17","date_gmt":"2025-10-14T23:05:17","guid":{"rendered":"https:\/\/perle-in.com\/produit\/sac-a-dos-aqua-de-35-l-recycle-certifie-grs-resistant-a-leau\/"},"modified":"2025-10-19T05:46:27","modified_gmt":"2025-10-19T03:46:27","slug":"sac-a-dos-aqua-de-35-l-recycle-certifie-grs-resistant-a-leau","status":"publish","type":"product","link":"https:\/\/perle-in.com\/en\/product\/sac-a-dos-aqua-de-35-l-recycle-certifie-grs-resistant-a-leau\/","title":{"rendered":"Sac \u00e0 dos Aqua de 35\u00a0L recycl\u00e9 certifi\u00e9 GRS r\u00e9sistant \u00e0 l&#8217;eau"},"content":{"rendered":"","protected":false},"excerpt":{"rendered":"<p>Sac \u00e0 dos 2-en-1 r\u00e9sistant \u00e0 l&#8217;eau fabriqu\u00e9 \u00e0 partir de mat\u00e9riaux recycl\u00e9s certifi\u00e9s GRS, y compris les fermetures \u00e9clair. Il dispose d&#8217;un compartiment principal spacieux avec une ouverture en forme de U pour un rangement et un acc\u00e8s faciles, de deux poches lat\u00e9rales zipp\u00e9es (y compris un compartiment pour chaussures), d&#8217;une poche frontale zipp\u00e9e, d&#8217;une poche \u00e0 eau en maille \u00e0 l&#8217;arri\u00e8re et d&#8217;un passepoil r\u00e9fl\u00e9chissant pour plus de visibilit\u00e9. Ce sac peut \u00eatre transport\u00e9 de 3\u00a0mani\u00e8res diff\u00e9rentes\u00a0: \u00c0 la main, sur l&#8217;\u00e9paule, ou comme sac \u00e0 dos avec ses bretelles rembourr\u00e9es et r\u00e9glables. Les mat\u00e9riaux recycl\u00e9s GRS comprennent le tissu principal, la doublure, la sangle et les fermetures \u00e9clair. Capacit\u00e9\u00a0: 35\u00a0litres. Sans PVC.<\/p>","protected":false},"featured_media":538811,"template":"","meta":{"_eb_attr":""},"product_brand":[],"product_cat":[159,1110],"product_tag":[837,274,2654,3018,784,836,3264,282,1347,1841],"class_list":{"0":"post-538822","1":"product","2":"type-product","3":"status-publish","4":"has-post-thumbnail","6":"product_cat-sacs","7":"product_cat-sacs-de-voyage","8":"product_tag-durable","9":"product_tag-eau","10":"product_tag-grs","11":"product_tag-marin","12":"product_tag-ordinateur-portable","13":"product_tag-recycle","14":"product_tag-resistant","15":"product_tag-sac","16":"product_tag-sac-a-dos","17":"product_tag-sac-polochon","18":"pa_couleurs-noir","19":"pa_green-points-2652","20":"pa_matiere-600d-polyester-recycle-certifie-grs","22":"first","23":"instock","24":"shipping-taxable","25":"purchasable","26":"product-type-variable"},"yoast_head":"<!-- This site is optimized with the Yoast SEO plugin v27.4 - https:\/\/yoast.com\/product\/yoast-seo-wordpress\/ -->\n<title>Sac \u00e0 dos Aqua de 35\u00a0L recycl\u00e9 certifi\u00e9 GRS r\u00e9sistant \u00e0 l&#039;eau - PERLE IN<\/title>\n<meta name=\"robots\" content=\"noindex, follow, max-snippet:-1, max-image-preview:large, max-video-preview:-1\" \/>\n<meta property=\"og:locale\" content=\"en_US\" \/>\n<meta property=\"og:type\" content=\"article\" \/>\n<meta property=\"og:title\" content=\"Sac \u00e0 dos Aqua de 35\u00a0L recycl\u00e9 certifi\u00e9 GRS r\u00e9sistant \u00e0 l&#039;eau - PERLE IN\" \/>\n<meta property=\"og:description\" content=\"Sac \u00e0 dos 2-en-1 r\u00e9sistant \u00e0 l&#039;eau fabriqu\u00e9 \u00e0 partir de mat\u00e9riaux recycl\u00e9s certifi\u00e9s GRS, y compris les fermetures \u00e9clair. Il dispose d&#039;un compartiment principal spacieux avec une ouverture en forme de U pour un rangement et un acc\u00e8s faciles, de deux poches lat\u00e9rales zipp\u00e9es (y compris un compartiment pour chaussures), d&#039;une poche frontale zipp\u00e9e, d&#039;une poche \u00e0 eau en maille \u00e0 l&#039;arri\u00e8re et d&#039;un passepoil r\u00e9fl\u00e9chissant pour plus de visibilit\u00e9. Ce sac peut \u00eatre transport\u00e9 de 3\u00a0mani\u00e8res diff\u00e9rentes\u00a0: \u00c0 la main, sur l&#039;\u00e9paule, ou comme sac \u00e0 dos avec ses bretelles rembourr\u00e9es et r\u00e9glables. Les mat\u00e9riaux recycl\u00e9s GRS comprennent le tissu principal, la doublure, la sangle et les fermetures \u00e9clair. Capacit\u00e9\u00a0: 35\u00a0litres. Sans PVC.\" \/>\n<meta property=\"og:url\" content=\"https:\/\/perle-in.com\/en\/product\/sac-a-dos-aqua-de-35-l-recycle-certifie-grs-resistant-a-leau\/\" \/>\n<meta property=\"og:site_name\" content=\"PERLE IN\" \/>\n<meta property=\"article:modified_time\" content=\"2025-10-19T03:46:27+00:00\" \/>\n<meta property=\"og:image\" content=\"https:\/\/perle-in.com\/wp-content\/uploads\/2025\/10\/13004690-1.jpg\" \/>\n\t<meta property=\"og:image:width\" content=\"1600\" \/>\n\t<meta property=\"og:image:height\" content=\"1600\" \/>\n\t<meta property=\"og:image:type\" content=\"image\/jpeg\" \/>\n<meta name=\"twitter:card\" content=\"summary_large_image\" \/>\n<script type=\"application\/ld+json\" class=\"yoast-schema-graph\">{\"@context\":\"https:\\\/\\\/schema.org\",\"@graph\":[{\"@type\":\"WebPage\",\"@id\":\"https:\\\/\\\/perle-in.com\\\/produit\\\/sac-a-dos-aqua-de-35-l-recycle-certifie-grs-resistant-a-leau\\\/\",\"url\":\"https:\\\/\\\/perle-in.com\\\/produit\\\/sac-a-dos-aqua-de-35-l-recycle-certifie-grs-resistant-a-leau\\\/\",\"name\":\"Sac \u00e0 dos Aqua de 35\u00a0L recycl\u00e9 certifi\u00e9 GRS r\u00e9sistant \u00e0 l'eau - PERLE IN\",\"isPartOf\":{\"@id\":\"https:\\\/\\\/perle-in.com\\\/#website\"},\"primaryImageOfPage\":{\"@id\":\"https:\\\/\\\/perle-in.com\\\/produit\\\/sac-a-dos-aqua-de-35-l-recycle-certifie-grs-resistant-a-leau\\\/#primaryimage\"},\"image\":{\"@id\":\"https:\\\/\\\/perle-in.com\\\/produit\\\/sac-a-dos-aqua-de-35-l-recycle-certifie-grs-resistant-a-leau\\\/#primaryimage\"},\"thumbnailUrl\":\"https:\\\/\\\/perle-in.com\\\/wp-content\\\/uploads\\\/2025\\\/10\\\/13004690-1.jpg\",\"datePublished\":\"2025-10-14T23:05:17+00:00\",\"dateModified\":\"2025-10-19T03:46:27+00:00\",\"breadcrumb\":{\"@id\":\"https:\\\/\\\/perle-in.com\\\/produit\\\/sac-a-dos-aqua-de-35-l-recycle-certifie-grs-resistant-a-leau\\\/#breadcrumb\"},\"inLanguage\":\"en-CA\",\"potentialAction\":[{\"@type\":\"ReadAction\",\"target\":[\"https:\\\/\\\/perle-in.com\\\/produit\\\/sac-a-dos-aqua-de-35-l-recycle-certifie-grs-resistant-a-leau\\\/\"]}]},{\"@type\":\"ImageObject\",\"inLanguage\":\"en-CA\",\"@id\":\"https:\\\/\\\/perle-in.com\\\/produit\\\/sac-a-dos-aqua-de-35-l-recycle-certifie-grs-resistant-a-leau\\\/#primaryimage\",\"url\":\"https:\\\/\\\/perle-in.com\\\/wp-content\\\/uploads\\\/2025\\\/10\\\/13004690-1.jpg\",\"contentUrl\":\"https:\\\/\\\/perle-in.com\\\/wp-content\\\/uploads\\\/2025\\\/10\\\/13004690-1.jpg\",\"width\":1600,\"height\":1600},{\"@type\":\"BreadcrumbList\",\"@id\":\"https:\\\/\\\/perle-in.com\\\/produit\\\/sac-a-dos-aqua-de-35-l-recycle-certifie-grs-resistant-a-leau\\\/#breadcrumb\",\"itemListElement\":[{\"@type\":\"ListItem\",\"position\":1,\"name\":\"Accueil\",\"item\":\"https:\\\/\\\/perle-in.com\\\/\"},{\"@type\":\"ListItem\",\"position\":2,\"name\":\"Boutique\",\"item\":\"https:\\\/\\\/perle-in.com\\\/boutique\\\/\"},{\"@type\":\"ListItem\",\"position\":3,\"name\":\"Sac \u00e0 dos Aqua de 35\u00a0L recycl\u00e9 certifi\u00e9 GRS r\u00e9sistant \u00e0 l&#8217;eau\"}]},{\"@type\":\"WebSite\",\"@id\":\"https:\\\/\\\/perle-in.com\\\/#website\",\"url\":\"https:\\\/\\\/perle-in.com\\\/\",\"name\":\"PERLE IN\",\"description\":\"\",\"publisher\":{\"@id\":\"https:\\\/\\\/perle-in.com\\\/#organization\"},\"potentialAction\":[{\"@type\":\"SearchAction\",\"target\":{\"@type\":\"EntryPoint\",\"urlTemplate\":\"https:\\\/\\\/perle-in.com\\\/?s={search_term_string}\"},\"query-input\":{\"@type\":\"PropertyValueSpecification\",\"valueRequired\":true,\"valueName\":\"search_term_string\"}}],\"inLanguage\":\"en-CA\"},{\"@type\":\"Organization\",\"@id\":\"https:\\\/\\\/perle-in.com\\\/#organization\",\"name\":\"PERLE IN\",\"url\":\"https:\\\/\\\/perle-in.com\\\/\",\"logo\":{\"@type\":\"ImageObject\",\"inLanguage\":\"en-CA\",\"@id\":\"https:\\\/\\\/perle-in.com\\\/#\\\/schema\\\/logo\\\/image\\\/\",\"url\":\"https:\\\/\\\/perle-in.com\\\/wp-content\\\/uploads\\\/2022\\\/12\\\/LOGO-PERLE-IN-COULEUR@3x.webp\",\"contentUrl\":\"https:\\\/\\\/perle-in.com\\\/wp-content\\\/uploads\\\/2022\\\/12\\\/LOGO-PERLE-IN-COULEUR@3x.webp\",\"width\":1600,\"height\":490,\"caption\":\"PERLE IN\"},\"image\":{\"@id\":\"https:\\\/\\\/perle-in.com\\\/#\\\/schema\\\/logo\\\/image\\\/\"}}]}<\/script>\n<!-- \/ Yoast SEO plugin. -->","yoast_head_json":{"title":"Sac \u00e0 dos Aqua de 35\u00a0L recycl\u00e9 certifi\u00e9 GRS r\u00e9sistant \u00e0 l'eau - PERLE IN","robots":{"index":"noindex","follow":"follow","max-snippet":"max-snippet:-1","max-image-preview":"max-image-preview:large","max-video-preview":"max-video-preview:-1"},"og_locale":"en_US","og_type":"article","og_title":"Sac \u00e0 dos Aqua de 35\u00a0L recycl\u00e9 certifi\u00e9 GRS r\u00e9sistant \u00e0 l'eau - PERLE IN","og_description":"Sac \u00e0 dos 2-en-1 r\u00e9sistant \u00e0 l'eau fabriqu\u00e9 \u00e0 partir de mat\u00e9riaux recycl\u00e9s certifi\u00e9s GRS, y compris les fermetures \u00e9clair. Il dispose d'un compartiment principal spacieux avec une ouverture en forme de U pour un rangement et un acc\u00e8s faciles, de deux poches lat\u00e9rales zipp\u00e9es (y compris un compartiment pour chaussures), d'une poche frontale zipp\u00e9e, d'une poche \u00e0 eau en maille \u00e0 l'arri\u00e8re et d'un passepoil r\u00e9fl\u00e9chissant pour plus de visibilit\u00e9. Ce sac peut \u00eatre transport\u00e9 de 3\u00a0mani\u00e8res diff\u00e9rentes\u00a0: \u00c0 la main, sur l'\u00e9paule, ou comme sac \u00e0 dos avec ses bretelles rembourr\u00e9es et r\u00e9glables. Les mat\u00e9riaux recycl\u00e9s GRS comprennent le tissu principal, la doublure, la sangle et les fermetures \u00e9clair. Capacit\u00e9\u00a0: 35\u00a0litres. Sans PVC.","og_url":"https:\/\/perle-in.com\/en\/product\/sac-a-dos-aqua-de-35-l-recycle-certifie-grs-resistant-a-leau\/","og_site_name":"PERLE IN","article_modified_time":"2025-10-19T03:46:27+00:00","og_image":[{"width":1600,"height":1600,"url":"https:\/\/perle-in.com\/wp-content\/uploads\/2025\/10\/13004690-1.jpg","type":"image\/jpeg"}],"twitter_card":"summary_large_image","schema":{"@context":"https:\/\/schema.org","@graph":[{"@type":"WebPage","@id":"https:\/\/perle-in.com\/produit\/sac-a-dos-aqua-de-35-l-recycle-certifie-grs-resistant-a-leau\/","url":"https:\/\/perle-in.com\/produit\/sac-a-dos-aqua-de-35-l-recycle-certifie-grs-resistant-a-leau\/","name":"Sac \u00e0 dos Aqua de 35\u00a0L recycl\u00e9 certifi\u00e9 GRS r\u00e9sistant \u00e0 l'eau - PERLE IN","isPartOf":{"@id":"https:\/\/perle-in.com\/#website"},"primaryImageOfPage":{"@id":"https:\/\/perle-in.com\/produit\/sac-a-dos-aqua-de-35-l-recycle-certifie-grs-resistant-a-leau\/#primaryimage"},"image":{"@id":"https:\/\/perle-in.com\/produit\/sac-a-dos-aqua-de-35-l-recycle-certifie-grs-resistant-a-leau\/#primaryimage"},"thumbnailUrl":"https:\/\/perle-in.com\/wp-content\/uploads\/2025\/10\/13004690-1.jpg","datePublished":"2025-10-14T23:05:17+00:00","dateModified":"2025-10-19T03:46:27+00:00","breadcrumb":{"@id":"https:\/\/perle-in.com\/produit\/sac-a-dos-aqua-de-35-l-recycle-certifie-grs-resistant-a-leau\/#breadcrumb"},"inLanguage":"en-CA","potentialAction":[{"@type":"ReadAction","target":["https:\/\/perle-in.com\/produit\/sac-a-dos-aqua-de-35-l-recycle-certifie-grs-resistant-a-leau\/"]}]},{"@type":"ImageObject","inLanguage":"en-CA","@id":"https:\/\/perle-in.com\/produit\/sac-a-dos-aqua-de-35-l-recycle-certifie-grs-resistant-a-leau\/#primaryimage","url":"https:\/\/perle-in.com\/wp-content\/uploads\/2025\/10\/13004690-1.jpg","contentUrl":"https:\/\/perle-in.com\/wp-content\/uploads\/2025\/10\/13004690-1.jpg","width":1600,"height":1600},{"@type":"BreadcrumbList","@id":"https:\/\/perle-in.com\/produit\/sac-a-dos-aqua-de-35-l-recycle-certifie-grs-resistant-a-leau\/#breadcrumb","itemListElement":[{"@type":"ListItem","position":1,"name":"Accueil","item":"https:\/\/perle-in.com\/"},{"@type":"ListItem","position":2,"name":"Boutique","item":"https:\/\/perle-in.com\/boutique\/"},{"@type":"ListItem","position":3,"name":"Sac \u00e0 dos Aqua de 35\u00a0L recycl\u00e9 certifi\u00e9 GRS r\u00e9sistant \u00e0 l&#8217;eau"}]},{"@type":"WebSite","@id":"https:\/\/perle-in.com\/#website","url":"https:\/\/perle-in.com\/","name":"PERLE IN","description":"","publisher":{"@id":"https:\/\/perle-in.com\/#organization"},"potentialAction":[{"@type":"SearchAction","target":{"@type":"EntryPoint","urlTemplate":"https:\/\/perle-in.com\/?s={search_term_string}"},"query-input":{"@type":"PropertyValueSpecification","valueRequired":true,"valueName":"search_term_string"}}],"inLanguage":"en-CA"},{"@type":"Organization","@id":"https:\/\/perle-in.com\/#organization","name":"PERLE IN","url":"https:\/\/perle-in.com\/","logo":{"@type":"ImageObject","inLanguage":"en-CA","@id":"https:\/\/perle-in.com\/#\/schema\/logo\/image\/","url":"https:\/\/perle-in.com\/wp-content\/uploads\/2022\/12\/LOGO-PERLE-IN-COULEUR@3x.webp","contentUrl":"https:\/\/perle-in.com\/wp-content\/uploads\/2022\/12\/LOGO-PERLE-IN-COULEUR@3x.webp","width":1600,"height":490,"caption":"PERLE IN"},"image":{"@id":"https:\/\/perle-in.com\/#\/schema\/logo\/image\/"}}]}},"jetpack_sharing_enabled":true,"_links":{"self":[{"href":"https:\/\/perle-in.com\/en\/wp-json\/wp\/v2\/product\/538822","targetHints":{"allow":["GET"]}}],"collection":[{"href":"https:\/\/perle-in.com\/en\/wp-json\/wp\/v2\/product"}],"about":[{"href":"https:\/\/perle-in.com\/en\/wp-json\/wp\/v2\/types\/product"}],"version-history":[{"count":0,"href":"https:\/\/perle-in.com\/en\/wp-json\/wp\/v2\/product\/538822\/revisions"}],"wp:featuredmedia":[{"embeddable":true,"href":"https:\/\/perle-in.com\/en\/wp-json\/wp\/v2\/media\/538811"}],"wp:attachment":[{"href":"https:\/\/perle-in.com\/en\/wp-json\/wp\/v2\/media?parent=538822"}],"wp:term":[{"taxonomy":"product_brand","embeddable":true,"href":"https:\/\/perle-in.com\/en\/wp-json\/wp\/v2\/product_brand?post=538822"},{"taxonomy":"product_cat","embeddable":true,"href":"https:\/\/perle-in.com\/en\/wp-json\/wp\/v2\/product_cat?post=538822"},{"taxonomy":"product_tag","embeddable":true,"href":"https:\/\/perle-in.com\/en\/wp-json\/wp\/v2\/product_tag?post=538822"}],"curies":[{"name":"wp","href":"https:\/\/api.w.org\/{rel}","templated":true}]}}