{"id":538694,"date":"2025-10-15T00:55:35","date_gmt":"2025-10-14T22:55:35","guid":{"rendered":"https:\/\/perle-in.com\/produit\/sac-a-dos-case-logic-uplink-de-156-26l\/"},"modified":"2025-10-19T05:46:23","modified_gmt":"2025-10-19T03:46:23","slug":"sac-a-dos-case-logic-uplink-de-156-26l","status":"publish","type":"product","link":"https:\/\/perle-in.com\/en\/product\/sac-a-dos-case-logic-uplink-de-156-26l\/","title":{"rendered":"Sac \u00e0 dos Case Logic Uplink de 15,6&#8243; 26L"},"content":{"rendered":"","protected":false},"excerpt":{"rendered":"<p>Le sac \u00e0 dos Case Logic Uplink dispose d&#8217;une capacit\u00e9 de stockage de 26\u00a0litres, dont deux grands compartiments, deux poches frontales et de nombreux compartiments d&#8217;organisation. Le sac \u00e0 dos est fabriqu\u00e9 en polyester 600D 100\u00a0% recycl\u00e9, associ\u00e9 \u00e0 une base rembourr\u00e9e en polyester 1200D 100\u00a0% recycl\u00e9. Les bretelles profil\u00e9es et l&#8217;empi\u00e8cement arri\u00e8re matelass\u00e9 et enti\u00e8rement rembourr\u00e9 garantissent un transport confortable. Il comprend un compartiment matelass\u00e9 pour ordinateur portable de 15,6\u00a0pouces, une pochette pour tablette de 10\u00a0pouces, deux grandes poches lat\u00e9rales pour une bouteille d&#8217;eau ou d&#8217;autres petits objets, et une pochette d&#8217;organisation frontale pour les petits appareils \u00e9lectroniques, les stylos et les cl\u00e9s. Le compartiment principal spacieux est con\u00e7u pour accueillir des livres et des dossiers et un compartiment secondaire pour des cahiers suppl\u00e9mentaires, des \u00e9couteurs et des objets personnels, ainsi qu&#8217;une petite pochette de confidentialit\u00e9 zipp\u00e9e. La poche frontale \u00e0 acc\u00e8s rapide permet de ranger un t\u00e9l\u00e9phone et de petits accessoires.<\/p>","protected":false},"featured_media":538686,"template":"","meta":{"_eb_attr":""},"product_brand":[],"product_cat":[159],"product_tag":[1861,1862,837,1113,784,836,282,1347,1189,291],"class_list":{"0":"post-538694","1":"product","2":"type-product","3":"status-publish","4":"has-post-thumbnail","6":"product_cat-sacs","7":"product_tag-case-logic","8":"product_tag-caselogic","9":"product_tag-durable","10":"product_tag-housse","11":"product_tag-ordinateur-portable","12":"product_tag-recycle","13":"product_tag-sac","14":"product_tag-sac-a-dos","15":"product_tag-tablette","16":"product_tag-voyage","17":"pa_couleurs-noir","18":"pa_green-points-1621","19":"pa_marque-case-logic","20":"pa_pays-d-origine-cambodge","22":"first","23":"instock","24":"shipping-taxable","25":"purchasable","26":"product-type-variable"},"yoast_head":"<!-- This site is optimized with the Yoast SEO plugin v27.4 - https:\/\/yoast.com\/product\/yoast-seo-wordpress\/ -->\n<title>Sac \u00e0 dos Case Logic Uplink de 15,6&quot; 26L - PERLE IN<\/title>\n<meta name=\"robots\" content=\"noindex, follow, max-snippet:-1, max-image-preview:large, max-video-preview:-1\" \/>\n<meta property=\"og:locale\" content=\"en_US\" \/>\n<meta property=\"og:type\" content=\"article\" \/>\n<meta property=\"og:title\" content=\"Sac \u00e0 dos Case Logic Uplink de 15,6&quot; 26L - PERLE IN\" \/>\n<meta property=\"og:description\" content=\"Le sac \u00e0 dos Case Logic Uplink dispose d&#039;une capacit\u00e9 de stockage de 26\u00a0litres, dont deux grands compartiments, deux poches frontales et de nombreux compartiments d&#039;organisation. Le sac \u00e0 dos est fabriqu\u00e9 en polyester 600D 100\u00a0% recycl\u00e9, associ\u00e9 \u00e0 une base rembourr\u00e9e en polyester 1200D 100\u00a0% recycl\u00e9. Les bretelles profil\u00e9es et l&#039;empi\u00e8cement arri\u00e8re matelass\u00e9 et enti\u00e8rement rembourr\u00e9 garantissent un transport confortable. Il comprend un compartiment matelass\u00e9 pour ordinateur portable de 15,6\u00a0pouces, une pochette pour tablette de 10\u00a0pouces, deux grandes poches lat\u00e9rales pour une bouteille d&#039;eau ou d&#039;autres petits objets, et une pochette d&#039;organisation frontale pour les petits appareils \u00e9lectroniques, les stylos et les cl\u00e9s. Le compartiment principal spacieux est con\u00e7u pour accueillir des livres et des dossiers et un compartiment secondaire pour des cahiers suppl\u00e9mentaires, des \u00e9couteurs et des objets personnels, ainsi qu&#039;une petite pochette de confidentialit\u00e9 zipp\u00e9e. La poche frontale \u00e0 acc\u00e8s rapide permet de ranger un t\u00e9l\u00e9phone et de petits accessoires.\" \/>\n<meta property=\"og:url\" content=\"https:\/\/perle-in.com\/en\/product\/sac-a-dos-case-logic-uplink-de-156-26l\/\" \/>\n<meta property=\"og:site_name\" content=\"PERLE IN\" \/>\n<meta property=\"article:modified_time\" content=\"2025-10-19T03:46:23+00:00\" \/>\n<meta property=\"og:image\" content=\"https:\/\/perle-in.com\/wp-content\/uploads\/2025\/10\/12069090-1.jpg\" \/>\n\t<meta property=\"og:image:width\" content=\"1600\" \/>\n\t<meta property=\"og:image:height\" content=\"1600\" \/>\n\t<meta property=\"og:image:type\" content=\"image\/jpeg\" \/>\n<meta name=\"twitter:card\" content=\"summary_large_image\" \/>\n<script type=\"application\/ld+json\" class=\"yoast-schema-graph\">{\"@context\":\"https:\\\/\\\/schema.org\",\"@graph\":[{\"@type\":\"WebPage\",\"@id\":\"https:\\\/\\\/perle-in.com\\\/produit\\\/sac-a-dos-case-logic-uplink-de-156-26l\\\/\",\"url\":\"https:\\\/\\\/perle-in.com\\\/produit\\\/sac-a-dos-case-logic-uplink-de-156-26l\\\/\",\"name\":\"Sac \u00e0 dos Case Logic Uplink de 15,6\\\" 26L - PERLE IN\",\"isPartOf\":{\"@id\":\"https:\\\/\\\/perle-in.com\\\/#website\"},\"primaryImageOfPage\":{\"@id\":\"https:\\\/\\\/perle-in.com\\\/produit\\\/sac-a-dos-case-logic-uplink-de-156-26l\\\/#primaryimage\"},\"image\":{\"@id\":\"https:\\\/\\\/perle-in.com\\\/produit\\\/sac-a-dos-case-logic-uplink-de-156-26l\\\/#primaryimage\"},\"thumbnailUrl\":\"https:\\\/\\\/perle-in.com\\\/wp-content\\\/uploads\\\/2025\\\/10\\\/12069090-1.jpg\",\"datePublished\":\"2025-10-14T22:55:35+00:00\",\"dateModified\":\"2025-10-19T03:46:23+00:00\",\"breadcrumb\":{\"@id\":\"https:\\\/\\\/perle-in.com\\\/produit\\\/sac-a-dos-case-logic-uplink-de-156-26l\\\/#breadcrumb\"},\"inLanguage\":\"en-CA\",\"potentialAction\":[{\"@type\":\"ReadAction\",\"target\":[\"https:\\\/\\\/perle-in.com\\\/produit\\\/sac-a-dos-case-logic-uplink-de-156-26l\\\/\"]}]},{\"@type\":\"ImageObject\",\"inLanguage\":\"en-CA\",\"@id\":\"https:\\\/\\\/perle-in.com\\\/produit\\\/sac-a-dos-case-logic-uplink-de-156-26l\\\/#primaryimage\",\"url\":\"https:\\\/\\\/perle-in.com\\\/wp-content\\\/uploads\\\/2025\\\/10\\\/12069090-1.jpg\",\"contentUrl\":\"https:\\\/\\\/perle-in.com\\\/wp-content\\\/uploads\\\/2025\\\/10\\\/12069090-1.jpg\",\"width\":1600,\"height\":1600},{\"@type\":\"BreadcrumbList\",\"@id\":\"https:\\\/\\\/perle-in.com\\\/produit\\\/sac-a-dos-case-logic-uplink-de-156-26l\\\/#breadcrumb\",\"itemListElement\":[{\"@type\":\"ListItem\",\"position\":1,\"name\":\"Accueil\",\"item\":\"https:\\\/\\\/perle-in.com\\\/\"},{\"@type\":\"ListItem\",\"position\":2,\"name\":\"Boutique\",\"item\":\"https:\\\/\\\/perle-in.com\\\/boutique\\\/\"},{\"@type\":\"ListItem\",\"position\":3,\"name\":\"Sac \u00e0 dos Case Logic Uplink de 15,6&#8243; 26L\"}]},{\"@type\":\"WebSite\",\"@id\":\"https:\\\/\\\/perle-in.com\\\/#website\",\"url\":\"https:\\\/\\\/perle-in.com\\\/\",\"name\":\"PERLE IN\",\"description\":\"\",\"publisher\":{\"@id\":\"https:\\\/\\\/perle-in.com\\\/#organization\"},\"potentialAction\":[{\"@type\":\"SearchAction\",\"target\":{\"@type\":\"EntryPoint\",\"urlTemplate\":\"https:\\\/\\\/perle-in.com\\\/?s={search_term_string}\"},\"query-input\":{\"@type\":\"PropertyValueSpecification\",\"valueRequired\":true,\"valueName\":\"search_term_string\"}}],\"inLanguage\":\"en-CA\"},{\"@type\":\"Organization\",\"@id\":\"https:\\\/\\\/perle-in.com\\\/#organization\",\"name\":\"PERLE IN\",\"url\":\"https:\\\/\\\/perle-in.com\\\/\",\"logo\":{\"@type\":\"ImageObject\",\"inLanguage\":\"en-CA\",\"@id\":\"https:\\\/\\\/perle-in.com\\\/#\\\/schema\\\/logo\\\/image\\\/\",\"url\":\"https:\\\/\\\/perle-in.com\\\/wp-content\\\/uploads\\\/2022\\\/12\\\/LOGO-PERLE-IN-COULEUR@3x.webp\",\"contentUrl\":\"https:\\\/\\\/perle-in.com\\\/wp-content\\\/uploads\\\/2022\\\/12\\\/LOGO-PERLE-IN-COULEUR@3x.webp\",\"width\":1600,\"height\":490,\"caption\":\"PERLE IN\"},\"image\":{\"@id\":\"https:\\\/\\\/perle-in.com\\\/#\\\/schema\\\/logo\\\/image\\\/\"}}]}<\/script>\n<!-- \/ Yoast SEO plugin. -->","yoast_head_json":{"title":"Sac \u00e0 dos Case Logic Uplink de 15,6\" 26L - PERLE IN","robots":{"index":"noindex","follow":"follow","max-snippet":"max-snippet:-1","max-image-preview":"max-image-preview:large","max-video-preview":"max-video-preview:-1"},"og_locale":"en_US","og_type":"article","og_title":"Sac \u00e0 dos Case Logic Uplink de 15,6\" 26L - PERLE IN","og_description":"Le sac \u00e0 dos Case Logic Uplink dispose d'une capacit\u00e9 de stockage de 26\u00a0litres, dont deux grands compartiments, deux poches frontales et de nombreux compartiments d'organisation. Le sac \u00e0 dos est fabriqu\u00e9 en polyester 600D 100\u00a0% recycl\u00e9, associ\u00e9 \u00e0 une base rembourr\u00e9e en polyester 1200D 100\u00a0% recycl\u00e9. Les bretelles profil\u00e9es et l'empi\u00e8cement arri\u00e8re matelass\u00e9 et enti\u00e8rement rembourr\u00e9 garantissent un transport confortable. Il comprend un compartiment matelass\u00e9 pour ordinateur portable de 15,6\u00a0pouces, une pochette pour tablette de 10\u00a0pouces, deux grandes poches lat\u00e9rales pour une bouteille d'eau ou d'autres petits objets, et une pochette d'organisation frontale pour les petits appareils \u00e9lectroniques, les stylos et les cl\u00e9s. Le compartiment principal spacieux est con\u00e7u pour accueillir des livres et des dossiers et un compartiment secondaire pour des cahiers suppl\u00e9mentaires, des \u00e9couteurs et des objets personnels, ainsi qu'une petite pochette de confidentialit\u00e9 zipp\u00e9e. La poche frontale \u00e0 acc\u00e8s rapide permet de ranger un t\u00e9l\u00e9phone et de petits accessoires.","og_url":"https:\/\/perle-in.com\/en\/product\/sac-a-dos-case-logic-uplink-de-156-26l\/","og_site_name":"PERLE IN","article_modified_time":"2025-10-19T03:46:23+00:00","og_image":[{"width":1600,"height":1600,"url":"https:\/\/perle-in.com\/wp-content\/uploads\/2025\/10\/12069090-1.jpg","type":"image\/jpeg"}],"twitter_card":"summary_large_image","schema":{"@context":"https:\/\/schema.org","@graph":[{"@type":"WebPage","@id":"https:\/\/perle-in.com\/produit\/sac-a-dos-case-logic-uplink-de-156-26l\/","url":"https:\/\/perle-in.com\/produit\/sac-a-dos-case-logic-uplink-de-156-26l\/","name":"Sac \u00e0 dos Case Logic Uplink de 15,6\" 26L - PERLE IN","isPartOf":{"@id":"https:\/\/perle-in.com\/#website"},"primaryImageOfPage":{"@id":"https:\/\/perle-in.com\/produit\/sac-a-dos-case-logic-uplink-de-156-26l\/#primaryimage"},"image":{"@id":"https:\/\/perle-in.com\/produit\/sac-a-dos-case-logic-uplink-de-156-26l\/#primaryimage"},"thumbnailUrl":"https:\/\/perle-in.com\/wp-content\/uploads\/2025\/10\/12069090-1.jpg","datePublished":"2025-10-14T22:55:35+00:00","dateModified":"2025-10-19T03:46:23+00:00","breadcrumb":{"@id":"https:\/\/perle-in.com\/produit\/sac-a-dos-case-logic-uplink-de-156-26l\/#breadcrumb"},"inLanguage":"en-CA","potentialAction":[{"@type":"ReadAction","target":["https:\/\/perle-in.com\/produit\/sac-a-dos-case-logic-uplink-de-156-26l\/"]}]},{"@type":"ImageObject","inLanguage":"en-CA","@id":"https:\/\/perle-in.com\/produit\/sac-a-dos-case-logic-uplink-de-156-26l\/#primaryimage","url":"https:\/\/perle-in.com\/wp-content\/uploads\/2025\/10\/12069090-1.jpg","contentUrl":"https:\/\/perle-in.com\/wp-content\/uploads\/2025\/10\/12069090-1.jpg","width":1600,"height":1600},{"@type":"BreadcrumbList","@id":"https:\/\/perle-in.com\/produit\/sac-a-dos-case-logic-uplink-de-156-26l\/#breadcrumb","itemListElement":[{"@type":"ListItem","position":1,"name":"Accueil","item":"https:\/\/perle-in.com\/"},{"@type":"ListItem","position":2,"name":"Boutique","item":"https:\/\/perle-in.com\/boutique\/"},{"@type":"ListItem","position":3,"name":"Sac \u00e0 dos Case Logic Uplink de 15,6&#8243; 26L"}]},{"@type":"WebSite","@id":"https:\/\/perle-in.com\/#website","url":"https:\/\/perle-in.com\/","name":"PERLE IN","description":"","publisher":{"@id":"https:\/\/perle-in.com\/#organization"},"potentialAction":[{"@type":"SearchAction","target":{"@type":"EntryPoint","urlTemplate":"https:\/\/perle-in.com\/?s={search_term_string}"},"query-input":{"@type":"PropertyValueSpecification","valueRequired":true,"valueName":"search_term_string"}}],"inLanguage":"en-CA"},{"@type":"Organization","@id":"https:\/\/perle-in.com\/#organization","name":"PERLE IN","url":"https:\/\/perle-in.com\/","logo":{"@type":"ImageObject","inLanguage":"en-CA","@id":"https:\/\/perle-in.com\/#\/schema\/logo\/image\/","url":"https:\/\/perle-in.com\/wp-content\/uploads\/2022\/12\/LOGO-PERLE-IN-COULEUR@3x.webp","contentUrl":"https:\/\/perle-in.com\/wp-content\/uploads\/2022\/12\/LOGO-PERLE-IN-COULEUR@3x.webp","width":1600,"height":490,"caption":"PERLE IN"},"image":{"@id":"https:\/\/perle-in.com\/#\/schema\/logo\/image\/"}}]}},"jetpack_sharing_enabled":true,"_links":{"self":[{"href":"https:\/\/perle-in.com\/en\/wp-json\/wp\/v2\/product\/538694","targetHints":{"allow":["GET"]}}],"collection":[{"href":"https:\/\/perle-in.com\/en\/wp-json\/wp\/v2\/product"}],"about":[{"href":"https:\/\/perle-in.com\/en\/wp-json\/wp\/v2\/types\/product"}],"version-history":[{"count":0,"href":"https:\/\/perle-in.com\/en\/wp-json\/wp\/v2\/product\/538694\/revisions"}],"wp:featuredmedia":[{"embeddable":true,"href":"https:\/\/perle-in.com\/en\/wp-json\/wp\/v2\/media\/538686"}],"wp:attachment":[{"href":"https:\/\/perle-in.com\/en\/wp-json\/wp\/v2\/media?parent=538694"}],"wp:term":[{"taxonomy":"product_brand","embeddable":true,"href":"https:\/\/perle-in.com\/en\/wp-json\/wp\/v2\/product_brand?post=538694"},{"taxonomy":"product_cat","embeddable":true,"href":"https:\/\/perle-in.com\/en\/wp-json\/wp\/v2\/product_cat?post=538694"},{"taxonomy":"product_tag","embeddable":true,"href":"https:\/\/perle-in.com\/en\/wp-json\/wp\/v2\/product_tag?post=538694"}],"curies":[{"name":"wp","href":"https:\/\/api.w.org\/{rel}","templated":true}]}}