{"id":538551,"date":"2025-10-15T00:44:33","date_gmt":"2025-10-14T22:44:33","guid":{"rendered":"https:\/\/perle-in.com\/produit\/recipient-alimentaire-boley-de-320-ml-en-verre\/"},"modified":"2025-10-19T05:46:33","modified_gmt":"2025-10-19T03:46:33","slug":"recipient-alimentaire-boley-de-320-ml-en-verre","status":"publish","type":"product","link":"https:\/\/perle-in.com\/en\/product\/recipient-alimentaire-boley-de-320-ml-en-verre\/","title":{"rendered":"R\u00e9cipient alimentaire Boley de 320\u00a0ml en verre"},"content":{"rendered":"","protected":false},"excerpt":{"rendered":"<p>Petit r\u00e9cipient alimentaire en verre avec couvercle en bambou. Il combine les avantages du verre, qui est un mat\u00e9riau s\u00fbr et durable, avec les qualit\u00e9s renouvelables du bambou. Le r\u00e9cipient en verre (sans couvercle) passe au micro-ondes et au lave-vaisselle. Emball\u00e9 dans une bo\u00eete en papier Kraft recycl\u00e9. Capacit\u00e9\u00a0: 320 ml.<\/p>","protected":false},"featured_media":538543,"template":"","meta":{"_eb_attr":""},"product_brand":[],"product_cat":[150,878],"product_tag":[1128,861,837,880,3251,799,1756],"class_list":{"0":"post-538551","1":"product","2":"type-product","3":"status-publish","4":"has-post-thumbnail","6":"product_cat-maison-et-cuisine","7":"product_cat-ustensiles-de-cuisine","8":"product_tag-bambou","9":"product_tag-cuisine","10":"product_tag-durable","11":"product_tag-nourriture","12":"product_tag-recipient","13":"product_tag-stockage","14":"product_tag-verre","15":"pa_couleurs-naturel-translucide","16":"pa_marque-seasons","17":"pa_matiere-verre-bambou","19":"first","20":"instock","21":"sale","22":"shipping-taxable","23":"purchasable","24":"product-type-variable"},"yoast_head":"<!-- This site is optimized with the Yoast SEO plugin v27.4 - https:\/\/yoast.com\/product\/yoast-seo-wordpress\/ -->\n<title>R\u00e9cipient alimentaire Boley de 320\u00a0ml en verre - PERLE IN<\/title>\n<meta name=\"robots\" content=\"noindex, follow, max-snippet:-1, max-image-preview:large, max-video-preview:-1\" \/>\n<meta property=\"og:locale\" content=\"en_US\" \/>\n<meta property=\"og:type\" content=\"article\" \/>\n<meta property=\"og:title\" content=\"R\u00e9cipient alimentaire Boley de 320\u00a0ml en verre - PERLE IN\" \/>\n<meta property=\"og:description\" content=\"Petit r\u00e9cipient alimentaire en verre avec couvercle en bambou. Il combine les avantages du verre, qui est un mat\u00e9riau s\u00fbr et durable, avec les qualit\u00e9s renouvelables du bambou. Le r\u00e9cipient en verre (sans couvercle) passe au micro-ondes et au lave-vaisselle. Emball\u00e9 dans une bo\u00eete en papier Kraft recycl\u00e9. Capacit\u00e9\u00a0: 320 ml.\" \/>\n<meta property=\"og:url\" content=\"https:\/\/perle-in.com\/en\/product\/recipient-alimentaire-boley-de-320-ml-en-verre\/\" \/>\n<meta property=\"og:site_name\" content=\"PERLE IN\" \/>\n<meta property=\"article:modified_time\" content=\"2025-10-19T03:46:33+00:00\" \/>\n<meta property=\"og:image\" content=\"https:\/\/perle-in.com\/wp-content\/uploads\/2025\/10\/11334306-1.jpg\" \/>\n\t<meta property=\"og:image:width\" content=\"1600\" \/>\n\t<meta property=\"og:image:height\" content=\"1600\" \/>\n\t<meta property=\"og:image:type\" content=\"image\/jpeg\" \/>\n<meta name=\"twitter:card\" content=\"summary_large_image\" \/>\n<script type=\"application\/ld+json\" class=\"yoast-schema-graph\">{\"@context\":\"https:\\\/\\\/schema.org\",\"@graph\":[{\"@type\":\"WebPage\",\"@id\":\"https:\\\/\\\/perle-in.com\\\/produit\\\/recipient-alimentaire-boley-de-320-ml-en-verre\\\/\",\"url\":\"https:\\\/\\\/perle-in.com\\\/produit\\\/recipient-alimentaire-boley-de-320-ml-en-verre\\\/\",\"name\":\"R\u00e9cipient alimentaire Boley de 320\u00a0ml en verre - PERLE IN\",\"isPartOf\":{\"@id\":\"https:\\\/\\\/perle-in.com\\\/#website\"},\"primaryImageOfPage\":{\"@id\":\"https:\\\/\\\/perle-in.com\\\/produit\\\/recipient-alimentaire-boley-de-320-ml-en-verre\\\/#primaryimage\"},\"image\":{\"@id\":\"https:\\\/\\\/perle-in.com\\\/produit\\\/recipient-alimentaire-boley-de-320-ml-en-verre\\\/#primaryimage\"},\"thumbnailUrl\":\"https:\\\/\\\/perle-in.com\\\/wp-content\\\/uploads\\\/2025\\\/10\\\/11334306-1.jpg\",\"datePublished\":\"2025-10-14T22:44:33+00:00\",\"dateModified\":\"2025-10-19T03:46:33+00:00\",\"breadcrumb\":{\"@id\":\"https:\\\/\\\/perle-in.com\\\/produit\\\/recipient-alimentaire-boley-de-320-ml-en-verre\\\/#breadcrumb\"},\"inLanguage\":\"en-CA\",\"potentialAction\":[{\"@type\":\"ReadAction\",\"target\":[\"https:\\\/\\\/perle-in.com\\\/produit\\\/recipient-alimentaire-boley-de-320-ml-en-verre\\\/\"]}]},{\"@type\":\"ImageObject\",\"inLanguage\":\"en-CA\",\"@id\":\"https:\\\/\\\/perle-in.com\\\/produit\\\/recipient-alimentaire-boley-de-320-ml-en-verre\\\/#primaryimage\",\"url\":\"https:\\\/\\\/perle-in.com\\\/wp-content\\\/uploads\\\/2025\\\/10\\\/11334306-1.jpg\",\"contentUrl\":\"https:\\\/\\\/perle-in.com\\\/wp-content\\\/uploads\\\/2025\\\/10\\\/11334306-1.jpg\",\"width\":1600,\"height\":1600},{\"@type\":\"BreadcrumbList\",\"@id\":\"https:\\\/\\\/perle-in.com\\\/produit\\\/recipient-alimentaire-boley-de-320-ml-en-verre\\\/#breadcrumb\",\"itemListElement\":[{\"@type\":\"ListItem\",\"position\":1,\"name\":\"Accueil\",\"item\":\"https:\\\/\\\/perle-in.com\\\/\"},{\"@type\":\"ListItem\",\"position\":2,\"name\":\"Boutique\",\"item\":\"https:\\\/\\\/perle-in.com\\\/boutique\\\/\"},{\"@type\":\"ListItem\",\"position\":3,\"name\":\"R\u00e9cipient alimentaire Boley de 320\u00a0ml en verre\"}]},{\"@type\":\"WebSite\",\"@id\":\"https:\\\/\\\/perle-in.com\\\/#website\",\"url\":\"https:\\\/\\\/perle-in.com\\\/\",\"name\":\"PERLE IN\",\"description\":\"\",\"publisher\":{\"@id\":\"https:\\\/\\\/perle-in.com\\\/#organization\"},\"potentialAction\":[{\"@type\":\"SearchAction\",\"target\":{\"@type\":\"EntryPoint\",\"urlTemplate\":\"https:\\\/\\\/perle-in.com\\\/?s={search_term_string}\"},\"query-input\":{\"@type\":\"PropertyValueSpecification\",\"valueRequired\":true,\"valueName\":\"search_term_string\"}}],\"inLanguage\":\"en-CA\"},{\"@type\":\"Organization\",\"@id\":\"https:\\\/\\\/perle-in.com\\\/#organization\",\"name\":\"PERLE IN\",\"url\":\"https:\\\/\\\/perle-in.com\\\/\",\"logo\":{\"@type\":\"ImageObject\",\"inLanguage\":\"en-CA\",\"@id\":\"https:\\\/\\\/perle-in.com\\\/#\\\/schema\\\/logo\\\/image\\\/\",\"url\":\"https:\\\/\\\/perle-in.com\\\/wp-content\\\/uploads\\\/2022\\\/12\\\/LOGO-PERLE-IN-COULEUR@3x.webp\",\"contentUrl\":\"https:\\\/\\\/perle-in.com\\\/wp-content\\\/uploads\\\/2022\\\/12\\\/LOGO-PERLE-IN-COULEUR@3x.webp\",\"width\":1600,\"height\":490,\"caption\":\"PERLE IN\"},\"image\":{\"@id\":\"https:\\\/\\\/perle-in.com\\\/#\\\/schema\\\/logo\\\/image\\\/\"}}]}<\/script>\n<!-- \/ Yoast SEO plugin. -->","yoast_head_json":{"title":"R\u00e9cipient alimentaire Boley de 320\u00a0ml en verre - PERLE IN","robots":{"index":"noindex","follow":"follow","max-snippet":"max-snippet:-1","max-image-preview":"max-image-preview:large","max-video-preview":"max-video-preview:-1"},"og_locale":"en_US","og_type":"article","og_title":"R\u00e9cipient alimentaire Boley de 320\u00a0ml en verre - PERLE IN","og_description":"Petit r\u00e9cipient alimentaire en verre avec couvercle en bambou. Il combine les avantages du verre, qui est un mat\u00e9riau s\u00fbr et durable, avec les qualit\u00e9s renouvelables du bambou. Le r\u00e9cipient en verre (sans couvercle) passe au micro-ondes et au lave-vaisselle. Emball\u00e9 dans une bo\u00eete en papier Kraft recycl\u00e9. Capacit\u00e9\u00a0: 320 ml.","og_url":"https:\/\/perle-in.com\/en\/product\/recipient-alimentaire-boley-de-320-ml-en-verre\/","og_site_name":"PERLE IN","article_modified_time":"2025-10-19T03:46:33+00:00","og_image":[{"width":1600,"height":1600,"url":"https:\/\/perle-in.com\/wp-content\/uploads\/2025\/10\/11334306-1.jpg","type":"image\/jpeg"}],"twitter_card":"summary_large_image","schema":{"@context":"https:\/\/schema.org","@graph":[{"@type":"WebPage","@id":"https:\/\/perle-in.com\/produit\/recipient-alimentaire-boley-de-320-ml-en-verre\/","url":"https:\/\/perle-in.com\/produit\/recipient-alimentaire-boley-de-320-ml-en-verre\/","name":"R\u00e9cipient alimentaire Boley de 320\u00a0ml en verre - PERLE IN","isPartOf":{"@id":"https:\/\/perle-in.com\/#website"},"primaryImageOfPage":{"@id":"https:\/\/perle-in.com\/produit\/recipient-alimentaire-boley-de-320-ml-en-verre\/#primaryimage"},"image":{"@id":"https:\/\/perle-in.com\/produit\/recipient-alimentaire-boley-de-320-ml-en-verre\/#primaryimage"},"thumbnailUrl":"https:\/\/perle-in.com\/wp-content\/uploads\/2025\/10\/11334306-1.jpg","datePublished":"2025-10-14T22:44:33+00:00","dateModified":"2025-10-19T03:46:33+00:00","breadcrumb":{"@id":"https:\/\/perle-in.com\/produit\/recipient-alimentaire-boley-de-320-ml-en-verre\/#breadcrumb"},"inLanguage":"en-CA","potentialAction":[{"@type":"ReadAction","target":["https:\/\/perle-in.com\/produit\/recipient-alimentaire-boley-de-320-ml-en-verre\/"]}]},{"@type":"ImageObject","inLanguage":"en-CA","@id":"https:\/\/perle-in.com\/produit\/recipient-alimentaire-boley-de-320-ml-en-verre\/#primaryimage","url":"https:\/\/perle-in.com\/wp-content\/uploads\/2025\/10\/11334306-1.jpg","contentUrl":"https:\/\/perle-in.com\/wp-content\/uploads\/2025\/10\/11334306-1.jpg","width":1600,"height":1600},{"@type":"BreadcrumbList","@id":"https:\/\/perle-in.com\/produit\/recipient-alimentaire-boley-de-320-ml-en-verre\/#breadcrumb","itemListElement":[{"@type":"ListItem","position":1,"name":"Accueil","item":"https:\/\/perle-in.com\/"},{"@type":"ListItem","position":2,"name":"Boutique","item":"https:\/\/perle-in.com\/boutique\/"},{"@type":"ListItem","position":3,"name":"R\u00e9cipient alimentaire Boley de 320\u00a0ml en verre"}]},{"@type":"WebSite","@id":"https:\/\/perle-in.com\/#website","url":"https:\/\/perle-in.com\/","name":"PERLE IN","description":"","publisher":{"@id":"https:\/\/perle-in.com\/#organization"},"potentialAction":[{"@type":"SearchAction","target":{"@type":"EntryPoint","urlTemplate":"https:\/\/perle-in.com\/?s={search_term_string}"},"query-input":{"@type":"PropertyValueSpecification","valueRequired":true,"valueName":"search_term_string"}}],"inLanguage":"en-CA"},{"@type":"Organization","@id":"https:\/\/perle-in.com\/#organization","name":"PERLE IN","url":"https:\/\/perle-in.com\/","logo":{"@type":"ImageObject","inLanguage":"en-CA","@id":"https:\/\/perle-in.com\/#\/schema\/logo\/image\/","url":"https:\/\/perle-in.com\/wp-content\/uploads\/2022\/12\/LOGO-PERLE-IN-COULEUR@3x.webp","contentUrl":"https:\/\/perle-in.com\/wp-content\/uploads\/2022\/12\/LOGO-PERLE-IN-COULEUR@3x.webp","width":1600,"height":490,"caption":"PERLE IN"},"image":{"@id":"https:\/\/perle-in.com\/#\/schema\/logo\/image\/"}}]}},"jetpack_sharing_enabled":true,"_links":{"self":[{"href":"https:\/\/perle-in.com\/en\/wp-json\/wp\/v2\/product\/538551","targetHints":{"allow":["GET"]}}],"collection":[{"href":"https:\/\/perle-in.com\/en\/wp-json\/wp\/v2\/product"}],"about":[{"href":"https:\/\/perle-in.com\/en\/wp-json\/wp\/v2\/types\/product"}],"version-history":[{"count":0,"href":"https:\/\/perle-in.com\/en\/wp-json\/wp\/v2\/product\/538551\/revisions"}],"wp:featuredmedia":[{"embeddable":true,"href":"https:\/\/perle-in.com\/en\/wp-json\/wp\/v2\/media\/538543"}],"wp:attachment":[{"href":"https:\/\/perle-in.com\/en\/wp-json\/wp\/v2\/media?parent=538551"}],"wp:term":[{"taxonomy":"product_brand","embeddable":true,"href":"https:\/\/perle-in.com\/en\/wp-json\/wp\/v2\/product_brand?post=538551"},{"taxonomy":"product_cat","embeddable":true,"href":"https:\/\/perle-in.com\/en\/wp-json\/wp\/v2\/product_cat?post=538551"},{"taxonomy":"product_tag","embeddable":true,"href":"https:\/\/perle-in.com\/en\/wp-json\/wp\/v2\/product_tag?post=538551"}],"curies":[{"name":"wp","href":"https:\/\/api.w.org\/{rel}","templated":true}]}}