{"id":537332,"date":"2025-10-14T22:46:15","date_gmt":"2025-10-14T20:46:15","guid":{"rendered":"https:\/\/perle-in.com\/produit\/sac-a-dos-anti-vol-pour-ordinateur-portable-joey-de-18-l-en-toile-recyclee-grs-156-pouces\/"},"modified":"2025-10-19T05:45:34","modified_gmt":"2025-10-19T03:45:34","slug":"sac-a-dos-anti-vol-pour-ordinateur-portable-joey-de-18-l-en-toile-recyclee-grs-156-pouces","status":"publish","type":"product","link":"https:\/\/perle-in.com\/en\/product\/sac-a-dos-anti-vol-pour-ordinateur-portable-joey-de-18-l-en-toile-recyclee-grs-156-pouces\/","title":{"rendered":"Sac \u00e0 dos anti-vol pour ordinateur portable Joey de 18\u00a0L en toile recycl\u00e9e GRS 15,6\u00a0pouces"},"content":{"rendered":"","protected":false},"excerpt":{"rendered":"<p>Compos\u00e9 de mat\u00e9riaux tr\u00e8s r\u00e9sistants, d&#8217;une toile recycl\u00e9e GRS et d&#8217;une doublure GRS RPET, le sac \u00e0 dos antivol Joey est dot\u00e9 d&#8217;une housse pour tablette et d&#8217;un compartiment pour ordinateur portable rembourr\u00e9 de 15,6\u00a0pouces. Le sac \u00e0 dos dispose \u00e9galement d&#8217;une poche en maille et de poches de rangement \u00e0 l&#8217;int\u00e9rieur pour garder le contenu bien organis\u00e9, de 2\u00a0poches lat\u00e9rales pour bouteilles d&#8217;eau, d&#8217;une poche frontale zipp\u00e9e et d&#8217;une poche cach\u00e9e \u00e0 l&#8217;arri\u00e8re pour un acc\u00e8s facile et s\u00fbr lors de vos d\u00e9placements. La plaque m\u00e9tallique d\u00e9corative peut faire briller un logo gr\u00e2ce \u00e0 sa finition subtile et mate.<\/p>","protected":false},"featured_media":537320,"template":"","meta":{"_eb_attr":""},"product_brand":[],"product_cat":[1214,159],"product_tag":[837,2654,786,784,986,1347,1189],"class_list":{"0":"post-537332","1":"product","2":"type-product","3":"status-publish","4":"has-post-thumbnail","6":"product_cat-sac-a-dos-pour-ordinateur","7":"product_cat-sacs","8":"product_tag-durable","9":"product_tag-grs","10":"product_tag-ordinateur","11":"product_tag-ordinateur-portable","12":"product_tag-rpet","13":"product_tag-sac-a-dos","14":"product_tag-tablette","15":"pa_couleurs-gris","16":"pa_couleurs-marine","17":"pa_couleurs-noir","18":"pa_couleurs-olive","19":"pa_green-points-2830","20":"pa_matiere-80-coton-recycle-certifie-grs-et-20-coton-330-g-m2","22":"first","23":"instock","24":"shipping-taxable","25":"purchasable","26":"product-type-variable"},"yoast_head":"<!-- This site is optimized with the Yoast SEO plugin v27.4 - https:\/\/yoast.com\/product\/yoast-seo-wordpress\/ -->\n<title>Sac \u00e0 dos anti-vol pour ordinateur portable Joey de 18\u00a0L en toile recycl\u00e9e GRS 15,6\u00a0pouces - PERLE IN<\/title>\n<meta name=\"robots\" content=\"noindex, follow, max-snippet:-1, max-image-preview:large, max-video-preview:-1\" \/>\n<meta property=\"og:locale\" content=\"en_US\" \/>\n<meta property=\"og:type\" content=\"article\" \/>\n<meta property=\"og:title\" content=\"Sac \u00e0 dos anti-vol pour ordinateur portable Joey de 18\u00a0L en toile recycl\u00e9e GRS 15,6\u00a0pouces - PERLE IN\" \/>\n<meta property=\"og:description\" content=\"Compos\u00e9 de mat\u00e9riaux tr\u00e8s r\u00e9sistants, d&#039;une toile recycl\u00e9e GRS et d&#039;une doublure GRS RPET, le sac \u00e0 dos antivol Joey est dot\u00e9 d&#039;une housse pour tablette et d&#039;un compartiment pour ordinateur portable rembourr\u00e9 de 15,6\u00a0pouces. Le sac \u00e0 dos dispose \u00e9galement d&#039;une poche en maille et de poches de rangement \u00e0 l&#039;int\u00e9rieur pour garder le contenu bien organis\u00e9, de 2\u00a0poches lat\u00e9rales pour bouteilles d&#039;eau, d&#039;une poche frontale zipp\u00e9e et d&#039;une poche cach\u00e9e \u00e0 l&#039;arri\u00e8re pour un acc\u00e8s facile et s\u00fbr lors de vos d\u00e9placements. La plaque m\u00e9tallique d\u00e9corative peut faire briller un logo gr\u00e2ce \u00e0 sa finition subtile et mate.\" \/>\n<meta property=\"og:url\" content=\"https:\/\/perle-in.com\/en\/product\/sac-a-dos-anti-vol-pour-ordinateur-portable-joey-de-18-l-en-toile-recyclee-grs-156-pouces\/\" \/>\n<meta property=\"og:site_name\" content=\"PERLE IN\" \/>\n<meta property=\"article:modified_time\" content=\"2025-10-19T03:45:34+00:00\" \/>\n<meta property=\"og:image\" content=\"https:\/\/perle-in.com\/wp-content\/uploads\/2025\/10\/12067755-1.jpg\" \/>\n\t<meta property=\"og:image:width\" content=\"1600\" \/>\n\t<meta property=\"og:image:height\" content=\"1600\" \/>\n\t<meta property=\"og:image:type\" content=\"image\/jpeg\" \/>\n<meta name=\"twitter:card\" content=\"summary_large_image\" \/>\n<script type=\"application\/ld+json\" class=\"yoast-schema-graph\">{\"@context\":\"https:\\\/\\\/schema.org\",\"@graph\":[{\"@type\":\"WebPage\",\"@id\":\"https:\\\/\\\/perle-in.com\\\/produit\\\/sac-a-dos-anti-vol-pour-ordinateur-portable-joey-de-18-l-en-toile-recyclee-grs-156-pouces\\\/\",\"url\":\"https:\\\/\\\/perle-in.com\\\/produit\\\/sac-a-dos-anti-vol-pour-ordinateur-portable-joey-de-18-l-en-toile-recyclee-grs-156-pouces\\\/\",\"name\":\"Sac \u00e0 dos anti-vol pour ordinateur portable Joey de 18\u00a0L en toile recycl\u00e9e GRS 15,6\u00a0pouces - PERLE IN\",\"isPartOf\":{\"@id\":\"https:\\\/\\\/perle-in.com\\\/#website\"},\"primaryImageOfPage\":{\"@id\":\"https:\\\/\\\/perle-in.com\\\/produit\\\/sac-a-dos-anti-vol-pour-ordinateur-portable-joey-de-18-l-en-toile-recyclee-grs-156-pouces\\\/#primaryimage\"},\"image\":{\"@id\":\"https:\\\/\\\/perle-in.com\\\/produit\\\/sac-a-dos-anti-vol-pour-ordinateur-portable-joey-de-18-l-en-toile-recyclee-grs-156-pouces\\\/#primaryimage\"},\"thumbnailUrl\":\"https:\\\/\\\/perle-in.com\\\/wp-content\\\/uploads\\\/2025\\\/10\\\/12067755-1.jpg\",\"datePublished\":\"2025-10-14T20:46:15+00:00\",\"dateModified\":\"2025-10-19T03:45:34+00:00\",\"breadcrumb\":{\"@id\":\"https:\\\/\\\/perle-in.com\\\/produit\\\/sac-a-dos-anti-vol-pour-ordinateur-portable-joey-de-18-l-en-toile-recyclee-grs-156-pouces\\\/#breadcrumb\"},\"inLanguage\":\"en-CA\",\"potentialAction\":[{\"@type\":\"ReadAction\",\"target\":[\"https:\\\/\\\/perle-in.com\\\/produit\\\/sac-a-dos-anti-vol-pour-ordinateur-portable-joey-de-18-l-en-toile-recyclee-grs-156-pouces\\\/\"]}]},{\"@type\":\"ImageObject\",\"inLanguage\":\"en-CA\",\"@id\":\"https:\\\/\\\/perle-in.com\\\/produit\\\/sac-a-dos-anti-vol-pour-ordinateur-portable-joey-de-18-l-en-toile-recyclee-grs-156-pouces\\\/#primaryimage\",\"url\":\"https:\\\/\\\/perle-in.com\\\/wp-content\\\/uploads\\\/2025\\\/10\\\/12067755-1.jpg\",\"contentUrl\":\"https:\\\/\\\/perle-in.com\\\/wp-content\\\/uploads\\\/2025\\\/10\\\/12067755-1.jpg\",\"width\":1600,\"height\":1600},{\"@type\":\"BreadcrumbList\",\"@id\":\"https:\\\/\\\/perle-in.com\\\/produit\\\/sac-a-dos-anti-vol-pour-ordinateur-portable-joey-de-18-l-en-toile-recyclee-grs-156-pouces\\\/#breadcrumb\",\"itemListElement\":[{\"@type\":\"ListItem\",\"position\":1,\"name\":\"Accueil\",\"item\":\"https:\\\/\\\/perle-in.com\\\/\"},{\"@type\":\"ListItem\",\"position\":2,\"name\":\"Boutique\",\"item\":\"https:\\\/\\\/perle-in.com\\\/boutique\\\/\"},{\"@type\":\"ListItem\",\"position\":3,\"name\":\"Sac \u00e0 dos anti-vol pour ordinateur portable Joey de 18\u00a0L en toile recycl\u00e9e GRS 15,6\u00a0pouces\"}]},{\"@type\":\"WebSite\",\"@id\":\"https:\\\/\\\/perle-in.com\\\/#website\",\"url\":\"https:\\\/\\\/perle-in.com\\\/\",\"name\":\"PERLE IN\",\"description\":\"\",\"publisher\":{\"@id\":\"https:\\\/\\\/perle-in.com\\\/#organization\"},\"potentialAction\":[{\"@type\":\"SearchAction\",\"target\":{\"@type\":\"EntryPoint\",\"urlTemplate\":\"https:\\\/\\\/perle-in.com\\\/?s={search_term_string}\"},\"query-input\":{\"@type\":\"PropertyValueSpecification\",\"valueRequired\":true,\"valueName\":\"search_term_string\"}}],\"inLanguage\":\"en-CA\"},{\"@type\":\"Organization\",\"@id\":\"https:\\\/\\\/perle-in.com\\\/#organization\",\"name\":\"PERLE IN\",\"url\":\"https:\\\/\\\/perle-in.com\\\/\",\"logo\":{\"@type\":\"ImageObject\",\"inLanguage\":\"en-CA\",\"@id\":\"https:\\\/\\\/perle-in.com\\\/#\\\/schema\\\/logo\\\/image\\\/\",\"url\":\"https:\\\/\\\/perle-in.com\\\/wp-content\\\/uploads\\\/2022\\\/12\\\/LOGO-PERLE-IN-COULEUR@3x.webp\",\"contentUrl\":\"https:\\\/\\\/perle-in.com\\\/wp-content\\\/uploads\\\/2022\\\/12\\\/LOGO-PERLE-IN-COULEUR@3x.webp\",\"width\":1600,\"height\":490,\"caption\":\"PERLE IN\"},\"image\":{\"@id\":\"https:\\\/\\\/perle-in.com\\\/#\\\/schema\\\/logo\\\/image\\\/\"}}]}<\/script>\n<!-- \/ Yoast SEO plugin. -->","yoast_head_json":{"title":"Sac \u00e0 dos anti-vol pour ordinateur portable Joey de 18\u00a0L en toile recycl\u00e9e GRS 15,6\u00a0pouces - PERLE IN","robots":{"index":"noindex","follow":"follow","max-snippet":"max-snippet:-1","max-image-preview":"max-image-preview:large","max-video-preview":"max-video-preview:-1"},"og_locale":"en_US","og_type":"article","og_title":"Sac \u00e0 dos anti-vol pour ordinateur portable Joey de 18\u00a0L en toile recycl\u00e9e GRS 15,6\u00a0pouces - PERLE IN","og_description":"Compos\u00e9 de mat\u00e9riaux tr\u00e8s r\u00e9sistants, d'une toile recycl\u00e9e GRS et d'une doublure GRS RPET, le sac \u00e0 dos antivol Joey est dot\u00e9 d'une housse pour tablette et d'un compartiment pour ordinateur portable rembourr\u00e9 de 15,6\u00a0pouces. Le sac \u00e0 dos dispose \u00e9galement d'une poche en maille et de poches de rangement \u00e0 l'int\u00e9rieur pour garder le contenu bien organis\u00e9, de 2\u00a0poches lat\u00e9rales pour bouteilles d'eau, d'une poche frontale zipp\u00e9e et d'une poche cach\u00e9e \u00e0 l'arri\u00e8re pour un acc\u00e8s facile et s\u00fbr lors de vos d\u00e9placements. La plaque m\u00e9tallique d\u00e9corative peut faire briller un logo gr\u00e2ce \u00e0 sa finition subtile et mate.","og_url":"https:\/\/perle-in.com\/en\/product\/sac-a-dos-anti-vol-pour-ordinateur-portable-joey-de-18-l-en-toile-recyclee-grs-156-pouces\/","og_site_name":"PERLE IN","article_modified_time":"2025-10-19T03:45:34+00:00","og_image":[{"width":1600,"height":1600,"url":"https:\/\/perle-in.com\/wp-content\/uploads\/2025\/10\/12067755-1.jpg","type":"image\/jpeg"}],"twitter_card":"summary_large_image","schema":{"@context":"https:\/\/schema.org","@graph":[{"@type":"WebPage","@id":"https:\/\/perle-in.com\/produit\/sac-a-dos-anti-vol-pour-ordinateur-portable-joey-de-18-l-en-toile-recyclee-grs-156-pouces\/","url":"https:\/\/perle-in.com\/produit\/sac-a-dos-anti-vol-pour-ordinateur-portable-joey-de-18-l-en-toile-recyclee-grs-156-pouces\/","name":"Sac \u00e0 dos anti-vol pour ordinateur portable Joey de 18\u00a0L en toile recycl\u00e9e GRS 15,6\u00a0pouces - PERLE IN","isPartOf":{"@id":"https:\/\/perle-in.com\/#website"},"primaryImageOfPage":{"@id":"https:\/\/perle-in.com\/produit\/sac-a-dos-anti-vol-pour-ordinateur-portable-joey-de-18-l-en-toile-recyclee-grs-156-pouces\/#primaryimage"},"image":{"@id":"https:\/\/perle-in.com\/produit\/sac-a-dos-anti-vol-pour-ordinateur-portable-joey-de-18-l-en-toile-recyclee-grs-156-pouces\/#primaryimage"},"thumbnailUrl":"https:\/\/perle-in.com\/wp-content\/uploads\/2025\/10\/12067755-1.jpg","datePublished":"2025-10-14T20:46:15+00:00","dateModified":"2025-10-19T03:45:34+00:00","breadcrumb":{"@id":"https:\/\/perle-in.com\/produit\/sac-a-dos-anti-vol-pour-ordinateur-portable-joey-de-18-l-en-toile-recyclee-grs-156-pouces\/#breadcrumb"},"inLanguage":"en-CA","potentialAction":[{"@type":"ReadAction","target":["https:\/\/perle-in.com\/produit\/sac-a-dos-anti-vol-pour-ordinateur-portable-joey-de-18-l-en-toile-recyclee-grs-156-pouces\/"]}]},{"@type":"ImageObject","inLanguage":"en-CA","@id":"https:\/\/perle-in.com\/produit\/sac-a-dos-anti-vol-pour-ordinateur-portable-joey-de-18-l-en-toile-recyclee-grs-156-pouces\/#primaryimage","url":"https:\/\/perle-in.com\/wp-content\/uploads\/2025\/10\/12067755-1.jpg","contentUrl":"https:\/\/perle-in.com\/wp-content\/uploads\/2025\/10\/12067755-1.jpg","width":1600,"height":1600},{"@type":"BreadcrumbList","@id":"https:\/\/perle-in.com\/produit\/sac-a-dos-anti-vol-pour-ordinateur-portable-joey-de-18-l-en-toile-recyclee-grs-156-pouces\/#breadcrumb","itemListElement":[{"@type":"ListItem","position":1,"name":"Accueil","item":"https:\/\/perle-in.com\/"},{"@type":"ListItem","position":2,"name":"Boutique","item":"https:\/\/perle-in.com\/boutique\/"},{"@type":"ListItem","position":3,"name":"Sac \u00e0 dos anti-vol pour ordinateur portable Joey de 18\u00a0L en toile recycl\u00e9e GRS 15,6\u00a0pouces"}]},{"@type":"WebSite","@id":"https:\/\/perle-in.com\/#website","url":"https:\/\/perle-in.com\/","name":"PERLE IN","description":"","publisher":{"@id":"https:\/\/perle-in.com\/#organization"},"potentialAction":[{"@type":"SearchAction","target":{"@type":"EntryPoint","urlTemplate":"https:\/\/perle-in.com\/?s={search_term_string}"},"query-input":{"@type":"PropertyValueSpecification","valueRequired":true,"valueName":"search_term_string"}}],"inLanguage":"en-CA"},{"@type":"Organization","@id":"https:\/\/perle-in.com\/#organization","name":"PERLE IN","url":"https:\/\/perle-in.com\/","logo":{"@type":"ImageObject","inLanguage":"en-CA","@id":"https:\/\/perle-in.com\/#\/schema\/logo\/image\/","url":"https:\/\/perle-in.com\/wp-content\/uploads\/2022\/12\/LOGO-PERLE-IN-COULEUR@3x.webp","contentUrl":"https:\/\/perle-in.com\/wp-content\/uploads\/2022\/12\/LOGO-PERLE-IN-COULEUR@3x.webp","width":1600,"height":490,"caption":"PERLE IN"},"image":{"@id":"https:\/\/perle-in.com\/#\/schema\/logo\/image\/"}}]}},"jetpack_sharing_enabled":true,"_links":{"self":[{"href":"https:\/\/perle-in.com\/en\/wp-json\/wp\/v2\/product\/537332","targetHints":{"allow":["GET"]}}],"collection":[{"href":"https:\/\/perle-in.com\/en\/wp-json\/wp\/v2\/product"}],"about":[{"href":"https:\/\/perle-in.com\/en\/wp-json\/wp\/v2\/types\/product"}],"version-history":[{"count":0,"href":"https:\/\/perle-in.com\/en\/wp-json\/wp\/v2\/product\/537332\/revisions"}],"wp:featuredmedia":[{"embeddable":true,"href":"https:\/\/perle-in.com\/en\/wp-json\/wp\/v2\/media\/537320"}],"wp:attachment":[{"href":"https:\/\/perle-in.com\/en\/wp-json\/wp\/v2\/media?parent=537332"}],"wp:term":[{"taxonomy":"product_brand","embeddable":true,"href":"https:\/\/perle-in.com\/en\/wp-json\/wp\/v2\/product_brand?post=537332"},{"taxonomy":"product_cat","embeddable":true,"href":"https:\/\/perle-in.com\/en\/wp-json\/wp\/v2\/product_cat?post=537332"},{"taxonomy":"product_tag","embeddable":true,"href":"https:\/\/perle-in.com\/en\/wp-json\/wp\/v2\/product_tag?post=537332"}],"curies":[{"name":"wp","href":"https:\/\/api.w.org\/{rel}","templated":true}]}}