{"id":537174,"date":"2025-10-14T22:30:48","date_gmt":"2025-10-14T20:30:48","guid":{"rendered":"https:\/\/perle-in.com\/produit\/sac-a-dos-isotherme-felta-grs-en-feutrine-recyclee-de-7-l\/"},"modified":"2025-10-19T05:45:24","modified_gmt":"2025-10-19T03:45:24","slug":"sac-a-dos-isotherme-felta-grs-en-feutrine-recyclee-de-7-l","status":"publish","type":"product","link":"https:\/\/perle-in.com\/en\/product\/sac-a-dos-isotherme-felta-grs-en-feutrine-recyclee-de-7-l\/","title":{"rendered":"Sac \u00e0 dos isotherme Felta GRS en feutrine recycl\u00e9e de 7\u00a0L"},"content":{"rendered":"","protected":false},"excerpt":{"rendered":"<p>Sac \u00e0 dos isotherme pratique fabriqu\u00e9 en feutrine recycl\u00e9e de haute qualit\u00e9, doux et durable, certifi\u00e9 GRS. Comprend un compartiment principal zipp\u00e9 doubl\u00e9 d&#8217;une isolation en PEVA thermique \u00e0 haute densit\u00e9 et sans danger pour les aliments, qui conserve les boissons et les rafra\u00eechissements au froid pendant des heures. Poche avant zipp\u00e9e. Bretelles r\u00e9glables et poign\u00e9e de transport en coton tiss\u00e9. Facile \u00e0 nettoyer. Capacit\u00e9\u00a0: 7\u00a0litres.<\/p>","protected":false},"featured_media":537167,"template":"","meta":{"_eb_attr":""},"product_brand":[],"product_cat":[159,160],"product_tag":[837,3135,2654,165,166,282,1347,1348],"class_list":{"0":"post-537174","1":"product","2":"type-product","3":"status-publish","4":"has-post-thumbnail","6":"product_cat-sacs","7":"product_cat-sacs-isothermes","8":"product_tag-durable","9":"product_tag-feutrine","10":"product_tag-grs","11":"product_tag-isotherme","12":"product_tag-isothermes","13":"product_tag-sac","14":"product_tag-sac-a-dos","15":"product_tag-sacs-a-dos","16":"pa_couleurs-gris-moyen","17":"pa_green-points-2830","18":"pa_matiere-polyester-recycle-certifie-grs","20":"first","21":"instock","22":"shipping-taxable","23":"purchasable","24":"product-type-variable"},"yoast_head":"<!-- This site is optimized with the Yoast SEO plugin v27.4 - https:\/\/yoast.com\/product\/yoast-seo-wordpress\/ -->\n<title>Sac \u00e0 dos isotherme Felta GRS en feutrine recycl\u00e9e de 7\u00a0L - PERLE IN<\/title>\n<meta name=\"robots\" content=\"noindex, follow, max-snippet:-1, max-image-preview:large, max-video-preview:-1\" \/>\n<meta property=\"og:locale\" content=\"en_US\" \/>\n<meta property=\"og:type\" content=\"article\" \/>\n<meta property=\"og:title\" content=\"Sac \u00e0 dos isotherme Felta GRS en feutrine recycl\u00e9e de 7\u00a0L - PERLE IN\" \/>\n<meta property=\"og:description\" content=\"Sac \u00e0 dos isotherme pratique fabriqu\u00e9 en feutrine recycl\u00e9e de haute qualit\u00e9, doux et durable, certifi\u00e9 GRS. Comprend un compartiment principal zipp\u00e9 doubl\u00e9 d&#039;une isolation en PEVA thermique \u00e0 haute densit\u00e9 et sans danger pour les aliments, qui conserve les boissons et les rafra\u00eechissements au froid pendant des heures. Poche avant zipp\u00e9e. Bretelles r\u00e9glables et poign\u00e9e de transport en coton tiss\u00e9. Facile \u00e0 nettoyer. Capacit\u00e9\u00a0: 7\u00a0litres.\" \/>\n<meta property=\"og:url\" content=\"https:\/\/perle-in.com\/en\/product\/sac-a-dos-isotherme-felta-grs-en-feutrine-recyclee-de-7-l\/\" \/>\n<meta property=\"og:site_name\" content=\"PERLE IN\" \/>\n<meta property=\"article:modified_time\" content=\"2025-10-19T03:45:24+00:00\" \/>\n<meta property=\"og:image\" content=\"https:\/\/perle-in.com\/wp-content\/uploads\/2025\/10\/21074282-1.jpg\" \/>\n\t<meta property=\"og:image:width\" content=\"1600\" \/>\n\t<meta property=\"og:image:height\" content=\"1600\" \/>\n\t<meta property=\"og:image:type\" content=\"image\/jpeg\" \/>\n<meta name=\"twitter:card\" content=\"summary_large_image\" \/>\n<script type=\"application\/ld+json\" class=\"yoast-schema-graph\">{\"@context\":\"https:\\\/\\\/schema.org\",\"@graph\":[{\"@type\":\"WebPage\",\"@id\":\"https:\\\/\\\/perle-in.com\\\/produit\\\/sac-a-dos-isotherme-felta-grs-en-feutrine-recyclee-de-7-l\\\/\",\"url\":\"https:\\\/\\\/perle-in.com\\\/produit\\\/sac-a-dos-isotherme-felta-grs-en-feutrine-recyclee-de-7-l\\\/\",\"name\":\"Sac \u00e0 dos isotherme Felta GRS en feutrine recycl\u00e9e de 7\u00a0L - PERLE IN\",\"isPartOf\":{\"@id\":\"https:\\\/\\\/perle-in.com\\\/#website\"},\"primaryImageOfPage\":{\"@id\":\"https:\\\/\\\/perle-in.com\\\/produit\\\/sac-a-dos-isotherme-felta-grs-en-feutrine-recyclee-de-7-l\\\/#primaryimage\"},\"image\":{\"@id\":\"https:\\\/\\\/perle-in.com\\\/produit\\\/sac-a-dos-isotherme-felta-grs-en-feutrine-recyclee-de-7-l\\\/#primaryimage\"},\"thumbnailUrl\":\"https:\\\/\\\/perle-in.com\\\/wp-content\\\/uploads\\\/2025\\\/10\\\/21074282-1.jpg\",\"datePublished\":\"2025-10-14T20:30:48+00:00\",\"dateModified\":\"2025-10-19T03:45:24+00:00\",\"breadcrumb\":{\"@id\":\"https:\\\/\\\/perle-in.com\\\/produit\\\/sac-a-dos-isotherme-felta-grs-en-feutrine-recyclee-de-7-l\\\/#breadcrumb\"},\"inLanguage\":\"en-CA\",\"potentialAction\":[{\"@type\":\"ReadAction\",\"target\":[\"https:\\\/\\\/perle-in.com\\\/produit\\\/sac-a-dos-isotherme-felta-grs-en-feutrine-recyclee-de-7-l\\\/\"]}]},{\"@type\":\"ImageObject\",\"inLanguage\":\"en-CA\",\"@id\":\"https:\\\/\\\/perle-in.com\\\/produit\\\/sac-a-dos-isotherme-felta-grs-en-feutrine-recyclee-de-7-l\\\/#primaryimage\",\"url\":\"https:\\\/\\\/perle-in.com\\\/wp-content\\\/uploads\\\/2025\\\/10\\\/21074282-1.jpg\",\"contentUrl\":\"https:\\\/\\\/perle-in.com\\\/wp-content\\\/uploads\\\/2025\\\/10\\\/21074282-1.jpg\",\"width\":1600,\"height\":1600},{\"@type\":\"BreadcrumbList\",\"@id\":\"https:\\\/\\\/perle-in.com\\\/produit\\\/sac-a-dos-isotherme-felta-grs-en-feutrine-recyclee-de-7-l\\\/#breadcrumb\",\"itemListElement\":[{\"@type\":\"ListItem\",\"position\":1,\"name\":\"Accueil\",\"item\":\"https:\\\/\\\/perle-in.com\\\/\"},{\"@type\":\"ListItem\",\"position\":2,\"name\":\"Boutique\",\"item\":\"https:\\\/\\\/perle-in.com\\\/boutique\\\/\"},{\"@type\":\"ListItem\",\"position\":3,\"name\":\"Sac \u00e0 dos isotherme Felta GRS en feutrine recycl\u00e9e de 7\u00a0L\"}]},{\"@type\":\"WebSite\",\"@id\":\"https:\\\/\\\/perle-in.com\\\/#website\",\"url\":\"https:\\\/\\\/perle-in.com\\\/\",\"name\":\"PERLE IN\",\"description\":\"\",\"publisher\":{\"@id\":\"https:\\\/\\\/perle-in.com\\\/#organization\"},\"potentialAction\":[{\"@type\":\"SearchAction\",\"target\":{\"@type\":\"EntryPoint\",\"urlTemplate\":\"https:\\\/\\\/perle-in.com\\\/?s={search_term_string}\"},\"query-input\":{\"@type\":\"PropertyValueSpecification\",\"valueRequired\":true,\"valueName\":\"search_term_string\"}}],\"inLanguage\":\"en-CA\"},{\"@type\":\"Organization\",\"@id\":\"https:\\\/\\\/perle-in.com\\\/#organization\",\"name\":\"PERLE IN\",\"url\":\"https:\\\/\\\/perle-in.com\\\/\",\"logo\":{\"@type\":\"ImageObject\",\"inLanguage\":\"en-CA\",\"@id\":\"https:\\\/\\\/perle-in.com\\\/#\\\/schema\\\/logo\\\/image\\\/\",\"url\":\"https:\\\/\\\/perle-in.com\\\/wp-content\\\/uploads\\\/2022\\\/12\\\/LOGO-PERLE-IN-COULEUR@3x.webp\",\"contentUrl\":\"https:\\\/\\\/perle-in.com\\\/wp-content\\\/uploads\\\/2022\\\/12\\\/LOGO-PERLE-IN-COULEUR@3x.webp\",\"width\":1600,\"height\":490,\"caption\":\"PERLE IN\"},\"image\":{\"@id\":\"https:\\\/\\\/perle-in.com\\\/#\\\/schema\\\/logo\\\/image\\\/\"}}]}<\/script>\n<!-- \/ Yoast SEO plugin. -->","yoast_head_json":{"title":"Sac \u00e0 dos isotherme Felta GRS en feutrine recycl\u00e9e de 7\u00a0L - PERLE IN","robots":{"index":"noindex","follow":"follow","max-snippet":"max-snippet:-1","max-image-preview":"max-image-preview:large","max-video-preview":"max-video-preview:-1"},"og_locale":"en_US","og_type":"article","og_title":"Sac \u00e0 dos isotherme Felta GRS en feutrine recycl\u00e9e de 7\u00a0L - PERLE IN","og_description":"Sac \u00e0 dos isotherme pratique fabriqu\u00e9 en feutrine recycl\u00e9e de haute qualit\u00e9, doux et durable, certifi\u00e9 GRS. Comprend un compartiment principal zipp\u00e9 doubl\u00e9 d'une isolation en PEVA thermique \u00e0 haute densit\u00e9 et sans danger pour les aliments, qui conserve les boissons et les rafra\u00eechissements au froid pendant des heures. Poche avant zipp\u00e9e. Bretelles r\u00e9glables et poign\u00e9e de transport en coton tiss\u00e9. Facile \u00e0 nettoyer. Capacit\u00e9\u00a0: 7\u00a0litres.","og_url":"https:\/\/perle-in.com\/en\/product\/sac-a-dos-isotherme-felta-grs-en-feutrine-recyclee-de-7-l\/","og_site_name":"PERLE IN","article_modified_time":"2025-10-19T03:45:24+00:00","og_image":[{"width":1600,"height":1600,"url":"https:\/\/perle-in.com\/wp-content\/uploads\/2025\/10\/21074282-1.jpg","type":"image\/jpeg"}],"twitter_card":"summary_large_image","schema":{"@context":"https:\/\/schema.org","@graph":[{"@type":"WebPage","@id":"https:\/\/perle-in.com\/produit\/sac-a-dos-isotherme-felta-grs-en-feutrine-recyclee-de-7-l\/","url":"https:\/\/perle-in.com\/produit\/sac-a-dos-isotherme-felta-grs-en-feutrine-recyclee-de-7-l\/","name":"Sac \u00e0 dos isotherme Felta GRS en feutrine recycl\u00e9e de 7\u00a0L - PERLE IN","isPartOf":{"@id":"https:\/\/perle-in.com\/#website"},"primaryImageOfPage":{"@id":"https:\/\/perle-in.com\/produit\/sac-a-dos-isotherme-felta-grs-en-feutrine-recyclee-de-7-l\/#primaryimage"},"image":{"@id":"https:\/\/perle-in.com\/produit\/sac-a-dos-isotherme-felta-grs-en-feutrine-recyclee-de-7-l\/#primaryimage"},"thumbnailUrl":"https:\/\/perle-in.com\/wp-content\/uploads\/2025\/10\/21074282-1.jpg","datePublished":"2025-10-14T20:30:48+00:00","dateModified":"2025-10-19T03:45:24+00:00","breadcrumb":{"@id":"https:\/\/perle-in.com\/produit\/sac-a-dos-isotherme-felta-grs-en-feutrine-recyclee-de-7-l\/#breadcrumb"},"inLanguage":"en-CA","potentialAction":[{"@type":"ReadAction","target":["https:\/\/perle-in.com\/produit\/sac-a-dos-isotherme-felta-grs-en-feutrine-recyclee-de-7-l\/"]}]},{"@type":"ImageObject","inLanguage":"en-CA","@id":"https:\/\/perle-in.com\/produit\/sac-a-dos-isotherme-felta-grs-en-feutrine-recyclee-de-7-l\/#primaryimage","url":"https:\/\/perle-in.com\/wp-content\/uploads\/2025\/10\/21074282-1.jpg","contentUrl":"https:\/\/perle-in.com\/wp-content\/uploads\/2025\/10\/21074282-1.jpg","width":1600,"height":1600},{"@type":"BreadcrumbList","@id":"https:\/\/perle-in.com\/produit\/sac-a-dos-isotherme-felta-grs-en-feutrine-recyclee-de-7-l\/#breadcrumb","itemListElement":[{"@type":"ListItem","position":1,"name":"Accueil","item":"https:\/\/perle-in.com\/"},{"@type":"ListItem","position":2,"name":"Boutique","item":"https:\/\/perle-in.com\/boutique\/"},{"@type":"ListItem","position":3,"name":"Sac \u00e0 dos isotherme Felta GRS en feutrine recycl\u00e9e de 7\u00a0L"}]},{"@type":"WebSite","@id":"https:\/\/perle-in.com\/#website","url":"https:\/\/perle-in.com\/","name":"PERLE IN","description":"","publisher":{"@id":"https:\/\/perle-in.com\/#organization"},"potentialAction":[{"@type":"SearchAction","target":{"@type":"EntryPoint","urlTemplate":"https:\/\/perle-in.com\/?s={search_term_string}"},"query-input":{"@type":"PropertyValueSpecification","valueRequired":true,"valueName":"search_term_string"}}],"inLanguage":"en-CA"},{"@type":"Organization","@id":"https:\/\/perle-in.com\/#organization","name":"PERLE IN","url":"https:\/\/perle-in.com\/","logo":{"@type":"ImageObject","inLanguage":"en-CA","@id":"https:\/\/perle-in.com\/#\/schema\/logo\/image\/","url":"https:\/\/perle-in.com\/wp-content\/uploads\/2022\/12\/LOGO-PERLE-IN-COULEUR@3x.webp","contentUrl":"https:\/\/perle-in.com\/wp-content\/uploads\/2022\/12\/LOGO-PERLE-IN-COULEUR@3x.webp","width":1600,"height":490,"caption":"PERLE IN"},"image":{"@id":"https:\/\/perle-in.com\/#\/schema\/logo\/image\/"}}]}},"jetpack_sharing_enabled":true,"_links":{"self":[{"href":"https:\/\/perle-in.com\/en\/wp-json\/wp\/v2\/product\/537174","targetHints":{"allow":["GET"]}}],"collection":[{"href":"https:\/\/perle-in.com\/en\/wp-json\/wp\/v2\/product"}],"about":[{"href":"https:\/\/perle-in.com\/en\/wp-json\/wp\/v2\/types\/product"}],"version-history":[{"count":0,"href":"https:\/\/perle-in.com\/en\/wp-json\/wp\/v2\/product\/537174\/revisions"}],"wp:featuredmedia":[{"embeddable":true,"href":"https:\/\/perle-in.com\/en\/wp-json\/wp\/v2\/media\/537167"}],"wp:attachment":[{"href":"https:\/\/perle-in.com\/en\/wp-json\/wp\/v2\/media?parent=537174"}],"wp:term":[{"taxonomy":"product_brand","embeddable":true,"href":"https:\/\/perle-in.com\/en\/wp-json\/wp\/v2\/product_brand?post=537174"},{"taxonomy":"product_cat","embeddable":true,"href":"https:\/\/perle-in.com\/en\/wp-json\/wp\/v2\/product_cat?post=537174"},{"taxonomy":"product_tag","embeddable":true,"href":"https:\/\/perle-in.com\/en\/wp-json\/wp\/v2\/product_tag?post=537174"}],"curies":[{"name":"wp","href":"https:\/\/api.w.org\/{rel}","templated":true}]}}