{"id":534924,"date":"2025-10-14T20:10:54","date_gmt":"2025-10-14T18:10:54","guid":{"rendered":"https:\/\/perle-in.com\/produit\/gobelet-recycle-americano-espresso-eco-de-250-ml-avec-couvercle-anti-deversement\/"},"modified":"2025-10-19T05:44:37","modified_gmt":"2025-10-19T03:44:37","slug":"gobelet-recycle-americano-espresso-eco-de-250-ml-avec-couvercle-anti-deversement","status":"publish","type":"product","link":"https:\/\/perle-in.com\/en\/product\/gobelet-recycle-americano-espresso-eco-de-250-ml-avec-couvercle-anti-deversement\/","title":{"rendered":"Gobelet recycl\u00e9 Americano\u00ae Espresso Eco de 250\u00a0ml avec couvercle anti-d\u00e9versement"},"content":{"rendered":"","protected":false},"excerpt":{"rendered":"<p>Gobelet isotherme \u00e0 double paroi avec couvercle s\u00e9curit\u00e9 anti-d\u00e9versement \u00e0 visser. Le couvercle se clipse pour emp\u00eacher les d\u00e9versements, et est fabriqu\u00e9 sans silicone pour un gobelet enti\u00e8rement recyclable. Le gobelet est fabriqu\u00e9 en plastique recycl\u00e9 \u00e0 70% au total, avec un corps recycl\u00e9 et couche int\u00e9rieure noire et un couvercle standard. Les nuances de noir peuvent varier en raison de la nature du mat\u00e9riau recycl\u00e9. Conforme \u00e0 la norme EN12875-1. Passe au lave-vaisselle et au micro-ondes. Capacit\u00e9 de 250\u00a0ml. Emball\u00e9 dans un sac en plastique PE recycl\u00e9. Fabriqu\u00e9 au Royaume-Uni.<\/p>","protected":false},"featured_media":534740,"template":"","meta":{"_eb_attr":""},"product_brand":[],"product_cat":[173,189],"product_tag":[2061,225,837,308,946,836,227],"class_list":{"0":"post-534924","1":"product","2":"type-product","3":"status-publish","4":"has-post-thumbnail","6":"product_cat-drinkware","7":"product_cat-mugs-isothermes","8":"product_tag-americano","9":"product_tag-cafe","10":"product_tag-durable","11":"product_tag-gobelet","12":"product_tag-green-concept","13":"product_tag-recycle","14":"product_tag-the","15":"pa_couleurs-bleu","16":"pa_couleurs-citron-vert","17":"pa_couleurs-noir-blanc","18":"pa_couleurs-noir-bleu","19":"pa_couleurs-noir-bleu-aqua","20":"pa_couleurs-noir-bleu-mineral","21":"pa_couleurs-noir-citron-vert","22":"pa_couleurs-noir-gris","23":"pa_couleurs-noir-jaune","24":"pa_couleurs-noir-magenta","25":"pa_couleurs-noir-orange","26":"pa_couleurs-noir-rouge","27":"pa_couleurs-noir-vert","28":"pa_couleurs-noir-violet","29":"pa_couleurs-orange","30":"pa_couleurs-rouge","31":"pa_couleurs-violet","32":"pa_green-points-2239","33":"pa_matiere-plastique-pp-recycle-plastique-pp","34":"pa_pays-d-origine-angleterre","36":"first","37":"instock","38":"shipping-taxable","39":"purchasable","40":"product-type-variable"},"yoast_head":"<!-- This site is optimized with the Yoast SEO plugin v27.4 - https:\/\/yoast.com\/product\/yoast-seo-wordpress\/ -->\n<title>Gobelet recycl\u00e9 Americano\u00ae Espresso Eco de 250\u00a0ml avec couvercle anti-d\u00e9versement - PERLE IN<\/title>\n<meta name=\"robots\" content=\"noindex, follow, max-snippet:-1, max-image-preview:large, max-video-preview:-1\" \/>\n<meta property=\"og:locale\" content=\"en_US\" \/>\n<meta property=\"og:type\" content=\"article\" \/>\n<meta property=\"og:title\" content=\"Gobelet recycl\u00e9 Americano\u00ae Espresso Eco de 250\u00a0ml avec couvercle anti-d\u00e9versement - PERLE IN\" \/>\n<meta property=\"og:description\" content=\"Gobelet isotherme \u00e0 double paroi avec couvercle s\u00e9curit\u00e9 anti-d\u00e9versement \u00e0 visser. Le couvercle se clipse pour emp\u00eacher les d\u00e9versements, et est fabriqu\u00e9 sans silicone pour un gobelet enti\u00e8rement recyclable. Le gobelet est fabriqu\u00e9 en plastique recycl\u00e9 \u00e0 70% au total, avec un corps recycl\u00e9 et couche int\u00e9rieure noire et un couvercle standard. Les nuances de noir peuvent varier en raison de la nature du mat\u00e9riau recycl\u00e9. Conforme \u00e0 la norme EN12875-1. Passe au lave-vaisselle et au micro-ondes. Capacit\u00e9 de 250\u00a0ml. Emball\u00e9 dans un sac en plastique PE recycl\u00e9. Fabriqu\u00e9 au Royaume-Uni.\" \/>\n<meta property=\"og:url\" content=\"https:\/\/perle-in.com\/en\/product\/gobelet-recycle-americano-espresso-eco-de-250-ml-avec-couvercle-anti-deversement\/\" \/>\n<meta property=\"og:site_name\" content=\"PERLE IN\" \/>\n<meta property=\"article:modified_time\" content=\"2025-10-19T03:44:37+00:00\" \/>\n<meta property=\"og:image\" content=\"https:\/\/perle-in.com\/wp-content\/uploads\/2025\/10\/21045500-1.jpg\" \/>\n\t<meta property=\"og:image:width\" content=\"1600\" \/>\n\t<meta property=\"og:image:height\" content=\"1600\" \/>\n\t<meta property=\"og:image:type\" content=\"image\/jpeg\" \/>\n<meta name=\"twitter:card\" content=\"summary_large_image\" \/>\n<script type=\"application\/ld+json\" class=\"yoast-schema-graph\">{\"@context\":\"https:\\\/\\\/schema.org\",\"@graph\":[{\"@type\":\"WebPage\",\"@id\":\"https:\\\/\\\/perle-in.com\\\/produit\\\/gobelet-recycle-americano-espresso-eco-de-250-ml-avec-couvercle-anti-deversement\\\/\",\"url\":\"https:\\\/\\\/perle-in.com\\\/produit\\\/gobelet-recycle-americano-espresso-eco-de-250-ml-avec-couvercle-anti-deversement\\\/\",\"name\":\"Gobelet recycl\u00e9 Americano\u00ae Espresso Eco de 250\u00a0ml avec couvercle anti-d\u00e9versement - PERLE IN\",\"isPartOf\":{\"@id\":\"https:\\\/\\\/perle-in.com\\\/#website\"},\"primaryImageOfPage\":{\"@id\":\"https:\\\/\\\/perle-in.com\\\/produit\\\/gobelet-recycle-americano-espresso-eco-de-250-ml-avec-couvercle-anti-deversement\\\/#primaryimage\"},\"image\":{\"@id\":\"https:\\\/\\\/perle-in.com\\\/produit\\\/gobelet-recycle-americano-espresso-eco-de-250-ml-avec-couvercle-anti-deversement\\\/#primaryimage\"},\"thumbnailUrl\":\"https:\\\/\\\/perle-in.com\\\/wp-content\\\/uploads\\\/2025\\\/10\\\/21045500-1.jpg\",\"datePublished\":\"2025-10-14T18:10:54+00:00\",\"dateModified\":\"2025-10-19T03:44:37+00:00\",\"breadcrumb\":{\"@id\":\"https:\\\/\\\/perle-in.com\\\/produit\\\/gobelet-recycle-americano-espresso-eco-de-250-ml-avec-couvercle-anti-deversement\\\/#breadcrumb\"},\"inLanguage\":\"en-CA\",\"potentialAction\":[{\"@type\":\"ReadAction\",\"target\":[\"https:\\\/\\\/perle-in.com\\\/produit\\\/gobelet-recycle-americano-espresso-eco-de-250-ml-avec-couvercle-anti-deversement\\\/\"]}]},{\"@type\":\"ImageObject\",\"inLanguage\":\"en-CA\",\"@id\":\"https:\\\/\\\/perle-in.com\\\/produit\\\/gobelet-recycle-americano-espresso-eco-de-250-ml-avec-couvercle-anti-deversement\\\/#primaryimage\",\"url\":\"https:\\\/\\\/perle-in.com\\\/wp-content\\\/uploads\\\/2025\\\/10\\\/21045500-1.jpg\",\"contentUrl\":\"https:\\\/\\\/perle-in.com\\\/wp-content\\\/uploads\\\/2025\\\/10\\\/21045500-1.jpg\",\"width\":1600,\"height\":1600},{\"@type\":\"BreadcrumbList\",\"@id\":\"https:\\\/\\\/perle-in.com\\\/produit\\\/gobelet-recycle-americano-espresso-eco-de-250-ml-avec-couvercle-anti-deversement\\\/#breadcrumb\",\"itemListElement\":[{\"@type\":\"ListItem\",\"position\":1,\"name\":\"Accueil\",\"item\":\"https:\\\/\\\/perle-in.com\\\/\"},{\"@type\":\"ListItem\",\"position\":2,\"name\":\"Boutique\",\"item\":\"https:\\\/\\\/perle-in.com\\\/boutique\\\/\"},{\"@type\":\"ListItem\",\"position\":3,\"name\":\"Gobelet recycl\u00e9 Americano\u00ae Espresso Eco de 250\u00a0ml avec couvercle anti-d\u00e9versement\"}]},{\"@type\":\"WebSite\",\"@id\":\"https:\\\/\\\/perle-in.com\\\/#website\",\"url\":\"https:\\\/\\\/perle-in.com\\\/\",\"name\":\"PERLE IN\",\"description\":\"\",\"publisher\":{\"@id\":\"https:\\\/\\\/perle-in.com\\\/#organization\"},\"potentialAction\":[{\"@type\":\"SearchAction\",\"target\":{\"@type\":\"EntryPoint\",\"urlTemplate\":\"https:\\\/\\\/perle-in.com\\\/?s={search_term_string}\"},\"query-input\":{\"@type\":\"PropertyValueSpecification\",\"valueRequired\":true,\"valueName\":\"search_term_string\"}}],\"inLanguage\":\"en-CA\"},{\"@type\":\"Organization\",\"@id\":\"https:\\\/\\\/perle-in.com\\\/#organization\",\"name\":\"PERLE IN\",\"url\":\"https:\\\/\\\/perle-in.com\\\/\",\"logo\":{\"@type\":\"ImageObject\",\"inLanguage\":\"en-CA\",\"@id\":\"https:\\\/\\\/perle-in.com\\\/#\\\/schema\\\/logo\\\/image\\\/\",\"url\":\"https:\\\/\\\/perle-in.com\\\/wp-content\\\/uploads\\\/2022\\\/12\\\/LOGO-PERLE-IN-COULEUR@3x.webp\",\"contentUrl\":\"https:\\\/\\\/perle-in.com\\\/wp-content\\\/uploads\\\/2022\\\/12\\\/LOGO-PERLE-IN-COULEUR@3x.webp\",\"width\":1600,\"height\":490,\"caption\":\"PERLE IN\"},\"image\":{\"@id\":\"https:\\\/\\\/perle-in.com\\\/#\\\/schema\\\/logo\\\/image\\\/\"}}]}<\/script>\n<!-- \/ Yoast SEO plugin. -->","yoast_head_json":{"title":"Gobelet recycl\u00e9 Americano\u00ae Espresso Eco de 250\u00a0ml avec couvercle anti-d\u00e9versement - PERLE IN","robots":{"index":"noindex","follow":"follow","max-snippet":"max-snippet:-1","max-image-preview":"max-image-preview:large","max-video-preview":"max-video-preview:-1"},"og_locale":"en_US","og_type":"article","og_title":"Gobelet recycl\u00e9 Americano\u00ae Espresso Eco de 250\u00a0ml avec couvercle anti-d\u00e9versement - PERLE IN","og_description":"Gobelet isotherme \u00e0 double paroi avec couvercle s\u00e9curit\u00e9 anti-d\u00e9versement \u00e0 visser. Le couvercle se clipse pour emp\u00eacher les d\u00e9versements, et est fabriqu\u00e9 sans silicone pour un gobelet enti\u00e8rement recyclable. Le gobelet est fabriqu\u00e9 en plastique recycl\u00e9 \u00e0 70% au total, avec un corps recycl\u00e9 et couche int\u00e9rieure noire et un couvercle standard. Les nuances de noir peuvent varier en raison de la nature du mat\u00e9riau recycl\u00e9. Conforme \u00e0 la norme EN12875-1. Passe au lave-vaisselle et au micro-ondes. Capacit\u00e9 de 250\u00a0ml. Emball\u00e9 dans un sac en plastique PE recycl\u00e9. Fabriqu\u00e9 au Royaume-Uni.","og_url":"https:\/\/perle-in.com\/en\/product\/gobelet-recycle-americano-espresso-eco-de-250-ml-avec-couvercle-anti-deversement\/","og_site_name":"PERLE IN","article_modified_time":"2025-10-19T03:44:37+00:00","og_image":[{"width":1600,"height":1600,"url":"https:\/\/perle-in.com\/wp-content\/uploads\/2025\/10\/21045500-1.jpg","type":"image\/jpeg"}],"twitter_card":"summary_large_image","schema":{"@context":"https:\/\/schema.org","@graph":[{"@type":"WebPage","@id":"https:\/\/perle-in.com\/produit\/gobelet-recycle-americano-espresso-eco-de-250-ml-avec-couvercle-anti-deversement\/","url":"https:\/\/perle-in.com\/produit\/gobelet-recycle-americano-espresso-eco-de-250-ml-avec-couvercle-anti-deversement\/","name":"Gobelet recycl\u00e9 Americano\u00ae Espresso Eco de 250\u00a0ml avec couvercle anti-d\u00e9versement - PERLE IN","isPartOf":{"@id":"https:\/\/perle-in.com\/#website"},"primaryImageOfPage":{"@id":"https:\/\/perle-in.com\/produit\/gobelet-recycle-americano-espresso-eco-de-250-ml-avec-couvercle-anti-deversement\/#primaryimage"},"image":{"@id":"https:\/\/perle-in.com\/produit\/gobelet-recycle-americano-espresso-eco-de-250-ml-avec-couvercle-anti-deversement\/#primaryimage"},"thumbnailUrl":"https:\/\/perle-in.com\/wp-content\/uploads\/2025\/10\/21045500-1.jpg","datePublished":"2025-10-14T18:10:54+00:00","dateModified":"2025-10-19T03:44:37+00:00","breadcrumb":{"@id":"https:\/\/perle-in.com\/produit\/gobelet-recycle-americano-espresso-eco-de-250-ml-avec-couvercle-anti-deversement\/#breadcrumb"},"inLanguage":"en-CA","potentialAction":[{"@type":"ReadAction","target":["https:\/\/perle-in.com\/produit\/gobelet-recycle-americano-espresso-eco-de-250-ml-avec-couvercle-anti-deversement\/"]}]},{"@type":"ImageObject","inLanguage":"en-CA","@id":"https:\/\/perle-in.com\/produit\/gobelet-recycle-americano-espresso-eco-de-250-ml-avec-couvercle-anti-deversement\/#primaryimage","url":"https:\/\/perle-in.com\/wp-content\/uploads\/2025\/10\/21045500-1.jpg","contentUrl":"https:\/\/perle-in.com\/wp-content\/uploads\/2025\/10\/21045500-1.jpg","width":1600,"height":1600},{"@type":"BreadcrumbList","@id":"https:\/\/perle-in.com\/produit\/gobelet-recycle-americano-espresso-eco-de-250-ml-avec-couvercle-anti-deversement\/#breadcrumb","itemListElement":[{"@type":"ListItem","position":1,"name":"Accueil","item":"https:\/\/perle-in.com\/"},{"@type":"ListItem","position":2,"name":"Boutique","item":"https:\/\/perle-in.com\/boutique\/"},{"@type":"ListItem","position":3,"name":"Gobelet recycl\u00e9 Americano\u00ae Espresso Eco de 250\u00a0ml avec couvercle anti-d\u00e9versement"}]},{"@type":"WebSite","@id":"https:\/\/perle-in.com\/#website","url":"https:\/\/perle-in.com\/","name":"PERLE IN","description":"","publisher":{"@id":"https:\/\/perle-in.com\/#organization"},"potentialAction":[{"@type":"SearchAction","target":{"@type":"EntryPoint","urlTemplate":"https:\/\/perle-in.com\/?s={search_term_string}"},"query-input":{"@type":"PropertyValueSpecification","valueRequired":true,"valueName":"search_term_string"}}],"inLanguage":"en-CA"},{"@type":"Organization","@id":"https:\/\/perle-in.com\/#organization","name":"PERLE IN","url":"https:\/\/perle-in.com\/","logo":{"@type":"ImageObject","inLanguage":"en-CA","@id":"https:\/\/perle-in.com\/#\/schema\/logo\/image\/","url":"https:\/\/perle-in.com\/wp-content\/uploads\/2022\/12\/LOGO-PERLE-IN-COULEUR@3x.webp","contentUrl":"https:\/\/perle-in.com\/wp-content\/uploads\/2022\/12\/LOGO-PERLE-IN-COULEUR@3x.webp","width":1600,"height":490,"caption":"PERLE IN"},"image":{"@id":"https:\/\/perle-in.com\/#\/schema\/logo\/image\/"}}]}},"jetpack_sharing_enabled":true,"_links":{"self":[{"href":"https:\/\/perle-in.com\/en\/wp-json\/wp\/v2\/product\/534924","targetHints":{"allow":["GET"]}}],"collection":[{"href":"https:\/\/perle-in.com\/en\/wp-json\/wp\/v2\/product"}],"about":[{"href":"https:\/\/perle-in.com\/en\/wp-json\/wp\/v2\/types\/product"}],"version-history":[{"count":0,"href":"https:\/\/perle-in.com\/en\/wp-json\/wp\/v2\/product\/534924\/revisions"}],"wp:featuredmedia":[{"embeddable":true,"href":"https:\/\/perle-in.com\/en\/wp-json\/wp\/v2\/media\/534740"}],"wp:attachment":[{"href":"https:\/\/perle-in.com\/en\/wp-json\/wp\/v2\/media?parent=534924"}],"wp:term":[{"taxonomy":"product_brand","embeddable":true,"href":"https:\/\/perle-in.com\/en\/wp-json\/wp\/v2\/product_brand?post=534924"},{"taxonomy":"product_cat","embeddable":true,"href":"https:\/\/perle-in.com\/en\/wp-json\/wp\/v2\/product_cat?post=534924"},{"taxonomy":"product_tag","embeddable":true,"href":"https:\/\/perle-in.com\/en\/wp-json\/wp\/v2\/product_tag?post=534924"}],"curies":[{"name":"wp","href":"https:\/\/api.w.org\/{rel}","templated":true}]}}