{"id":530229,"date":"2025-10-14T10:21:01","date_gmt":"2025-10-14T08:21:01","guid":{"rendered":"https:\/\/perle-in.com\/produit\/housse-pour-selle-de-velo-jesse-en-pet-recycle\/"},"modified":"2025-10-14T10:21:05","modified_gmt":"2025-10-14T08:21:05","slug":"housse-pour-selle-de-velo-jesse-en-pet-recycle","status":"publish","type":"product","link":"https:\/\/perle-in.com\/en\/product\/housse-pour-selle-de-velo-jesse-en-pet-recycle\/","title":{"rendered":"Housse pour selle de v\u00e9lo Jesse en PET recycl\u00e9"},"content":{"rendered":"","protected":false},"excerpt":{"rendered":"<p>Housse pour selle de v\u00e9lo r\u00e9utilisable et l\u00e9g\u00e8re, fabriqu\u00e9e en PET recycl\u00e9, avec une bande \u00e9lastique pour s&#8217;adapter \u00e0 la plupart des selles de v\u00e9lo.La housse prot\u00e8ge la selle de la salet\u00e9 et de l&#8217;humidit\u00e9 (elle n&#8217;est pas \u00e9tanche \u00e0 100 %).<\/p>","protected":false},"featured_media":530213,"template":"","meta":{"_eb_attr":""},"product_brand":[],"product_cat":[756,129],"product_tag":[2755,2751,760,946,1113,2756,836,2754,2752,2753,758],"class_list":{"0":"post-530229","1":"product","2":"type-product","3":"status-publish","4":"has-post-thumbnail","6":"product_cat-equipements-velo","7":"product_cat-sport-et-loisirs","8":"product_tag-accessoire","9":"product_tag-accessoires","10":"product_tag-cyclisme","11":"product_tag-green-concept","12":"product_tag-housse","13":"product_tag-pet-recycle","14":"product_tag-recycle","15":"product_tag-recyclee","16":"product_tag-selle","17":"product_tag-selles","18":"product_tag-velo","19":"pa_couleurs-blanc","20":"pa_couleurs-noir","21":"pa_couleurs-rouge","22":"pa_matiere-plastique-recycle-pet","24":"first","25":"instock","26":"shipping-taxable","27":"purchasable","28":"product-type-variable"},"yoast_head":"<!-- This site is optimized with the Yoast SEO plugin v27.4 - https:\/\/yoast.com\/product\/yoast-seo-wordpress\/ -->\n<title>Housse pour selle de v\u00e9lo Jesse en PET recycl\u00e9 - PERLE IN<\/title>\n<meta name=\"robots\" content=\"noindex, follow, max-snippet:-1, max-image-preview:large, max-video-preview:-1\" \/>\n<meta property=\"og:locale\" content=\"en_US\" \/>\n<meta property=\"og:type\" content=\"article\" \/>\n<meta property=\"og:title\" content=\"Housse pour selle de v\u00e9lo Jesse en PET recycl\u00e9 - PERLE IN\" \/>\n<meta property=\"og:description\" content=\"Housse pour selle de v\u00e9lo r\u00e9utilisable et l\u00e9g\u00e8re, fabriqu\u00e9e en PET recycl\u00e9, avec une bande \u00e9lastique pour s&#039;adapter \u00e0 la plupart des selles de v\u00e9lo.La housse prot\u00e8ge la selle de la salet\u00e9 et de l&#039;humidit\u00e9 (elle n&#039;est pas \u00e9tanche \u00e0 100 %).\" \/>\n<meta property=\"og:url\" content=\"https:\/\/perle-in.com\/en\/product\/housse-pour-selle-de-velo-jesse-en-pet-recycle\/\" \/>\n<meta property=\"og:site_name\" content=\"PERLE IN\" \/>\n<meta property=\"article:modified_time\" content=\"2025-10-14T08:21:05+00:00\" \/>\n<meta property=\"og:image\" content=\"https:\/\/perle-in.com\/wp-content\/uploads\/2025\/10\/11402101-1.jpg\" \/>\n\t<meta property=\"og:image:width\" content=\"1600\" \/>\n\t<meta property=\"og:image:height\" content=\"1600\" \/>\n\t<meta property=\"og:image:type\" content=\"image\/jpeg\" \/>\n<meta name=\"twitter:card\" content=\"summary_large_image\" \/>\n<script type=\"application\/ld+json\" class=\"yoast-schema-graph\">{\"@context\":\"https:\\\/\\\/schema.org\",\"@graph\":[{\"@type\":\"WebPage\",\"@id\":\"https:\\\/\\\/perle-in.com\\\/produit\\\/housse-pour-selle-de-velo-jesse-en-pet-recycle\\\/\",\"url\":\"https:\\\/\\\/perle-in.com\\\/produit\\\/housse-pour-selle-de-velo-jesse-en-pet-recycle\\\/\",\"name\":\"Housse pour selle de v\u00e9lo Jesse en PET recycl\u00e9 - PERLE IN\",\"isPartOf\":{\"@id\":\"https:\\\/\\\/perle-in.com\\\/#website\"},\"primaryImageOfPage\":{\"@id\":\"https:\\\/\\\/perle-in.com\\\/produit\\\/housse-pour-selle-de-velo-jesse-en-pet-recycle\\\/#primaryimage\"},\"image\":{\"@id\":\"https:\\\/\\\/perle-in.com\\\/produit\\\/housse-pour-selle-de-velo-jesse-en-pet-recycle\\\/#primaryimage\"},\"thumbnailUrl\":\"https:\\\/\\\/perle-in.com\\\/wp-content\\\/uploads\\\/2025\\\/10\\\/11402101-1.jpg\",\"datePublished\":\"2025-10-14T08:21:01+00:00\",\"dateModified\":\"2025-10-14T08:21:05+00:00\",\"breadcrumb\":{\"@id\":\"https:\\\/\\\/perle-in.com\\\/produit\\\/housse-pour-selle-de-velo-jesse-en-pet-recycle\\\/#breadcrumb\"},\"inLanguage\":\"en-CA\",\"potentialAction\":[{\"@type\":\"ReadAction\",\"target\":[\"https:\\\/\\\/perle-in.com\\\/produit\\\/housse-pour-selle-de-velo-jesse-en-pet-recycle\\\/\"]}]},{\"@type\":\"ImageObject\",\"inLanguage\":\"en-CA\",\"@id\":\"https:\\\/\\\/perle-in.com\\\/produit\\\/housse-pour-selle-de-velo-jesse-en-pet-recycle\\\/#primaryimage\",\"url\":\"https:\\\/\\\/perle-in.com\\\/wp-content\\\/uploads\\\/2025\\\/10\\\/11402101-1.jpg\",\"contentUrl\":\"https:\\\/\\\/perle-in.com\\\/wp-content\\\/uploads\\\/2025\\\/10\\\/11402101-1.jpg\",\"width\":1600,\"height\":1600},{\"@type\":\"BreadcrumbList\",\"@id\":\"https:\\\/\\\/perle-in.com\\\/produit\\\/housse-pour-selle-de-velo-jesse-en-pet-recycle\\\/#breadcrumb\",\"itemListElement\":[{\"@type\":\"ListItem\",\"position\":1,\"name\":\"Accueil\",\"item\":\"https:\\\/\\\/perle-in.com\\\/\"},{\"@type\":\"ListItem\",\"position\":2,\"name\":\"Boutique\",\"item\":\"https:\\\/\\\/perle-in.com\\\/boutique\\\/\"},{\"@type\":\"ListItem\",\"position\":3,\"name\":\"Housse pour selle de v\u00e9lo Jesse en PET recycl\u00e9\"}]},{\"@type\":\"WebSite\",\"@id\":\"https:\\\/\\\/perle-in.com\\\/#website\",\"url\":\"https:\\\/\\\/perle-in.com\\\/\",\"name\":\"PERLE IN\",\"description\":\"\",\"publisher\":{\"@id\":\"https:\\\/\\\/perle-in.com\\\/#organization\"},\"potentialAction\":[{\"@type\":\"SearchAction\",\"target\":{\"@type\":\"EntryPoint\",\"urlTemplate\":\"https:\\\/\\\/perle-in.com\\\/?s={search_term_string}\"},\"query-input\":{\"@type\":\"PropertyValueSpecification\",\"valueRequired\":true,\"valueName\":\"search_term_string\"}}],\"inLanguage\":\"en-CA\"},{\"@type\":\"Organization\",\"@id\":\"https:\\\/\\\/perle-in.com\\\/#organization\",\"name\":\"PERLE IN\",\"url\":\"https:\\\/\\\/perle-in.com\\\/\",\"logo\":{\"@type\":\"ImageObject\",\"inLanguage\":\"en-CA\",\"@id\":\"https:\\\/\\\/perle-in.com\\\/#\\\/schema\\\/logo\\\/image\\\/\",\"url\":\"https:\\\/\\\/perle-in.com\\\/wp-content\\\/uploads\\\/2022\\\/12\\\/LOGO-PERLE-IN-COULEUR@3x.webp\",\"contentUrl\":\"https:\\\/\\\/perle-in.com\\\/wp-content\\\/uploads\\\/2022\\\/12\\\/LOGO-PERLE-IN-COULEUR@3x.webp\",\"width\":1600,\"height\":490,\"caption\":\"PERLE IN\"},\"image\":{\"@id\":\"https:\\\/\\\/perle-in.com\\\/#\\\/schema\\\/logo\\\/image\\\/\"}}]}<\/script>\n<!-- \/ Yoast SEO plugin. -->","yoast_head_json":{"title":"Housse pour selle de v\u00e9lo Jesse en PET recycl\u00e9 - PERLE IN","robots":{"index":"noindex","follow":"follow","max-snippet":"max-snippet:-1","max-image-preview":"max-image-preview:large","max-video-preview":"max-video-preview:-1"},"og_locale":"en_US","og_type":"article","og_title":"Housse pour selle de v\u00e9lo Jesse en PET recycl\u00e9 - PERLE IN","og_description":"Housse pour selle de v\u00e9lo r\u00e9utilisable et l\u00e9g\u00e8re, fabriqu\u00e9e en PET recycl\u00e9, avec une bande \u00e9lastique pour s'adapter \u00e0 la plupart des selles de v\u00e9lo.La housse prot\u00e8ge la selle de la salet\u00e9 et de l'humidit\u00e9 (elle n'est pas \u00e9tanche \u00e0 100 %).","og_url":"https:\/\/perle-in.com\/en\/product\/housse-pour-selle-de-velo-jesse-en-pet-recycle\/","og_site_name":"PERLE IN","article_modified_time":"2025-10-14T08:21:05+00:00","og_image":[{"width":1600,"height":1600,"url":"https:\/\/perle-in.com\/wp-content\/uploads\/2025\/10\/11402101-1.jpg","type":"image\/jpeg"}],"twitter_card":"summary_large_image","schema":{"@context":"https:\/\/schema.org","@graph":[{"@type":"WebPage","@id":"https:\/\/perle-in.com\/produit\/housse-pour-selle-de-velo-jesse-en-pet-recycle\/","url":"https:\/\/perle-in.com\/produit\/housse-pour-selle-de-velo-jesse-en-pet-recycle\/","name":"Housse pour selle de v\u00e9lo Jesse en PET recycl\u00e9 - PERLE IN","isPartOf":{"@id":"https:\/\/perle-in.com\/#website"},"primaryImageOfPage":{"@id":"https:\/\/perle-in.com\/produit\/housse-pour-selle-de-velo-jesse-en-pet-recycle\/#primaryimage"},"image":{"@id":"https:\/\/perle-in.com\/produit\/housse-pour-selle-de-velo-jesse-en-pet-recycle\/#primaryimage"},"thumbnailUrl":"https:\/\/perle-in.com\/wp-content\/uploads\/2025\/10\/11402101-1.jpg","datePublished":"2025-10-14T08:21:01+00:00","dateModified":"2025-10-14T08:21:05+00:00","breadcrumb":{"@id":"https:\/\/perle-in.com\/produit\/housse-pour-selle-de-velo-jesse-en-pet-recycle\/#breadcrumb"},"inLanguage":"en-CA","potentialAction":[{"@type":"ReadAction","target":["https:\/\/perle-in.com\/produit\/housse-pour-selle-de-velo-jesse-en-pet-recycle\/"]}]},{"@type":"ImageObject","inLanguage":"en-CA","@id":"https:\/\/perle-in.com\/produit\/housse-pour-selle-de-velo-jesse-en-pet-recycle\/#primaryimage","url":"https:\/\/perle-in.com\/wp-content\/uploads\/2025\/10\/11402101-1.jpg","contentUrl":"https:\/\/perle-in.com\/wp-content\/uploads\/2025\/10\/11402101-1.jpg","width":1600,"height":1600},{"@type":"BreadcrumbList","@id":"https:\/\/perle-in.com\/produit\/housse-pour-selle-de-velo-jesse-en-pet-recycle\/#breadcrumb","itemListElement":[{"@type":"ListItem","position":1,"name":"Accueil","item":"https:\/\/perle-in.com\/"},{"@type":"ListItem","position":2,"name":"Boutique","item":"https:\/\/perle-in.com\/boutique\/"},{"@type":"ListItem","position":3,"name":"Housse pour selle de v\u00e9lo Jesse en PET recycl\u00e9"}]},{"@type":"WebSite","@id":"https:\/\/perle-in.com\/#website","url":"https:\/\/perle-in.com\/","name":"PERLE IN","description":"","publisher":{"@id":"https:\/\/perle-in.com\/#organization"},"potentialAction":[{"@type":"SearchAction","target":{"@type":"EntryPoint","urlTemplate":"https:\/\/perle-in.com\/?s={search_term_string}"},"query-input":{"@type":"PropertyValueSpecification","valueRequired":true,"valueName":"search_term_string"}}],"inLanguage":"en-CA"},{"@type":"Organization","@id":"https:\/\/perle-in.com\/#organization","name":"PERLE IN","url":"https:\/\/perle-in.com\/","logo":{"@type":"ImageObject","inLanguage":"en-CA","@id":"https:\/\/perle-in.com\/#\/schema\/logo\/image\/","url":"https:\/\/perle-in.com\/wp-content\/uploads\/2022\/12\/LOGO-PERLE-IN-COULEUR@3x.webp","contentUrl":"https:\/\/perle-in.com\/wp-content\/uploads\/2022\/12\/LOGO-PERLE-IN-COULEUR@3x.webp","width":1600,"height":490,"caption":"PERLE IN"},"image":{"@id":"https:\/\/perle-in.com\/#\/schema\/logo\/image\/"}}]}},"jetpack_sharing_enabled":true,"_links":{"self":[{"href":"https:\/\/perle-in.com\/en\/wp-json\/wp\/v2\/product\/530229","targetHints":{"allow":["GET"]}}],"collection":[{"href":"https:\/\/perle-in.com\/en\/wp-json\/wp\/v2\/product"}],"about":[{"href":"https:\/\/perle-in.com\/en\/wp-json\/wp\/v2\/types\/product"}],"version-history":[{"count":0,"href":"https:\/\/perle-in.com\/en\/wp-json\/wp\/v2\/product\/530229\/revisions"}],"wp:featuredmedia":[{"embeddable":true,"href":"https:\/\/perle-in.com\/en\/wp-json\/wp\/v2\/media\/530213"}],"wp:attachment":[{"href":"https:\/\/perle-in.com\/en\/wp-json\/wp\/v2\/media?parent=530229"}],"wp:term":[{"taxonomy":"product_brand","embeddable":true,"href":"https:\/\/perle-in.com\/en\/wp-json\/wp\/v2\/product_brand?post=530229"},{"taxonomy":"product_cat","embeddable":true,"href":"https:\/\/perle-in.com\/en\/wp-json\/wp\/v2\/product_cat?post=530229"},{"taxonomy":"product_tag","embeddable":true,"href":"https:\/\/perle-in.com\/en\/wp-json\/wp\/v2\/product_tag?post=530229"}],"curies":[{"name":"wp","href":"https:\/\/api.w.org\/{rel}","templated":true}]}}