{"id":530127,"date":"2025-10-14T10:13:11","date_gmt":"2025-10-14T08:13:11","guid":{"rendered":"https:\/\/perle-in.com\/produit\/agenda-l-hebdomadaire-12-mois-moleskine-a-couverture-rigide\/"},"modified":"2025-10-14T10:13:15","modified_gmt":"2025-10-14T08:13:15","slug":"agenda-l-hebdomadaire-12-mois-moleskine-a-couverture-rigide","status":"publish","type":"product","link":"https:\/\/perle-in.com\/en\/product\/agenda-l-hebdomadaire-12-mois-moleskine-a-couverture-rigide\/","title":{"rendered":"Agenda L hebdomadaire 12\u00a0mois Moleskine \u00e0 couverture rigide"},"content":{"rendered":"","protected":false},"excerpt":{"rendered":"<p>Dat\u00e9 de janvier \u00e0 d\u00e9cembre\u00a02026, l\u2019agenda hebdomadaire Moleskine de 12\u00a0mois \u00e0 couverture rigide permet de visualiser la semaine enti\u00e8re en un coup d\u2019\u0153il, tout en offrant des pages d\u2019instantan\u00e9s annuels et mensuels pour une vue d\u2019ensemble de l\u2019ann\u00e9e, suivies de pages pour la planification des voyages, les id\u00e9es et les objectifs. Les jours de la semaine sont affich\u00e9s sur un c\u00f4t\u00e9, en regard d\u2019une page lign\u00e9e pour les t\u00e2ches et les notes. Il est dot\u00e9 d\u2019un papier ivoire sans acide, d\u2019un \u00e9lastique de fermeture noir, d\u2019un marque-page, d\u2019une pochette int\u00e9rieure extensible de couleur assortie et d\u2019autocollants pour la personnalisation, ainsi que d\u2019autocollants de l\u2019ann\u00e9e pour le dos.<\/p>","protected":false},"featured_media":530117,"template":"","meta":{"_eb_attr":""},"product_brand":[],"product_cat":[587,4196],"product_tag":[1542],"class_list":{"0":"post-530127","1":"product","2":"type-product","3":"status-publish","4":"has-post-thumbnail","6":"product_cat-bloc-notes-couverture-rigide","7":"product_cat-blocs-notes-et-papeterie-personnalisee","8":"product_tag-moleskine","9":"pa_couleurs-bleu-saphir","10":"pa_couleurs-noir","11":"pa_couleurs-rouge-ecarlate","12":"pa_couleurs-vert-myrte","13":"pa_marque-moleskine","15":"first","16":"instock","17":"shipping-taxable","18":"purchasable","19":"product-type-variable"},"yoast_head":"<!-- This site is optimized with the Yoast SEO plugin v27.4 - https:\/\/yoast.com\/product\/yoast-seo-wordpress\/ -->\n<title>Agenda L hebdomadaire 12\u00a0mois Moleskine \u00e0 couverture rigide - PERLE IN<\/title>\n<meta name=\"robots\" content=\"noindex, follow, max-snippet:-1, max-image-preview:large, max-video-preview:-1\" \/>\n<meta property=\"og:locale\" content=\"en_US\" \/>\n<meta property=\"og:type\" content=\"article\" \/>\n<meta property=\"og:title\" content=\"Agenda L hebdomadaire 12\u00a0mois Moleskine \u00e0 couverture rigide - PERLE IN\" \/>\n<meta property=\"og:description\" content=\"Dat\u00e9 de janvier \u00e0 d\u00e9cembre\u00a02026, l\u2019agenda hebdomadaire Moleskine de 12\u00a0mois \u00e0 couverture rigide permet de visualiser la semaine enti\u00e8re en un coup d\u2019\u0153il, tout en offrant des pages d\u2019instantan\u00e9s annuels et mensuels pour une vue d\u2019ensemble de l\u2019ann\u00e9e, suivies de pages pour la planification des voyages, les id\u00e9es et les objectifs. Les jours de la semaine sont affich\u00e9s sur un c\u00f4t\u00e9, en regard d\u2019une page lign\u00e9e pour les t\u00e2ches et les notes. Il est dot\u00e9 d\u2019un papier ivoire sans acide, d\u2019un \u00e9lastique de fermeture noir, d\u2019un marque-page, d\u2019une pochette int\u00e9rieure extensible de couleur assortie et d\u2019autocollants pour la personnalisation, ainsi que d\u2019autocollants de l\u2019ann\u00e9e pour le dos.\" \/>\n<meta property=\"og:url\" content=\"https:\/\/perle-in.com\/en\/product\/agenda-l-hebdomadaire-12-mois-moleskine-a-couverture-rigide\/\" \/>\n<meta property=\"og:site_name\" content=\"PERLE IN\" \/>\n<meta property=\"article:modified_time\" content=\"2025-10-14T08:13:15+00:00\" \/>\n<meta property=\"og:image\" content=\"https:\/\/perle-in.com\/wp-content\/uploads\/2025\/10\/10775421-1.jpg\" \/>\n\t<meta property=\"og:image:width\" content=\"1600\" \/>\n\t<meta property=\"og:image:height\" content=\"1600\" \/>\n\t<meta property=\"og:image:type\" content=\"image\/jpeg\" \/>\n<meta name=\"twitter:card\" content=\"summary_large_image\" \/>\n<script type=\"application\/ld+json\" class=\"yoast-schema-graph\">{\"@context\":\"https:\\\/\\\/schema.org\",\"@graph\":[{\"@type\":\"WebPage\",\"@id\":\"https:\\\/\\\/perle-in.com\\\/produit\\\/agenda-l-hebdomadaire-12-mois-moleskine-a-couverture-rigide\\\/\",\"url\":\"https:\\\/\\\/perle-in.com\\\/produit\\\/agenda-l-hebdomadaire-12-mois-moleskine-a-couverture-rigide\\\/\",\"name\":\"Agenda L hebdomadaire 12\u00a0mois Moleskine \u00e0 couverture rigide - PERLE IN\",\"isPartOf\":{\"@id\":\"https:\\\/\\\/perle-in.com\\\/#website\"},\"primaryImageOfPage\":{\"@id\":\"https:\\\/\\\/perle-in.com\\\/produit\\\/agenda-l-hebdomadaire-12-mois-moleskine-a-couverture-rigide\\\/#primaryimage\"},\"image\":{\"@id\":\"https:\\\/\\\/perle-in.com\\\/produit\\\/agenda-l-hebdomadaire-12-mois-moleskine-a-couverture-rigide\\\/#primaryimage\"},\"thumbnailUrl\":\"https:\\\/\\\/perle-in.com\\\/wp-content\\\/uploads\\\/2025\\\/10\\\/10775421-1.jpg\",\"datePublished\":\"2025-10-14T08:13:11+00:00\",\"dateModified\":\"2025-10-14T08:13:15+00:00\",\"breadcrumb\":{\"@id\":\"https:\\\/\\\/perle-in.com\\\/produit\\\/agenda-l-hebdomadaire-12-mois-moleskine-a-couverture-rigide\\\/#breadcrumb\"},\"inLanguage\":\"en-CA\",\"potentialAction\":[{\"@type\":\"ReadAction\",\"target\":[\"https:\\\/\\\/perle-in.com\\\/produit\\\/agenda-l-hebdomadaire-12-mois-moleskine-a-couverture-rigide\\\/\"]}]},{\"@type\":\"ImageObject\",\"inLanguage\":\"en-CA\",\"@id\":\"https:\\\/\\\/perle-in.com\\\/produit\\\/agenda-l-hebdomadaire-12-mois-moleskine-a-couverture-rigide\\\/#primaryimage\",\"url\":\"https:\\\/\\\/perle-in.com\\\/wp-content\\\/uploads\\\/2025\\\/10\\\/10775421-1.jpg\",\"contentUrl\":\"https:\\\/\\\/perle-in.com\\\/wp-content\\\/uploads\\\/2025\\\/10\\\/10775421-1.jpg\",\"width\":1600,\"height\":1600},{\"@type\":\"BreadcrumbList\",\"@id\":\"https:\\\/\\\/perle-in.com\\\/produit\\\/agenda-l-hebdomadaire-12-mois-moleskine-a-couverture-rigide\\\/#breadcrumb\",\"itemListElement\":[{\"@type\":\"ListItem\",\"position\":1,\"name\":\"Accueil\",\"item\":\"https:\\\/\\\/perle-in.com\\\/\"},{\"@type\":\"ListItem\",\"position\":2,\"name\":\"Boutique\",\"item\":\"https:\\\/\\\/perle-in.com\\\/boutique\\\/\"},{\"@type\":\"ListItem\",\"position\":3,\"name\":\"Agenda L hebdomadaire 12\u00a0mois Moleskine \u00e0 couverture rigide\"}]},{\"@type\":\"WebSite\",\"@id\":\"https:\\\/\\\/perle-in.com\\\/#website\",\"url\":\"https:\\\/\\\/perle-in.com\\\/\",\"name\":\"PERLE IN\",\"description\":\"\",\"publisher\":{\"@id\":\"https:\\\/\\\/perle-in.com\\\/#organization\"},\"potentialAction\":[{\"@type\":\"SearchAction\",\"target\":{\"@type\":\"EntryPoint\",\"urlTemplate\":\"https:\\\/\\\/perle-in.com\\\/?s={search_term_string}\"},\"query-input\":{\"@type\":\"PropertyValueSpecification\",\"valueRequired\":true,\"valueName\":\"search_term_string\"}}],\"inLanguage\":\"en-CA\"},{\"@type\":\"Organization\",\"@id\":\"https:\\\/\\\/perle-in.com\\\/#organization\",\"name\":\"PERLE IN\",\"url\":\"https:\\\/\\\/perle-in.com\\\/\",\"logo\":{\"@type\":\"ImageObject\",\"inLanguage\":\"en-CA\",\"@id\":\"https:\\\/\\\/perle-in.com\\\/#\\\/schema\\\/logo\\\/image\\\/\",\"url\":\"https:\\\/\\\/perle-in.com\\\/wp-content\\\/uploads\\\/2022\\\/12\\\/LOGO-PERLE-IN-COULEUR@3x.webp\",\"contentUrl\":\"https:\\\/\\\/perle-in.com\\\/wp-content\\\/uploads\\\/2022\\\/12\\\/LOGO-PERLE-IN-COULEUR@3x.webp\",\"width\":1600,\"height\":490,\"caption\":\"PERLE IN\"},\"image\":{\"@id\":\"https:\\\/\\\/perle-in.com\\\/#\\\/schema\\\/logo\\\/image\\\/\"}}]}<\/script>\n<!-- \/ Yoast SEO plugin. -->","yoast_head_json":{"title":"Agenda L hebdomadaire 12\u00a0mois Moleskine \u00e0 couverture rigide - PERLE IN","robots":{"index":"noindex","follow":"follow","max-snippet":"max-snippet:-1","max-image-preview":"max-image-preview:large","max-video-preview":"max-video-preview:-1"},"og_locale":"en_US","og_type":"article","og_title":"Agenda L hebdomadaire 12\u00a0mois Moleskine \u00e0 couverture rigide - PERLE IN","og_description":"Dat\u00e9 de janvier \u00e0 d\u00e9cembre\u00a02026, l\u2019agenda hebdomadaire Moleskine de 12\u00a0mois \u00e0 couverture rigide permet de visualiser la semaine enti\u00e8re en un coup d\u2019\u0153il, tout en offrant des pages d\u2019instantan\u00e9s annuels et mensuels pour une vue d\u2019ensemble de l\u2019ann\u00e9e, suivies de pages pour la planification des voyages, les id\u00e9es et les objectifs. Les jours de la semaine sont affich\u00e9s sur un c\u00f4t\u00e9, en regard d\u2019une page lign\u00e9e pour les t\u00e2ches et les notes. Il est dot\u00e9 d\u2019un papier ivoire sans acide, d\u2019un \u00e9lastique de fermeture noir, d\u2019un marque-page, d\u2019une pochette int\u00e9rieure extensible de couleur assortie et d\u2019autocollants pour la personnalisation, ainsi que d\u2019autocollants de l\u2019ann\u00e9e pour le dos.","og_url":"https:\/\/perle-in.com\/en\/product\/agenda-l-hebdomadaire-12-mois-moleskine-a-couverture-rigide\/","og_site_name":"PERLE IN","article_modified_time":"2025-10-14T08:13:15+00:00","og_image":[{"width":1600,"height":1600,"url":"https:\/\/perle-in.com\/wp-content\/uploads\/2025\/10\/10775421-1.jpg","type":"image\/jpeg"}],"twitter_card":"summary_large_image","schema":{"@context":"https:\/\/schema.org","@graph":[{"@type":"WebPage","@id":"https:\/\/perle-in.com\/produit\/agenda-l-hebdomadaire-12-mois-moleskine-a-couverture-rigide\/","url":"https:\/\/perle-in.com\/produit\/agenda-l-hebdomadaire-12-mois-moleskine-a-couverture-rigide\/","name":"Agenda L hebdomadaire 12\u00a0mois Moleskine \u00e0 couverture rigide - PERLE IN","isPartOf":{"@id":"https:\/\/perle-in.com\/#website"},"primaryImageOfPage":{"@id":"https:\/\/perle-in.com\/produit\/agenda-l-hebdomadaire-12-mois-moleskine-a-couverture-rigide\/#primaryimage"},"image":{"@id":"https:\/\/perle-in.com\/produit\/agenda-l-hebdomadaire-12-mois-moleskine-a-couverture-rigide\/#primaryimage"},"thumbnailUrl":"https:\/\/perle-in.com\/wp-content\/uploads\/2025\/10\/10775421-1.jpg","datePublished":"2025-10-14T08:13:11+00:00","dateModified":"2025-10-14T08:13:15+00:00","breadcrumb":{"@id":"https:\/\/perle-in.com\/produit\/agenda-l-hebdomadaire-12-mois-moleskine-a-couverture-rigide\/#breadcrumb"},"inLanguage":"en-CA","potentialAction":[{"@type":"ReadAction","target":["https:\/\/perle-in.com\/produit\/agenda-l-hebdomadaire-12-mois-moleskine-a-couverture-rigide\/"]}]},{"@type":"ImageObject","inLanguage":"en-CA","@id":"https:\/\/perle-in.com\/produit\/agenda-l-hebdomadaire-12-mois-moleskine-a-couverture-rigide\/#primaryimage","url":"https:\/\/perle-in.com\/wp-content\/uploads\/2025\/10\/10775421-1.jpg","contentUrl":"https:\/\/perle-in.com\/wp-content\/uploads\/2025\/10\/10775421-1.jpg","width":1600,"height":1600},{"@type":"BreadcrumbList","@id":"https:\/\/perle-in.com\/produit\/agenda-l-hebdomadaire-12-mois-moleskine-a-couverture-rigide\/#breadcrumb","itemListElement":[{"@type":"ListItem","position":1,"name":"Accueil","item":"https:\/\/perle-in.com\/"},{"@type":"ListItem","position":2,"name":"Boutique","item":"https:\/\/perle-in.com\/boutique\/"},{"@type":"ListItem","position":3,"name":"Agenda L hebdomadaire 12\u00a0mois Moleskine \u00e0 couverture rigide"}]},{"@type":"WebSite","@id":"https:\/\/perle-in.com\/#website","url":"https:\/\/perle-in.com\/","name":"PERLE IN","description":"","publisher":{"@id":"https:\/\/perle-in.com\/#organization"},"potentialAction":[{"@type":"SearchAction","target":{"@type":"EntryPoint","urlTemplate":"https:\/\/perle-in.com\/?s={search_term_string}"},"query-input":{"@type":"PropertyValueSpecification","valueRequired":true,"valueName":"search_term_string"}}],"inLanguage":"en-CA"},{"@type":"Organization","@id":"https:\/\/perle-in.com\/#organization","name":"PERLE IN","url":"https:\/\/perle-in.com\/","logo":{"@type":"ImageObject","inLanguage":"en-CA","@id":"https:\/\/perle-in.com\/#\/schema\/logo\/image\/","url":"https:\/\/perle-in.com\/wp-content\/uploads\/2022\/12\/LOGO-PERLE-IN-COULEUR@3x.webp","contentUrl":"https:\/\/perle-in.com\/wp-content\/uploads\/2022\/12\/LOGO-PERLE-IN-COULEUR@3x.webp","width":1600,"height":490,"caption":"PERLE IN"},"image":{"@id":"https:\/\/perle-in.com\/#\/schema\/logo\/image\/"}}]}},"jetpack_sharing_enabled":true,"_links":{"self":[{"href":"https:\/\/perle-in.com\/en\/wp-json\/wp\/v2\/product\/530127","targetHints":{"allow":["GET"]}}],"collection":[{"href":"https:\/\/perle-in.com\/en\/wp-json\/wp\/v2\/product"}],"about":[{"href":"https:\/\/perle-in.com\/en\/wp-json\/wp\/v2\/types\/product"}],"version-history":[{"count":0,"href":"https:\/\/perle-in.com\/en\/wp-json\/wp\/v2\/product\/530127\/revisions"}],"wp:featuredmedia":[{"embeddable":true,"href":"https:\/\/perle-in.com\/en\/wp-json\/wp\/v2\/media\/530117"}],"wp:attachment":[{"href":"https:\/\/perle-in.com\/en\/wp-json\/wp\/v2\/media?parent=530127"}],"wp:term":[{"taxonomy":"product_brand","embeddable":true,"href":"https:\/\/perle-in.com\/en\/wp-json\/wp\/v2\/product_brand?post=530127"},{"taxonomy":"product_cat","embeddable":true,"href":"https:\/\/perle-in.com\/en\/wp-json\/wp\/v2\/product_cat?post=530127"},{"taxonomy":"product_tag","embeddable":true,"href":"https:\/\/perle-in.com\/en\/wp-json\/wp\/v2\/product_tag?post=530127"}],"curies":[{"name":"wp","href":"https:\/\/api.w.org\/{rel}","templated":true}]}}