{"id":530081,"date":"2025-10-14T10:09:51","date_gmt":"2025-10-14T08:09:51","guid":{"rendered":"https:\/\/perle-in.com\/produit\/bocal-a-dejeuner-ellipse-500200-ml\/"},"modified":"2025-10-14T10:09:55","modified_gmt":"2025-10-14T08:09:55","slug":"bocal-a-dejeuner-ellipse-500200-ml","status":"publish","type":"product","link":"https:\/\/perle-in.com\/en\/product\/bocal-a-dejeuner-ellipse-500200-ml\/","title":{"rendered":"Bocal \u00e0 d\u00e9jeuner Ellipse 500+200 ml"},"content":{"rendered":"","protected":false},"excerpt":{"rendered":"<p>Bocal \u00e0 d\u00e9jeuner avec deux\u00a0compartiments diff\u00e9rents pour garder les diff\u00e9rents ingr\u00e9dients s\u00e9par\u00e9s. Les deux r\u00e9cipients disposent d&#8217;un couvercle s\u00e9par\u00e9 et restent donc propres. Le contenu du r\u00e9cipient transparent sup\u00e9rieur est de 200\u00a0ml, ce qui signifie qu\u2019il peut contenir environ 75\u00a0grammes d\u2019aliments solides. La capacit\u00e9 du r\u00e9cipient inf\u00e9rieur est de 500\u00a0ml. Fabriqu\u00e9 \u00e0 partir de mat\u00e9riaux durables, peut \u00eatre plac\u00e9 au cong\u00e9lateur, au four \u00e0 micro-ondes (enlever le couvercle) et au lave-vaisselle. Le r\u00e9cipient transparent sup\u00e9rieur ne doit pas \u00eatre utilis\u00e9 au micro-ondes. \u00c9tanche. Sans bisph\u00e9nol A. Guarantie MEPAL 2 ans.<\/p>","protected":false},"featured_media":530069,"template":"","meta":{"_eb_attr":""},"product_brand":[],"product_cat":[1232,150],"product_tag":[2729,2730,2727,880,2728],"class_list":{"0":"post-530081","1":"product","2":"type-product","3":"status-publish","4":"has-post-thumbnail","6":"product_cat-boites-repas","7":"product_cat-maison-et-cuisine","8":"product_tag-boite","9":"product_tag-container","10":"product_tag-mepal","11":"product_tag-nourriture","12":"product_tag-repas","13":"pa_couleurs-blanc","14":"pa_couleurs-bleu-vif","15":"pa_couleurs-charbon","16":"pa_couleurs-sauge","17":"pa_green-points-2235","18":"pa_marque-mepal","19":"pa_matiere-plastique-pp-plastique-pctg","20":"pa_pays-d-origine-pays-bas","22":"first","23":"instock","24":"shipping-taxable","25":"purchasable","26":"product-type-variable"},"yoast_head":"<!-- This site is optimized with the Yoast SEO plugin v27.4 - https:\/\/yoast.com\/product\/yoast-seo-wordpress\/ -->\n<title>Bocal \u00e0 d\u00e9jeuner Ellipse 500+200 ml - PERLE IN<\/title>\n<meta name=\"robots\" content=\"noindex, follow, max-snippet:-1, max-image-preview:large, max-video-preview:-1\" \/>\n<meta property=\"og:locale\" content=\"en_US\" \/>\n<meta property=\"og:type\" content=\"article\" \/>\n<meta property=\"og:title\" content=\"Bocal \u00e0 d\u00e9jeuner Ellipse 500+200 ml - PERLE IN\" \/>\n<meta property=\"og:description\" content=\"Bocal \u00e0 d\u00e9jeuner avec deux\u00a0compartiments diff\u00e9rents pour garder les diff\u00e9rents ingr\u00e9dients s\u00e9par\u00e9s. Les deux r\u00e9cipients disposent d&#039;un couvercle s\u00e9par\u00e9 et restent donc propres. Le contenu du r\u00e9cipient transparent sup\u00e9rieur est de 200\u00a0ml, ce qui signifie qu\u2019il peut contenir environ 75\u00a0grammes d\u2019aliments solides. La capacit\u00e9 du r\u00e9cipient inf\u00e9rieur est de 500\u00a0ml. Fabriqu\u00e9 \u00e0 partir de mat\u00e9riaux durables, peut \u00eatre plac\u00e9 au cong\u00e9lateur, au four \u00e0 micro-ondes (enlever le couvercle) et au lave-vaisselle. Le r\u00e9cipient transparent sup\u00e9rieur ne doit pas \u00eatre utilis\u00e9 au micro-ondes. \u00c9tanche. Sans bisph\u00e9nol A. Guarantie MEPAL 2 ans.\" \/>\n<meta property=\"og:url\" content=\"https:\/\/perle-in.com\/en\/product\/bocal-a-dejeuner-ellipse-500200-ml\/\" \/>\n<meta property=\"og:site_name\" content=\"PERLE IN\" \/>\n<meta property=\"article:modified_time\" content=\"2025-10-14T08:09:55+00:00\" \/>\n<meta property=\"og:image\" content=\"https:\/\/perle-in.com\/wp-content\/uploads\/2025\/10\/11313301-1.jpg\" \/>\n\t<meta property=\"og:image:width\" content=\"1600\" \/>\n\t<meta property=\"og:image:height\" content=\"1600\" \/>\n\t<meta property=\"og:image:type\" content=\"image\/jpeg\" \/>\n<meta name=\"twitter:card\" content=\"summary_large_image\" \/>\n<script type=\"application\/ld+json\" class=\"yoast-schema-graph\">{\"@context\":\"https:\\\/\\\/schema.org\",\"@graph\":[{\"@type\":\"WebPage\",\"@id\":\"https:\\\/\\\/perle-in.com\\\/produit\\\/bocal-a-dejeuner-ellipse-500200-ml\\\/\",\"url\":\"https:\\\/\\\/perle-in.com\\\/produit\\\/bocal-a-dejeuner-ellipse-500200-ml\\\/\",\"name\":\"Bocal \u00e0 d\u00e9jeuner Ellipse 500+200 ml - PERLE IN\",\"isPartOf\":{\"@id\":\"https:\\\/\\\/perle-in.com\\\/#website\"},\"primaryImageOfPage\":{\"@id\":\"https:\\\/\\\/perle-in.com\\\/produit\\\/bocal-a-dejeuner-ellipse-500200-ml\\\/#primaryimage\"},\"image\":{\"@id\":\"https:\\\/\\\/perle-in.com\\\/produit\\\/bocal-a-dejeuner-ellipse-500200-ml\\\/#primaryimage\"},\"thumbnailUrl\":\"https:\\\/\\\/perle-in.com\\\/wp-content\\\/uploads\\\/2025\\\/10\\\/11313301-1.jpg\",\"datePublished\":\"2025-10-14T08:09:51+00:00\",\"dateModified\":\"2025-10-14T08:09:55+00:00\",\"breadcrumb\":{\"@id\":\"https:\\\/\\\/perle-in.com\\\/produit\\\/bocal-a-dejeuner-ellipse-500200-ml\\\/#breadcrumb\"},\"inLanguage\":\"en-CA\",\"potentialAction\":[{\"@type\":\"ReadAction\",\"target\":[\"https:\\\/\\\/perle-in.com\\\/produit\\\/bocal-a-dejeuner-ellipse-500200-ml\\\/\"]}]},{\"@type\":\"ImageObject\",\"inLanguage\":\"en-CA\",\"@id\":\"https:\\\/\\\/perle-in.com\\\/produit\\\/bocal-a-dejeuner-ellipse-500200-ml\\\/#primaryimage\",\"url\":\"https:\\\/\\\/perle-in.com\\\/wp-content\\\/uploads\\\/2025\\\/10\\\/11313301-1.jpg\",\"contentUrl\":\"https:\\\/\\\/perle-in.com\\\/wp-content\\\/uploads\\\/2025\\\/10\\\/11313301-1.jpg\",\"width\":1600,\"height\":1600},{\"@type\":\"BreadcrumbList\",\"@id\":\"https:\\\/\\\/perle-in.com\\\/produit\\\/bocal-a-dejeuner-ellipse-500200-ml\\\/#breadcrumb\",\"itemListElement\":[{\"@type\":\"ListItem\",\"position\":1,\"name\":\"Accueil\",\"item\":\"https:\\\/\\\/perle-in.com\\\/\"},{\"@type\":\"ListItem\",\"position\":2,\"name\":\"Boutique\",\"item\":\"https:\\\/\\\/perle-in.com\\\/boutique\\\/\"},{\"@type\":\"ListItem\",\"position\":3,\"name\":\"Bocal \u00e0 d\u00e9jeuner Ellipse 500+200 ml\"}]},{\"@type\":\"WebSite\",\"@id\":\"https:\\\/\\\/perle-in.com\\\/#website\",\"url\":\"https:\\\/\\\/perle-in.com\\\/\",\"name\":\"PERLE IN\",\"description\":\"\",\"publisher\":{\"@id\":\"https:\\\/\\\/perle-in.com\\\/#organization\"},\"potentialAction\":[{\"@type\":\"SearchAction\",\"target\":{\"@type\":\"EntryPoint\",\"urlTemplate\":\"https:\\\/\\\/perle-in.com\\\/?s={search_term_string}\"},\"query-input\":{\"@type\":\"PropertyValueSpecification\",\"valueRequired\":true,\"valueName\":\"search_term_string\"}}],\"inLanguage\":\"en-CA\"},{\"@type\":\"Organization\",\"@id\":\"https:\\\/\\\/perle-in.com\\\/#organization\",\"name\":\"PERLE IN\",\"url\":\"https:\\\/\\\/perle-in.com\\\/\",\"logo\":{\"@type\":\"ImageObject\",\"inLanguage\":\"en-CA\",\"@id\":\"https:\\\/\\\/perle-in.com\\\/#\\\/schema\\\/logo\\\/image\\\/\",\"url\":\"https:\\\/\\\/perle-in.com\\\/wp-content\\\/uploads\\\/2022\\\/12\\\/LOGO-PERLE-IN-COULEUR@3x.webp\",\"contentUrl\":\"https:\\\/\\\/perle-in.com\\\/wp-content\\\/uploads\\\/2022\\\/12\\\/LOGO-PERLE-IN-COULEUR@3x.webp\",\"width\":1600,\"height\":490,\"caption\":\"PERLE IN\"},\"image\":{\"@id\":\"https:\\\/\\\/perle-in.com\\\/#\\\/schema\\\/logo\\\/image\\\/\"}}]}<\/script>\n<!-- \/ Yoast SEO plugin. -->","yoast_head_json":{"title":"Bocal \u00e0 d\u00e9jeuner Ellipse 500+200 ml - PERLE IN","robots":{"index":"noindex","follow":"follow","max-snippet":"max-snippet:-1","max-image-preview":"max-image-preview:large","max-video-preview":"max-video-preview:-1"},"og_locale":"en_US","og_type":"article","og_title":"Bocal \u00e0 d\u00e9jeuner Ellipse 500+200 ml - PERLE IN","og_description":"Bocal \u00e0 d\u00e9jeuner avec deux\u00a0compartiments diff\u00e9rents pour garder les diff\u00e9rents ingr\u00e9dients s\u00e9par\u00e9s. Les deux r\u00e9cipients disposent d'un couvercle s\u00e9par\u00e9 et restent donc propres. Le contenu du r\u00e9cipient transparent sup\u00e9rieur est de 200\u00a0ml, ce qui signifie qu\u2019il peut contenir environ 75\u00a0grammes d\u2019aliments solides. La capacit\u00e9 du r\u00e9cipient inf\u00e9rieur est de 500\u00a0ml. Fabriqu\u00e9 \u00e0 partir de mat\u00e9riaux durables, peut \u00eatre plac\u00e9 au cong\u00e9lateur, au four \u00e0 micro-ondes (enlever le couvercle) et au lave-vaisselle. Le r\u00e9cipient transparent sup\u00e9rieur ne doit pas \u00eatre utilis\u00e9 au micro-ondes. \u00c9tanche. Sans bisph\u00e9nol A. Guarantie MEPAL 2 ans.","og_url":"https:\/\/perle-in.com\/en\/product\/bocal-a-dejeuner-ellipse-500200-ml\/","og_site_name":"PERLE IN","article_modified_time":"2025-10-14T08:09:55+00:00","og_image":[{"width":1600,"height":1600,"url":"https:\/\/perle-in.com\/wp-content\/uploads\/2025\/10\/11313301-1.jpg","type":"image\/jpeg"}],"twitter_card":"summary_large_image","schema":{"@context":"https:\/\/schema.org","@graph":[{"@type":"WebPage","@id":"https:\/\/perle-in.com\/produit\/bocal-a-dejeuner-ellipse-500200-ml\/","url":"https:\/\/perle-in.com\/produit\/bocal-a-dejeuner-ellipse-500200-ml\/","name":"Bocal \u00e0 d\u00e9jeuner Ellipse 500+200 ml - PERLE IN","isPartOf":{"@id":"https:\/\/perle-in.com\/#website"},"primaryImageOfPage":{"@id":"https:\/\/perle-in.com\/produit\/bocal-a-dejeuner-ellipse-500200-ml\/#primaryimage"},"image":{"@id":"https:\/\/perle-in.com\/produit\/bocal-a-dejeuner-ellipse-500200-ml\/#primaryimage"},"thumbnailUrl":"https:\/\/perle-in.com\/wp-content\/uploads\/2025\/10\/11313301-1.jpg","datePublished":"2025-10-14T08:09:51+00:00","dateModified":"2025-10-14T08:09:55+00:00","breadcrumb":{"@id":"https:\/\/perle-in.com\/produit\/bocal-a-dejeuner-ellipse-500200-ml\/#breadcrumb"},"inLanguage":"en-CA","potentialAction":[{"@type":"ReadAction","target":["https:\/\/perle-in.com\/produit\/bocal-a-dejeuner-ellipse-500200-ml\/"]}]},{"@type":"ImageObject","inLanguage":"en-CA","@id":"https:\/\/perle-in.com\/produit\/bocal-a-dejeuner-ellipse-500200-ml\/#primaryimage","url":"https:\/\/perle-in.com\/wp-content\/uploads\/2025\/10\/11313301-1.jpg","contentUrl":"https:\/\/perle-in.com\/wp-content\/uploads\/2025\/10\/11313301-1.jpg","width":1600,"height":1600},{"@type":"BreadcrumbList","@id":"https:\/\/perle-in.com\/produit\/bocal-a-dejeuner-ellipse-500200-ml\/#breadcrumb","itemListElement":[{"@type":"ListItem","position":1,"name":"Accueil","item":"https:\/\/perle-in.com\/"},{"@type":"ListItem","position":2,"name":"Boutique","item":"https:\/\/perle-in.com\/boutique\/"},{"@type":"ListItem","position":3,"name":"Bocal \u00e0 d\u00e9jeuner Ellipse 500+200 ml"}]},{"@type":"WebSite","@id":"https:\/\/perle-in.com\/#website","url":"https:\/\/perle-in.com\/","name":"PERLE IN","description":"","publisher":{"@id":"https:\/\/perle-in.com\/#organization"},"potentialAction":[{"@type":"SearchAction","target":{"@type":"EntryPoint","urlTemplate":"https:\/\/perle-in.com\/?s={search_term_string}"},"query-input":{"@type":"PropertyValueSpecification","valueRequired":true,"valueName":"search_term_string"}}],"inLanguage":"en-CA"},{"@type":"Organization","@id":"https:\/\/perle-in.com\/#organization","name":"PERLE IN","url":"https:\/\/perle-in.com\/","logo":{"@type":"ImageObject","inLanguage":"en-CA","@id":"https:\/\/perle-in.com\/#\/schema\/logo\/image\/","url":"https:\/\/perle-in.com\/wp-content\/uploads\/2022\/12\/LOGO-PERLE-IN-COULEUR@3x.webp","contentUrl":"https:\/\/perle-in.com\/wp-content\/uploads\/2022\/12\/LOGO-PERLE-IN-COULEUR@3x.webp","width":1600,"height":490,"caption":"PERLE IN"},"image":{"@id":"https:\/\/perle-in.com\/#\/schema\/logo\/image\/"}}]}},"jetpack_sharing_enabled":true,"_links":{"self":[{"href":"https:\/\/perle-in.com\/en\/wp-json\/wp\/v2\/product\/530081","targetHints":{"allow":["GET"]}}],"collection":[{"href":"https:\/\/perle-in.com\/en\/wp-json\/wp\/v2\/product"}],"about":[{"href":"https:\/\/perle-in.com\/en\/wp-json\/wp\/v2\/types\/product"}],"version-history":[{"count":0,"href":"https:\/\/perle-in.com\/en\/wp-json\/wp\/v2\/product\/530081\/revisions"}],"wp:featuredmedia":[{"embeddable":true,"href":"https:\/\/perle-in.com\/en\/wp-json\/wp\/v2\/media\/530069"}],"wp:attachment":[{"href":"https:\/\/perle-in.com\/en\/wp-json\/wp\/v2\/media?parent=530081"}],"wp:term":[{"taxonomy":"product_brand","embeddable":true,"href":"https:\/\/perle-in.com\/en\/wp-json\/wp\/v2\/product_brand?post=530081"},{"taxonomy":"product_cat","embeddable":true,"href":"https:\/\/perle-in.com\/en\/wp-json\/wp\/v2\/product_cat?post=530081"},{"taxonomy":"product_tag","embeddable":true,"href":"https:\/\/perle-in.com\/en\/wp-json\/wp\/v2\/product_tag?post=530081"}],"curies":[{"name":"wp","href":"https:\/\/api.w.org\/{rel}","templated":true}]}}