{"id":524925,"date":"2025-10-14T06:43:10","date_gmt":"2025-10-14T04:43:10","guid":{"rendered":"https:\/\/perle-in.com\/produit\/carnet-de-notes-m-rivista\/"},"modified":"2025-10-14T06:43:14","modified_gmt":"2025-10-14T04:43:14","slug":"carnet-de-notes-m-rivista","status":"publish","type":"product","link":"https:\/\/perle-in.com\/en\/product\/carnet-de-notes-m-rivista\/","title":{"rendered":"Carnet de notes M Rivista"},"content":{"rendered":"","protected":false},"excerpt":{"rendered":"<p>La gamme de carnet de notes Rivista pr\u00e9sente un design moderne et \u00e9l\u00e9gant avec une couverture agr\u00e9able au toucher de grande qualit\u00e9, id\u00e9ale pour ajouter le logo et les d\u00e9tails de votre entreprise. Disponible dans un choix de couleurs contemporaines. Les caract\u00e9ristiques comprennent une fermeture \u00e9lastique, une boucle pour stylo, un marque-page ruban et une poche de rangement \u00e0 l\u2019int\u00e9rieur de la couverture arri\u00e8re. Avec 128 feuilles de papier lign\u00e9 cr\u00e8me (70g\/m\u00b2).<\/p>","protected":false},"featured_media":524915,"template":"","meta":{"_eb_attr":""},"product_brand":[],"product_cat":[587,4196],"product_tag":[1513,592,2631,1514,590,2632,2633,594,2640,2639,2641],"class_list":{"0":"post-524925","1":"product","2":"type-product","3":"status-publish","4":"has-post-thumbnail","6":"product_cat-bloc-notes-couverture-rigide","7":"product_cat-blocs-notes-et-papeterie-personnalisee","8":"product_tag-carnet","9":"product_tag-carnet-de-notes","10":"product_tag-carnet-notes","11":"product_tag-carnets","12":"product_tag-carnets-de-notes","13":"product_tag-carnets-notes","14":"product_tag-moyen","15":"product_tag-notes","16":"product_tag-pa1802__","17":"product_tag-pspa1802bk","18":"product_tag-revista","19":"pa_couleurs-bleu","20":"pa_couleurs-gris","21":"pa_couleurs-noir","22":"pa_couleurs-violet","23":"pa_matiere-plastique-pu","25":"first","26":"instock","27":"shipping-taxable","28":"purchasable","29":"product-type-variable"},"yoast_head":"<!-- This site is optimized with the Yoast SEO plugin v27.4 - https:\/\/yoast.com\/product\/yoast-seo-wordpress\/ -->\n<title>Carnet de notes M Rivista - PERLE IN<\/title>\n<meta name=\"robots\" content=\"noindex, follow, max-snippet:-1, max-image-preview:large, max-video-preview:-1\" \/>\n<meta property=\"og:locale\" content=\"en_US\" \/>\n<meta property=\"og:type\" content=\"article\" \/>\n<meta property=\"og:title\" content=\"Carnet de notes M Rivista - PERLE IN\" \/>\n<meta property=\"og:description\" content=\"La gamme de carnet de notes Rivista pr\u00e9sente un design moderne et \u00e9l\u00e9gant avec une couverture agr\u00e9able au toucher de grande qualit\u00e9, id\u00e9ale pour ajouter le logo et les d\u00e9tails de votre entreprise. Disponible dans un choix de couleurs contemporaines. Les caract\u00e9ristiques comprennent une fermeture \u00e9lastique, une boucle pour stylo, un marque-page ruban et une poche de rangement \u00e0 l\u2019int\u00e9rieur de la couverture arri\u00e8re. Avec 128 feuilles de papier lign\u00e9 cr\u00e8me (70g\/m\u00b2).\" \/>\n<meta property=\"og:url\" content=\"https:\/\/perle-in.com\/en\/product\/carnet-de-notes-m-rivista\/\" \/>\n<meta property=\"og:site_name\" content=\"PERLE IN\" \/>\n<meta property=\"article:modified_time\" content=\"2025-10-14T04:43:14+00:00\" \/>\n<meta property=\"og:image\" content=\"https:\/\/perle-in.com\/wp-content\/uploads\/2025\/10\/21021200-1.jpg\" \/>\n\t<meta property=\"og:image:width\" content=\"1600\" \/>\n\t<meta property=\"og:image:height\" content=\"1600\" \/>\n\t<meta property=\"og:image:type\" content=\"image\/jpeg\" \/>\n<meta name=\"twitter:card\" content=\"summary_large_image\" \/>\n<script type=\"application\/ld+json\" class=\"yoast-schema-graph\">{\"@context\":\"https:\\\/\\\/schema.org\",\"@graph\":[{\"@type\":\"WebPage\",\"@id\":\"https:\\\/\\\/perle-in.com\\\/produit\\\/carnet-de-notes-m-rivista\\\/\",\"url\":\"https:\\\/\\\/perle-in.com\\\/produit\\\/carnet-de-notes-m-rivista\\\/\",\"name\":\"Carnet de notes M Rivista - PERLE IN\",\"isPartOf\":{\"@id\":\"https:\\\/\\\/perle-in.com\\\/#website\"},\"primaryImageOfPage\":{\"@id\":\"https:\\\/\\\/perle-in.com\\\/produit\\\/carnet-de-notes-m-rivista\\\/#primaryimage\"},\"image\":{\"@id\":\"https:\\\/\\\/perle-in.com\\\/produit\\\/carnet-de-notes-m-rivista\\\/#primaryimage\"},\"thumbnailUrl\":\"https:\\\/\\\/perle-in.com\\\/wp-content\\\/uploads\\\/2025\\\/10\\\/21021200-1.jpg\",\"datePublished\":\"2025-10-14T04:43:10+00:00\",\"dateModified\":\"2025-10-14T04:43:14+00:00\",\"breadcrumb\":{\"@id\":\"https:\\\/\\\/perle-in.com\\\/produit\\\/carnet-de-notes-m-rivista\\\/#breadcrumb\"},\"inLanguage\":\"en-CA\",\"potentialAction\":[{\"@type\":\"ReadAction\",\"target\":[\"https:\\\/\\\/perle-in.com\\\/produit\\\/carnet-de-notes-m-rivista\\\/\"]}]},{\"@type\":\"ImageObject\",\"inLanguage\":\"en-CA\",\"@id\":\"https:\\\/\\\/perle-in.com\\\/produit\\\/carnet-de-notes-m-rivista\\\/#primaryimage\",\"url\":\"https:\\\/\\\/perle-in.com\\\/wp-content\\\/uploads\\\/2025\\\/10\\\/21021200-1.jpg\",\"contentUrl\":\"https:\\\/\\\/perle-in.com\\\/wp-content\\\/uploads\\\/2025\\\/10\\\/21021200-1.jpg\",\"width\":1600,\"height\":1600},{\"@type\":\"BreadcrumbList\",\"@id\":\"https:\\\/\\\/perle-in.com\\\/produit\\\/carnet-de-notes-m-rivista\\\/#breadcrumb\",\"itemListElement\":[{\"@type\":\"ListItem\",\"position\":1,\"name\":\"Accueil\",\"item\":\"https:\\\/\\\/perle-in.com\\\/\"},{\"@type\":\"ListItem\",\"position\":2,\"name\":\"Boutique\",\"item\":\"https:\\\/\\\/perle-in.com\\\/boutique\\\/\"},{\"@type\":\"ListItem\",\"position\":3,\"name\":\"Carnet de notes M Rivista\"}]},{\"@type\":\"WebSite\",\"@id\":\"https:\\\/\\\/perle-in.com\\\/#website\",\"url\":\"https:\\\/\\\/perle-in.com\\\/\",\"name\":\"PERLE IN\",\"description\":\"\",\"publisher\":{\"@id\":\"https:\\\/\\\/perle-in.com\\\/#organization\"},\"potentialAction\":[{\"@type\":\"SearchAction\",\"target\":{\"@type\":\"EntryPoint\",\"urlTemplate\":\"https:\\\/\\\/perle-in.com\\\/?s={search_term_string}\"},\"query-input\":{\"@type\":\"PropertyValueSpecification\",\"valueRequired\":true,\"valueName\":\"search_term_string\"}}],\"inLanguage\":\"en-CA\"},{\"@type\":\"Organization\",\"@id\":\"https:\\\/\\\/perle-in.com\\\/#organization\",\"name\":\"PERLE IN\",\"url\":\"https:\\\/\\\/perle-in.com\\\/\",\"logo\":{\"@type\":\"ImageObject\",\"inLanguage\":\"en-CA\",\"@id\":\"https:\\\/\\\/perle-in.com\\\/#\\\/schema\\\/logo\\\/image\\\/\",\"url\":\"https:\\\/\\\/perle-in.com\\\/wp-content\\\/uploads\\\/2022\\\/12\\\/LOGO-PERLE-IN-COULEUR@3x.webp\",\"contentUrl\":\"https:\\\/\\\/perle-in.com\\\/wp-content\\\/uploads\\\/2022\\\/12\\\/LOGO-PERLE-IN-COULEUR@3x.webp\",\"width\":1600,\"height\":490,\"caption\":\"PERLE IN\"},\"image\":{\"@id\":\"https:\\\/\\\/perle-in.com\\\/#\\\/schema\\\/logo\\\/image\\\/\"}}]}<\/script>\n<!-- \/ Yoast SEO plugin. -->","yoast_head_json":{"title":"Carnet de notes M Rivista - PERLE IN","robots":{"index":"noindex","follow":"follow","max-snippet":"max-snippet:-1","max-image-preview":"max-image-preview:large","max-video-preview":"max-video-preview:-1"},"og_locale":"en_US","og_type":"article","og_title":"Carnet de notes M Rivista - PERLE IN","og_description":"La gamme de carnet de notes Rivista pr\u00e9sente un design moderne et \u00e9l\u00e9gant avec une couverture agr\u00e9able au toucher de grande qualit\u00e9, id\u00e9ale pour ajouter le logo et les d\u00e9tails de votre entreprise. Disponible dans un choix de couleurs contemporaines. Les caract\u00e9ristiques comprennent une fermeture \u00e9lastique, une boucle pour stylo, un marque-page ruban et une poche de rangement \u00e0 l\u2019int\u00e9rieur de la couverture arri\u00e8re. Avec 128 feuilles de papier lign\u00e9 cr\u00e8me (70g\/m\u00b2).","og_url":"https:\/\/perle-in.com\/en\/product\/carnet-de-notes-m-rivista\/","og_site_name":"PERLE IN","article_modified_time":"2025-10-14T04:43:14+00:00","og_image":[{"width":1600,"height":1600,"url":"https:\/\/perle-in.com\/wp-content\/uploads\/2025\/10\/21021200-1.jpg","type":"image\/jpeg"}],"twitter_card":"summary_large_image","schema":{"@context":"https:\/\/schema.org","@graph":[{"@type":"WebPage","@id":"https:\/\/perle-in.com\/produit\/carnet-de-notes-m-rivista\/","url":"https:\/\/perle-in.com\/produit\/carnet-de-notes-m-rivista\/","name":"Carnet de notes M Rivista - PERLE IN","isPartOf":{"@id":"https:\/\/perle-in.com\/#website"},"primaryImageOfPage":{"@id":"https:\/\/perle-in.com\/produit\/carnet-de-notes-m-rivista\/#primaryimage"},"image":{"@id":"https:\/\/perle-in.com\/produit\/carnet-de-notes-m-rivista\/#primaryimage"},"thumbnailUrl":"https:\/\/perle-in.com\/wp-content\/uploads\/2025\/10\/21021200-1.jpg","datePublished":"2025-10-14T04:43:10+00:00","dateModified":"2025-10-14T04:43:14+00:00","breadcrumb":{"@id":"https:\/\/perle-in.com\/produit\/carnet-de-notes-m-rivista\/#breadcrumb"},"inLanguage":"en-CA","potentialAction":[{"@type":"ReadAction","target":["https:\/\/perle-in.com\/produit\/carnet-de-notes-m-rivista\/"]}]},{"@type":"ImageObject","inLanguage":"en-CA","@id":"https:\/\/perle-in.com\/produit\/carnet-de-notes-m-rivista\/#primaryimage","url":"https:\/\/perle-in.com\/wp-content\/uploads\/2025\/10\/21021200-1.jpg","contentUrl":"https:\/\/perle-in.com\/wp-content\/uploads\/2025\/10\/21021200-1.jpg","width":1600,"height":1600},{"@type":"BreadcrumbList","@id":"https:\/\/perle-in.com\/produit\/carnet-de-notes-m-rivista\/#breadcrumb","itemListElement":[{"@type":"ListItem","position":1,"name":"Accueil","item":"https:\/\/perle-in.com\/"},{"@type":"ListItem","position":2,"name":"Boutique","item":"https:\/\/perle-in.com\/boutique\/"},{"@type":"ListItem","position":3,"name":"Carnet de notes M Rivista"}]},{"@type":"WebSite","@id":"https:\/\/perle-in.com\/#website","url":"https:\/\/perle-in.com\/","name":"PERLE IN","description":"","publisher":{"@id":"https:\/\/perle-in.com\/#organization"},"potentialAction":[{"@type":"SearchAction","target":{"@type":"EntryPoint","urlTemplate":"https:\/\/perle-in.com\/?s={search_term_string}"},"query-input":{"@type":"PropertyValueSpecification","valueRequired":true,"valueName":"search_term_string"}}],"inLanguage":"en-CA"},{"@type":"Organization","@id":"https:\/\/perle-in.com\/#organization","name":"PERLE IN","url":"https:\/\/perle-in.com\/","logo":{"@type":"ImageObject","inLanguage":"en-CA","@id":"https:\/\/perle-in.com\/#\/schema\/logo\/image\/","url":"https:\/\/perle-in.com\/wp-content\/uploads\/2022\/12\/LOGO-PERLE-IN-COULEUR@3x.webp","contentUrl":"https:\/\/perle-in.com\/wp-content\/uploads\/2022\/12\/LOGO-PERLE-IN-COULEUR@3x.webp","width":1600,"height":490,"caption":"PERLE IN"},"image":{"@id":"https:\/\/perle-in.com\/#\/schema\/logo\/image\/"}}]}},"jetpack_sharing_enabled":true,"_links":{"self":[{"href":"https:\/\/perle-in.com\/en\/wp-json\/wp\/v2\/product\/524925","targetHints":{"allow":["GET"]}}],"collection":[{"href":"https:\/\/perle-in.com\/en\/wp-json\/wp\/v2\/product"}],"about":[{"href":"https:\/\/perle-in.com\/en\/wp-json\/wp\/v2\/types\/product"}],"version-history":[{"count":0,"href":"https:\/\/perle-in.com\/en\/wp-json\/wp\/v2\/product\/524925\/revisions"}],"wp:featuredmedia":[{"embeddable":true,"href":"https:\/\/perle-in.com\/en\/wp-json\/wp\/v2\/media\/524915"}],"wp:attachment":[{"href":"https:\/\/perle-in.com\/en\/wp-json\/wp\/v2\/media?parent=524925"}],"wp:term":[{"taxonomy":"product_brand","embeddable":true,"href":"https:\/\/perle-in.com\/en\/wp-json\/wp\/v2\/product_brand?post=524925"},{"taxonomy":"product_cat","embeddable":true,"href":"https:\/\/perle-in.com\/en\/wp-json\/wp\/v2\/product_cat?post=524925"},{"taxonomy":"product_tag","embeddable":true,"href":"https:\/\/perle-in.com\/en\/wp-json\/wp\/v2\/product_tag?post=524925"}],"curies":[{"name":"wp","href":"https:\/\/api.w.org\/{rel}","templated":true}]}}