{"id":522585,"date":"2025-10-14T05:52:47","date_gmt":"2025-10-14T03:52:47","guid":{"rendered":"https:\/\/perle-in.com\/produit\/gilet-de-securite-xl-a-usage-professionnel-see-me-rfx\/"},"modified":"2025-10-14T05:53:00","modified_gmt":"2025-10-14T03:53:00","slug":"gilet-de-securite-xl-a-usage-professionnel-see-me-rfx","status":"publish","type":"product","link":"https:\/\/perle-in.com\/en\/product\/gilet-de-securite-xl-a-usage-professionnel-see-me-rfx\/","title":{"rendered":"Gilet de s\u00e9curit\u00e9 XL \u00e0 usage professionnel See-me RFX\u2122"},"content":{"rendered":"","protected":false},"excerpt":{"rendered":"<p>Gilet de s\u00e9curit\u00e9 haute visibilit\u00e9 cat\u00e9gorie\u00a02, convenant aux personnes mesurant 165 \u00e0 180\u00a0cm. Grande surface de marquage \u00e0 l&#8217;avant et au dos du gilet. V\u00eatement haute visibilit\u00e9 \u00e0 usage professionnel. Fond fluorescent et bande r\u00e9fl\u00e9chissante. Norme EN ISO 20471:2013+A1:2016. Ce v\u00eatement porte le marquage CE certifiant sa conformit\u00e9 \u00e0 la r\u00e9glementation europ\u00e9enne 2016\/425\/EU sur les \u00e9quipements de protection individuelle de cat\u00e9gorie II.<\/p>","protected":false},"featured_media":522554,"template":"","meta":{"_eb_attr":""},"product_brand":[],"product_cat":[491,438],"product_tag":[688,689,396,686,683,684,685],"class_list":{"0":"post-522585","1":"product","2":"type-product","3":"status-publish","4":"has-post-thumbnail","6":"product_cat-gilets-de-scurit","7":"product_cat-outils-et-accessoires-pour-la-voiture","8":"product_tag-gilet-de-securite","9":"product_tag-gilets-de-securite","10":"product_tag-premiers-secours","11":"product_tag-reflechissant","12":"product_tag-reflecteur","13":"product_tag-reflecteurs","14":"product_tag-securite","15":"pa_couleurs-jaune-neon","16":"pa_couleurs-orange","18":"first","19":"instock","20":"shipping-taxable","21":"purchasable","22":"product-type-variable"},"yoast_head":"<!-- This site is optimized with the Yoast SEO plugin v27.4 - https:\/\/yoast.com\/product\/yoast-seo-wordpress\/ -->\n<title>Gilet de s\u00e9curit\u00e9 XL \u00e0 usage professionnel See-me RFX\u2122 - PERLE IN<\/title>\n<meta name=\"robots\" content=\"noindex, follow, max-snippet:-1, max-image-preview:large, max-video-preview:-1\" \/>\n<meta property=\"og:locale\" content=\"en_US\" \/>\n<meta property=\"og:type\" content=\"article\" \/>\n<meta property=\"og:title\" content=\"Gilet de s\u00e9curit\u00e9 XL \u00e0 usage professionnel See-me RFX\u2122 - PERLE IN\" \/>\n<meta property=\"og:description\" content=\"Gilet de s\u00e9curit\u00e9 haute visibilit\u00e9 cat\u00e9gorie\u00a02, convenant aux personnes mesurant 165 \u00e0 180\u00a0cm. Grande surface de marquage \u00e0 l&#039;avant et au dos du gilet. V\u00eatement haute visibilit\u00e9 \u00e0 usage professionnel. Fond fluorescent et bande r\u00e9fl\u00e9chissante. Norme EN ISO 20471:2013+A1:2016. Ce v\u00eatement porte le marquage CE certifiant sa conformit\u00e9 \u00e0 la r\u00e9glementation europ\u00e9enne 2016\/425\/EU sur les \u00e9quipements de protection individuelle de cat\u00e9gorie II.\" \/>\n<meta property=\"og:url\" content=\"https:\/\/perle-in.com\/en\/product\/gilet-de-securite-xl-a-usage-professionnel-see-me-rfx\/\" \/>\n<meta property=\"og:site_name\" content=\"PERLE IN\" \/>\n<meta property=\"article:modified_time\" content=\"2025-10-14T03:53:00+00:00\" \/>\n<meta property=\"og:image\" content=\"https:\/\/perle-in.com\/wp-content\/uploads\/2025\/10\/19538546-1.jpg\" \/>\n\t<meta property=\"og:image:width\" content=\"1600\" \/>\n\t<meta property=\"og:image:height\" content=\"1600\" \/>\n\t<meta property=\"og:image:type\" content=\"image\/jpeg\" \/>\n<meta name=\"twitter:card\" content=\"summary_large_image\" \/>\n<script type=\"application\/ld+json\" class=\"yoast-schema-graph\">{\"@context\":\"https:\\\/\\\/schema.org\",\"@graph\":[{\"@type\":\"WebPage\",\"@id\":\"https:\\\/\\\/perle-in.com\\\/produit\\\/gilet-de-securite-xl-a-usage-professionnel-see-me-rfx\\\/\",\"url\":\"https:\\\/\\\/perle-in.com\\\/produit\\\/gilet-de-securite-xl-a-usage-professionnel-see-me-rfx\\\/\",\"name\":\"Gilet de s\u00e9curit\u00e9 XL \u00e0 usage professionnel See-me RFX\u2122 - PERLE IN\",\"isPartOf\":{\"@id\":\"https:\\\/\\\/perle-in.com\\\/#website\"},\"primaryImageOfPage\":{\"@id\":\"https:\\\/\\\/perle-in.com\\\/produit\\\/gilet-de-securite-xl-a-usage-professionnel-see-me-rfx\\\/#primaryimage\"},\"image\":{\"@id\":\"https:\\\/\\\/perle-in.com\\\/produit\\\/gilet-de-securite-xl-a-usage-professionnel-see-me-rfx\\\/#primaryimage\"},\"thumbnailUrl\":\"https:\\\/\\\/perle-in.com\\\/wp-content\\\/uploads\\\/2025\\\/10\\\/19538546-1.jpg\",\"datePublished\":\"2025-10-14T03:52:47+00:00\",\"dateModified\":\"2025-10-14T03:53:00+00:00\",\"breadcrumb\":{\"@id\":\"https:\\\/\\\/perle-in.com\\\/produit\\\/gilet-de-securite-xl-a-usage-professionnel-see-me-rfx\\\/#breadcrumb\"},\"inLanguage\":\"en-CA\",\"potentialAction\":[{\"@type\":\"ReadAction\",\"target\":[\"https:\\\/\\\/perle-in.com\\\/produit\\\/gilet-de-securite-xl-a-usage-professionnel-see-me-rfx\\\/\"]}]},{\"@type\":\"ImageObject\",\"inLanguage\":\"en-CA\",\"@id\":\"https:\\\/\\\/perle-in.com\\\/produit\\\/gilet-de-securite-xl-a-usage-professionnel-see-me-rfx\\\/#primaryimage\",\"url\":\"https:\\\/\\\/perle-in.com\\\/wp-content\\\/uploads\\\/2025\\\/10\\\/19538546-1.jpg\",\"contentUrl\":\"https:\\\/\\\/perle-in.com\\\/wp-content\\\/uploads\\\/2025\\\/10\\\/19538546-1.jpg\",\"width\":1600,\"height\":1600},{\"@type\":\"BreadcrumbList\",\"@id\":\"https:\\\/\\\/perle-in.com\\\/produit\\\/gilet-de-securite-xl-a-usage-professionnel-see-me-rfx\\\/#breadcrumb\",\"itemListElement\":[{\"@type\":\"ListItem\",\"position\":1,\"name\":\"Accueil\",\"item\":\"https:\\\/\\\/perle-in.com\\\/\"},{\"@type\":\"ListItem\",\"position\":2,\"name\":\"Boutique\",\"item\":\"https:\\\/\\\/perle-in.com\\\/boutique\\\/\"},{\"@type\":\"ListItem\",\"position\":3,\"name\":\"Gilet de s\u00e9curit\u00e9 XL \u00e0 usage professionnel See-me RFX\u2122\"}]},{\"@type\":\"WebSite\",\"@id\":\"https:\\\/\\\/perle-in.com\\\/#website\",\"url\":\"https:\\\/\\\/perle-in.com\\\/\",\"name\":\"PERLE IN\",\"description\":\"\",\"publisher\":{\"@id\":\"https:\\\/\\\/perle-in.com\\\/#organization\"},\"potentialAction\":[{\"@type\":\"SearchAction\",\"target\":{\"@type\":\"EntryPoint\",\"urlTemplate\":\"https:\\\/\\\/perle-in.com\\\/?s={search_term_string}\"},\"query-input\":{\"@type\":\"PropertyValueSpecification\",\"valueRequired\":true,\"valueName\":\"search_term_string\"}}],\"inLanguage\":\"en-CA\"},{\"@type\":\"Organization\",\"@id\":\"https:\\\/\\\/perle-in.com\\\/#organization\",\"name\":\"PERLE IN\",\"url\":\"https:\\\/\\\/perle-in.com\\\/\",\"logo\":{\"@type\":\"ImageObject\",\"inLanguage\":\"en-CA\",\"@id\":\"https:\\\/\\\/perle-in.com\\\/#\\\/schema\\\/logo\\\/image\\\/\",\"url\":\"https:\\\/\\\/perle-in.com\\\/wp-content\\\/uploads\\\/2022\\\/12\\\/LOGO-PERLE-IN-COULEUR@3x.webp\",\"contentUrl\":\"https:\\\/\\\/perle-in.com\\\/wp-content\\\/uploads\\\/2022\\\/12\\\/LOGO-PERLE-IN-COULEUR@3x.webp\",\"width\":1600,\"height\":490,\"caption\":\"PERLE IN\"},\"image\":{\"@id\":\"https:\\\/\\\/perle-in.com\\\/#\\\/schema\\\/logo\\\/image\\\/\"}}]}<\/script>\n<!-- \/ Yoast SEO plugin. -->","yoast_head_json":{"title":"Gilet de s\u00e9curit\u00e9 XL \u00e0 usage professionnel See-me RFX\u2122 - PERLE IN","robots":{"index":"noindex","follow":"follow","max-snippet":"max-snippet:-1","max-image-preview":"max-image-preview:large","max-video-preview":"max-video-preview:-1"},"og_locale":"en_US","og_type":"article","og_title":"Gilet de s\u00e9curit\u00e9 XL \u00e0 usage professionnel See-me RFX\u2122 - PERLE IN","og_description":"Gilet de s\u00e9curit\u00e9 haute visibilit\u00e9 cat\u00e9gorie\u00a02, convenant aux personnes mesurant 165 \u00e0 180\u00a0cm. Grande surface de marquage \u00e0 l'avant et au dos du gilet. V\u00eatement haute visibilit\u00e9 \u00e0 usage professionnel. Fond fluorescent et bande r\u00e9fl\u00e9chissante. Norme EN ISO 20471:2013+A1:2016. Ce v\u00eatement porte le marquage CE certifiant sa conformit\u00e9 \u00e0 la r\u00e9glementation europ\u00e9enne 2016\/425\/EU sur les \u00e9quipements de protection individuelle de cat\u00e9gorie II.","og_url":"https:\/\/perle-in.com\/en\/product\/gilet-de-securite-xl-a-usage-professionnel-see-me-rfx\/","og_site_name":"PERLE IN","article_modified_time":"2025-10-14T03:53:00+00:00","og_image":[{"width":1600,"height":1600,"url":"https:\/\/perle-in.com\/wp-content\/uploads\/2025\/10\/19538546-1.jpg","type":"image\/jpeg"}],"twitter_card":"summary_large_image","schema":{"@context":"https:\/\/schema.org","@graph":[{"@type":"WebPage","@id":"https:\/\/perle-in.com\/produit\/gilet-de-securite-xl-a-usage-professionnel-see-me-rfx\/","url":"https:\/\/perle-in.com\/produit\/gilet-de-securite-xl-a-usage-professionnel-see-me-rfx\/","name":"Gilet de s\u00e9curit\u00e9 XL \u00e0 usage professionnel See-me RFX\u2122 - PERLE IN","isPartOf":{"@id":"https:\/\/perle-in.com\/#website"},"primaryImageOfPage":{"@id":"https:\/\/perle-in.com\/produit\/gilet-de-securite-xl-a-usage-professionnel-see-me-rfx\/#primaryimage"},"image":{"@id":"https:\/\/perle-in.com\/produit\/gilet-de-securite-xl-a-usage-professionnel-see-me-rfx\/#primaryimage"},"thumbnailUrl":"https:\/\/perle-in.com\/wp-content\/uploads\/2025\/10\/19538546-1.jpg","datePublished":"2025-10-14T03:52:47+00:00","dateModified":"2025-10-14T03:53:00+00:00","breadcrumb":{"@id":"https:\/\/perle-in.com\/produit\/gilet-de-securite-xl-a-usage-professionnel-see-me-rfx\/#breadcrumb"},"inLanguage":"en-CA","potentialAction":[{"@type":"ReadAction","target":["https:\/\/perle-in.com\/produit\/gilet-de-securite-xl-a-usage-professionnel-see-me-rfx\/"]}]},{"@type":"ImageObject","inLanguage":"en-CA","@id":"https:\/\/perle-in.com\/produit\/gilet-de-securite-xl-a-usage-professionnel-see-me-rfx\/#primaryimage","url":"https:\/\/perle-in.com\/wp-content\/uploads\/2025\/10\/19538546-1.jpg","contentUrl":"https:\/\/perle-in.com\/wp-content\/uploads\/2025\/10\/19538546-1.jpg","width":1600,"height":1600},{"@type":"BreadcrumbList","@id":"https:\/\/perle-in.com\/produit\/gilet-de-securite-xl-a-usage-professionnel-see-me-rfx\/#breadcrumb","itemListElement":[{"@type":"ListItem","position":1,"name":"Accueil","item":"https:\/\/perle-in.com\/"},{"@type":"ListItem","position":2,"name":"Boutique","item":"https:\/\/perle-in.com\/boutique\/"},{"@type":"ListItem","position":3,"name":"Gilet de s\u00e9curit\u00e9 XL \u00e0 usage professionnel See-me RFX\u2122"}]},{"@type":"WebSite","@id":"https:\/\/perle-in.com\/#website","url":"https:\/\/perle-in.com\/","name":"PERLE IN","description":"","publisher":{"@id":"https:\/\/perle-in.com\/#organization"},"potentialAction":[{"@type":"SearchAction","target":{"@type":"EntryPoint","urlTemplate":"https:\/\/perle-in.com\/?s={search_term_string}"},"query-input":{"@type":"PropertyValueSpecification","valueRequired":true,"valueName":"search_term_string"}}],"inLanguage":"en-CA"},{"@type":"Organization","@id":"https:\/\/perle-in.com\/#organization","name":"PERLE IN","url":"https:\/\/perle-in.com\/","logo":{"@type":"ImageObject","inLanguage":"en-CA","@id":"https:\/\/perle-in.com\/#\/schema\/logo\/image\/","url":"https:\/\/perle-in.com\/wp-content\/uploads\/2022\/12\/LOGO-PERLE-IN-COULEUR@3x.webp","contentUrl":"https:\/\/perle-in.com\/wp-content\/uploads\/2022\/12\/LOGO-PERLE-IN-COULEUR@3x.webp","width":1600,"height":490,"caption":"PERLE IN"},"image":{"@id":"https:\/\/perle-in.com\/#\/schema\/logo\/image\/"}}]}},"jetpack_sharing_enabled":true,"_links":{"self":[{"href":"https:\/\/perle-in.com\/en\/wp-json\/wp\/v2\/product\/522585","targetHints":{"allow":["GET"]}}],"collection":[{"href":"https:\/\/perle-in.com\/en\/wp-json\/wp\/v2\/product"}],"about":[{"href":"https:\/\/perle-in.com\/en\/wp-json\/wp\/v2\/types\/product"}],"version-history":[{"count":0,"href":"https:\/\/perle-in.com\/en\/wp-json\/wp\/v2\/product\/522585\/revisions"}],"wp:featuredmedia":[{"embeddable":true,"href":"https:\/\/perle-in.com\/en\/wp-json\/wp\/v2\/media\/522554"}],"wp:attachment":[{"href":"https:\/\/perle-in.com\/en\/wp-json\/wp\/v2\/media?parent=522585"}],"wp:term":[{"taxonomy":"product_brand","embeddable":true,"href":"https:\/\/perle-in.com\/en\/wp-json\/wp\/v2\/product_brand?post=522585"},{"taxonomy":"product_cat","embeddable":true,"href":"https:\/\/perle-in.com\/en\/wp-json\/wp\/v2\/product_cat?post=522585"},{"taxonomy":"product_tag","embeddable":true,"href":"https:\/\/perle-in.com\/en\/wp-json\/wp\/v2\/product_tag?post=522585"}],"curies":[{"name":"wp","href":"https:\/\/api.w.org\/{rel}","templated":true}]}}