{"id":507144,"date":"2025-10-13T23:59:15","date_gmt":"2025-10-13T21:59:15","guid":{"rendered":"https:\/\/perle-in.com\/produit\/porte-cles-rond-i7-orb\/"},"modified":"2025-10-29T16:53:43","modified_gmt":"2025-10-29T15:53:43","slug":"porte-cles-rond-i7-orb","status":"publish","type":"product","link":"https:\/\/perle-in.com\/en\/product\/porte-cles-rond-i7-orb\/","title":{"rendered":"Porte-cl\u00e9s rond I7 Orb"},"content":{"rendered":"","protected":false},"excerpt":{"rendered":"<p>Porte-cl\u00e9s transparent et rond I7 avec anneau fendu en m\u00e9tal. L\u2019anneau en forme de boucle m\u00e9tallique pr\u00e9sente un profil plat id\u00e9al pour les envois. Diam\u00e8tre du papier \u00e0 imprimer pour insertion\u00a0: 3,3\u00a0cm.<\/p>","protected":false},"featured_media":507141,"template":"","meta":{"_eb_attr":""},"product_brand":[],"product_cat":[400,409],"product_tag":[2210,2199,2204,2207,2184,2122,2208,2198,2211,1139,1163,416,2202,2209,2200],"class_list":{"0":"post-507144","1":"product","2":"type-product","3":"status-publish","4":"has-post-thumbnail","6":"product_cat-accessoires","7":"product_cat-porte-cls","8":"product_tag-cercle","9":"product_tag-clair","10":"product_tag-clef","11":"product_tag-clefs","12":"product_tag-encart","13":"product_tag-fsc","14":"product_tag-i7","15":"product_tag-image","16":"product_tag-ky0007","17":"product_tag-photo","18":"product_tag-porte","19":"product_tag-porte-clefs","20":"product_tag-portecles","21":"product_tag-rond","22":"product_tag-transparent","23":"pa_couleurs-translucide","24":"pa_matiere-plastique-gpps-papier","25":"pa_pays-d-origine-angleterre","27":"first","28":"instock","29":"shipping-taxable","30":"purchasable","31":"product-type-variable"},"yoast_head":"<!-- This site is optimized with the Yoast SEO plugin v27.4 - https:\/\/yoast.com\/product\/yoast-seo-wordpress\/ -->\n<title>Porte-cl\u00e9s rond I7 Orb - PERLE IN<\/title>\n<meta name=\"robots\" content=\"noindex, follow, max-snippet:-1, max-image-preview:large, max-video-preview:-1\" \/>\n<meta property=\"og:locale\" content=\"en_US\" \/>\n<meta property=\"og:type\" content=\"article\" \/>\n<meta property=\"og:title\" content=\"Porte-cl\u00e9s rond I7 Orb - PERLE IN\" \/>\n<meta property=\"og:description\" content=\"Porte-cl\u00e9s transparent et rond I7 avec anneau fendu en m\u00e9tal. L\u2019anneau en forme de boucle m\u00e9tallique pr\u00e9sente un profil plat id\u00e9al pour les envois. Diam\u00e8tre du papier \u00e0 imprimer pour insertion\u00a0: 3,3\u00a0cm.\" \/>\n<meta property=\"og:url\" content=\"https:\/\/perle-in.com\/en\/product\/porte-cles-rond-i7-orb\/\" \/>\n<meta property=\"og:site_name\" content=\"PERLE IN\" \/>\n<meta property=\"article:modified_time\" content=\"2025-10-29T15:53:43+00:00\" \/>\n<meta property=\"og:image\" content=\"https:\/\/perle-in.com\/wp-content\/uploads\/2025\/10\/21055200-1.jpg\" \/>\n\t<meta property=\"og:image:width\" content=\"1600\" \/>\n\t<meta property=\"og:image:height\" content=\"1600\" \/>\n\t<meta property=\"og:image:type\" content=\"image\/jpeg\" \/>\n<meta name=\"twitter:card\" content=\"summary_large_image\" \/>\n<script type=\"application\/ld+json\" class=\"yoast-schema-graph\">{\"@context\":\"https:\\\/\\\/schema.org\",\"@graph\":[{\"@type\":\"WebPage\",\"@id\":\"https:\\\/\\\/perle-in.com\\\/produit\\\/porte-cles-rond-i7-orb\\\/\",\"url\":\"https:\\\/\\\/perle-in.com\\\/produit\\\/porte-cles-rond-i7-orb\\\/\",\"name\":\"Porte-cl\u00e9s rond I7 Orb - PERLE IN\",\"isPartOf\":{\"@id\":\"https:\\\/\\\/perle-in.com\\\/#website\"},\"primaryImageOfPage\":{\"@id\":\"https:\\\/\\\/perle-in.com\\\/produit\\\/porte-cles-rond-i7-orb\\\/#primaryimage\"},\"image\":{\"@id\":\"https:\\\/\\\/perle-in.com\\\/produit\\\/porte-cles-rond-i7-orb\\\/#primaryimage\"},\"thumbnailUrl\":\"https:\\\/\\\/perle-in.com\\\/wp-content\\\/uploads\\\/2025\\\/10\\\/21055200-1.jpg\",\"datePublished\":\"2025-10-13T21:59:15+00:00\",\"dateModified\":\"2025-10-29T15:53:43+00:00\",\"breadcrumb\":{\"@id\":\"https:\\\/\\\/perle-in.com\\\/produit\\\/porte-cles-rond-i7-orb\\\/#breadcrumb\"},\"inLanguage\":\"en-CA\",\"potentialAction\":[{\"@type\":\"ReadAction\",\"target\":[\"https:\\\/\\\/perle-in.com\\\/produit\\\/porte-cles-rond-i7-orb\\\/\"]}]},{\"@type\":\"ImageObject\",\"inLanguage\":\"en-CA\",\"@id\":\"https:\\\/\\\/perle-in.com\\\/produit\\\/porte-cles-rond-i7-orb\\\/#primaryimage\",\"url\":\"https:\\\/\\\/perle-in.com\\\/wp-content\\\/uploads\\\/2025\\\/10\\\/21055200-1.jpg\",\"contentUrl\":\"https:\\\/\\\/perle-in.com\\\/wp-content\\\/uploads\\\/2025\\\/10\\\/21055200-1.jpg\",\"width\":1600,\"height\":1600},{\"@type\":\"BreadcrumbList\",\"@id\":\"https:\\\/\\\/perle-in.com\\\/produit\\\/porte-cles-rond-i7-orb\\\/#breadcrumb\",\"itemListElement\":[{\"@type\":\"ListItem\",\"position\":1,\"name\":\"Accueil\",\"item\":\"https:\\\/\\\/perle-in.com\\\/\"},{\"@type\":\"ListItem\",\"position\":2,\"name\":\"Boutique\",\"item\":\"https:\\\/\\\/perle-in.com\\\/boutique\\\/\"},{\"@type\":\"ListItem\",\"position\":3,\"name\":\"Porte-cl\u00e9s rond I7 Orb\"}]},{\"@type\":\"WebSite\",\"@id\":\"https:\\\/\\\/perle-in.com\\\/#website\",\"url\":\"https:\\\/\\\/perle-in.com\\\/\",\"name\":\"PERLE IN\",\"description\":\"\",\"publisher\":{\"@id\":\"https:\\\/\\\/perle-in.com\\\/#organization\"},\"potentialAction\":[{\"@type\":\"SearchAction\",\"target\":{\"@type\":\"EntryPoint\",\"urlTemplate\":\"https:\\\/\\\/perle-in.com\\\/?s={search_term_string}\"},\"query-input\":{\"@type\":\"PropertyValueSpecification\",\"valueRequired\":true,\"valueName\":\"search_term_string\"}}],\"inLanguage\":\"en-CA\"},{\"@type\":\"Organization\",\"@id\":\"https:\\\/\\\/perle-in.com\\\/#organization\",\"name\":\"PERLE IN\",\"url\":\"https:\\\/\\\/perle-in.com\\\/\",\"logo\":{\"@type\":\"ImageObject\",\"inLanguage\":\"en-CA\",\"@id\":\"https:\\\/\\\/perle-in.com\\\/#\\\/schema\\\/logo\\\/image\\\/\",\"url\":\"https:\\\/\\\/perle-in.com\\\/wp-content\\\/uploads\\\/2022\\\/12\\\/LOGO-PERLE-IN-COULEUR@3x.webp\",\"contentUrl\":\"https:\\\/\\\/perle-in.com\\\/wp-content\\\/uploads\\\/2022\\\/12\\\/LOGO-PERLE-IN-COULEUR@3x.webp\",\"width\":1600,\"height\":490,\"caption\":\"PERLE IN\"},\"image\":{\"@id\":\"https:\\\/\\\/perle-in.com\\\/#\\\/schema\\\/logo\\\/image\\\/\"}}]}<\/script>\n<!-- \/ Yoast SEO plugin. -->","yoast_head_json":{"title":"Porte-cl\u00e9s rond I7 Orb - PERLE IN","robots":{"index":"noindex","follow":"follow","max-snippet":"max-snippet:-1","max-image-preview":"max-image-preview:large","max-video-preview":"max-video-preview:-1"},"og_locale":"en_US","og_type":"article","og_title":"Porte-cl\u00e9s rond I7 Orb - PERLE IN","og_description":"Porte-cl\u00e9s transparent et rond I7 avec anneau fendu en m\u00e9tal. L\u2019anneau en forme de boucle m\u00e9tallique pr\u00e9sente un profil plat id\u00e9al pour les envois. Diam\u00e8tre du papier \u00e0 imprimer pour insertion\u00a0: 3,3\u00a0cm.","og_url":"https:\/\/perle-in.com\/en\/product\/porte-cles-rond-i7-orb\/","og_site_name":"PERLE IN","article_modified_time":"2025-10-29T15:53:43+00:00","og_image":[{"width":1600,"height":1600,"url":"https:\/\/perle-in.com\/wp-content\/uploads\/2025\/10\/21055200-1.jpg","type":"image\/jpeg"}],"twitter_card":"summary_large_image","schema":{"@context":"https:\/\/schema.org","@graph":[{"@type":"WebPage","@id":"https:\/\/perle-in.com\/produit\/porte-cles-rond-i7-orb\/","url":"https:\/\/perle-in.com\/produit\/porte-cles-rond-i7-orb\/","name":"Porte-cl\u00e9s rond I7 Orb - PERLE IN","isPartOf":{"@id":"https:\/\/perle-in.com\/#website"},"primaryImageOfPage":{"@id":"https:\/\/perle-in.com\/produit\/porte-cles-rond-i7-orb\/#primaryimage"},"image":{"@id":"https:\/\/perle-in.com\/produit\/porte-cles-rond-i7-orb\/#primaryimage"},"thumbnailUrl":"https:\/\/perle-in.com\/wp-content\/uploads\/2025\/10\/21055200-1.jpg","datePublished":"2025-10-13T21:59:15+00:00","dateModified":"2025-10-29T15:53:43+00:00","breadcrumb":{"@id":"https:\/\/perle-in.com\/produit\/porte-cles-rond-i7-orb\/#breadcrumb"},"inLanguage":"en-CA","potentialAction":[{"@type":"ReadAction","target":["https:\/\/perle-in.com\/produit\/porte-cles-rond-i7-orb\/"]}]},{"@type":"ImageObject","inLanguage":"en-CA","@id":"https:\/\/perle-in.com\/produit\/porte-cles-rond-i7-orb\/#primaryimage","url":"https:\/\/perle-in.com\/wp-content\/uploads\/2025\/10\/21055200-1.jpg","contentUrl":"https:\/\/perle-in.com\/wp-content\/uploads\/2025\/10\/21055200-1.jpg","width":1600,"height":1600},{"@type":"BreadcrumbList","@id":"https:\/\/perle-in.com\/produit\/porte-cles-rond-i7-orb\/#breadcrumb","itemListElement":[{"@type":"ListItem","position":1,"name":"Accueil","item":"https:\/\/perle-in.com\/"},{"@type":"ListItem","position":2,"name":"Boutique","item":"https:\/\/perle-in.com\/boutique\/"},{"@type":"ListItem","position":3,"name":"Porte-cl\u00e9s rond I7 Orb"}]},{"@type":"WebSite","@id":"https:\/\/perle-in.com\/#website","url":"https:\/\/perle-in.com\/","name":"PERLE IN","description":"","publisher":{"@id":"https:\/\/perle-in.com\/#organization"},"potentialAction":[{"@type":"SearchAction","target":{"@type":"EntryPoint","urlTemplate":"https:\/\/perle-in.com\/?s={search_term_string}"},"query-input":{"@type":"PropertyValueSpecification","valueRequired":true,"valueName":"search_term_string"}}],"inLanguage":"en-CA"},{"@type":"Organization","@id":"https:\/\/perle-in.com\/#organization","name":"PERLE IN","url":"https:\/\/perle-in.com\/","logo":{"@type":"ImageObject","inLanguage":"en-CA","@id":"https:\/\/perle-in.com\/#\/schema\/logo\/image\/","url":"https:\/\/perle-in.com\/wp-content\/uploads\/2022\/12\/LOGO-PERLE-IN-COULEUR@3x.webp","contentUrl":"https:\/\/perle-in.com\/wp-content\/uploads\/2022\/12\/LOGO-PERLE-IN-COULEUR@3x.webp","width":1600,"height":490,"caption":"PERLE IN"},"image":{"@id":"https:\/\/perle-in.com\/#\/schema\/logo\/image\/"}}]}},"jetpack_sharing_enabled":true,"_links":{"self":[{"href":"https:\/\/perle-in.com\/en\/wp-json\/wp\/v2\/product\/507144","targetHints":{"allow":["GET"]}}],"collection":[{"href":"https:\/\/perle-in.com\/en\/wp-json\/wp\/v2\/product"}],"about":[{"href":"https:\/\/perle-in.com\/en\/wp-json\/wp\/v2\/types\/product"}],"version-history":[{"count":0,"href":"https:\/\/perle-in.com\/en\/wp-json\/wp\/v2\/product\/507144\/revisions"}],"wp:featuredmedia":[{"embeddable":true,"href":"https:\/\/perle-in.com\/en\/wp-json\/wp\/v2\/media\/507141"}],"wp:attachment":[{"href":"https:\/\/perle-in.com\/en\/wp-json\/wp\/v2\/media?parent=507144"}],"wp:term":[{"taxonomy":"product_brand","embeddable":true,"href":"https:\/\/perle-in.com\/en\/wp-json\/wp\/v2\/product_brand?post=507144"},{"taxonomy":"product_cat","embeddable":true,"href":"https:\/\/perle-in.com\/en\/wp-json\/wp\/v2\/product_cat?post=507144"},{"taxonomy":"product_tag","embeddable":true,"href":"https:\/\/perle-in.com\/en\/wp-json\/wp\/v2\/product_tag?post=507144"}],"curies":[{"name":"wp","href":"https:\/\/api.w.org\/{rel}","templated":true}]}}