{"id":507017,"date":"2025-10-13T23:50:33","date_gmt":"2025-10-13T21:50:33","guid":{"rendered":"https:\/\/perle-in.com\/produit\/regle-terran-15-cm-100-plastique-recycle\/"},"modified":"2025-10-13T23:50:34","modified_gmt":"2025-10-13T21:50:34","slug":"regle-terran-15-cm-100-plastique-recycle","status":"publish","type":"product","link":"https:\/\/perle-in.com\/en\/product\/regle-terran-15-cm-100-plastique-recycle\/","title":{"rendered":"R\u00e8gle Terran 15 cm 100 % plastique recycl\u00e9"},"content":{"rendered":"","protected":false},"excerpt":{"rendered":"<p>R\u00e8gle en plastique solide avec mesures en pouces et en centim\u00e8tres. Merci de noter que les indications de mesures sont imprim\u00e9es en m\u00eame temps que la personnalisation. Les r\u00e8gles non personnalis\u00e9es n&#8217;auront donc aucune indication de mesure.<\/p>","protected":false},"featured_media":507013,"template":"","meta":{"_eb_attr":""},"product_brand":[],"product_cat":[460,150],"product_tag":[2174,2142,2056,836,2168,2175,2171,2176,2170],"class_list":{"0":"post-507017","1":"product","2":"type-product","3":"status-publish","4":"has-post-thumbnail","6":"product_cat-accessoires-pour-la-maison","7":"product_cat-maison-et-cuisine","8":"product_tag-15-cm","9":"product_tag-eco","10":"product_tag-plastique","11":"product_tag-recycle","12":"product_tag-regle","13":"product_tag-ru1701","14":"product_tag-solide","15":"product_tag-spru1701bk","16":"product_tag-terran","17":"pa_couleurs-noir","18":"pa_green-points-2166","19":"pa_matiere-plastique-recycle","20":"pa_pays-d-origine-angleterre","22":"first","23":"instock","24":"shipping-taxable","25":"purchasable","26":"product-type-variable"},"yoast_head":"<!-- This site is optimized with the Yoast SEO plugin v27.4 - https:\/\/yoast.com\/product\/yoast-seo-wordpress\/ -->\n<title>R\u00e8gle Terran 15 cm 100 % plastique recycl\u00e9 - PERLE IN<\/title>\n<meta name=\"robots\" content=\"noindex, follow, max-snippet:-1, max-image-preview:large, max-video-preview:-1\" \/>\n<meta property=\"og:locale\" content=\"en_US\" \/>\n<meta property=\"og:type\" content=\"article\" \/>\n<meta property=\"og:title\" content=\"R\u00e8gle Terran 15 cm 100 % plastique recycl\u00e9 - PERLE IN\" \/>\n<meta property=\"og:description\" content=\"R\u00e8gle en plastique solide avec mesures en pouces et en centim\u00e8tres. Merci de noter que les indications de mesures sont imprim\u00e9es en m\u00eame temps que la personnalisation. Les r\u00e8gles non personnalis\u00e9es n&#039;auront donc aucune indication de mesure.\" \/>\n<meta property=\"og:url\" content=\"https:\/\/perle-in.com\/en\/product\/regle-terran-15-cm-100-plastique-recycle\/\" \/>\n<meta property=\"og:site_name\" content=\"PERLE IN\" \/>\n<meta property=\"article:modified_time\" content=\"2025-10-13T21:50:34+00:00\" \/>\n<meta property=\"og:image\" content=\"https:\/\/perle-in.com\/wp-content\/uploads\/2025\/10\/21053400-1.jpg\" \/>\n\t<meta property=\"og:image:width\" content=\"1600\" \/>\n\t<meta property=\"og:image:height\" content=\"1600\" \/>\n\t<meta property=\"og:image:type\" content=\"image\/jpeg\" \/>\n<meta name=\"twitter:card\" content=\"summary_large_image\" \/>\n<script type=\"application\/ld+json\" class=\"yoast-schema-graph\">{\"@context\":\"https:\\\/\\\/schema.org\",\"@graph\":[{\"@type\":\"WebPage\",\"@id\":\"https:\\\/\\\/perle-in.com\\\/produit\\\/regle-terran-15-cm-100-plastique-recycle\\\/\",\"url\":\"https:\\\/\\\/perle-in.com\\\/produit\\\/regle-terran-15-cm-100-plastique-recycle\\\/\",\"name\":\"R\u00e8gle Terran 15 cm 100 % plastique recycl\u00e9 - PERLE IN\",\"isPartOf\":{\"@id\":\"https:\\\/\\\/perle-in.com\\\/#website\"},\"primaryImageOfPage\":{\"@id\":\"https:\\\/\\\/perle-in.com\\\/produit\\\/regle-terran-15-cm-100-plastique-recycle\\\/#primaryimage\"},\"image\":{\"@id\":\"https:\\\/\\\/perle-in.com\\\/produit\\\/regle-terran-15-cm-100-plastique-recycle\\\/#primaryimage\"},\"thumbnailUrl\":\"https:\\\/\\\/perle-in.com\\\/wp-content\\\/uploads\\\/2025\\\/10\\\/21053400-1.jpg\",\"datePublished\":\"2025-10-13T21:50:33+00:00\",\"dateModified\":\"2025-10-13T21:50:34+00:00\",\"breadcrumb\":{\"@id\":\"https:\\\/\\\/perle-in.com\\\/produit\\\/regle-terran-15-cm-100-plastique-recycle\\\/#breadcrumb\"},\"inLanguage\":\"en-CA\",\"potentialAction\":[{\"@type\":\"ReadAction\",\"target\":[\"https:\\\/\\\/perle-in.com\\\/produit\\\/regle-terran-15-cm-100-plastique-recycle\\\/\"]}]},{\"@type\":\"ImageObject\",\"inLanguage\":\"en-CA\",\"@id\":\"https:\\\/\\\/perle-in.com\\\/produit\\\/regle-terran-15-cm-100-plastique-recycle\\\/#primaryimage\",\"url\":\"https:\\\/\\\/perle-in.com\\\/wp-content\\\/uploads\\\/2025\\\/10\\\/21053400-1.jpg\",\"contentUrl\":\"https:\\\/\\\/perle-in.com\\\/wp-content\\\/uploads\\\/2025\\\/10\\\/21053400-1.jpg\",\"width\":1600,\"height\":1600},{\"@type\":\"BreadcrumbList\",\"@id\":\"https:\\\/\\\/perle-in.com\\\/produit\\\/regle-terran-15-cm-100-plastique-recycle\\\/#breadcrumb\",\"itemListElement\":[{\"@type\":\"ListItem\",\"position\":1,\"name\":\"Accueil\",\"item\":\"https:\\\/\\\/perle-in.com\\\/\"},{\"@type\":\"ListItem\",\"position\":2,\"name\":\"Boutique\",\"item\":\"https:\\\/\\\/perle-in.com\\\/boutique\\\/\"},{\"@type\":\"ListItem\",\"position\":3,\"name\":\"R\u00e8gle Terran 15 cm 100 % plastique recycl\u00e9\"}]},{\"@type\":\"WebSite\",\"@id\":\"https:\\\/\\\/perle-in.com\\\/#website\",\"url\":\"https:\\\/\\\/perle-in.com\\\/\",\"name\":\"PERLE IN\",\"description\":\"\",\"publisher\":{\"@id\":\"https:\\\/\\\/perle-in.com\\\/#organization\"},\"potentialAction\":[{\"@type\":\"SearchAction\",\"target\":{\"@type\":\"EntryPoint\",\"urlTemplate\":\"https:\\\/\\\/perle-in.com\\\/?s={search_term_string}\"},\"query-input\":{\"@type\":\"PropertyValueSpecification\",\"valueRequired\":true,\"valueName\":\"search_term_string\"}}],\"inLanguage\":\"en-CA\"},{\"@type\":\"Organization\",\"@id\":\"https:\\\/\\\/perle-in.com\\\/#organization\",\"name\":\"PERLE IN\",\"url\":\"https:\\\/\\\/perle-in.com\\\/\",\"logo\":{\"@type\":\"ImageObject\",\"inLanguage\":\"en-CA\",\"@id\":\"https:\\\/\\\/perle-in.com\\\/#\\\/schema\\\/logo\\\/image\\\/\",\"url\":\"https:\\\/\\\/perle-in.com\\\/wp-content\\\/uploads\\\/2022\\\/12\\\/LOGO-PERLE-IN-COULEUR@3x.webp\",\"contentUrl\":\"https:\\\/\\\/perle-in.com\\\/wp-content\\\/uploads\\\/2022\\\/12\\\/LOGO-PERLE-IN-COULEUR@3x.webp\",\"width\":1600,\"height\":490,\"caption\":\"PERLE IN\"},\"image\":{\"@id\":\"https:\\\/\\\/perle-in.com\\\/#\\\/schema\\\/logo\\\/image\\\/\"}}]}<\/script>\n<!-- \/ Yoast SEO plugin. -->","yoast_head_json":{"title":"R\u00e8gle Terran 15 cm 100 % plastique recycl\u00e9 - PERLE IN","robots":{"index":"noindex","follow":"follow","max-snippet":"max-snippet:-1","max-image-preview":"max-image-preview:large","max-video-preview":"max-video-preview:-1"},"og_locale":"en_US","og_type":"article","og_title":"R\u00e8gle Terran 15 cm 100 % plastique recycl\u00e9 - PERLE IN","og_description":"R\u00e8gle en plastique solide avec mesures en pouces et en centim\u00e8tres. Merci de noter que les indications de mesures sont imprim\u00e9es en m\u00eame temps que la personnalisation. Les r\u00e8gles non personnalis\u00e9es n'auront donc aucune indication de mesure.","og_url":"https:\/\/perle-in.com\/en\/product\/regle-terran-15-cm-100-plastique-recycle\/","og_site_name":"PERLE IN","article_modified_time":"2025-10-13T21:50:34+00:00","og_image":[{"width":1600,"height":1600,"url":"https:\/\/perle-in.com\/wp-content\/uploads\/2025\/10\/21053400-1.jpg","type":"image\/jpeg"}],"twitter_card":"summary_large_image","schema":{"@context":"https:\/\/schema.org","@graph":[{"@type":"WebPage","@id":"https:\/\/perle-in.com\/produit\/regle-terran-15-cm-100-plastique-recycle\/","url":"https:\/\/perle-in.com\/produit\/regle-terran-15-cm-100-plastique-recycle\/","name":"R\u00e8gle Terran 15 cm 100 % plastique recycl\u00e9 - PERLE IN","isPartOf":{"@id":"https:\/\/perle-in.com\/#website"},"primaryImageOfPage":{"@id":"https:\/\/perle-in.com\/produit\/regle-terran-15-cm-100-plastique-recycle\/#primaryimage"},"image":{"@id":"https:\/\/perle-in.com\/produit\/regle-terran-15-cm-100-plastique-recycle\/#primaryimage"},"thumbnailUrl":"https:\/\/perle-in.com\/wp-content\/uploads\/2025\/10\/21053400-1.jpg","datePublished":"2025-10-13T21:50:33+00:00","dateModified":"2025-10-13T21:50:34+00:00","breadcrumb":{"@id":"https:\/\/perle-in.com\/produit\/regle-terran-15-cm-100-plastique-recycle\/#breadcrumb"},"inLanguage":"en-CA","potentialAction":[{"@type":"ReadAction","target":["https:\/\/perle-in.com\/produit\/regle-terran-15-cm-100-plastique-recycle\/"]}]},{"@type":"ImageObject","inLanguage":"en-CA","@id":"https:\/\/perle-in.com\/produit\/regle-terran-15-cm-100-plastique-recycle\/#primaryimage","url":"https:\/\/perle-in.com\/wp-content\/uploads\/2025\/10\/21053400-1.jpg","contentUrl":"https:\/\/perle-in.com\/wp-content\/uploads\/2025\/10\/21053400-1.jpg","width":1600,"height":1600},{"@type":"BreadcrumbList","@id":"https:\/\/perle-in.com\/produit\/regle-terran-15-cm-100-plastique-recycle\/#breadcrumb","itemListElement":[{"@type":"ListItem","position":1,"name":"Accueil","item":"https:\/\/perle-in.com\/"},{"@type":"ListItem","position":2,"name":"Boutique","item":"https:\/\/perle-in.com\/boutique\/"},{"@type":"ListItem","position":3,"name":"R\u00e8gle Terran 15 cm 100 % plastique recycl\u00e9"}]},{"@type":"WebSite","@id":"https:\/\/perle-in.com\/#website","url":"https:\/\/perle-in.com\/","name":"PERLE IN","description":"","publisher":{"@id":"https:\/\/perle-in.com\/#organization"},"potentialAction":[{"@type":"SearchAction","target":{"@type":"EntryPoint","urlTemplate":"https:\/\/perle-in.com\/?s={search_term_string}"},"query-input":{"@type":"PropertyValueSpecification","valueRequired":true,"valueName":"search_term_string"}}],"inLanguage":"en-CA"},{"@type":"Organization","@id":"https:\/\/perle-in.com\/#organization","name":"PERLE IN","url":"https:\/\/perle-in.com\/","logo":{"@type":"ImageObject","inLanguage":"en-CA","@id":"https:\/\/perle-in.com\/#\/schema\/logo\/image\/","url":"https:\/\/perle-in.com\/wp-content\/uploads\/2022\/12\/LOGO-PERLE-IN-COULEUR@3x.webp","contentUrl":"https:\/\/perle-in.com\/wp-content\/uploads\/2022\/12\/LOGO-PERLE-IN-COULEUR@3x.webp","width":1600,"height":490,"caption":"PERLE IN"},"image":{"@id":"https:\/\/perle-in.com\/#\/schema\/logo\/image\/"}}]}},"jetpack_sharing_enabled":true,"_links":{"self":[{"href":"https:\/\/perle-in.com\/en\/wp-json\/wp\/v2\/product\/507017","targetHints":{"allow":["GET"]}}],"collection":[{"href":"https:\/\/perle-in.com\/en\/wp-json\/wp\/v2\/product"}],"about":[{"href":"https:\/\/perle-in.com\/en\/wp-json\/wp\/v2\/types\/product"}],"version-history":[{"count":0,"href":"https:\/\/perle-in.com\/en\/wp-json\/wp\/v2\/product\/507017\/revisions"}],"wp:featuredmedia":[{"embeddable":true,"href":"https:\/\/perle-in.com\/en\/wp-json\/wp\/v2\/media\/507013"}],"wp:attachment":[{"href":"https:\/\/perle-in.com\/en\/wp-json\/wp\/v2\/media?parent=507017"}],"wp:term":[{"taxonomy":"product_brand","embeddable":true,"href":"https:\/\/perle-in.com\/en\/wp-json\/wp\/v2\/product_brand?post=507017"},{"taxonomy":"product_cat","embeddable":true,"href":"https:\/\/perle-in.com\/en\/wp-json\/wp\/v2\/product_cat?post=507017"},{"taxonomy":"product_tag","embeddable":true,"href":"https:\/\/perle-in.com\/en\/wp-json\/wp\/v2\/product_tag?post=507017"}],"curies":[{"name":"wp","href":"https:\/\/api.w.org\/{rel}","templated":true}]}}