{"id":503462,"date":"2025-10-13T18:56:45","date_gmt":"2025-10-13T16:56:45","guid":{"rendered":"https:\/\/perle-in.com\/produit\/stylo-bille-midar-en-liege-et-paille-de-ble-encre-noire\/"},"modified":"2025-10-13T18:56:49","modified_gmt":"2025-10-13T16:56:49","slug":"stylo-bille-midar-en-liege-et-paille-de-ble-encre-noire","status":"publish","type":"product","link":"https:\/\/perle-in.com\/en\/product\/stylo-bille-midar-en-liege-et-paille-de-ble-encre-noire\/","title":{"rendered":"Stylo bille Midar en li\u00e8ge et paille de bl\u00e9 (encre noire)"},"content":{"rendered":"","protected":false},"excerpt":{"rendered":"<p>Stylo bille \u00e9cologique r\u00e9tractable avec corps en li\u00e8ge et finitions en paille de bl\u00e9 de diff\u00e9rentes couleurs. La paille de bl\u00e9 est ce qui reste de la tige apr\u00e8s la r\u00e9colte des grains de bl\u00e9. Cela r\u00e9duit la quantit\u00e9 de plastique utilis\u00e9e, offrant ainsi une alternative \u00e9cologique. La couleur du li\u00e8ge peut varier.<\/p>","protected":false},"featured_media":503451,"template":"","meta":{"_eb_attr":""},"product_brand":[],"product_cat":[552,568],"product_tag":[1521,1631,1630,1629,1633,561,1411,562,1412,1632],"class_list":{"0":"post-503462","1":"product","2":"type-product","3":"status-publish","4":"has-post-thumbnail","6":"product_cat-stylos-et-ecriture","7":"product_cat-stylos-bille","8":"product_tag-bille","9":"product_tag-ble","10":"product_tag-liege","11":"product_tag-midar","12":"product_tag-paille-de-ble","13":"product_tag-stylo","14":"product_tag-stylo-a-bille","15":"product_tag-stylos","16":"product_tag-stylos-a-bille","17":"product_tag-tonneau-en-liege","18":"pa_couleurs-naturel-bleu-clair","19":"pa_couleurs-naturel-creme","20":"pa_couleurs-naturel-noir","21":"pa_couleurs-naturel-vert-pomme","22":"pa_matiere-liege-paille-de-ble-plastique","24":"first","25":"instock","26":"shipping-taxable","27":"purchasable","28":"product-type-variable"},"yoast_head":"<!-- This site is optimized with the Yoast SEO plugin v27.4 - https:\/\/yoast.com\/product\/yoast-seo-wordpress\/ -->\n<title>Stylo bille Midar en li\u00e8ge et paille de bl\u00e9 (encre noire) - PERLE IN<\/title>\n<meta name=\"robots\" content=\"noindex, follow, max-snippet:-1, max-image-preview:large, max-video-preview:-1\" \/>\n<meta property=\"og:locale\" content=\"en_US\" \/>\n<meta property=\"og:type\" content=\"article\" \/>\n<meta property=\"og:title\" content=\"Stylo bille Midar en li\u00e8ge et paille de bl\u00e9 (encre noire) - PERLE IN\" \/>\n<meta property=\"og:description\" content=\"Stylo bille \u00e9cologique r\u00e9tractable avec corps en li\u00e8ge et finitions en paille de bl\u00e9 de diff\u00e9rentes couleurs. La paille de bl\u00e9 est ce qui reste de la tige apr\u00e8s la r\u00e9colte des grains de bl\u00e9. Cela r\u00e9duit la quantit\u00e9 de plastique utilis\u00e9e, offrant ainsi une alternative \u00e9cologique. La couleur du li\u00e8ge peut varier.\" \/>\n<meta property=\"og:url\" content=\"https:\/\/perle-in.com\/en\/product\/stylo-bille-midar-en-liege-et-paille-de-ble-encre-noire\/\" \/>\n<meta property=\"og:site_name\" content=\"PERLE IN\" \/>\n<meta property=\"article:modified_time\" content=\"2025-10-13T16:56:49+00:00\" \/>\n<meta property=\"og:image\" content=\"https:\/\/perle-in.com\/wp-content\/uploads\/2025\/10\/10738500-1.jpg\" \/>\n\t<meta property=\"og:image:width\" content=\"1600\" \/>\n\t<meta property=\"og:image:height\" content=\"1600\" \/>\n\t<meta property=\"og:image:type\" content=\"image\/jpeg\" \/>\n<meta name=\"twitter:card\" content=\"summary_large_image\" \/>\n<script type=\"application\/ld+json\" class=\"yoast-schema-graph\">{\"@context\":\"https:\\\/\\\/schema.org\",\"@graph\":[{\"@type\":\"WebPage\",\"@id\":\"https:\\\/\\\/perle-in.com\\\/produit\\\/stylo-bille-midar-en-liege-et-paille-de-ble-encre-noire\\\/\",\"url\":\"https:\\\/\\\/perle-in.com\\\/produit\\\/stylo-bille-midar-en-liege-et-paille-de-ble-encre-noire\\\/\",\"name\":\"Stylo bille Midar en li\u00e8ge et paille de bl\u00e9 (encre noire) - PERLE IN\",\"isPartOf\":{\"@id\":\"https:\\\/\\\/perle-in.com\\\/#website\"},\"primaryImageOfPage\":{\"@id\":\"https:\\\/\\\/perle-in.com\\\/produit\\\/stylo-bille-midar-en-liege-et-paille-de-ble-encre-noire\\\/#primaryimage\"},\"image\":{\"@id\":\"https:\\\/\\\/perle-in.com\\\/produit\\\/stylo-bille-midar-en-liege-et-paille-de-ble-encre-noire\\\/#primaryimage\"},\"thumbnailUrl\":\"https:\\\/\\\/perle-in.com\\\/wp-content\\\/uploads\\\/2025\\\/10\\\/10738500-1.jpg\",\"datePublished\":\"2025-10-13T16:56:45+00:00\",\"dateModified\":\"2025-10-13T16:56:49+00:00\",\"breadcrumb\":{\"@id\":\"https:\\\/\\\/perle-in.com\\\/produit\\\/stylo-bille-midar-en-liege-et-paille-de-ble-encre-noire\\\/#breadcrumb\"},\"inLanguage\":\"en-CA\",\"potentialAction\":[{\"@type\":\"ReadAction\",\"target\":[\"https:\\\/\\\/perle-in.com\\\/produit\\\/stylo-bille-midar-en-liege-et-paille-de-ble-encre-noire\\\/\"]}]},{\"@type\":\"ImageObject\",\"inLanguage\":\"en-CA\",\"@id\":\"https:\\\/\\\/perle-in.com\\\/produit\\\/stylo-bille-midar-en-liege-et-paille-de-ble-encre-noire\\\/#primaryimage\",\"url\":\"https:\\\/\\\/perle-in.com\\\/wp-content\\\/uploads\\\/2025\\\/10\\\/10738500-1.jpg\",\"contentUrl\":\"https:\\\/\\\/perle-in.com\\\/wp-content\\\/uploads\\\/2025\\\/10\\\/10738500-1.jpg\",\"width\":1600,\"height\":1600},{\"@type\":\"BreadcrumbList\",\"@id\":\"https:\\\/\\\/perle-in.com\\\/produit\\\/stylo-bille-midar-en-liege-et-paille-de-ble-encre-noire\\\/#breadcrumb\",\"itemListElement\":[{\"@type\":\"ListItem\",\"position\":1,\"name\":\"Accueil\",\"item\":\"https:\\\/\\\/perle-in.com\\\/\"},{\"@type\":\"ListItem\",\"position\":2,\"name\":\"Boutique\",\"item\":\"https:\\\/\\\/perle-in.com\\\/boutique\\\/\"},{\"@type\":\"ListItem\",\"position\":3,\"name\":\"Stylo bille Midar en li\u00e8ge et paille de bl\u00e9 (encre noire)\"}]},{\"@type\":\"WebSite\",\"@id\":\"https:\\\/\\\/perle-in.com\\\/#website\",\"url\":\"https:\\\/\\\/perle-in.com\\\/\",\"name\":\"PERLE IN\",\"description\":\"\",\"publisher\":{\"@id\":\"https:\\\/\\\/perle-in.com\\\/#organization\"},\"potentialAction\":[{\"@type\":\"SearchAction\",\"target\":{\"@type\":\"EntryPoint\",\"urlTemplate\":\"https:\\\/\\\/perle-in.com\\\/?s={search_term_string}\"},\"query-input\":{\"@type\":\"PropertyValueSpecification\",\"valueRequired\":true,\"valueName\":\"search_term_string\"}}],\"inLanguage\":\"en-CA\"},{\"@type\":\"Organization\",\"@id\":\"https:\\\/\\\/perle-in.com\\\/#organization\",\"name\":\"PERLE IN\",\"url\":\"https:\\\/\\\/perle-in.com\\\/\",\"logo\":{\"@type\":\"ImageObject\",\"inLanguage\":\"en-CA\",\"@id\":\"https:\\\/\\\/perle-in.com\\\/#\\\/schema\\\/logo\\\/image\\\/\",\"url\":\"https:\\\/\\\/perle-in.com\\\/wp-content\\\/uploads\\\/2022\\\/12\\\/LOGO-PERLE-IN-COULEUR@3x.webp\",\"contentUrl\":\"https:\\\/\\\/perle-in.com\\\/wp-content\\\/uploads\\\/2022\\\/12\\\/LOGO-PERLE-IN-COULEUR@3x.webp\",\"width\":1600,\"height\":490,\"caption\":\"PERLE IN\"},\"image\":{\"@id\":\"https:\\\/\\\/perle-in.com\\\/#\\\/schema\\\/logo\\\/image\\\/\"}}]}<\/script>\n<!-- \/ Yoast SEO plugin. -->","yoast_head_json":{"title":"Stylo bille Midar en li\u00e8ge et paille de bl\u00e9 (encre noire) - PERLE IN","robots":{"index":"noindex","follow":"follow","max-snippet":"max-snippet:-1","max-image-preview":"max-image-preview:large","max-video-preview":"max-video-preview:-1"},"og_locale":"en_US","og_type":"article","og_title":"Stylo bille Midar en li\u00e8ge et paille de bl\u00e9 (encre noire) - PERLE IN","og_description":"Stylo bille \u00e9cologique r\u00e9tractable avec corps en li\u00e8ge et finitions en paille de bl\u00e9 de diff\u00e9rentes couleurs. La paille de bl\u00e9 est ce qui reste de la tige apr\u00e8s la r\u00e9colte des grains de bl\u00e9. Cela r\u00e9duit la quantit\u00e9 de plastique utilis\u00e9e, offrant ainsi une alternative \u00e9cologique. La couleur du li\u00e8ge peut varier.","og_url":"https:\/\/perle-in.com\/en\/product\/stylo-bille-midar-en-liege-et-paille-de-ble-encre-noire\/","og_site_name":"PERLE IN","article_modified_time":"2025-10-13T16:56:49+00:00","og_image":[{"width":1600,"height":1600,"url":"https:\/\/perle-in.com\/wp-content\/uploads\/2025\/10\/10738500-1.jpg","type":"image\/jpeg"}],"twitter_card":"summary_large_image","schema":{"@context":"https:\/\/schema.org","@graph":[{"@type":"WebPage","@id":"https:\/\/perle-in.com\/produit\/stylo-bille-midar-en-liege-et-paille-de-ble-encre-noire\/","url":"https:\/\/perle-in.com\/produit\/stylo-bille-midar-en-liege-et-paille-de-ble-encre-noire\/","name":"Stylo bille Midar en li\u00e8ge et paille de bl\u00e9 (encre noire) - PERLE IN","isPartOf":{"@id":"https:\/\/perle-in.com\/#website"},"primaryImageOfPage":{"@id":"https:\/\/perle-in.com\/produit\/stylo-bille-midar-en-liege-et-paille-de-ble-encre-noire\/#primaryimage"},"image":{"@id":"https:\/\/perle-in.com\/produit\/stylo-bille-midar-en-liege-et-paille-de-ble-encre-noire\/#primaryimage"},"thumbnailUrl":"https:\/\/perle-in.com\/wp-content\/uploads\/2025\/10\/10738500-1.jpg","datePublished":"2025-10-13T16:56:45+00:00","dateModified":"2025-10-13T16:56:49+00:00","breadcrumb":{"@id":"https:\/\/perle-in.com\/produit\/stylo-bille-midar-en-liege-et-paille-de-ble-encre-noire\/#breadcrumb"},"inLanguage":"en-CA","potentialAction":[{"@type":"ReadAction","target":["https:\/\/perle-in.com\/produit\/stylo-bille-midar-en-liege-et-paille-de-ble-encre-noire\/"]}]},{"@type":"ImageObject","inLanguage":"en-CA","@id":"https:\/\/perle-in.com\/produit\/stylo-bille-midar-en-liege-et-paille-de-ble-encre-noire\/#primaryimage","url":"https:\/\/perle-in.com\/wp-content\/uploads\/2025\/10\/10738500-1.jpg","contentUrl":"https:\/\/perle-in.com\/wp-content\/uploads\/2025\/10\/10738500-1.jpg","width":1600,"height":1600},{"@type":"BreadcrumbList","@id":"https:\/\/perle-in.com\/produit\/stylo-bille-midar-en-liege-et-paille-de-ble-encre-noire\/#breadcrumb","itemListElement":[{"@type":"ListItem","position":1,"name":"Accueil","item":"https:\/\/perle-in.com\/"},{"@type":"ListItem","position":2,"name":"Boutique","item":"https:\/\/perle-in.com\/boutique\/"},{"@type":"ListItem","position":3,"name":"Stylo bille Midar en li\u00e8ge et paille de bl\u00e9 (encre noire)"}]},{"@type":"WebSite","@id":"https:\/\/perle-in.com\/#website","url":"https:\/\/perle-in.com\/","name":"PERLE IN","description":"","publisher":{"@id":"https:\/\/perle-in.com\/#organization"},"potentialAction":[{"@type":"SearchAction","target":{"@type":"EntryPoint","urlTemplate":"https:\/\/perle-in.com\/?s={search_term_string}"},"query-input":{"@type":"PropertyValueSpecification","valueRequired":true,"valueName":"search_term_string"}}],"inLanguage":"en-CA"},{"@type":"Organization","@id":"https:\/\/perle-in.com\/#organization","name":"PERLE IN","url":"https:\/\/perle-in.com\/","logo":{"@type":"ImageObject","inLanguage":"en-CA","@id":"https:\/\/perle-in.com\/#\/schema\/logo\/image\/","url":"https:\/\/perle-in.com\/wp-content\/uploads\/2022\/12\/LOGO-PERLE-IN-COULEUR@3x.webp","contentUrl":"https:\/\/perle-in.com\/wp-content\/uploads\/2022\/12\/LOGO-PERLE-IN-COULEUR@3x.webp","width":1600,"height":490,"caption":"PERLE IN"},"image":{"@id":"https:\/\/perle-in.com\/#\/schema\/logo\/image\/"}}]}},"jetpack_sharing_enabled":true,"_links":{"self":[{"href":"https:\/\/perle-in.com\/en\/wp-json\/wp\/v2\/product\/503462","targetHints":{"allow":["GET"]}}],"collection":[{"href":"https:\/\/perle-in.com\/en\/wp-json\/wp\/v2\/product"}],"about":[{"href":"https:\/\/perle-in.com\/en\/wp-json\/wp\/v2\/types\/product"}],"version-history":[{"count":0,"href":"https:\/\/perle-in.com\/en\/wp-json\/wp\/v2\/product\/503462\/revisions"}],"wp:featuredmedia":[{"embeddable":true,"href":"https:\/\/perle-in.com\/en\/wp-json\/wp\/v2\/media\/503451"}],"wp:attachment":[{"href":"https:\/\/perle-in.com\/en\/wp-json\/wp\/v2\/media?parent=503462"}],"wp:term":[{"taxonomy":"product_brand","embeddable":true,"href":"https:\/\/perle-in.com\/en\/wp-json\/wp\/v2\/product_brand?post=503462"},{"taxonomy":"product_cat","embeddable":true,"href":"https:\/\/perle-in.com\/en\/wp-json\/wp\/v2\/product_cat?post=503462"},{"taxonomy":"product_tag","embeddable":true,"href":"https:\/\/perle-in.com\/en\/wp-json\/wp\/v2\/product_tag?post=503462"}],"curies":[{"name":"wp","href":"https:\/\/api.w.org\/{rel}","templated":true}]}}