{"id":501028,"date":"2025-10-10T15:54:11","date_gmt":"2025-10-10T13:54:11","guid":{"rendered":"https:\/\/perle-in.com\/produit\/jardinet-de-bureau-hey-pots-avec-melange-dherbes-aromatiques\/"},"modified":"2025-10-10T15:54:24","modified_gmt":"2025-10-10T13:54:24","slug":"jardinet-de-bureau-hey-pots-avec-melange-dherbes-aromatiques","status":"publish","type":"product","link":"https:\/\/perle-in.com\/en\/product\/jardinet-de-bureau-hey-pots-avec-melange-dherbes-aromatiques\/","title":{"rendered":"Jardinet de bureau Hey\u00a0Pots avec m\u00e9lange d&#8217;herbes aromatiques"},"content":{"rendered":"","protected":false},"excerpt":{"rendered":"<p>Ce jardinet de bureau est fabriqu\u00e9 en aluminium bross\u00e9 recycl\u00e9. Il comprend une boule de semis innovante contenant un m\u00e9lange d&#8217;herbes aromatiques (ciboulette, basilic doux, persil, aneth et origan des jardins) qui germera en 1 \u00e0 2\u00a0semaines. L&#8217;ensemble comprend un bouchon de li\u00e8ge, des instructions de culture et du substrat organique. Une fois que vos plantes ont pouss\u00e9, vous pouvez r\u00e9utiliser votre pot pour en faire pousser \u00e0 nouveau, l&#8217;utiliser comme pot de rangement ou le recycler. Livr\u00e9 dans un coffret cadeau personnalisable. Fabriqu\u00e9 en Europe.<\/p>","protected":false},"featured_media":485720,"template":"","meta":{"_eb_attr":""},"product_brand":[],"product_cat":[460,150],"product_tag":[718,1126,1123,1124,1125,1127],"class_list":{"0":"post-501028","1":"product","2":"type-product","3":"status-publish","4":"has-post-thumbnail","6":"product_cat-accessoires-pour-la-maison","7":"product_cat-maison-et-cuisine","8":"product_tag-bureau","9":"product_tag-fleur","10":"product_tag-hey-pots","11":"product_tag-heypots","12":"product_tag-jardinet","13":"product_tag-plantes","14":"pa_couleurs-argent","15":"pa_couleurs-noir","17":"first","18":"instock","19":"shipping-taxable","20":"purchasable","21":"product-type-variable"},"yoast_head":"<!-- This site is optimized with the Yoast SEO plugin v27.4 - https:\/\/yoast.com\/product\/yoast-seo-wordpress\/ -->\n<title>Jardinet de bureau Hey\u00a0Pots avec m\u00e9lange d&#039;herbes aromatiques - PERLE IN<\/title>\n<meta name=\"robots\" content=\"noindex, follow, max-snippet:-1, max-image-preview:large, max-video-preview:-1\" \/>\n<meta property=\"og:locale\" content=\"en_US\" \/>\n<meta property=\"og:type\" content=\"article\" \/>\n<meta property=\"og:title\" content=\"Jardinet de bureau Hey\u00a0Pots avec m\u00e9lange d&#039;herbes aromatiques - PERLE IN\" \/>\n<meta property=\"og:description\" content=\"Ce jardinet de bureau est fabriqu\u00e9 en aluminium bross\u00e9 recycl\u00e9. Il comprend une boule de semis innovante contenant un m\u00e9lange d&#039;herbes aromatiques (ciboulette, basilic doux, persil, aneth et origan des jardins) qui germera en 1 \u00e0 2\u00a0semaines. L&#039;ensemble comprend un bouchon de li\u00e8ge, des instructions de culture et du substrat organique. Une fois que vos plantes ont pouss\u00e9, vous pouvez r\u00e9utiliser votre pot pour en faire pousser \u00e0 nouveau, l&#039;utiliser comme pot de rangement ou le recycler. Livr\u00e9 dans un coffret cadeau personnalisable. Fabriqu\u00e9 en Europe.\" \/>\n<meta property=\"og:url\" content=\"https:\/\/perle-in.com\/en\/product\/jardinet-de-bureau-hey-pots-avec-melange-dherbes-aromatiques\/\" \/>\n<meta property=\"og:site_name\" content=\"PERLE IN\" \/>\n<meta property=\"article:modified_time\" content=\"2025-10-10T13:54:24+00:00\" \/>\n<meta property=\"og:image\" content=\"https:\/\/perle-in.com\/wp-content\/uploads\/2025\/09\/1PY00181-1.jpg\" \/>\n\t<meta property=\"og:image:width\" content=\"1600\" \/>\n\t<meta property=\"og:image:height\" content=\"1600\" \/>\n\t<meta property=\"og:image:type\" content=\"image\/jpeg\" \/>\n<meta name=\"twitter:card\" content=\"summary_large_image\" \/>\n<script type=\"application\/ld+json\" class=\"yoast-schema-graph\">{\"@context\":\"https:\\\/\\\/schema.org\",\"@graph\":[{\"@type\":\"WebPage\",\"@id\":\"https:\\\/\\\/perle-in.com\\\/produit\\\/jardinet-de-bureau-hey-pots-avec-melange-dherbes-aromatiques\\\/\",\"url\":\"https:\\\/\\\/perle-in.com\\\/produit\\\/jardinet-de-bureau-hey-pots-avec-melange-dherbes-aromatiques\\\/\",\"name\":\"Jardinet de bureau Hey\u00a0Pots avec m\u00e9lange d'herbes aromatiques - PERLE IN\",\"isPartOf\":{\"@id\":\"https:\\\/\\\/perle-in.com\\\/#website\"},\"primaryImageOfPage\":{\"@id\":\"https:\\\/\\\/perle-in.com\\\/produit\\\/jardinet-de-bureau-hey-pots-avec-melange-dherbes-aromatiques\\\/#primaryimage\"},\"image\":{\"@id\":\"https:\\\/\\\/perle-in.com\\\/produit\\\/jardinet-de-bureau-hey-pots-avec-melange-dherbes-aromatiques\\\/#primaryimage\"},\"thumbnailUrl\":\"https:\\\/\\\/perle-in.com\\\/wp-content\\\/uploads\\\/2025\\\/09\\\/1PY00181-1.jpg\",\"datePublished\":\"2025-10-10T13:54:11+00:00\",\"dateModified\":\"2025-10-10T13:54:24+00:00\",\"breadcrumb\":{\"@id\":\"https:\\\/\\\/perle-in.com\\\/produit\\\/jardinet-de-bureau-hey-pots-avec-melange-dherbes-aromatiques\\\/#breadcrumb\"},\"inLanguage\":\"en-CA\",\"potentialAction\":[{\"@type\":\"ReadAction\",\"target\":[\"https:\\\/\\\/perle-in.com\\\/produit\\\/jardinet-de-bureau-hey-pots-avec-melange-dherbes-aromatiques\\\/\"]}]},{\"@type\":\"ImageObject\",\"inLanguage\":\"en-CA\",\"@id\":\"https:\\\/\\\/perle-in.com\\\/produit\\\/jardinet-de-bureau-hey-pots-avec-melange-dherbes-aromatiques\\\/#primaryimage\",\"url\":\"https:\\\/\\\/perle-in.com\\\/wp-content\\\/uploads\\\/2025\\\/09\\\/1PY00181-1.jpg\",\"contentUrl\":\"https:\\\/\\\/perle-in.com\\\/wp-content\\\/uploads\\\/2025\\\/09\\\/1PY00181-1.jpg\",\"width\":1600,\"height\":1600},{\"@type\":\"BreadcrumbList\",\"@id\":\"https:\\\/\\\/perle-in.com\\\/produit\\\/jardinet-de-bureau-hey-pots-avec-melange-dherbes-aromatiques\\\/#breadcrumb\",\"itemListElement\":[{\"@type\":\"ListItem\",\"position\":1,\"name\":\"Accueil\",\"item\":\"https:\\\/\\\/perle-in.com\\\/\"},{\"@type\":\"ListItem\",\"position\":2,\"name\":\"Boutique\",\"item\":\"https:\\\/\\\/perle-in.com\\\/boutique\\\/\"},{\"@type\":\"ListItem\",\"position\":3,\"name\":\"Jardinet de bureau Hey\u00a0Pots avec m\u00e9lange d&#8217;herbes aromatiques\"}]},{\"@type\":\"WebSite\",\"@id\":\"https:\\\/\\\/perle-in.com\\\/#website\",\"url\":\"https:\\\/\\\/perle-in.com\\\/\",\"name\":\"PERLE IN\",\"description\":\"\",\"publisher\":{\"@id\":\"https:\\\/\\\/perle-in.com\\\/#organization\"},\"potentialAction\":[{\"@type\":\"SearchAction\",\"target\":{\"@type\":\"EntryPoint\",\"urlTemplate\":\"https:\\\/\\\/perle-in.com\\\/?s={search_term_string}\"},\"query-input\":{\"@type\":\"PropertyValueSpecification\",\"valueRequired\":true,\"valueName\":\"search_term_string\"}}],\"inLanguage\":\"en-CA\"},{\"@type\":\"Organization\",\"@id\":\"https:\\\/\\\/perle-in.com\\\/#organization\",\"name\":\"PERLE IN\",\"url\":\"https:\\\/\\\/perle-in.com\\\/\",\"logo\":{\"@type\":\"ImageObject\",\"inLanguage\":\"en-CA\",\"@id\":\"https:\\\/\\\/perle-in.com\\\/#\\\/schema\\\/logo\\\/image\\\/\",\"url\":\"https:\\\/\\\/perle-in.com\\\/wp-content\\\/uploads\\\/2022\\\/12\\\/LOGO-PERLE-IN-COULEUR@3x.webp\",\"contentUrl\":\"https:\\\/\\\/perle-in.com\\\/wp-content\\\/uploads\\\/2022\\\/12\\\/LOGO-PERLE-IN-COULEUR@3x.webp\",\"width\":1600,\"height\":490,\"caption\":\"PERLE IN\"},\"image\":{\"@id\":\"https:\\\/\\\/perle-in.com\\\/#\\\/schema\\\/logo\\\/image\\\/\"}}]}<\/script>\n<!-- \/ Yoast SEO plugin. -->","yoast_head_json":{"title":"Jardinet de bureau Hey\u00a0Pots avec m\u00e9lange d'herbes aromatiques - PERLE IN","robots":{"index":"noindex","follow":"follow","max-snippet":"max-snippet:-1","max-image-preview":"max-image-preview:large","max-video-preview":"max-video-preview:-1"},"og_locale":"en_US","og_type":"article","og_title":"Jardinet de bureau Hey\u00a0Pots avec m\u00e9lange d'herbes aromatiques - PERLE IN","og_description":"Ce jardinet de bureau est fabriqu\u00e9 en aluminium bross\u00e9 recycl\u00e9. Il comprend une boule de semis innovante contenant un m\u00e9lange d'herbes aromatiques (ciboulette, basilic doux, persil, aneth et origan des jardins) qui germera en 1 \u00e0 2\u00a0semaines. L'ensemble comprend un bouchon de li\u00e8ge, des instructions de culture et du substrat organique. Une fois que vos plantes ont pouss\u00e9, vous pouvez r\u00e9utiliser votre pot pour en faire pousser \u00e0 nouveau, l'utiliser comme pot de rangement ou le recycler. Livr\u00e9 dans un coffret cadeau personnalisable. Fabriqu\u00e9 en Europe.","og_url":"https:\/\/perle-in.com\/en\/product\/jardinet-de-bureau-hey-pots-avec-melange-dherbes-aromatiques\/","og_site_name":"PERLE IN","article_modified_time":"2025-10-10T13:54:24+00:00","og_image":[{"width":1600,"height":1600,"url":"https:\/\/perle-in.com\/wp-content\/uploads\/2025\/09\/1PY00181-1.jpg","type":"image\/jpeg"}],"twitter_card":"summary_large_image","schema":{"@context":"https:\/\/schema.org","@graph":[{"@type":"WebPage","@id":"https:\/\/perle-in.com\/produit\/jardinet-de-bureau-hey-pots-avec-melange-dherbes-aromatiques\/","url":"https:\/\/perle-in.com\/produit\/jardinet-de-bureau-hey-pots-avec-melange-dherbes-aromatiques\/","name":"Jardinet de bureau Hey\u00a0Pots avec m\u00e9lange d'herbes aromatiques - PERLE IN","isPartOf":{"@id":"https:\/\/perle-in.com\/#website"},"primaryImageOfPage":{"@id":"https:\/\/perle-in.com\/produit\/jardinet-de-bureau-hey-pots-avec-melange-dherbes-aromatiques\/#primaryimage"},"image":{"@id":"https:\/\/perle-in.com\/produit\/jardinet-de-bureau-hey-pots-avec-melange-dherbes-aromatiques\/#primaryimage"},"thumbnailUrl":"https:\/\/perle-in.com\/wp-content\/uploads\/2025\/09\/1PY00181-1.jpg","datePublished":"2025-10-10T13:54:11+00:00","dateModified":"2025-10-10T13:54:24+00:00","breadcrumb":{"@id":"https:\/\/perle-in.com\/produit\/jardinet-de-bureau-hey-pots-avec-melange-dherbes-aromatiques\/#breadcrumb"},"inLanguage":"en-CA","potentialAction":[{"@type":"ReadAction","target":["https:\/\/perle-in.com\/produit\/jardinet-de-bureau-hey-pots-avec-melange-dherbes-aromatiques\/"]}]},{"@type":"ImageObject","inLanguage":"en-CA","@id":"https:\/\/perle-in.com\/produit\/jardinet-de-bureau-hey-pots-avec-melange-dherbes-aromatiques\/#primaryimage","url":"https:\/\/perle-in.com\/wp-content\/uploads\/2025\/09\/1PY00181-1.jpg","contentUrl":"https:\/\/perle-in.com\/wp-content\/uploads\/2025\/09\/1PY00181-1.jpg","width":1600,"height":1600},{"@type":"BreadcrumbList","@id":"https:\/\/perle-in.com\/produit\/jardinet-de-bureau-hey-pots-avec-melange-dherbes-aromatiques\/#breadcrumb","itemListElement":[{"@type":"ListItem","position":1,"name":"Accueil","item":"https:\/\/perle-in.com\/"},{"@type":"ListItem","position":2,"name":"Boutique","item":"https:\/\/perle-in.com\/boutique\/"},{"@type":"ListItem","position":3,"name":"Jardinet de bureau Hey\u00a0Pots avec m\u00e9lange d&#8217;herbes aromatiques"}]},{"@type":"WebSite","@id":"https:\/\/perle-in.com\/#website","url":"https:\/\/perle-in.com\/","name":"PERLE IN","description":"","publisher":{"@id":"https:\/\/perle-in.com\/#organization"},"potentialAction":[{"@type":"SearchAction","target":{"@type":"EntryPoint","urlTemplate":"https:\/\/perle-in.com\/?s={search_term_string}"},"query-input":{"@type":"PropertyValueSpecification","valueRequired":true,"valueName":"search_term_string"}}],"inLanguage":"en-CA"},{"@type":"Organization","@id":"https:\/\/perle-in.com\/#organization","name":"PERLE IN","url":"https:\/\/perle-in.com\/","logo":{"@type":"ImageObject","inLanguage":"en-CA","@id":"https:\/\/perle-in.com\/#\/schema\/logo\/image\/","url":"https:\/\/perle-in.com\/wp-content\/uploads\/2022\/12\/LOGO-PERLE-IN-COULEUR@3x.webp","contentUrl":"https:\/\/perle-in.com\/wp-content\/uploads\/2022\/12\/LOGO-PERLE-IN-COULEUR@3x.webp","width":1600,"height":490,"caption":"PERLE IN"},"image":{"@id":"https:\/\/perle-in.com\/#\/schema\/logo\/image\/"}}]}},"jetpack_sharing_enabled":true,"_links":{"self":[{"href":"https:\/\/perle-in.com\/en\/wp-json\/wp\/v2\/product\/501028","targetHints":{"allow":["GET"]}}],"collection":[{"href":"https:\/\/perle-in.com\/en\/wp-json\/wp\/v2\/product"}],"about":[{"href":"https:\/\/perle-in.com\/en\/wp-json\/wp\/v2\/types\/product"}],"version-history":[{"count":0,"href":"https:\/\/perle-in.com\/en\/wp-json\/wp\/v2\/product\/501028\/revisions"}],"wp:featuredmedia":[{"embeddable":true,"href":"https:\/\/perle-in.com\/en\/wp-json\/wp\/v2\/media\/485720"}],"wp:attachment":[{"href":"https:\/\/perle-in.com\/en\/wp-json\/wp\/v2\/media?parent=501028"}],"wp:term":[{"taxonomy":"product_brand","embeddable":true,"href":"https:\/\/perle-in.com\/en\/wp-json\/wp\/v2\/product_brand?post=501028"},{"taxonomy":"product_cat","embeddable":true,"href":"https:\/\/perle-in.com\/en\/wp-json\/wp\/v2\/product_cat?post=501028"},{"taxonomy":"product_tag","embeddable":true,"href":"https:\/\/perle-in.com\/en\/wp-json\/wp\/v2\/product_tag?post=501028"}],"curies":[{"name":"wp","href":"https:\/\/api.w.org\/{rel}","templated":true}]}}