{"id":500988,"date":"2025-10-10T15:43:18","date_gmt":"2025-10-10T13:43:18","guid":{"rendered":"https:\/\/perle-in.com\/produit\/cafetiere-portable-prixton-roma\/"},"modified":"2025-10-10T15:43:25","modified_gmt":"2025-10-10T13:43:25","slug":"cafetiere-portable-prixton-roma","status":"publish","type":"product","link":"https:\/\/perle-in.com\/en\/product\/cafetiere-portable-prixton-roma\/","title":{"rendered":"Cafeti\u00e8re portable Prixton Roma"},"content":{"rendered":"","protected":false},"excerpt":{"rendered":"<p>La cafeti\u00e8re portable Roma est con\u00e7ue pour les amateurs de caf\u00e9 qui souhaitent d\u00e9guster un caf\u00e9 fra\u00eechement moulu et de haute qualit\u00e9 o\u00f9 qu\u2019ils aillent. Parfaite pour toutes les aventures, elle dispose d\u2019une batterie rechargeable qui se charge facilement via un c\u00e2ble USB Type-C. Avec une pression de 15\u00a0bars, elle garantit une extraction optimale, offrant un ar\u00f4me riche et une saveur intense \u00e0 chaque gorg\u00e9e. Compatible avec le caf\u00e9 moulu et les capsules Nespresso\u00ae, elle permet de pr\u00e9parer une tasse de caf\u00e9 en toute simplicit\u00e9. Un seul bouton permet de contr\u00f4ler l\u2019ensemble de la pr\u00e9paration du caf\u00e9, facilitant ainsi la cr\u00e9ation d\u2019un espresso parfait. Gr\u00e2ce au r\u00e9servoir d\u2019eau de 80\u00a0ml et aux r\u00e9glages de temp\u00e9rature r\u00e9glables (40\u00a0\u00b0C, 60\u00a0\u00b0C, 80\u00a0\u00b0C et 92\u00a0\u00b0C), vous \u00eates l&#8217;expert. Des t\u00e9moins lumineux indiquent l\u2019\u00e9tat de charge et la temp\u00e9rature, et une charge compl\u00e8te vous permet de pr\u00e9parer 4 \u00e0 5\u00a0tasses chaudes, vous assurant ainsi votre dose de caf\u00e9ine o\u00f9 que vous soyez.<\/p>","protected":false},"featured_media":486043,"template":"","meta":{"_eb_attr":""},"product_brand":[],"product_cat":[150,878],"product_tag":[225,1090,1151,1150,1152,883,783],"class_list":{"0":"post-500988","1":"product","2":"type-product","3":"status-publish","4":"has-post-thumbnail","6":"product_cat-maison-et-cuisine","7":"product_cat-ustensiles-de-cuisine","8":"product_tag-cafe","9":"product_tag-cafetiere","10":"product_tag-capsule","11":"product_tag-dosette","12":"product_tag-infusion","13":"product_tag-portable","14":"product_tag-prixton","15":"pa_couleurs-noir","17":"first","18":"instock","19":"shipping-taxable","20":"purchasable","21":"product-type-variable"},"yoast_head":"<!-- This site is optimized with the Yoast SEO plugin v27.4 - https:\/\/yoast.com\/product\/yoast-seo-wordpress\/ -->\n<title>Cafeti\u00e8re portable Prixton Roma - PERLE IN<\/title>\n<meta name=\"robots\" content=\"noindex, follow, max-snippet:-1, max-image-preview:large, max-video-preview:-1\" \/>\n<meta property=\"og:locale\" content=\"en_US\" \/>\n<meta property=\"og:type\" content=\"article\" \/>\n<meta property=\"og:title\" content=\"Cafeti\u00e8re portable Prixton Roma - PERLE IN\" \/>\n<meta property=\"og:description\" content=\"La cafeti\u00e8re portable Roma est con\u00e7ue pour les amateurs de caf\u00e9 qui souhaitent d\u00e9guster un caf\u00e9 fra\u00eechement moulu et de haute qualit\u00e9 o\u00f9 qu\u2019ils aillent. Parfaite pour toutes les aventures, elle dispose d\u2019une batterie rechargeable qui se charge facilement via un c\u00e2ble USB Type-C. Avec une pression de 15\u00a0bars, elle garantit une extraction optimale, offrant un ar\u00f4me riche et une saveur intense \u00e0 chaque gorg\u00e9e. Compatible avec le caf\u00e9 moulu et les capsules Nespresso\u00ae, elle permet de pr\u00e9parer une tasse de caf\u00e9 en toute simplicit\u00e9. Un seul bouton permet de contr\u00f4ler l\u2019ensemble de la pr\u00e9paration du caf\u00e9, facilitant ainsi la cr\u00e9ation d\u2019un espresso parfait. Gr\u00e2ce au r\u00e9servoir d\u2019eau de 80\u00a0ml et aux r\u00e9glages de temp\u00e9rature r\u00e9glables (40\u00a0\u00b0C, 60\u00a0\u00b0C, 80\u00a0\u00b0C et 92\u00a0\u00b0C), vous \u00eates l&#039;expert. Des t\u00e9moins lumineux indiquent l\u2019\u00e9tat de charge et la temp\u00e9rature, et une charge compl\u00e8te vous permet de pr\u00e9parer 4 \u00e0 5\u00a0tasses chaudes, vous assurant ainsi votre dose de caf\u00e9ine o\u00f9 que vous soyez.\" \/>\n<meta property=\"og:url\" content=\"https:\/\/perle-in.com\/en\/product\/cafetiere-portable-prixton-roma\/\" \/>\n<meta property=\"og:site_name\" content=\"PERLE IN\" \/>\n<meta property=\"article:modified_time\" content=\"2025-10-10T13:43:25+00:00\" \/>\n<meta property=\"og:image\" content=\"https:\/\/perle-in.com\/wp-content\/uploads\/2025\/09\/1PA19090-1.jpg\" \/>\n\t<meta property=\"og:image:width\" content=\"1600\" \/>\n\t<meta property=\"og:image:height\" content=\"1600\" \/>\n\t<meta property=\"og:image:type\" content=\"image\/jpeg\" \/>\n<meta name=\"twitter:card\" content=\"summary_large_image\" \/>\n<script type=\"application\/ld+json\" class=\"yoast-schema-graph\">{\"@context\":\"https:\\\/\\\/schema.org\",\"@graph\":[{\"@type\":\"WebPage\",\"@id\":\"https:\\\/\\\/perle-in.com\\\/produit\\\/cafetiere-portable-prixton-roma\\\/\",\"url\":\"https:\\\/\\\/perle-in.com\\\/produit\\\/cafetiere-portable-prixton-roma\\\/\",\"name\":\"Cafeti\u00e8re portable Prixton Roma - PERLE IN\",\"isPartOf\":{\"@id\":\"https:\\\/\\\/perle-in.com\\\/#website\"},\"primaryImageOfPage\":{\"@id\":\"https:\\\/\\\/perle-in.com\\\/produit\\\/cafetiere-portable-prixton-roma\\\/#primaryimage\"},\"image\":{\"@id\":\"https:\\\/\\\/perle-in.com\\\/produit\\\/cafetiere-portable-prixton-roma\\\/#primaryimage\"},\"thumbnailUrl\":\"https:\\\/\\\/perle-in.com\\\/wp-content\\\/uploads\\\/2025\\\/09\\\/1PA19090-1.jpg\",\"datePublished\":\"2025-10-10T13:43:18+00:00\",\"dateModified\":\"2025-10-10T13:43:25+00:00\",\"breadcrumb\":{\"@id\":\"https:\\\/\\\/perle-in.com\\\/produit\\\/cafetiere-portable-prixton-roma\\\/#breadcrumb\"},\"inLanguage\":\"en-CA\",\"potentialAction\":[{\"@type\":\"ReadAction\",\"target\":[\"https:\\\/\\\/perle-in.com\\\/produit\\\/cafetiere-portable-prixton-roma\\\/\"]}]},{\"@type\":\"ImageObject\",\"inLanguage\":\"en-CA\",\"@id\":\"https:\\\/\\\/perle-in.com\\\/produit\\\/cafetiere-portable-prixton-roma\\\/#primaryimage\",\"url\":\"https:\\\/\\\/perle-in.com\\\/wp-content\\\/uploads\\\/2025\\\/09\\\/1PA19090-1.jpg\",\"contentUrl\":\"https:\\\/\\\/perle-in.com\\\/wp-content\\\/uploads\\\/2025\\\/09\\\/1PA19090-1.jpg\",\"width\":1600,\"height\":1600},{\"@type\":\"BreadcrumbList\",\"@id\":\"https:\\\/\\\/perle-in.com\\\/produit\\\/cafetiere-portable-prixton-roma\\\/#breadcrumb\",\"itemListElement\":[{\"@type\":\"ListItem\",\"position\":1,\"name\":\"Accueil\",\"item\":\"https:\\\/\\\/perle-in.com\\\/\"},{\"@type\":\"ListItem\",\"position\":2,\"name\":\"Boutique\",\"item\":\"https:\\\/\\\/perle-in.com\\\/boutique\\\/\"},{\"@type\":\"ListItem\",\"position\":3,\"name\":\"Cafeti\u00e8re portable Prixton Roma\"}]},{\"@type\":\"WebSite\",\"@id\":\"https:\\\/\\\/perle-in.com\\\/#website\",\"url\":\"https:\\\/\\\/perle-in.com\\\/\",\"name\":\"PERLE IN\",\"description\":\"\",\"publisher\":{\"@id\":\"https:\\\/\\\/perle-in.com\\\/#organization\"},\"potentialAction\":[{\"@type\":\"SearchAction\",\"target\":{\"@type\":\"EntryPoint\",\"urlTemplate\":\"https:\\\/\\\/perle-in.com\\\/?s={search_term_string}\"},\"query-input\":{\"@type\":\"PropertyValueSpecification\",\"valueRequired\":true,\"valueName\":\"search_term_string\"}}],\"inLanguage\":\"en-CA\"},{\"@type\":\"Organization\",\"@id\":\"https:\\\/\\\/perle-in.com\\\/#organization\",\"name\":\"PERLE IN\",\"url\":\"https:\\\/\\\/perle-in.com\\\/\",\"logo\":{\"@type\":\"ImageObject\",\"inLanguage\":\"en-CA\",\"@id\":\"https:\\\/\\\/perle-in.com\\\/#\\\/schema\\\/logo\\\/image\\\/\",\"url\":\"https:\\\/\\\/perle-in.com\\\/wp-content\\\/uploads\\\/2022\\\/12\\\/LOGO-PERLE-IN-COULEUR@3x.webp\",\"contentUrl\":\"https:\\\/\\\/perle-in.com\\\/wp-content\\\/uploads\\\/2022\\\/12\\\/LOGO-PERLE-IN-COULEUR@3x.webp\",\"width\":1600,\"height\":490,\"caption\":\"PERLE IN\"},\"image\":{\"@id\":\"https:\\\/\\\/perle-in.com\\\/#\\\/schema\\\/logo\\\/image\\\/\"}}]}<\/script>\n<!-- \/ Yoast SEO plugin. -->","yoast_head_json":{"title":"Cafeti\u00e8re portable Prixton Roma - PERLE IN","robots":{"index":"noindex","follow":"follow","max-snippet":"max-snippet:-1","max-image-preview":"max-image-preview:large","max-video-preview":"max-video-preview:-1"},"og_locale":"en_US","og_type":"article","og_title":"Cafeti\u00e8re portable Prixton Roma - PERLE IN","og_description":"La cafeti\u00e8re portable Roma est con\u00e7ue pour les amateurs de caf\u00e9 qui souhaitent d\u00e9guster un caf\u00e9 fra\u00eechement moulu et de haute qualit\u00e9 o\u00f9 qu\u2019ils aillent. Parfaite pour toutes les aventures, elle dispose d\u2019une batterie rechargeable qui se charge facilement via un c\u00e2ble USB Type-C. Avec une pression de 15\u00a0bars, elle garantit une extraction optimale, offrant un ar\u00f4me riche et une saveur intense \u00e0 chaque gorg\u00e9e. Compatible avec le caf\u00e9 moulu et les capsules Nespresso\u00ae, elle permet de pr\u00e9parer une tasse de caf\u00e9 en toute simplicit\u00e9. Un seul bouton permet de contr\u00f4ler l\u2019ensemble de la pr\u00e9paration du caf\u00e9, facilitant ainsi la cr\u00e9ation d\u2019un espresso parfait. Gr\u00e2ce au r\u00e9servoir d\u2019eau de 80\u00a0ml et aux r\u00e9glages de temp\u00e9rature r\u00e9glables (40\u00a0\u00b0C, 60\u00a0\u00b0C, 80\u00a0\u00b0C et 92\u00a0\u00b0C), vous \u00eates l'expert. Des t\u00e9moins lumineux indiquent l\u2019\u00e9tat de charge et la temp\u00e9rature, et une charge compl\u00e8te vous permet de pr\u00e9parer 4 \u00e0 5\u00a0tasses chaudes, vous assurant ainsi votre dose de caf\u00e9ine o\u00f9 que vous soyez.","og_url":"https:\/\/perle-in.com\/en\/product\/cafetiere-portable-prixton-roma\/","og_site_name":"PERLE IN","article_modified_time":"2025-10-10T13:43:25+00:00","og_image":[{"width":1600,"height":1600,"url":"https:\/\/perle-in.com\/wp-content\/uploads\/2025\/09\/1PA19090-1.jpg","type":"image\/jpeg"}],"twitter_card":"summary_large_image","schema":{"@context":"https:\/\/schema.org","@graph":[{"@type":"WebPage","@id":"https:\/\/perle-in.com\/produit\/cafetiere-portable-prixton-roma\/","url":"https:\/\/perle-in.com\/produit\/cafetiere-portable-prixton-roma\/","name":"Cafeti\u00e8re portable Prixton Roma - PERLE IN","isPartOf":{"@id":"https:\/\/perle-in.com\/#website"},"primaryImageOfPage":{"@id":"https:\/\/perle-in.com\/produit\/cafetiere-portable-prixton-roma\/#primaryimage"},"image":{"@id":"https:\/\/perle-in.com\/produit\/cafetiere-portable-prixton-roma\/#primaryimage"},"thumbnailUrl":"https:\/\/perle-in.com\/wp-content\/uploads\/2025\/09\/1PA19090-1.jpg","datePublished":"2025-10-10T13:43:18+00:00","dateModified":"2025-10-10T13:43:25+00:00","breadcrumb":{"@id":"https:\/\/perle-in.com\/produit\/cafetiere-portable-prixton-roma\/#breadcrumb"},"inLanguage":"en-CA","potentialAction":[{"@type":"ReadAction","target":["https:\/\/perle-in.com\/produit\/cafetiere-portable-prixton-roma\/"]}]},{"@type":"ImageObject","inLanguage":"en-CA","@id":"https:\/\/perle-in.com\/produit\/cafetiere-portable-prixton-roma\/#primaryimage","url":"https:\/\/perle-in.com\/wp-content\/uploads\/2025\/09\/1PA19090-1.jpg","contentUrl":"https:\/\/perle-in.com\/wp-content\/uploads\/2025\/09\/1PA19090-1.jpg","width":1600,"height":1600},{"@type":"BreadcrumbList","@id":"https:\/\/perle-in.com\/produit\/cafetiere-portable-prixton-roma\/#breadcrumb","itemListElement":[{"@type":"ListItem","position":1,"name":"Accueil","item":"https:\/\/perle-in.com\/"},{"@type":"ListItem","position":2,"name":"Boutique","item":"https:\/\/perle-in.com\/boutique\/"},{"@type":"ListItem","position":3,"name":"Cafeti\u00e8re portable Prixton Roma"}]},{"@type":"WebSite","@id":"https:\/\/perle-in.com\/#website","url":"https:\/\/perle-in.com\/","name":"PERLE IN","description":"","publisher":{"@id":"https:\/\/perle-in.com\/#organization"},"potentialAction":[{"@type":"SearchAction","target":{"@type":"EntryPoint","urlTemplate":"https:\/\/perle-in.com\/?s={search_term_string}"},"query-input":{"@type":"PropertyValueSpecification","valueRequired":true,"valueName":"search_term_string"}}],"inLanguage":"en-CA"},{"@type":"Organization","@id":"https:\/\/perle-in.com\/#organization","name":"PERLE IN","url":"https:\/\/perle-in.com\/","logo":{"@type":"ImageObject","inLanguage":"en-CA","@id":"https:\/\/perle-in.com\/#\/schema\/logo\/image\/","url":"https:\/\/perle-in.com\/wp-content\/uploads\/2022\/12\/LOGO-PERLE-IN-COULEUR@3x.webp","contentUrl":"https:\/\/perle-in.com\/wp-content\/uploads\/2022\/12\/LOGO-PERLE-IN-COULEUR@3x.webp","width":1600,"height":490,"caption":"PERLE IN"},"image":{"@id":"https:\/\/perle-in.com\/#\/schema\/logo\/image\/"}}]}},"jetpack_sharing_enabled":true,"_links":{"self":[{"href":"https:\/\/perle-in.com\/en\/wp-json\/wp\/v2\/product\/500988","targetHints":{"allow":["GET"]}}],"collection":[{"href":"https:\/\/perle-in.com\/en\/wp-json\/wp\/v2\/product"}],"about":[{"href":"https:\/\/perle-in.com\/en\/wp-json\/wp\/v2\/types\/product"}],"version-history":[{"count":0,"href":"https:\/\/perle-in.com\/en\/wp-json\/wp\/v2\/product\/500988\/revisions"}],"wp:featuredmedia":[{"embeddable":true,"href":"https:\/\/perle-in.com\/en\/wp-json\/wp\/v2\/media\/486043"}],"wp:attachment":[{"href":"https:\/\/perle-in.com\/en\/wp-json\/wp\/v2\/media?parent=500988"}],"wp:term":[{"taxonomy":"product_brand","embeddable":true,"href":"https:\/\/perle-in.com\/en\/wp-json\/wp\/v2\/product_brand?post=500988"},{"taxonomy":"product_cat","embeddable":true,"href":"https:\/\/perle-in.com\/en\/wp-json\/wp\/v2\/product_cat?post=500988"},{"taxonomy":"product_tag","embeddable":true,"href":"https:\/\/perle-in.com\/en\/wp-json\/wp\/v2\/product_tag?post=500988"}],"curies":[{"name":"wp","href":"https:\/\/api.w.org\/{rel}","templated":true}]}}