{"id":500794,"date":"2025-10-10T14:19:12","date_gmt":"2025-10-10T12:19:12","guid":{"rendered":"https:\/\/perle-in.com\/produit\/attache-carree-rfx-h-16-en-pvc-leger-et-reflechissant\/"},"modified":"2025-10-10T14:19:24","modified_gmt":"2025-10-10T12:19:24","slug":"attache-carree-rfx-h-16-en-pvc-leger-et-reflechissant","status":"publish","type":"product","link":"https:\/\/perle-in.com\/en\/product\/attache-carree-rfx-h-16-en-pvc-leger-et-reflechissant\/","title":{"rendered":"Attache carr\u00e9e RFX\u2122 H-16 en PVC l\u00e9ger et r\u00e9fl\u00e9chissant"},"content":{"rendered":"","protected":false},"excerpt":{"rendered":"<p>Fixez cette attache r\u00e9fl\u00e9chissante aux v\u00eatements, aux sacs ou \u00e0 d&#8217;autres articles d&#8217;ext\u00e9rieur pour accro\u00eetre la visibilit\u00e9 dans l&#8217;obscurit\u00e9. En utilisant ces attaches certifi\u00e9es, vous faites de la s\u00e9curit\u00e9 routi\u00e8re une vraie marque de fabrique. Les attaches sont fournies avec une ficelle blanche et une aiguille de s\u00e9curit\u00e9 pour un montage facile. Disponible en diff\u00e9rentes formes et tailles, en blanc ou en jaune. Comprend une lampe fluorescente RFX\u2122 en PVC sans phtalate. Les mat\u00e9riaux ont \u00e9t\u00e9 test\u00e9s conform\u00e9ment \u00e0 la norme SVHC (substances extr\u00eamement pr\u00e9occupantes) REACH et sont exempts de phtalates. Les attaches sont test\u00e9es CE et homologu\u00e9es selon la norme EN 17353 Type B\u00a01. Chaque article est fourni avec une ficelle de 10\u00a0cm et une aiguille pour l&#8217;attacher facilement \u00e0 un sac, une veste, etc. Ils sont emball\u00e9s avec une fiche d&#8217;information dans un sac en papier de soie, un mat\u00e9riau fabriqu\u00e9 \u00e0 partir de pulpe de bois. Fabriqu\u00e9 en Europe.<\/p>","protected":false},"featured_media":485893,"template":"","meta":{"_eb_attr":""},"product_brand":[],"product_cat":[439,438],"product_tag":[888,1115,760,683,1135,685,735],"class_list":{"0":"post-500794","1":"product","2":"type-product","3":"status-publish","4":"has-post-thumbnail","6":"product_cat-articles-rflchissants","7":"product_cat-outils-et-accessoires-pour-la-voiture","8":"product_tag-attache","9":"product_tag-course-a-pied","10":"product_tag-cyclisme","11":"product_tag-reflecteur","12":"product_tag-rfx-reflechissant","13":"product_tag-securite","14":"product_tag-visibilite","15":"pa_couleurs-blanc","16":"pa_couleurs-jaune-neon","18":"first","19":"instock","20":"shipping-taxable","21":"purchasable","22":"product-type-variable"},"yoast_head":"<!-- This site is optimized with the Yoast SEO plugin v27.4 - https:\/\/yoast.com\/product\/yoast-seo-wordpress\/ -->\n<title>Attache carr\u00e9e RFX\u2122 H-16 en PVC l\u00e9ger et r\u00e9fl\u00e9chissant - PERLE IN<\/title>\n<meta name=\"robots\" content=\"noindex, follow, max-snippet:-1, max-image-preview:large, max-video-preview:-1\" \/>\n<meta property=\"og:locale\" content=\"en_US\" \/>\n<meta property=\"og:type\" content=\"article\" \/>\n<meta property=\"og:title\" content=\"Attache carr\u00e9e RFX\u2122 H-16 en PVC l\u00e9ger et r\u00e9fl\u00e9chissant - PERLE IN\" \/>\n<meta property=\"og:description\" content=\"Fixez cette attache r\u00e9fl\u00e9chissante aux v\u00eatements, aux sacs ou \u00e0 d&#039;autres articles d&#039;ext\u00e9rieur pour accro\u00eetre la visibilit\u00e9 dans l&#039;obscurit\u00e9. En utilisant ces attaches certifi\u00e9es, vous faites de la s\u00e9curit\u00e9 routi\u00e8re une vraie marque de fabrique. Les attaches sont fournies avec une ficelle blanche et une aiguille de s\u00e9curit\u00e9 pour un montage facile. Disponible en diff\u00e9rentes formes et tailles, en blanc ou en jaune. Comprend une lampe fluorescente RFX\u2122 en PVC sans phtalate. Les mat\u00e9riaux ont \u00e9t\u00e9 test\u00e9s conform\u00e9ment \u00e0 la norme SVHC (substances extr\u00eamement pr\u00e9occupantes) REACH et sont exempts de phtalates. Les attaches sont test\u00e9es CE et homologu\u00e9es selon la norme EN 17353 Type B\u00a01. Chaque article est fourni avec une ficelle de 10\u00a0cm et une aiguille pour l&#039;attacher facilement \u00e0 un sac, une veste, etc. Ils sont emball\u00e9s avec une fiche d&#039;information dans un sac en papier de soie, un mat\u00e9riau fabriqu\u00e9 \u00e0 partir de pulpe de bois. Fabriqu\u00e9 en Europe.\" \/>\n<meta property=\"og:url\" content=\"https:\/\/perle-in.com\/en\/product\/attache-carree-rfx-h-16-en-pvc-leger-et-reflechissant\/\" \/>\n<meta property=\"og:site_name\" content=\"PERLE IN\" \/>\n<meta property=\"article:modified_time\" content=\"2025-10-10T12:19:24+00:00\" \/>\n<meta property=\"og:image\" content=\"https:\/\/perle-in.com\/wp-content\/uploads\/2025\/09\/1PR13101-1.jpg\" \/>\n\t<meta property=\"og:image:width\" content=\"1600\" \/>\n\t<meta property=\"og:image:height\" content=\"1600\" \/>\n\t<meta property=\"og:image:type\" content=\"image\/jpeg\" \/>\n<meta name=\"twitter:card\" content=\"summary_large_image\" \/>\n<script type=\"application\/ld+json\" class=\"yoast-schema-graph\">{\"@context\":\"https:\\\/\\\/schema.org\",\"@graph\":[{\"@type\":\"WebPage\",\"@id\":\"https:\\\/\\\/perle-in.com\\\/produit\\\/attache-carree-rfx-h-16-en-pvc-leger-et-reflechissant\\\/\",\"url\":\"https:\\\/\\\/perle-in.com\\\/produit\\\/attache-carree-rfx-h-16-en-pvc-leger-et-reflechissant\\\/\",\"name\":\"Attache carr\u00e9e RFX\u2122 H-16 en PVC l\u00e9ger et r\u00e9fl\u00e9chissant - PERLE IN\",\"isPartOf\":{\"@id\":\"https:\\\/\\\/perle-in.com\\\/#website\"},\"primaryImageOfPage\":{\"@id\":\"https:\\\/\\\/perle-in.com\\\/produit\\\/attache-carree-rfx-h-16-en-pvc-leger-et-reflechissant\\\/#primaryimage\"},\"image\":{\"@id\":\"https:\\\/\\\/perle-in.com\\\/produit\\\/attache-carree-rfx-h-16-en-pvc-leger-et-reflechissant\\\/#primaryimage\"},\"thumbnailUrl\":\"https:\\\/\\\/perle-in.com\\\/wp-content\\\/uploads\\\/2025\\\/09\\\/1PR13101-1.jpg\",\"datePublished\":\"2025-10-10T12:19:12+00:00\",\"dateModified\":\"2025-10-10T12:19:24+00:00\",\"breadcrumb\":{\"@id\":\"https:\\\/\\\/perle-in.com\\\/produit\\\/attache-carree-rfx-h-16-en-pvc-leger-et-reflechissant\\\/#breadcrumb\"},\"inLanguage\":\"en-CA\",\"potentialAction\":[{\"@type\":\"ReadAction\",\"target\":[\"https:\\\/\\\/perle-in.com\\\/produit\\\/attache-carree-rfx-h-16-en-pvc-leger-et-reflechissant\\\/\"]}]},{\"@type\":\"ImageObject\",\"inLanguage\":\"en-CA\",\"@id\":\"https:\\\/\\\/perle-in.com\\\/produit\\\/attache-carree-rfx-h-16-en-pvc-leger-et-reflechissant\\\/#primaryimage\",\"url\":\"https:\\\/\\\/perle-in.com\\\/wp-content\\\/uploads\\\/2025\\\/09\\\/1PR13101-1.jpg\",\"contentUrl\":\"https:\\\/\\\/perle-in.com\\\/wp-content\\\/uploads\\\/2025\\\/09\\\/1PR13101-1.jpg\",\"width\":1600,\"height\":1600},{\"@type\":\"BreadcrumbList\",\"@id\":\"https:\\\/\\\/perle-in.com\\\/produit\\\/attache-carree-rfx-h-16-en-pvc-leger-et-reflechissant\\\/#breadcrumb\",\"itemListElement\":[{\"@type\":\"ListItem\",\"position\":1,\"name\":\"Accueil\",\"item\":\"https:\\\/\\\/perle-in.com\\\/\"},{\"@type\":\"ListItem\",\"position\":2,\"name\":\"Boutique\",\"item\":\"https:\\\/\\\/perle-in.com\\\/boutique\\\/\"},{\"@type\":\"ListItem\",\"position\":3,\"name\":\"Attache carr\u00e9e RFX\u2122 H-16 en PVC l\u00e9ger et r\u00e9fl\u00e9chissant\"}]},{\"@type\":\"WebSite\",\"@id\":\"https:\\\/\\\/perle-in.com\\\/#website\",\"url\":\"https:\\\/\\\/perle-in.com\\\/\",\"name\":\"PERLE IN\",\"description\":\"\",\"publisher\":{\"@id\":\"https:\\\/\\\/perle-in.com\\\/#organization\"},\"potentialAction\":[{\"@type\":\"SearchAction\",\"target\":{\"@type\":\"EntryPoint\",\"urlTemplate\":\"https:\\\/\\\/perle-in.com\\\/?s={search_term_string}\"},\"query-input\":{\"@type\":\"PropertyValueSpecification\",\"valueRequired\":true,\"valueName\":\"search_term_string\"}}],\"inLanguage\":\"en-CA\"},{\"@type\":\"Organization\",\"@id\":\"https:\\\/\\\/perle-in.com\\\/#organization\",\"name\":\"PERLE IN\",\"url\":\"https:\\\/\\\/perle-in.com\\\/\",\"logo\":{\"@type\":\"ImageObject\",\"inLanguage\":\"en-CA\",\"@id\":\"https:\\\/\\\/perle-in.com\\\/#\\\/schema\\\/logo\\\/image\\\/\",\"url\":\"https:\\\/\\\/perle-in.com\\\/wp-content\\\/uploads\\\/2022\\\/12\\\/LOGO-PERLE-IN-COULEUR@3x.webp\",\"contentUrl\":\"https:\\\/\\\/perle-in.com\\\/wp-content\\\/uploads\\\/2022\\\/12\\\/LOGO-PERLE-IN-COULEUR@3x.webp\",\"width\":1600,\"height\":490,\"caption\":\"PERLE IN\"},\"image\":{\"@id\":\"https:\\\/\\\/perle-in.com\\\/#\\\/schema\\\/logo\\\/image\\\/\"}}]}<\/script>\n<!-- \/ Yoast SEO plugin. -->","yoast_head_json":{"title":"Attache carr\u00e9e RFX\u2122 H-16 en PVC l\u00e9ger et r\u00e9fl\u00e9chissant - PERLE IN","robots":{"index":"noindex","follow":"follow","max-snippet":"max-snippet:-1","max-image-preview":"max-image-preview:large","max-video-preview":"max-video-preview:-1"},"og_locale":"en_US","og_type":"article","og_title":"Attache carr\u00e9e RFX\u2122 H-16 en PVC l\u00e9ger et r\u00e9fl\u00e9chissant - PERLE IN","og_description":"Fixez cette attache r\u00e9fl\u00e9chissante aux v\u00eatements, aux sacs ou \u00e0 d'autres articles d'ext\u00e9rieur pour accro\u00eetre la visibilit\u00e9 dans l'obscurit\u00e9. En utilisant ces attaches certifi\u00e9es, vous faites de la s\u00e9curit\u00e9 routi\u00e8re une vraie marque de fabrique. Les attaches sont fournies avec une ficelle blanche et une aiguille de s\u00e9curit\u00e9 pour un montage facile. Disponible en diff\u00e9rentes formes et tailles, en blanc ou en jaune. Comprend une lampe fluorescente RFX\u2122 en PVC sans phtalate. Les mat\u00e9riaux ont \u00e9t\u00e9 test\u00e9s conform\u00e9ment \u00e0 la norme SVHC (substances extr\u00eamement pr\u00e9occupantes) REACH et sont exempts de phtalates. Les attaches sont test\u00e9es CE et homologu\u00e9es selon la norme EN 17353 Type B\u00a01. Chaque article est fourni avec une ficelle de 10\u00a0cm et une aiguille pour l'attacher facilement \u00e0 un sac, une veste, etc. Ils sont emball\u00e9s avec une fiche d'information dans un sac en papier de soie, un mat\u00e9riau fabriqu\u00e9 \u00e0 partir de pulpe de bois. Fabriqu\u00e9 en Europe.","og_url":"https:\/\/perle-in.com\/en\/product\/attache-carree-rfx-h-16-en-pvc-leger-et-reflechissant\/","og_site_name":"PERLE IN","article_modified_time":"2025-10-10T12:19:24+00:00","og_image":[{"width":1600,"height":1600,"url":"https:\/\/perle-in.com\/wp-content\/uploads\/2025\/09\/1PR13101-1.jpg","type":"image\/jpeg"}],"twitter_card":"summary_large_image","schema":{"@context":"https:\/\/schema.org","@graph":[{"@type":"WebPage","@id":"https:\/\/perle-in.com\/produit\/attache-carree-rfx-h-16-en-pvc-leger-et-reflechissant\/","url":"https:\/\/perle-in.com\/produit\/attache-carree-rfx-h-16-en-pvc-leger-et-reflechissant\/","name":"Attache carr\u00e9e RFX\u2122 H-16 en PVC l\u00e9ger et r\u00e9fl\u00e9chissant - PERLE IN","isPartOf":{"@id":"https:\/\/perle-in.com\/#website"},"primaryImageOfPage":{"@id":"https:\/\/perle-in.com\/produit\/attache-carree-rfx-h-16-en-pvc-leger-et-reflechissant\/#primaryimage"},"image":{"@id":"https:\/\/perle-in.com\/produit\/attache-carree-rfx-h-16-en-pvc-leger-et-reflechissant\/#primaryimage"},"thumbnailUrl":"https:\/\/perle-in.com\/wp-content\/uploads\/2025\/09\/1PR13101-1.jpg","datePublished":"2025-10-10T12:19:12+00:00","dateModified":"2025-10-10T12:19:24+00:00","breadcrumb":{"@id":"https:\/\/perle-in.com\/produit\/attache-carree-rfx-h-16-en-pvc-leger-et-reflechissant\/#breadcrumb"},"inLanguage":"en-CA","potentialAction":[{"@type":"ReadAction","target":["https:\/\/perle-in.com\/produit\/attache-carree-rfx-h-16-en-pvc-leger-et-reflechissant\/"]}]},{"@type":"ImageObject","inLanguage":"en-CA","@id":"https:\/\/perle-in.com\/produit\/attache-carree-rfx-h-16-en-pvc-leger-et-reflechissant\/#primaryimage","url":"https:\/\/perle-in.com\/wp-content\/uploads\/2025\/09\/1PR13101-1.jpg","contentUrl":"https:\/\/perle-in.com\/wp-content\/uploads\/2025\/09\/1PR13101-1.jpg","width":1600,"height":1600},{"@type":"BreadcrumbList","@id":"https:\/\/perle-in.com\/produit\/attache-carree-rfx-h-16-en-pvc-leger-et-reflechissant\/#breadcrumb","itemListElement":[{"@type":"ListItem","position":1,"name":"Accueil","item":"https:\/\/perle-in.com\/"},{"@type":"ListItem","position":2,"name":"Boutique","item":"https:\/\/perle-in.com\/boutique\/"},{"@type":"ListItem","position":3,"name":"Attache carr\u00e9e RFX\u2122 H-16 en PVC l\u00e9ger et r\u00e9fl\u00e9chissant"}]},{"@type":"WebSite","@id":"https:\/\/perle-in.com\/#website","url":"https:\/\/perle-in.com\/","name":"PERLE IN","description":"","publisher":{"@id":"https:\/\/perle-in.com\/#organization"},"potentialAction":[{"@type":"SearchAction","target":{"@type":"EntryPoint","urlTemplate":"https:\/\/perle-in.com\/?s={search_term_string}"},"query-input":{"@type":"PropertyValueSpecification","valueRequired":true,"valueName":"search_term_string"}}],"inLanguage":"en-CA"},{"@type":"Organization","@id":"https:\/\/perle-in.com\/#organization","name":"PERLE IN","url":"https:\/\/perle-in.com\/","logo":{"@type":"ImageObject","inLanguage":"en-CA","@id":"https:\/\/perle-in.com\/#\/schema\/logo\/image\/","url":"https:\/\/perle-in.com\/wp-content\/uploads\/2022\/12\/LOGO-PERLE-IN-COULEUR@3x.webp","contentUrl":"https:\/\/perle-in.com\/wp-content\/uploads\/2022\/12\/LOGO-PERLE-IN-COULEUR@3x.webp","width":1600,"height":490,"caption":"PERLE IN"},"image":{"@id":"https:\/\/perle-in.com\/#\/schema\/logo\/image\/"}}]}},"jetpack_sharing_enabled":true,"_links":{"self":[{"href":"https:\/\/perle-in.com\/en\/wp-json\/wp\/v2\/product\/500794","targetHints":{"allow":["GET"]}}],"collection":[{"href":"https:\/\/perle-in.com\/en\/wp-json\/wp\/v2\/product"}],"about":[{"href":"https:\/\/perle-in.com\/en\/wp-json\/wp\/v2\/types\/product"}],"version-history":[{"count":0,"href":"https:\/\/perle-in.com\/en\/wp-json\/wp\/v2\/product\/500794\/revisions"}],"wp:featuredmedia":[{"embeddable":true,"href":"https:\/\/perle-in.com\/en\/wp-json\/wp\/v2\/media\/485893"}],"wp:attachment":[{"href":"https:\/\/perle-in.com\/en\/wp-json\/wp\/v2\/media?parent=500794"}],"wp:term":[{"taxonomy":"product_brand","embeddable":true,"href":"https:\/\/perle-in.com\/en\/wp-json\/wp\/v2\/product_brand?post=500794"},{"taxonomy":"product_cat","embeddable":true,"href":"https:\/\/perle-in.com\/en\/wp-json\/wp\/v2\/product_cat?post=500794"},{"taxonomy":"product_tag","embeddable":true,"href":"https:\/\/perle-in.com\/en\/wp-json\/wp\/v2\/product_tag?post=500794"}],"curies":[{"name":"wp","href":"https:\/\/api.w.org\/{rel}","templated":true}]}}