{"id":499074,"date":"2025-10-10T10:30:46","date_gmt":"2025-10-10T08:30:46","guid":{"rendered":"https:\/\/perle-in.com\/produit\/cle-usb-compact-aluminium\/"},"modified":"2025-10-10T10:30:54","modified_gmt":"2025-10-10T08:30:54","slug":"cle-usb-compact-aluminium","status":"publish","type":"product","link":"https:\/\/perle-in.com\/en\/product\/cle-usb-compact-aluminium\/","title":{"rendered":"Cl\u00e9 USB compact aluminium"},"content":{"rendered":"","protected":false},"excerpt":{"rendered":"<p>Une cl\u00e9 USB compacte au look moderne et minimaliste. Gr\u00e2ce \u00e0 son corps en aluminium, la cl\u00e9 USB est robuste et l\u00e9g\u00e8re. Le design de la cl\u00e9 USB compacte permet d&#8217;y attacher tr\u00e8s facilement un porte-cl\u00e9s (non inclus). En outre, la cl\u00e9 USB est \u00e9galement un excellent produit pour promouvoir d\u00e9licatement une marque. Cette cl\u00e9 USB est disponible dans un large \u00e9ventail de capacit\u00e9s, de tailles et de couleurs.<\/p>","protected":false},"featured_media":480204,"template":"","meta":{"_eb_attr":""},"product_brand":[],"product_cat":[743,667],"product_tag":[745,747,748,746,744],"class_list":{"0":"post-499074","1":"product","2":"type-product","3":"status-publish","4":"has-post-thumbnail","6":"product_cat-cles-usb","7":"product_cat-technologie","8":"product_tag-cle-usb","9":"product_tag-clef-usb","10":"product_tag-clefs-usb","11":"product_tag-cles-usb","12":"product_tag-usb","13":"pa_couleurs-argent","14":"pa_taille-16gb","15":"pa_taille-1gb","16":"pa_taille-2gb","17":"pa_taille-32gb","18":"pa_taille-4gb","19":"pa_taille-64gb","20":"pa_taille-8gb","22":"first","23":"instock","24":"shipping-taxable","25":"purchasable","26":"product-type-variable"},"yoast_head":"<!-- This site is optimized with the Yoast SEO plugin v27.4 - https:\/\/yoast.com\/product\/yoast-seo-wordpress\/ -->\n<title>Cl\u00e9 USB compact aluminium - PERLE IN<\/title>\n<meta name=\"robots\" content=\"noindex, follow, max-snippet:-1, max-image-preview:large, max-video-preview:-1\" \/>\n<meta property=\"og:locale\" content=\"en_US\" \/>\n<meta property=\"og:type\" content=\"article\" \/>\n<meta property=\"og:title\" content=\"Cl\u00e9 USB compact aluminium - PERLE IN\" \/>\n<meta property=\"og:description\" content=\"Une cl\u00e9 USB compacte au look moderne et minimaliste. Gr\u00e2ce \u00e0 son corps en aluminium, la cl\u00e9 USB est robuste et l\u00e9g\u00e8re. Le design de la cl\u00e9 USB compacte permet d&#039;y attacher tr\u00e8s facilement un porte-cl\u00e9s (non inclus). En outre, la cl\u00e9 USB est \u00e9galement un excellent produit pour promouvoir d\u00e9licatement une marque. Cette cl\u00e9 USB est disponible dans un large \u00e9ventail de capacit\u00e9s, de tailles et de couleurs.\" \/>\n<meta property=\"og:url\" content=\"https:\/\/perle-in.com\/en\/product\/cle-usb-compact-aluminium\/\" \/>\n<meta property=\"og:site_name\" content=\"PERLE IN\" \/>\n<meta property=\"article:modified_time\" content=\"2025-10-10T08:30:54+00:00\" \/>\n<meta property=\"og:image\" content=\"https:\/\/perle-in.com\/wp-content\/uploads\/2025\/09\/1Z20450-8.jpg\" \/>\n\t<meta property=\"og:image:width\" content=\"1600\" \/>\n\t<meta property=\"og:image:height\" content=\"1600\" \/>\n\t<meta property=\"og:image:type\" content=\"image\/jpeg\" \/>\n<meta name=\"twitter:card\" content=\"summary_large_image\" \/>\n<script type=\"application\/ld+json\" class=\"yoast-schema-graph\">{\"@context\":\"https:\\\/\\\/schema.org\",\"@graph\":[{\"@type\":\"WebPage\",\"@id\":\"https:\\\/\\\/perle-in.com\\\/produit\\\/cle-usb-compact-aluminium\\\/\",\"url\":\"https:\\\/\\\/perle-in.com\\\/produit\\\/cle-usb-compact-aluminium\\\/\",\"name\":\"Cl\u00e9 USB compact aluminium - PERLE IN\",\"isPartOf\":{\"@id\":\"https:\\\/\\\/perle-in.com\\\/#website\"},\"primaryImageOfPage\":{\"@id\":\"https:\\\/\\\/perle-in.com\\\/produit\\\/cle-usb-compact-aluminium\\\/#primaryimage\"},\"image\":{\"@id\":\"https:\\\/\\\/perle-in.com\\\/produit\\\/cle-usb-compact-aluminium\\\/#primaryimage\"},\"thumbnailUrl\":\"https:\\\/\\\/perle-in.com\\\/wp-content\\\/uploads\\\/2025\\\/09\\\/1Z20450-8.jpg\",\"datePublished\":\"2025-10-10T08:30:46+00:00\",\"dateModified\":\"2025-10-10T08:30:54+00:00\",\"breadcrumb\":{\"@id\":\"https:\\\/\\\/perle-in.com\\\/produit\\\/cle-usb-compact-aluminium\\\/#breadcrumb\"},\"inLanguage\":\"en-CA\",\"potentialAction\":[{\"@type\":\"ReadAction\",\"target\":[\"https:\\\/\\\/perle-in.com\\\/produit\\\/cle-usb-compact-aluminium\\\/\"]}]},{\"@type\":\"ImageObject\",\"inLanguage\":\"en-CA\",\"@id\":\"https:\\\/\\\/perle-in.com\\\/produit\\\/cle-usb-compact-aluminium\\\/#primaryimage\",\"url\":\"https:\\\/\\\/perle-in.com\\\/wp-content\\\/uploads\\\/2025\\\/09\\\/1Z20450-8.jpg\",\"contentUrl\":\"https:\\\/\\\/perle-in.com\\\/wp-content\\\/uploads\\\/2025\\\/09\\\/1Z20450-8.jpg\",\"width\":1600,\"height\":1600},{\"@type\":\"BreadcrumbList\",\"@id\":\"https:\\\/\\\/perle-in.com\\\/produit\\\/cle-usb-compact-aluminium\\\/#breadcrumb\",\"itemListElement\":[{\"@type\":\"ListItem\",\"position\":1,\"name\":\"Accueil\",\"item\":\"https:\\\/\\\/perle-in.com\\\/\"},{\"@type\":\"ListItem\",\"position\":2,\"name\":\"Boutique\",\"item\":\"https:\\\/\\\/perle-in.com\\\/boutique\\\/\"},{\"@type\":\"ListItem\",\"position\":3,\"name\":\"Cl\u00e9 USB compact aluminium\"}]},{\"@type\":\"WebSite\",\"@id\":\"https:\\\/\\\/perle-in.com\\\/#website\",\"url\":\"https:\\\/\\\/perle-in.com\\\/\",\"name\":\"PERLE IN\",\"description\":\"\",\"publisher\":{\"@id\":\"https:\\\/\\\/perle-in.com\\\/#organization\"},\"potentialAction\":[{\"@type\":\"SearchAction\",\"target\":{\"@type\":\"EntryPoint\",\"urlTemplate\":\"https:\\\/\\\/perle-in.com\\\/?s={search_term_string}\"},\"query-input\":{\"@type\":\"PropertyValueSpecification\",\"valueRequired\":true,\"valueName\":\"search_term_string\"}}],\"inLanguage\":\"en-CA\"},{\"@type\":\"Organization\",\"@id\":\"https:\\\/\\\/perle-in.com\\\/#organization\",\"name\":\"PERLE IN\",\"url\":\"https:\\\/\\\/perle-in.com\\\/\",\"logo\":{\"@type\":\"ImageObject\",\"inLanguage\":\"en-CA\",\"@id\":\"https:\\\/\\\/perle-in.com\\\/#\\\/schema\\\/logo\\\/image\\\/\",\"url\":\"https:\\\/\\\/perle-in.com\\\/wp-content\\\/uploads\\\/2022\\\/12\\\/LOGO-PERLE-IN-COULEUR@3x.webp\",\"contentUrl\":\"https:\\\/\\\/perle-in.com\\\/wp-content\\\/uploads\\\/2022\\\/12\\\/LOGO-PERLE-IN-COULEUR@3x.webp\",\"width\":1600,\"height\":490,\"caption\":\"PERLE IN\"},\"image\":{\"@id\":\"https:\\\/\\\/perle-in.com\\\/#\\\/schema\\\/logo\\\/image\\\/\"}}]}<\/script>\n<!-- \/ Yoast SEO plugin. -->","yoast_head_json":{"title":"Cl\u00e9 USB compact aluminium - PERLE IN","robots":{"index":"noindex","follow":"follow","max-snippet":"max-snippet:-1","max-image-preview":"max-image-preview:large","max-video-preview":"max-video-preview:-1"},"og_locale":"en_US","og_type":"article","og_title":"Cl\u00e9 USB compact aluminium - PERLE IN","og_description":"Une cl\u00e9 USB compacte au look moderne et minimaliste. Gr\u00e2ce \u00e0 son corps en aluminium, la cl\u00e9 USB est robuste et l\u00e9g\u00e8re. Le design de la cl\u00e9 USB compacte permet d'y attacher tr\u00e8s facilement un porte-cl\u00e9s (non inclus). En outre, la cl\u00e9 USB est \u00e9galement un excellent produit pour promouvoir d\u00e9licatement une marque. Cette cl\u00e9 USB est disponible dans un large \u00e9ventail de capacit\u00e9s, de tailles et de couleurs.","og_url":"https:\/\/perle-in.com\/en\/product\/cle-usb-compact-aluminium\/","og_site_name":"PERLE IN","article_modified_time":"2025-10-10T08:30:54+00:00","og_image":[{"width":1600,"height":1600,"url":"https:\/\/perle-in.com\/wp-content\/uploads\/2025\/09\/1Z20450-8.jpg","type":"image\/jpeg"}],"twitter_card":"summary_large_image","schema":{"@context":"https:\/\/schema.org","@graph":[{"@type":"WebPage","@id":"https:\/\/perle-in.com\/produit\/cle-usb-compact-aluminium\/","url":"https:\/\/perle-in.com\/produit\/cle-usb-compact-aluminium\/","name":"Cl\u00e9 USB compact aluminium - PERLE IN","isPartOf":{"@id":"https:\/\/perle-in.com\/#website"},"primaryImageOfPage":{"@id":"https:\/\/perle-in.com\/produit\/cle-usb-compact-aluminium\/#primaryimage"},"image":{"@id":"https:\/\/perle-in.com\/produit\/cle-usb-compact-aluminium\/#primaryimage"},"thumbnailUrl":"https:\/\/perle-in.com\/wp-content\/uploads\/2025\/09\/1Z20450-8.jpg","datePublished":"2025-10-10T08:30:46+00:00","dateModified":"2025-10-10T08:30:54+00:00","breadcrumb":{"@id":"https:\/\/perle-in.com\/produit\/cle-usb-compact-aluminium\/#breadcrumb"},"inLanguage":"en-CA","potentialAction":[{"@type":"ReadAction","target":["https:\/\/perle-in.com\/produit\/cle-usb-compact-aluminium\/"]}]},{"@type":"ImageObject","inLanguage":"en-CA","@id":"https:\/\/perle-in.com\/produit\/cle-usb-compact-aluminium\/#primaryimage","url":"https:\/\/perle-in.com\/wp-content\/uploads\/2025\/09\/1Z20450-8.jpg","contentUrl":"https:\/\/perle-in.com\/wp-content\/uploads\/2025\/09\/1Z20450-8.jpg","width":1600,"height":1600},{"@type":"BreadcrumbList","@id":"https:\/\/perle-in.com\/produit\/cle-usb-compact-aluminium\/#breadcrumb","itemListElement":[{"@type":"ListItem","position":1,"name":"Accueil","item":"https:\/\/perle-in.com\/"},{"@type":"ListItem","position":2,"name":"Boutique","item":"https:\/\/perle-in.com\/boutique\/"},{"@type":"ListItem","position":3,"name":"Cl\u00e9 USB compact aluminium"}]},{"@type":"WebSite","@id":"https:\/\/perle-in.com\/#website","url":"https:\/\/perle-in.com\/","name":"PERLE IN","description":"","publisher":{"@id":"https:\/\/perle-in.com\/#organization"},"potentialAction":[{"@type":"SearchAction","target":{"@type":"EntryPoint","urlTemplate":"https:\/\/perle-in.com\/?s={search_term_string}"},"query-input":{"@type":"PropertyValueSpecification","valueRequired":true,"valueName":"search_term_string"}}],"inLanguage":"en-CA"},{"@type":"Organization","@id":"https:\/\/perle-in.com\/#organization","name":"PERLE IN","url":"https:\/\/perle-in.com\/","logo":{"@type":"ImageObject","inLanguage":"en-CA","@id":"https:\/\/perle-in.com\/#\/schema\/logo\/image\/","url":"https:\/\/perle-in.com\/wp-content\/uploads\/2022\/12\/LOGO-PERLE-IN-COULEUR@3x.webp","contentUrl":"https:\/\/perle-in.com\/wp-content\/uploads\/2022\/12\/LOGO-PERLE-IN-COULEUR@3x.webp","width":1600,"height":490,"caption":"PERLE IN"},"image":{"@id":"https:\/\/perle-in.com\/#\/schema\/logo\/image\/"}}]}},"jetpack_sharing_enabled":true,"_links":{"self":[{"href":"https:\/\/perle-in.com\/en\/wp-json\/wp\/v2\/product\/499074","targetHints":{"allow":["GET"]}}],"collection":[{"href":"https:\/\/perle-in.com\/en\/wp-json\/wp\/v2\/product"}],"about":[{"href":"https:\/\/perle-in.com\/en\/wp-json\/wp\/v2\/types\/product"}],"version-history":[{"count":0,"href":"https:\/\/perle-in.com\/en\/wp-json\/wp\/v2\/product\/499074\/revisions"}],"wp:featuredmedia":[{"embeddable":true,"href":"https:\/\/perle-in.com\/en\/wp-json\/wp\/v2\/media\/480204"}],"wp:attachment":[{"href":"https:\/\/perle-in.com\/en\/wp-json\/wp\/v2\/media?parent=499074"}],"wp:term":[{"taxonomy":"product_brand","embeddable":true,"href":"https:\/\/perle-in.com\/en\/wp-json\/wp\/v2\/product_brand?post=499074"},{"taxonomy":"product_cat","embeddable":true,"href":"https:\/\/perle-in.com\/en\/wp-json\/wp\/v2\/product_cat?post=499074"},{"taxonomy":"product_tag","embeddable":true,"href":"https:\/\/perle-in.com\/en\/wp-json\/wp\/v2\/product_tag?post=499074"}],"curies":[{"name":"wp","href":"https:\/\/api.w.org\/{rel}","templated":true}]}}