{"id":233147,"date":"2024-05-08T19:06:30","date_gmt":"2024-05-08T19:06:30","guid":{"rendered":"https:\/\/yellow-louse-313393.hostingersite.com\/?page_id=233147"},"modified":"2026-04-15T15:49:00","modified_gmt":"2026-04-15T13:49:00","slug":"politique-de-confidentialite-2","status":"publish","type":"page","link":"https:\/\/perle-in.com\/en\/politique-de-confidentialite-2\/","title":{"rendered":"Politique de Confidentialit\u00e9"},"content":{"rendered":"<div data-elementor-type=\"wp-page\" data-elementor-id=\"233147\" class=\"elementor elementor-233147\" data-elementor-post-type=\"page\">\n\t\t\t\t<div class=\"elementor-element elementor-element-cf3be2c e-flex e-con-boxed e-con e-parent\" data-id=\"cf3be2c\" data-element_type=\"container\" data-e-type=\"container\">\n\t\t\t\t\t<div class=\"e-con-inner\">\n\t\t\t\t<div class=\"elementor-element elementor-element-2dd961c elementor-widget elementor-widget-heading\" data-id=\"2dd961c\" data-element_type=\"widget\" data-e-type=\"widget\" data-widget_type=\"heading.default\">\n\t\t\t\t\t<h1 class=\"elementor-heading-title elementor-size-default\">Politique de Confidentialit\u00e9 <\/h1>\t\t\t\t<\/div>\n\t\t\t\t<div class=\"elementor-element elementor-element-8b8c506 elementor-widget-divider--view-line elementor-widget elementor-widget-divider\" data-id=\"8b8c506\" data-element_type=\"widget\" data-e-type=\"widget\" data-widget_type=\"divider.default\">\n\t\t\t\t\t\t\t<div class=\"elementor-divider\">\n\t\t\t<span class=\"elementor-divider-separator\">\n\t\t\t\t\t\t<\/span>\n\t\t<\/div>\n\t\t\t\t\t\t<\/div>\n\t\t\t\t<div class=\"elementor-element elementor-element-d2d784c color-scheme-inherit text-left elementor-widget elementor-widget-text-editor\" data-id=\"d2d784c\" data-element_type=\"widget\" data-e-type=\"widget\" data-widget_type=\"text-editor.default\">\n\t\t\t\t\t\t\t\t\t<div><p><!-- Notice d'information --><\/p><h4 style=\"color: #1a73e8; font-size: 24px; margin-bottom: 15px; border-bottom: 1px solid #eee; padding-bottom: 5px;\" data-content-type=\"heading\" data-appearance=\"default\" data-element=\"main\" data-pb-style=\"60FB7CCE43DCB\">Notice d&#8217;information DE Perle In sur les donn\u00e9es personnelles<\/h4><p><!-- Paragraphe 1 --><\/p><div style=\"margin-bottom: 20px;\" data-content-type=\"text\" data-appearance=\"default\" data-element=\"main\" data-pb-style=\"60FB7CCE43DD2\"><p style=\"font-size: 15px; margin-bottom: 10px;\" data-pb-style=\"60FB7CCE43DD9\">La pr\u00e9sente notice d&#8217;information d\u00e9crit la fa\u00e7on dont nous recueillons et utilisons vos donn\u00e9es \u00e0 caract\u00e8re personnel. La pr\u00e9sente notice s&#8217;applique \u00e0 l&#8217;ensemble des donn\u00e9es \u00e0 caract\u00e8re personnel vous concernant que nous traitons lorsque vous passez commande, achetez ou utilisez nos produits et services, consultez nos sites internet, utilisez notre service client ou interagissez de quelque mani\u00e8re que ce soit avec Perle In.<\/p><\/div><p><!-- Paragraphe 2 --><\/p><div style=\"margin-bottom: 20px;\" data-content-type=\"text\" data-appearance=\"default\" data-element=\"main\" data-pb-style=\"60FB7CCE43DE1\"><p style=\"font-size: 15px; margin-bottom: 10px;\" data-pb-style=\"60FB7CCE43DE7\">Perle In respecte la vie priv\u00e9e de chacun et reconna\u00eet que traiter les donn\u00e9es \u00e0 caract\u00e8re personnel d&#8217;une fa\u00e7on \u00e0 la fois l\u00e9gale et appropri\u00e9e constitue une importante responsabilit\u00e9 sociale. Par ailleurs, Perle In d\u00e9clare qu&#8217;elle s&#8217;efforcera de prot\u00e9ger ces donn\u00e9es. La pr\u00e9sente notice d&#8217;information s&#8217;applique \u00e0 l&#8217;ensemble des donn\u00e9es \u00e0 caract\u00e8re personnel que nous traitons concernant nos clients et fournisseurs potentiels, actuels et pass\u00e9s (ci-apr\u00e8s \u00ab <strong>vous<\/strong> \u00bb), et l&#8217;utilisation que vous faites de nos produits et services, de notre site Internet consultable \u00e0 l&#8217;adresse suivante Perlein.com, plus g\u00e9n\u00e9ralement, de la mani\u00e8re dont vous faites affaire avec Perle In. La pr\u00e9sente notice d&#8217;information d\u00e9crit la fa\u00e7on dont nous recueillons et utilisons vos donn\u00e9es \u00e0 caract\u00e8re personnel. Nous vous encourageons donc \u00e0 la lire attentivement.<\/p><\/div><p><!-- Sommaire --><\/p><h4 style=\"color: #1a73e8; font-size: 20px; margin-bottom: 10px;\" data-content-type=\"heading\" data-appearance=\"default\" data-element=\"main\" data-pb-style=\"60FB7CCE43DEE\">Sommaire<\/h4><h4 style=\"color: #1a73e8; font-size: 20px; margin-bottom: 15px;\" data-content-type=\"heading\" data-appearance=\"default\" data-element=\"main\" data-pb-style=\"60FB7CCE43DF5\">Table des mati\u00e8res<\/h4><div style=\"margin-bottom: 25px;\" data-content-type=\"text\" data-appearance=\"default\" data-element=\"main\" data-pb-style=\"60FB7CCE43DFC\"><ol style=\"margin-left: 20px; padding-left: 20px;\"><li style=\"margin-bottom: 8px;\"><strong>\u00c0 propos de nous<\/strong><\/li><li style=\"margin-bottom: 8px;\"><strong>Les donn\u00e9es \u00e0 caract\u00e8re personnel que nous collectons et la mani\u00e8re dont nous les utilisons<\/strong><\/li><li style=\"margin-bottom: 8px;\"><strong>M\u00e9thode de collecte de vos donn\u00e9es<\/strong><\/li><li style=\"margin-bottom: 8px;\"><strong>Partage d&#8217;informations<\/strong><\/li><li style=\"margin-bottom: 8px;\"><strong>Mesures de s\u00e9curit\u00e9 et conservation des donn\u00e9es<\/strong><\/li><li style=\"margin-bottom: 8px;\"><strong>Transferts internationaux de donn\u00e9es \u00e0 caract\u00e8re personnel<\/strong><\/li><li style=\"margin-bottom: 8px;\"><strong>Vos droits<\/strong><\/li><li style=\"margin-bottom: 8px;\"><strong>Modification de la pr\u00e9sente notice d&#8217;information<\/strong><\/li><li style=\"margin-bottom: 8px;\"><strong>Coordonn\u00e9es pour les demandes relatives aux donn\u00e9es personnelles<\/strong><\/li><\/ol><\/div><p><!-- Section 1 : \u00c0 propos de nous --><\/p><h3 style=\"color: #1a73e8; font-size: 22px; margin-bottom: 15px; border-bottom: 1px solid #eee; padding-bottom: 5px;\" data-content-type=\"heading\" data-appearance=\"default\" data-element=\"main\" data-pb-style=\"60FB7CCE43E03\">1. \u00c0 propos de nous<\/h3><div style=\"margin-bottom: 25px;\" data-content-type=\"text\" data-appearance=\"default\" data-element=\"main\" data-pb-style=\"60FB7CCE43E0A\"><p style=\"font-size: 15px;\" data-pb-style=\"60FB7CCE43E11\">Nous sommes la soci\u00e9t\u00e9 Perle In, 157 Boulevard Macdonald 75019 Paris, France. Nous sommes responsables de la collecte et de l&#8217;utilisation des donn\u00e9es \u00e0 caract\u00e8re personnel vous concernant qui sont \u00e9num\u00e9r\u00e9es dans la pr\u00e9sente note. Les r\u00e9f\u00e9rences \u00e0 \u00ab <strong>Perle In<\/strong> \u00bb, \u00ab <strong>nous<\/strong> \u00bb et \u00ab <strong>notre\/nos<\/strong> \u00bb dans le pr\u00e9sent avis, font collectivement r\u00e9f\u00e9rence aux entit\u00e9s susmentionn\u00e9es. Vous pouvez contacter Perle In aux coordonn\u00e9es indiqu\u00e9es \u00e0 l&#8217;Article 9 si vous avez des questions sur les donn\u00e9es personnelles ou si vous souhaitez exercer vos droits en tant que personne concern\u00e9e.<\/p><\/div><p><!-- Section 2 : Donn\u00e9es personnelles --><\/p><h3 style=\"color: #1a73e8; font-size: 22px; margin-bottom: 15px; border-bottom: 1px solid #eee; padding-bottom: 5px;\" data-content-type=\"heading\" data-appearance=\"default\" data-element=\"main\" data-pb-style=\"60FB7CCE43E18\">2. Les donn\u00e9es \u00e0 caract\u00e8re personnel que nous collectons et la mani\u00e8re dont nous les utilisons<\/h3><div style=\"margin-bottom: 25px;\" data-content-type=\"text\" data-appearance=\"default\" data-element=\"main\" data-pb-style=\"60FB7CCE43E1F\"><p style=\"font-size: 15px; margin-bottom: 10px;\" data-pb-style=\"60FB7CCE43E26\">Les traitements de vos donn\u00e9es \u00e0 caract\u00e8re personnel que nous r\u00e9alisons et les finalit\u00e9s de ces traitements sont d\u00e9taill\u00e9s \u00e0 l&#8217;Annexe : Aper\u00e7u des activit\u00e9s de traitement clients &amp; fournisseurs de Perle In.<\/p><p style=\"font-size: 15px; margin-bottom: 10px;\">Pour r\u00e9sumer, nous utilisons plusieurs syst\u00e8mes pour vous proposer des produits et vous fournir des services. Par exemple, nous fournissons des produits promotionnels et des services y aff\u00e9rents.<\/p><p style=\"font-size: 15px; margin-bottom: 10px;\"><strong>Fondement juridique<\/strong><br \/>Perle In proc\u00e8de au traitement de vos donn\u00e9es \u00e0 caract\u00e8re personnel afin de vous proposer nos produits et de vous fournir nos services, de nous conformer aux obligations l\u00e9gales qui sont les n\u00f4tres, si cela est n\u00e9cessaire aux fins des int\u00e9r\u00eats l\u00e9gitimes que nous poursuivons ou de ceux d&#8217;un tiers, ou encore, sur la base de votre consentement.<\/p><p style=\"font-size: 15px; margin-bottom: 10px;\">Lorsque nous proc\u00e9dons au traitement de vos donn\u00e9es \u00e0 caract\u00e8re personnel aux fins des int\u00e9r\u00eats l\u00e9gitimes que nous poursuivons ou de ceux d&#8217;un tiers, nous prendrons des mesures raisonnables pour ne pas vous causer de torts injustifi\u00e9s. Nos int\u00e9r\u00eats l\u00e9gitimes peuvent, par exemple, comprendre notre volont\u00e9 d&#8217;am\u00e9liorer la fourniture de nos produits et services gr\u00e2ce \u00e0 la conservation de vos coordonn\u00e9es, la r\u00e9duction de nos co\u00fbts ou l&#8217;am\u00e9lioration de nos newsletters et de nos sites Internet en d\u00e9terminant quelles parties de nos communications sont les plus pertinentes \u00e0 vos yeux. Ou pour s\u00e9curiser nos services et nos installations, telles que les finalit\u00e9s mentionn\u00e9es en Annexe. Ce n&#8217;est que dans certains cas particuliers que nous pourrons traiter des donn\u00e9es personnelles vous concernant sur la base de votre consentement. Des informations compl\u00e9mentaires sur les analyses de proportionnalit\u00e9 que nous r\u00e9alisons sont disponibles sur demande. Lorsque nous traitons vos donn\u00e9es \u00e0 caract\u00e8re personnel pour nos int\u00e9r\u00eats l\u00e9gitimes ou les int\u00e9r\u00eats d&#8217;un tiers, vous avez le droit de vous y opposer \u00e0 tout moment, pour des raisons tenant \u00e0 votre situation particuli\u00e8re (cf. \u00ab Article 7. Vos droits \u00bb ci-dessous).<\/p><p style=\"font-size: 15px; margin-bottom: 10px;\">Vous pouvez retirer votre consentement \u00e0 tout moment en suivant les instructions sp\u00e9cifiques au traitement auquel vous avez consenti en modifiant vos param\u00e8tres (si cela est possible) ou en nous contactant aux coordonn\u00e9es figurant \u00e0 \u00ab l&#8217;Article 9. Coordonn\u00e9es concernant les demandes relatives aux Donn\u00e9es \u00e0 caract\u00e8re personnel \u00bb ci-dessous.<\/p><p style=\"font-size: 15px;\">Si nous traitons vos donn\u00e9es \u00e0 caract\u00e8re personnel pour une finalit\u00e9 autre que celle pour laquelle nous les avons initialement obtenues (et que nous nous reposons sur un fondement juridique autre que le consentement ou le respect de nos obligations l\u00e9gales pour cette nouvelle finalit\u00e9), nous d\u00e9terminerons si ces finalit\u00e9s ult\u00e9rieures sont compatibles avec celles pour lesquelles vos donn\u00e9es \u00e0 caract\u00e8re personnel ont \u00e9t\u00e9 collect\u00e9es initialement. Des informations compl\u00e9mentaires sur cette analyse sont disponibles sur demande (cf. \u00ab Article 7. Vos droits \u00bb ci-dessous).<\/p><\/div><p><!-- Section 3 : M\u00e9thode de collecte --><\/p><h3 style=\"color: #1a73e8; font-size: 22px; margin-bottom: 15px; border-bottom: 1px solid #eee; padding-bottom: 5px;\" data-content-type=\"heading\" data-appearance=\"default\" data-element=\"main\" data-pb-style=\"60FB7CCE43E2C\">3. M\u00e9thode de collecte de vos donn\u00e9es<\/h3><div style=\"margin-bottom: 25px;\" data-content-type=\"text\" data-appearance=\"default\" data-element=\"main\" data-pb-style=\"60FB7CCE43E33\"><p style=\"font-size: 15px; margin-bottom: 10px;\" data-pb-style=\"60FB7CCE43E3A\">Une grande partie des donn\u00e9es \u00e0 caract\u00e8re personnel que nous traitons sont des donn\u00e9es, qu&#8217;en toute connaissance de cause, vous nous transmettez, soit directement, soit par l&#8217;interm\u00e9diaire d&#8217;un tiers. Toutefois, dans certains cas, nous traitons des donn\u00e9es personnelles que nous sommes en mesure de d\u00e9duire gr\u00e2ce \u00e0 d&#8217;autres donn\u00e9es que vous nous avez transmises, qui proviennent d&#8217;interactions avec vous, ou que nous avons re\u00e7ues d&#8217;une soci\u00e9t\u00e9 du groupe ou d&#8217;une tierce partie, et dont vous \u00eates inform\u00e9 (voir \u00e9galement L&#8217;Article 4 et l&#8217;Annexe ci-dessous).<\/p><p style=\"font-size: 15px;\">Si vous refusez de nous transmettre des donn\u00e9es \u00e0 caract\u00e8re personnel dont nous avons besoin pour l&#8217;ex\u00e9cution d&#8217;un contrat ou pour respecter une obligation l\u00e9gale, il est possible que nous ne puissions pas vous fournir tout ou partie des services que vous nous avez demand\u00e9s.<\/p><\/div><p><!-- Section 4 : Partage d'informations --><\/p><h3 style=\"color: #1a73e8; font-size: 22px; margin-bottom: 15px; border-bottom: 1px solid #eee; padding-bottom: 5px;\" data-content-type=\"heading\" data-appearance=\"default\" data-element=\"main\" data-pb-style=\"60FB7CCE43E41\">4. Partage d&#8217;informations<\/h3><div style=\"margin-bottom: 25px;\" data-content-type=\"text\" data-appearance=\"default\" data-element=\"main\" data-pb-style=\"60FB7CCE43E48\"><p style=\"font-size: 15px; margin-bottom: 10px;\" data-pb-style=\"60FB7CCE43E4F\">Perle In proc\u00e9dera localement au traitement de certaines de vos donn\u00e9es \u00e0 caract\u00e8re personnel. Toutefois, Perle In est une multinationale et nos activit\u00e9s commerciales sont, en grande partie, \u00e9galement men\u00e9es (et les gains de productivit\u00e9 atteints) en traitant ou en regroupant des donn\u00e9es vous concernant dans des bases de donn\u00e9es et des syst\u00e8mes sp\u00e9cifiques ou centralis\u00e9s situ\u00e9s dans des installations s\u00e9curis\u00e9es d\u00e9di\u00e9es implant\u00e9es dans le monde entier. En cons\u00e9quence, vos donn\u00e9es sont susceptibles d&#8217;\u00eatre partag\u00e9es avec d&#8217;autres membres du Groupe Polyconcept. Toutefois, chaque soci\u00e9t\u00e9 du Groupe Polyconcept et l&#8217;ensemble des syst\u00e8mes et bases de donn\u00e9es utilis\u00e9s ne collecteront, recevront, utiliseront, partageront ou, de quelque mani\u00e8re que ce soit, ne traiteront ces donn\u00e9es \u00e0 caract\u00e8re personnel que conform\u00e9ment aux lois en vigueur et \u00e0 la pr\u00e9sente notice d&#8217;information. De plus, en interne, nous avons mis en place une politique d&#8217;acc\u00e8s strict en mati\u00e8re de traitement des donn\u00e9es \u00e0 caract\u00e8re personnel. Seul un petit groupe de membres habilit\u00e9s du personnel de Perle In peut avoir acc\u00e8s \u00e0 vos donn\u00e9es \u00e0 caract\u00e8re personnel, \u00e0 condition d&#8217;avoir besoin d&#8217;en conna\u00eetre.<\/p><p style=\"font-size: 15px;\">Par principe, nous ne partageons pas vos donn\u00e9es \u00e0 caract\u00e8re personnel avec qui que ce soit en dehors du Groupe Polyconcept. Toutefois, nous sommes susceptibles de les partager avec des tierces parties de confiance qui exercent des fonctions commerciales pour notre compte ou nous fournissent des services. Ces tierces parties devront prot\u00e9ger vos donn\u00e9es \u00e0 caract\u00e8re personnel de mani\u00e8re appropri\u00e9e, conform\u00e9ment \u00e0 des dispositions contractuelles respectant les exigences impos\u00e9es par les l\u00e9gislations en vigueur dans ce domaine. Vos donn\u00e9es \u00e0 caract\u00e8re personnel peuvent \u00e9galement \u00eatre partag\u00e9es en vertu d&#8217;une obligation l\u00e9gale ou dans le cadre d&#8217;enqu\u00eates (par exemple pour emp\u00eacher un crime ou une fraude, ou pour nous conformer \u00e0 une d\u00e9cision de justice ou \u00e0 la loi).<\/p><\/div><p><!-- Section 5 : Mesures de s\u00e9curit\u00e9 --><\/p><h3 style=\"color: #1a73e8; font-size: 22px; margin-bottom: 15px; border-bottom: 1px solid #eee; padding-bottom: 5px;\" data-content-type=\"heading\" data-appearance=\"default\" data-element=\"main\" data-pb-style=\"60FB7CCE43E56\">5. Mesures de s\u00e9curit\u00e9 et conservation des donn\u00e9es<\/h3><div style=\"margin-bottom: 25px;\" data-content-type=\"text\" data-appearance=\"default\" data-element=\"main\" data-pb-style=\"60FB7CCE43E5D\"><p style=\"font-size: 15px;\" data-pb-style=\"60FB7CCE43E64\">Perle In s\u00e9curisera vos donn\u00e9es \u00e0 caract\u00e8re personnel dans le respect de nos politiques de s\u00e9curit\u00e9 et politiques informatiques afin qu&#8217;elles soient prot\u00e9g\u00e9es contre toute utilisation non autoris\u00e9e, tout acc\u00e8s non autoris\u00e9 et contre toute perte, destruction ou modification illicite. Vos donn\u00e9es \u00e0 caract\u00e8re personnel ne seront pas conserv\u00e9es pendant une dur\u00e9e exc\u00e9dant celle n\u00e9cessaire au regard des finalit\u00e9s pour lesquelles elles ont \u00e9t\u00e9 obtenues, y compris pour respecter des obligations l\u00e9gales et fiscales et pour la r\u00e9solution de litiges. Nous avons d\u00e9taill\u00e9 les dur\u00e9es de conservation \u00e0 l&#8217;Annexe : Aper\u00e7u des activit\u00e9s de traitement clients &amp; fournisseurs de Perle In.<\/p><\/div><p><!-- Section 6 : Transferts internationaux --><\/p><h3 style=\"color: #1a73e8; font-size: 22px; margin-bottom: 15px; border-bottom: 1px solid #eee; padding-bottom: 5px;\" data-content-type=\"heading\" data-appearance=\"default\" data-element=\"main\" data-pb-style=\"60FB7CCE43E6B\">6. Transferts internationaux de donn\u00e9es \u00e0 caract\u00e8re personnel<\/h3><div style=\"margin-bottom: 25px;\" data-content-type=\"text\" data-appearance=\"default\" data-element=\"main\" data-pb-style=\"60FB7CCE43E71\"><p style=\"font-size: 15px; margin-bottom: 10px;\">Du fait du caract\u00e8re international de notre soci\u00e9t\u00e9, vos donn\u00e9es \u00e0 caract\u00e8re personnel sont susceptibles d&#8217;\u00eatre transf\u00e9r\u00e9es \u00e0 des soci\u00e9t\u00e9s du Groupe Polyconcept et \u00e0 des tierces parties de confiance dans des pays n&#8217;appartenant pas \u00e0 l&#8217;Espace \u00c9conomique Europ\u00e9en (\u00ab EEE \u00bb) et dont les lois sont susceptibles de ne pas offrir le m\u00eame niveau de protection \u00e0 vos donn\u00e9es \u00e0 caract\u00e8re personnel. Si n\u00e9cessaire, Perle In fera en sorte que des garanties appropri\u00e9es soient fournies pour assurer le respect des exigences applicables aux transferts internationaux de donn\u00e9es \u00e0 caract\u00e8re personnel, conform\u00e9ment \u00e0 la loi. Ainsi, dans le cas de transferts de donn\u00e9es hors de l&#8217;Espace \u00c9conomique Europ\u00e9en, Perle In pourra utiliser des m\u00e9canismes approuv\u00e9s par la Commission, tels que la certification Privacy Shield ou les clauses contractuelles types issues de la D\u00e9cision \u00ab Responsable du traitement (dans l&#8217;UE) \u00e0 Responsable du traitement (hors UE\/EEE) \u00bb 2004\/915\/CE (voir Article 46 du RGPD). Si vous souhaitez recevoir une copie de ces garanties, merci de nous contacter aux coordonn\u00e9es figurant \u00e0 l&#8217;Article 9. \u00ab Coordonn\u00e9es concernant les demandes relatives aux Donn\u00e9es \u00e0 caract\u00e8re personnel \u00bb ci-dessous.<\/p><p style=\"font-size: 15px;\">La Commission europ\u00e9enne a \u00e9tabli que certains pays hors de l&#8217;Union europ\u00e9enne offrent un niveau ad\u00e9quat de protection des donn\u00e9es (voir Article 45 du RGPD). Vous trouverez un aper\u00e7u de ces pays <a style=\"color: #1a73e8;\" href=\"https:\/\/ec.europa.eu\/info\/law\/law-topic\/data-protection\/data-transfers-outside-eu\/adequacy-protection-personal-data-non-eu-countries_en\">ici<\/a>.<\/p><\/div><p><!-- Section 7 : Vos droits --><\/p><h3 style=\"color: #1a73e8; font-size: 22px; margin-bottom: 15px; border-bottom: 1px solid #eee; padding-bottom: 5px;\" data-content-type=\"heading\" data-appearance=\"default\" data-element=\"main\" data-pb-style=\"60FB7CCE43E78\">7. Vos droits<\/h3><div style=\"margin-bottom: 25px;\" data-content-type=\"text\" data-appearance=\"default\" data-element=\"main\" data-pb-style=\"60FB7CCE43E80\"><p style=\"font-size: 15px; margin-bottom: 10px;\">Vous pouvez nous contacter (cf. Article 9. \u00ab Coordonn\u00e9es concernant les demandes relatives aux Donn\u00e9es \u00e0 caract\u00e8re personnel \u00bb ci-dessous) pour exercer les droits qui vous sont conf\u00e9r\u00e9s par la loi en mati\u00e8re de protection des donn\u00e9es personnelles, et notamment (1) le droit d&#8217;acc\u00e9der \u00e0 vos donn\u00e9es, (2) de les rectifier, (3) de les effacer ou de les supprimer, (4) de limiter le traitement de vos donn\u00e9es, (5) le droit de recevoir un dossier contenant vos donn\u00e9es \u00e0 caract\u00e8re personnel et (6) le droit de vous opposer au traitement, et si nous vous demandons votre consentement, de retirer ce consentement. Ces droits seront limit\u00e9s dans certaines situations. Nous refuserons, par exemple, votre demande d&#8217;acc\u00e8s, le cas \u00e9ch\u00e9ant, pour prot\u00e9ger les droits et les libert\u00e9s d&#8217;autres personnes physiques ou nous refuserons d&#8217;effacer ou de supprimer vos donn\u00e9es \u00e0 caract\u00e8re personnel si leur traitement est n\u00e9cessaire au respect d&#8217;obligations l\u00e9gales. Le droit \u00e0 la portabilit\u00e9 des donn\u00e9es, par exemple, ne s&#8217;applique pas si les donn\u00e9es \u00e0 caract\u00e8re personnel n&#8217;ont pas \u00e9t\u00e9 fournies par vous ou si nous ne traitons les donn\u00e9es ni sur la base de votre consentement, ni pour l&#8217;ex\u00e9cution d&#8217;un contrat.<\/p><p style=\"font-size: 15px; margin-bottom: 10px;\">Si vous souhaitez exercer vos droits, merci de nous transmettre votre demande aux coordonn\u00e9es figurant \u00e0 l&#8217;Article 9 \u00ab Coordonn\u00e9es de contact concernant vos demandes de renseignements sur le respect de la vie priv\u00e9e \u00bb ci-dessous. Veuillez noter que nous sommes susceptibles de vous demander des informations compl\u00e9mentaires pour confirmer votre identit\u00e9. Vous avez \u00e9galement le droit d&#8217;introduire une r\u00e9clamation aupr\u00e8s de la Autoriteit Persoonsgegevens, ou votre autorit\u00e9 de contr\u00f4le nationale.<\/p><p style=\"font-size: 15px;\">Vous pouvez \u00e9galement prendre contact avec nous si vous avez des questions, des remarques ou des r\u00e9clamations concernant la pr\u00e9sente notice d&#8217;information.<\/p><\/div><p><!-- Sous-sections 7.1 \u00e0 7.6 --><\/p><h4 style=\"color: #1a73e8; font-size: 18px; margin-bottom: 10px;\" data-content-type=\"heading\" data-appearance=\"default\" data-element=\"main\" data-pb-style=\"60FB7CCE43E87\">7.1 Droit d\u2019acc\u00e8s<\/h4><div style=\"margin-bottom: 20px;\" data-content-type=\"text\" data-appearance=\"default\" data-element=\"main\" data-pb-style=\"60FB7CCE43E8E\"><p style=\"font-size: 15px;\" data-pb-style=\"60FB7CCE43E95\">Vous pouvez nous demander si nous traitons ou non certaines de vos donn\u00e9es \u00e0 caract\u00e8re personnel et, si tel est le cas, vous pouvez nous demander d&#8217;acc\u00e9der \u00e0 ces donn\u00e9es en en obtenant une copie. Dans le cadre d&#8217;une telle demande d&#8217;acc\u00e8s, nous vous fournirons \u00e9galement des informations compl\u00e9mentaires, telles que les finalit\u00e9s du traitement, les cat\u00e9gories de donn\u00e9es \u00e0 caract\u00e8re personnel concern\u00e9es ainsi que toutes les autres informations n\u00e9cessaires pour que vous puissiez exercer pleinement votre droit.<\/p><\/div><h4 style=\"color: #1a73e8; font-size: 18px; margin-bottom: 10px;\" data-content-type=\"heading\" data-appearance=\"default\" data-element=\"main\" data-pb-style=\"60FB7CCE43E9B\">7.2 Droit de rectification<\/h4><div style=\"margin-bottom: 20px;\" data-content-type=\"text\" data-appearance=\"default\" data-element=\"main\" data-pb-style=\"60FB7CCE43EA2\"><p style=\"font-size: 15px;\" data-pb-style=\"60FB7CCE43EA9\">Vous avez le droit de demander que vos donn\u00e9es soient rectifi\u00e9es si elles sont inexactes ou incompl\u00e8tes. \u00c0 votre demande, nous corrigerons les donn\u00e9es \u00e0 caract\u00e8re personnel inexactes vous concernant et, compte tenu des finalit\u00e9s du traitement, nous compl\u00e9terons les donn\u00e9es \u00e0 caract\u00e8re personnel incompl\u00e8tes, ce qui peut entra\u00eener la fourniture d&#8217;une notice compl\u00e9mentaire.<\/p><\/div><h4 style=\"color: #1a73e8; font-size: 18px; margin-bottom: 10px;\" data-content-type=\"heading\" data-appearance=\"default\" data-element=\"main\" data-pb-style=\"60FB7CCE43EB0\">7.3 Droit \u00e0 l\u2019effacement<\/h4><div style=\"margin-bottom: 20px;\" data-content-type=\"text\" data-appearance=\"default\" data-element=\"main\" data-pb-style=\"60FB7CCE43EB7\"><p style=\"font-size: 15px;\" data-pb-style=\"60FB7CCE43EBE\">Vous avez \u00e9galement le droit de demander l\u2019effacement de vos donn\u00e9es \u00e0 caract\u00e8re personnel, ce qui signifie la suppression de vos donn\u00e9es par nous-m\u00eames et, si possible, par tout autre responsable du traitement \u00e0 qui vos donn\u00e9es ont auparavant \u00e9t\u00e9 rendues publiques par nous. L\u2019effacement de vos donn\u00e9es \u00e0 caract\u00e8re personnel n\u2019intervient que dans certains cas prescrits par la loi et \u00e9num\u00e9r\u00e9s \u00e0 l\u2019article 17 du R\u00e8glement g\u00e9n\u00e9ral sur la protection des donn\u00e9es (RGPD). Cela inclut les cas dans lesquels vos donn\u00e9es \u00e0 caract\u00e8re personnel ne sont plus n\u00e9cessaires au regard des finalit\u00e9s pour lesquelles elles ont \u00e9t\u00e9 trait\u00e9es, ainsi que les cas dans lesquels elles \u00e9taient trait\u00e9es illicitement. En raison de la fa\u00e7on dont nous organisons certains services, l\u2019effacement de vos donn\u00e9es personnelles contenues dans des copies de sauvegarde peut n\u00e9cessiter un certain d\u00e9lai.<\/p><\/div><h4 style=\"color: #1a73e8; font-size: 18px; margin-bottom: 10px;\" data-content-type=\"heading\" data-appearance=\"default\" data-element=\"main\" data-pb-style=\"60FB7CCE43EC5\">7.4 Droit \u00e0 la limitation de traitement<\/h4><div style=\"margin-bottom: 20px;\" data-content-type=\"text\" data-appearance=\"default\" data-element=\"main\" data-pb-style=\"60FB7CCE43ECC\"><p style=\"font-size: 15px;\" data-pb-style=\"60FB7CCE43ED2\">Vous avez le droit d\u2019obtenir la limitation du traitement de vos donn\u00e9es \u00e0 caract\u00e8re personnel, ce qui signifie que nous suspendons leur traitement pendant un certain temps. Ce droit peut na\u00eetre dans des situations o\u00f9 l\u2019exactitude de vos donn\u00e9es \u00e0 caract\u00e8re personnel est contest\u00e9e mais un certain temps nous est n\u00e9cessaire pour v\u00e9rifier leur (in)exactitude. Ce droit ne nous emp\u00eache pas de conserver vos donn\u00e9es \u00e0 caract\u00e8re personnel. Nous vous informerons avant que la limitation ne soit lev\u00e9e.<\/p><\/div><h4 style=\"color: #1a73e8; font-size: 18px; margin-bottom: 10px;\" data-content-type=\"heading\" data-appearance=\"default\" data-element=\"main\" data-pb-style=\"60FB7CCE43ED9\">7.5 Droit \u00e0 la r\u00e9ception de votre dossier (portabilit\u00e9 des donn\u00e9es)<\/h4><div style=\"margin-bottom: 20px;\" data-content-type=\"text\" data-appearance=\"default\" data-element=\"main\" data-pb-style=\"60FB7CCE43EE0\"><p style=\"font-size: 15px;\" data-pb-style=\"60FB7CCE43EE7\">Votre droit \u00e0 la portabilit\u00e9 des donn\u00e9es implique que vous pouvez nous demander de vous fournir vos donn\u00e9es \u00e0 caract\u00e8re personnel dans un format structur\u00e9, couramment utilis\u00e9 et lisible par machine et que lesdites donn\u00e9es soient transmises directement \u00e0 un autre responsable du traitement, si cela est techniquement faisable. Sur demande et si cela est techniquement faisable, nous transmettrons vos donn\u00e9es \u00e0 caract\u00e8re personnel directement \u00e0 l\u2019autre responsable du traitement.<\/p><\/div><h4 style=\"color: #1a73e8; font-size: 18px; margin-bottom: 10px;\" data-content-type=\"heading\" data-appearance=\"default\" data-element=\"main\" data-pb-style=\"60FB7CCE43EEE\">7.6 Droit d\u2019opposition<\/h4><div style=\"margin-bottom: 25px;\" data-content-type=\"text\" data-appearance=\"default\" data-element=\"main\" data-pb-style=\"60FB7CCE43EF5\"><p style=\"font-size: 15px; margin-bottom: 10px;\" data-pb-style=\"60FB7CCE43EFB\">Vous avez \u00e9galement le droit de vous opposer au traitement de vos donn\u00e9es \u00e0 caract\u00e8re personnel, ce qui signifie que vous pouvez nous demander de ne plus les traiter. Cela ne s\u2019applique que dans le cas o\u00f9 le motif des int\u00e9r\u00eats l\u00e9gitimes (y compris le profilage) constitue la base juridique du traitement (cf. l\u2019Article 2, paragraphe Fondement juridique ci-dessus).<\/p><p style=\"font-size: 15px;\">\u00c0 tout moment et sans frais, vous pouvez vous opposer \u00e0 recevoir de la prospection (y compris le profilage dans la mesure o\u00f9 il est li\u00e9 \u00e0 une telle prospection) si vos donn\u00e9es \u00e0 caract\u00e8re personnel sont trait\u00e9es \u00e0 ces fins. Si vous exercez ce droit, nous ne traiterons plus vos donn\u00e9es \u00e0 caract\u00e8re personnel \u00e0 ces fins.<\/p><\/div><p><!-- Section 8 : Modification de la notice --><\/p><h3 style=\"color: #1a73e8; font-size: 22px; margin-bottom: 15px; border-bottom: 1px solid #eee; padding-bottom: 5px;\" data-content-type=\"heading\" data-appearance=\"default\" data-element=\"main\" data-pb-style=\"60FB7CCE43F02\">8. Modification de la pr\u00e9sente notice d&#8217;information<\/h3><div style=\"margin-bottom: 25px;\" data-content-type=\"text\" data-appearance=\"default\" data-element=\"main\" data-pb-style=\"60FB7CCE43F09\"><p style=\"font-size: 15px;\" data-pb-style=\"60FB7CCE43F10\">La pr\u00e9sente notice d&#8217;information a \u00e9t\u00e9 mise \u00e0 jour le 25 mai 2018. Cette version remplace la pr\u00e9c\u00e9dente. Nous mettrons \u00e0 jour la pr\u00e9sente notice d&#8217;information de temps \u00e0 autre et vous notifierons toute modification avant son entr\u00e9e en vigueur en publiant la nouvelle version sur notre site Internet, en vous envoyant un courrier \u00e9lectronique ou par le biais de nos applications.<\/p><\/div><p><!-- Section 9 : Coordonn\u00e9es --><\/p><h3 style=\"color: #1a73e8; font-size: 22px; margin-bottom: 15px; border-bottom: 1px solid #eee; padding-bottom: 5px;\" data-content-type=\"heading\" data-appearance=\"default\" data-element=\"main\" data-pb-style=\"60FB7CCE43F17\">9. Coordonn\u00e9es pour les demandes relatives aux donn\u00e9es personnelles<\/h3><div style=\"margin-bottom: 25px;\" data-content-type=\"text\" data-appearance=\"default\" data-element=\"main\" data-pb-style=\"60FB7CCE43F1E\"><p style=\"font-size: 15px;\">Perle In<br \/>157 Boulevard Macdonald<br \/>75019 Paris, France<br \/><a style=\"color: #1a73e8;\" href=\"mailto:contact@Perlein.com\">contact@Perlein.com<\/a><br \/>+33 1 75 77 87 46<\/p><\/div><p><!-- Tableau : Aper\u00e7u des activit\u00e9s de traitement --><\/p><h3 style=\"color: #1a73e8; font-size: 22px; margin-bottom: 15px; border-bottom: 1px solid #eee; padding-bottom: 5px;\" data-content-type=\"heading\" data-appearance=\"default\" data-element=\"main\" data-pb-style=\"60FB7CCE43F3B\">APER\u00c7U DES ACTIVIT\u00c9S DE TRAITEMENT CLIENTS &amp; FOURNISSEURS DE Perle In<\/h3><div style=\"overflow-x: auto; margin-bottom: 30px;\" data-content-type=\"text\" data-appearance=\"default\" data-element=\"main\" data-pb-style=\"60FB7CCE43F42\"><table style=\"width: 100%; border-collapse: collapse; margin: 20px 0; font-size: 14px; box-shadow: 0 2px 3px rgba(0,0,0,0.1);\"><thead style=\"background-color: #1a73e8; color: white;\"><tr><th style=\"padding: 12px; text-align: left; border: 1px solid #ddd;\"><span style=\"color: #ffffff;\">Op\u00e9ration de traitement<\/span><\/th><th style=\"padding: 12px; text-align: left; border: 1px solid #ddd;\"><span style=\"color: #ffffff;\">Cat\u00e9gories de donn\u00e9es \u00e0 caract\u00e8re personnel<\/span><\/th><th style=\"padding: 12px; text-align: left; border: 1px solid #ddd;\"><span style=\"color: #ffffff;\">Finalit\u00e9s<\/span><\/th><th style=\"padding: 12px; text-align: left; border: 1px solid #ddd;\"><span style=\"color: #ffffff;\">Destinataires<\/span><\/th><th style=\"padding: 12px; text-align: left; border: 1px solid #ddd;\"><span style=\"color: #ffffff;\">Dur\u00e9e de conservation<\/span><\/th><th style=\"padding: 12px; text-align: left; border: 1px solid #ddd;\"><span style=\"color: #ffffff;\">Autres explications<\/span><\/th><\/tr><\/thead><tbody><tr style=\"background-color: #f9f9f9;\"><td style=\"padding: 12px; border: 1px solid #ddd;\">Contr\u00f4le de la solvabilit\u00e9<\/td><td style=\"padding: 12px; border: 1px solid #ddd;\">Nom des salari\u00e9s des clients qui sont en contact avec notre d\u00e9partement de contr\u00f4le de la solvabilit\u00e9<\/td><td style=\"padding: 12px; border: 1px solid #ddd;\">G\u00e9rer le risque d\u2019insolvabilit\u00e9 de nos clients<\/td><td style=\"padding: 12px; border: 1px solid #ddd;\">Les donn\u00e9es ne sont divulgu\u00e9es qu\u2019\u00e0 nos \u00e9quipes internes de contr\u00f4le de la solvabilit\u00e9 et aux d\u00e9partements service clients<\/td><td style=\"padding: 12px; border: 1px solid #ddd;\">6 mois apr\u00e8s la fin de la relation client pour les donn\u00e9es autres que les contrats ou celles qui sont n\u00e9cessaires pour des obligations l\u00e9gales (imp\u00f4ts, retraite)<\/td><td style=\"padding: 12px; border: 1px solid #ddd;\">\u00a0<\/td><\/tr><tr><td style=\"padding: 12px; border: 1px solid #ddd;\">CRM (suppression en 2018)<\/td><td style=\"padding: 12px; border: 1px solid #ddd;\">Adresses email professionnelles<\/td><td style=\"padding: 12px; border: 1px solid #ddd;\">Prospection par email avec un opt-out et non un opt-in pour le moment<\/td><td style=\"padding: 12px; border: 1px solid #ddd;\">D\u00e9partement ventes (terrain et en interne) ; IT ; Direction<\/td><td style=\"padding: 12px; border: 1px solid #ddd;\">6 mois apr\u00e8s la fin de la relation client pour les donn\u00e9es autres que les contrats ou celles qui sont n\u00e9cessaires pour des obligations l\u00e9gales (imp\u00f4ts, retraite)<\/td><td style=\"padding: 12px; border: 1px solid #ddd;\">\u00a0<\/td><\/tr><tr style=\"background-color: #f9f9f9;\"><td style=\"padding: 12px; border: 1px solid #ddd;\">ERP<\/td><td style=\"padding: 12px; border: 1px solid #ddd;\">Adresses email professionnelles<\/td><td style=\"padding: 12px; border: 1px solid #ddd;\">Syst\u00e8me central (PolyPack)<\/td><td style=\"padding: 12px; border: 1px solid #ddd;\">Toute la soci\u00e9t\u00e9<\/td><td style=\"padding: 12px; border: 1px solid #ddd;\">6 mois apr\u00e8s la fin de la relation client pour les donn\u00e9es autres que les contrats ou celles qui sont n\u00e9cessaires pour des obligations l\u00e9gales (imp\u00f4ts, retraite)<\/td><td style=\"padding: 12px; border: 1px solid #ddd;\">\u00a0<\/td><\/tr><tr><td style=\"padding: 12px; border: 1px solid #ddd;\">Devis<\/td><td style=\"padding: 12px; border: 1px solid #ddd;\">Les devis comprennent les photos et signatures de nos commerciaux (seulement avec le consentement pr\u00e9alable de ces personnes)<\/td><td style=\"padding: 12px; border: 1px solid #ddd;\">iQuote est notre logiciel de devis<\/td><td style=\"padding: 12px; border: 1px solid #ddd;\">\u00a0<\/td><td style=\"padding: 12px; border: 1px solid #ddd;\">6 mois apr\u00e8s la fin de la relation client pour les donn\u00e9es autres que les contrats ou celles qui sont n\u00e9cessaires pour des obligations l\u00e9gales (imp\u00f4ts, retraite)<\/td><td style=\"padding: 12px; border: 1px solid #ddd;\">\u00a0<\/td><\/tr><tr style=\"background-color: #f9f9f9;\"><td style=\"padding: 12px; border: 1px solid #ddd;\">Site internet<\/td><td style=\"padding: 12px; border: 1px solid #ddd;\">Comportement (au clic)<\/td><td style=\"padding: 12px; border: 1px solid #ddd;\">Vente &amp; Marketing, e-commerce, IT<\/td><td style=\"padding: 12px; border: 1px solid #ddd;\">6 mois \u00e0 compter de la collecte de la donn\u00e9e<\/td><td style=\"padding: 12px; border: 1px solid #ddd;\">\u00a0<\/td><td style=\"padding: 12px; border: 1px solid #ddd;\">\u00a0<\/td><\/tr><tr><td style=\"padding: 12px; border: 1px solid #ddd;\">Fournisseurs et Sous-traitants IT<\/td><td style=\"padding: 12px; border: 1px solid #ddd;\">Nom, email, t\u00e9l\u00e9phone, titre, intitul\u00e9 de poste<\/td><td style=\"padding: 12px; border: 1px solid #ddd;\">Gestion des contrats et suivi de la relation<\/td><td style=\"padding: 12px; border: 1px solid #ddd;\">IT ; RH<\/td><td style=\"padding: 12px; border: 1px solid #ddd;\">6 mois apr\u00e8s la fin de la relation client pour les donn\u00e9es autres que les contrats ou celles qui sont n\u00e9cessaires pour des obligations l\u00e9gales (imp\u00f4ts, retraite)<\/td><td style=\"padding: 12px; border: 1px solid #ddd;\">\u00a0<\/td><\/tr><tr style=\"background-color: #f9f9f9;\"><td style=\"padding: 12px; border: 1px solid #ddd;\">Fournisseurs et sous-traitants RH<\/td><td style=\"padding: 12px; border: 1px solid #ddd;\">Nom, email, t\u00e9l\u00e9phone, titre, intitul\u00e9 de poste<\/td><td style=\"padding: 12px; border: 1px solid #ddd;\">Gestion des contrats et suivi de la relation<\/td><td style=\"padding: 12px; border: 1px solid #ddd;\">RH<\/td><td style=\"padding: 12px; border: 1px solid #ddd;\">6 mois apr\u00e8s la fin de la relation client pour les donn\u00e9es autres que les contrats ou celles qui sont n\u00e9cessaires pour des obligations l\u00e9gales (imp\u00f4ts, retraite)<\/td><td style=\"padding: 12px; border: 1px solid #ddd;\">\u00a0<\/td><\/tr><tr><td style=\"padding: 12px; border: 1px solid #ddd;\">Fournisseurs et sous-traitants Supply Chain<\/td><td style=\"padding: 12px; border: 1px solid #ddd;\">Nom, email, t\u00e9l\u00e9phone, titre, intitul\u00e9 de poste<\/td><td style=\"padding: 12px; border: 1px solid #ddd;\">Gestion des contrats et suivi de la relation<\/td><td style=\"padding: 12px; border: 1px solid #ddd;\">Supply Chain<\/td><td style=\"padding: 12px; border: 1px solid #ddd;\">6 mois apr\u00e8s la fin de la relation client pour les donn\u00e9es autres que les contrats ou celles qui sont n\u00e9cessaires pour des obligations l\u00e9gales (imp\u00f4ts, retraite)<\/td><td style=\"padding: 12px; border: 1px solid #ddd;\">\u00a0<\/td><\/tr><tr style=\"background-color: #f9f9f9;\"><td style=\"padding: 12px; border: 1px solid #ddd;\">Fourniture des produits et services<\/td><td style=\"padding: 12px; border: 1px solid #ddd;\">Cat\u00e9gorie : principal, we, finance, commercial, nom, pr\u00e9nom, fonction, langue, t\u00e9l\u00e9phone, t\u00e9l\u00e9phone portable, fax, email<br \/>Informations sur des clients professionnels concernant indirectement le point de contact, telles que : le nom commercial, les informations de contact, la langue, le segment commercial, le segment commercial potentiel, la devise de facturation, la facturation \u00e9lectronique et les informations de paiement comme les informations de contr\u00f4le de la solvabilit\u00e9, les informations assurance solvabilit\u00e9, IBAN, Swift\/Bic, pr\u00e9f\u00e9rences de la soci\u00e9t\u00e9, conditions de prix, adresses (de livraison) li\u00e9es au client<\/td><td style=\"padding: 12px; border: 1px solid #ddd;\">Fournir des produits et des services<\/td><td style=\"padding: 12px; border: 1px solid #ddd;\">Supply chain, Finance<\/td><td style=\"padding: 12px; border: 1px solid #ddd;\">6 mois apr\u00e8s la fin de la relation client pour les donn\u00e9es autres que les contrats ou celles qui sont n\u00e9cessaires pour des obligations l\u00e9gales (imp\u00f4ts, retraite)<\/td><td style=\"padding: 12px; border: 1px solid #ddd;\">\u00a0<\/td><\/tr><\/tbody><\/table><\/div><\/div>\t\t\t\t\t\t\t\t<\/div>\n\t\t\t\t\t<\/div>\n\t\t\t\t<\/div>\n\t\t\t\t<\/div>","protected":false},"excerpt":{"rendered":"<p>Politique de Confidentialit\u00e9 Notice d&#8217;information DE Perle In sur les donn\u00e9es personnelles La pr\u00e9sente notice d&#8217;information d\u00e9crit la fa\u00e7on dont<\/p>","protected":false},"author":1,"featured_media":0,"parent":0,"menu_order":0,"comment_status":"closed","ping_status":"closed","template":"elementor_header_footer","meta":{"_eb_attr":"","footnotes":""},"class_list":["post-233147","page","type-page","status-publish","hentry"],"yoast_head":"<!-- This site is optimized with the Yoast SEO plugin v27.4 - https:\/\/yoast.com\/product\/yoast-seo-wordpress\/ -->\n<title>Politique de Confidentialit\u00e9 - PERLE IN<\/title>\n<meta name=\"robots\" content=\"noindex, follow, max-snippet:-1, max-image-preview:large, max-video-preview:-1\" \/>\n<meta property=\"og:locale\" content=\"en_US\" \/>\n<meta property=\"og:type\" content=\"article\" \/>\n<meta property=\"og:title\" content=\"Politique de Confidentialit\u00e9 - PERLE IN\" \/>\n<meta property=\"og:description\" content=\"Politique de Confidentialit\u00e9 Notice d&#8217;information DE Perle In sur les donn\u00e9es personnelles La pr\u00e9sente notice d&#8217;information d\u00e9crit la fa\u00e7on dont\" \/>\n<meta property=\"og:url\" content=\"https:\/\/perle-in.com\/en\/politique-de-confidentialite-2\/\" \/>\n<meta property=\"og:site_name\" content=\"PERLE IN\" \/>\n<meta property=\"article:modified_time\" content=\"2026-04-15T13:49:00+00:00\" \/>\n<meta name=\"twitter:card\" content=\"summary_large_image\" \/>\n<meta name=\"twitter:label1\" content=\"Est. reading time\" \/>\n\t<meta name=\"twitter:data1\" content=\"16 minutes\" \/>\n<script type=\"application\/ld+json\" class=\"yoast-schema-graph\">{\"@context\":\"https:\\\/\\\/schema.org\",\"@graph\":[{\"@type\":\"WebPage\",\"@id\":\"https:\\\/\\\/perle-in.com\\\/politique-de-confidentialite-2\\\/\",\"url\":\"https:\\\/\\\/perle-in.com\\\/politique-de-confidentialite-2\\\/\",\"name\":\"Politique de Confidentialit\u00e9 - PERLE IN\",\"isPartOf\":{\"@id\":\"https:\\\/\\\/perle-in.com\\\/#website\"},\"datePublished\":\"2024-05-08T19:06:30+00:00\",\"dateModified\":\"2026-04-15T13:49:00+00:00\",\"breadcrumb\":{\"@id\":\"https:\\\/\\\/perle-in.com\\\/politique-de-confidentialite-2\\\/#breadcrumb\"},\"inLanguage\":\"en-CA\",\"potentialAction\":[{\"@type\":\"ReadAction\",\"target\":[\"https:\\\/\\\/perle-in.com\\\/politique-de-confidentialite-2\\\/\"]}]},{\"@type\":\"BreadcrumbList\",\"@id\":\"https:\\\/\\\/perle-in.com\\\/politique-de-confidentialite-2\\\/#breadcrumb\",\"itemListElement\":[{\"@type\":\"ListItem\",\"position\":1,\"name\":\"Accueil\",\"item\":\"https:\\\/\\\/perle-in.com\\\/\"},{\"@type\":\"ListItem\",\"position\":2,\"name\":\"Politique de Confidentialit\u00e9\"}]},{\"@type\":\"WebSite\",\"@id\":\"https:\\\/\\\/perle-in.com\\\/#website\",\"url\":\"https:\\\/\\\/perle-in.com\\\/\",\"name\":\"PERLE IN\",\"description\":\"\",\"publisher\":{\"@id\":\"https:\\\/\\\/perle-in.com\\\/#organization\"},\"potentialAction\":[{\"@type\":\"SearchAction\",\"target\":{\"@type\":\"EntryPoint\",\"urlTemplate\":\"https:\\\/\\\/perle-in.com\\\/?s={search_term_string}\"},\"query-input\":{\"@type\":\"PropertyValueSpecification\",\"valueRequired\":true,\"valueName\":\"search_term_string\"}}],\"inLanguage\":\"en-CA\"},{\"@type\":\"Organization\",\"@id\":\"https:\\\/\\\/perle-in.com\\\/#organization\",\"name\":\"PERLE IN\",\"url\":\"https:\\\/\\\/perle-in.com\\\/\",\"logo\":{\"@type\":\"ImageObject\",\"inLanguage\":\"en-CA\",\"@id\":\"https:\\\/\\\/perle-in.com\\\/#\\\/schema\\\/logo\\\/image\\\/\",\"url\":\"https:\\\/\\\/perle-in.com\\\/wp-content\\\/uploads\\\/2022\\\/12\\\/LOGO-PERLE-IN-COULEUR@3x.webp\",\"contentUrl\":\"https:\\\/\\\/perle-in.com\\\/wp-content\\\/uploads\\\/2022\\\/12\\\/LOGO-PERLE-IN-COULEUR@3x.webp\",\"width\":1600,\"height\":490,\"caption\":\"PERLE IN\"},\"image\":{\"@id\":\"https:\\\/\\\/perle-in.com\\\/#\\\/schema\\\/logo\\\/image\\\/\"}}]}<\/script>\n<!-- \/ Yoast SEO plugin. -->","yoast_head_json":{"title":"Politique de Confidentialit\u00e9 - PERLE IN","robots":{"index":"noindex","follow":"follow","max-snippet":"max-snippet:-1","max-image-preview":"max-image-preview:large","max-video-preview":"max-video-preview:-1"},"og_locale":"en_US","og_type":"article","og_title":"Politique de Confidentialit\u00e9 - PERLE IN","og_description":"Politique de Confidentialit\u00e9 Notice d&#8217;information DE Perle In sur les donn\u00e9es personnelles La pr\u00e9sente notice d&#8217;information d\u00e9crit la fa\u00e7on dont","og_url":"https:\/\/perle-in.com\/en\/politique-de-confidentialite-2\/","og_site_name":"PERLE IN","article_modified_time":"2026-04-15T13:49:00+00:00","twitter_card":"summary_large_image","twitter_misc":{"Est. reading time":"16 minutes"},"schema":{"@context":"https:\/\/schema.org","@graph":[{"@type":"WebPage","@id":"https:\/\/perle-in.com\/politique-de-confidentialite-2\/","url":"https:\/\/perle-in.com\/politique-de-confidentialite-2\/","name":"Politique de Confidentialit\u00e9 - PERLE IN","isPartOf":{"@id":"https:\/\/perle-in.com\/#website"},"datePublished":"2024-05-08T19:06:30+00:00","dateModified":"2026-04-15T13:49:00+00:00","breadcrumb":{"@id":"https:\/\/perle-in.com\/politique-de-confidentialite-2\/#breadcrumb"},"inLanguage":"en-CA","potentialAction":[{"@type":"ReadAction","target":["https:\/\/perle-in.com\/politique-de-confidentialite-2\/"]}]},{"@type":"BreadcrumbList","@id":"https:\/\/perle-in.com\/politique-de-confidentialite-2\/#breadcrumb","itemListElement":[{"@type":"ListItem","position":1,"name":"Accueil","item":"https:\/\/perle-in.com\/"},{"@type":"ListItem","position":2,"name":"Politique de Confidentialit\u00e9"}]},{"@type":"WebSite","@id":"https:\/\/perle-in.com\/#website","url":"https:\/\/perle-in.com\/","name":"PERLE IN","description":"","publisher":{"@id":"https:\/\/perle-in.com\/#organization"},"potentialAction":[{"@type":"SearchAction","target":{"@type":"EntryPoint","urlTemplate":"https:\/\/perle-in.com\/?s={search_term_string}"},"query-input":{"@type":"PropertyValueSpecification","valueRequired":true,"valueName":"search_term_string"}}],"inLanguage":"en-CA"},{"@type":"Organization","@id":"https:\/\/perle-in.com\/#organization","name":"PERLE IN","url":"https:\/\/perle-in.com\/","logo":{"@type":"ImageObject","inLanguage":"en-CA","@id":"https:\/\/perle-in.com\/#\/schema\/logo\/image\/","url":"https:\/\/perle-in.com\/wp-content\/uploads\/2022\/12\/LOGO-PERLE-IN-COULEUR@3x.webp","contentUrl":"https:\/\/perle-in.com\/wp-content\/uploads\/2022\/12\/LOGO-PERLE-IN-COULEUR@3x.webp","width":1600,"height":490,"caption":"PERLE IN"},"image":{"@id":"https:\/\/perle-in.com\/#\/schema\/logo\/image\/"}}]}},"_hostinger_reach_plugin_has_subscription_block":false,"_hostinger_reach_plugin_is_elementor":false,"jetpack_sharing_enabled":true,"_links":{"self":[{"href":"https:\/\/perle-in.com\/en\/wp-json\/wp\/v2\/pages\/233147","targetHints":{"allow":["GET"]}}],"collection":[{"href":"https:\/\/perle-in.com\/en\/wp-json\/wp\/v2\/pages"}],"about":[{"href":"https:\/\/perle-in.com\/en\/wp-json\/wp\/v2\/types\/page"}],"author":[{"embeddable":true,"href":"https:\/\/perle-in.com\/en\/wp-json\/wp\/v2\/users\/1"}],"replies":[{"embeddable":true,"href":"https:\/\/perle-in.com\/en\/wp-json\/wp\/v2\/comments?post=233147"}],"version-history":[{"count":10,"href":"https:\/\/perle-in.com\/en\/wp-json\/wp\/v2\/pages\/233147\/revisions"}],"predecessor-version":[{"id":580786,"href":"https:\/\/perle-in.com\/en\/wp-json\/wp\/v2\/pages\/233147\/revisions\/580786"}],"wp:attachment":[{"href":"https:\/\/perle-in.com\/en\/wp-json\/wp\/v2\/media?parent=233147"}],"curies":[{"name":"wp","href":"https:\/\/api.w.org\/{rel}","templated":true}]}}